{"id":11408,"date":"2025-02-27T18:28:10","date_gmt":"2025-02-27T17:28:10","guid":{"rendered":"https:\/\/spainfilmcommission.com\/?post_type=localizacion&#038;p=11408"},"modified":"2025-04-22T09:45:53","modified_gmt":"2025-04-22T07:45:53","slug":"faro-de-favaritx","status":"publish","type":"localizacion","link":"https:\/\/spainfilmcommission.com\/en\/ai-locations\/faro-de-favaritx\/","title":{"rendered":"Faro de Fav\u00e0ritx"},"content":{"rendered":"","protected":false},"author":2,"template":"","meta":[],"class_list":["post-11408","localizacion","type-localizacion","status-publish","hentry"],"yoast_head":"<!-- This site is optimized with the Yoast SEO plugin v28.3 - https:\/\/yoast.com\/product\/yoast-seo-wordpress\/ -->\n<title>Rodar en Faro de Fav\u00e0ritx - Spain Film Commission<\/title>\n<meta name=\"description\" content=\"En esta p\u00e1gina encontrar\u00e1s una peque\u00f1a descripci\u00f3n, m\u00e1genes e informaci\u00f3n relevante para que te hagas una idea de c\u00f3mo es rodar en Faro de Fav\u00e0ritx\" \/>\n<meta name=\"robots\" content=\"index, follow, max-snippet:-1, max-image-preview:large, max-video-preview:-1\" \/>\n<link rel=\"canonical\" href=\"https:\/\/spainfilmcommission.com\/en\/ai-locations\/faro-de-favaritx\/\" \/>\n<meta property=\"og:locale\" content=\"en_US\" \/>\n<meta property=\"og:type\" content=\"article\" \/>\n<meta property=\"og:title\" content=\"Rodar en Faro de Fav\u00e0ritx - Spain Film Commission\" \/>\n<meta property=\"og:description\" content=\"En esta p\u00e1gina encontrar\u00e1s una peque\u00f1a descripci\u00f3n, m\u00e1genes e informaci\u00f3n relevante para que te hagas una idea de c\u00f3mo es rodar en Faro de Fav\u00e0ritx\" \/>\n<meta property=\"og:url\" content=\"https:\/\/spainfilmcommission.com\/en\/ai-locations\/faro-de-favaritx\/\" \/>\n<meta property=\"og:site_name\" content=\"Spain Film Commission\" \/>\n<meta property=\"article:modified_time\" content=\"2025-04-22T07:45:53+00:00\" \/>\n<meta name=\"twitter:card\" content=\"summary_large_image\" \/>\n<script type=\"application\/ld+json\" class=\"yoast-schema-graph\">{\"@context\":\"https:\\\/\\\/schema.org\",\"@graph\":[{\"@type\":\"WebPage\",\"@id\":\"https:\\\/\\\/spainfilmcommission.com\\\/en\\\/ai-locations\\\/faro-de-favaritx\\\/\",\"url\":\"https:\\\/\\\/spainfilmcommission.com\\\/en\\\/ai-locations\\\/faro-de-favaritx\\\/\",\"name\":\"Rodar en Faro de Fav\u00e0ritx - Spain Film Commission\",\"isPartOf\":{\"@id\":\"https:\\\/\\\/spainfilmcommission.com\\\/en\\\/#website\"},\"datePublished\":\"2025-02-27T17:28:10+00:00\",\"dateModified\":\"2025-04-22T07:45:53+00:00\",\"description\":\"En esta p\u00e1gina encontrar\u00e1s una peque\u00f1a descripci\u00f3n, m\u00e1genes e informaci\u00f3n relevante para que te hagas una idea de c\u00f3mo es rodar en Faro de Fav\u00e0ritx\",\"breadcrumb\":{\"@id\":\"https:\\\/\\\/spainfilmcommission.com\\\/en\\\/ai-locations\\\/faro-de-favaritx\\\/#breadcrumb\"},\"inLanguage\":\"en-US\",\"potentialAction\":[{\"@type\":\"ReadAction\",\"target\":[\"https:\\\/\\\/spainfilmcommission.com\\\/en\\\/ai-locations\\\/faro-de-favaritx\\\/\"]}]},{\"@type\":\"BreadcrumbList\",\"@id\":\"https:\\\/\\\/spainfilmcommission.com\\\/en\\\/ai-locations\\\/faro-de-favaritx\\\/#breadcrumb\",\"itemListElement\":[{\"@type\":\"ListItem\",\"position\":1,\"name\":\"Portada\",\"item\":\"https:\\\/\\\/spainfilmcommission.com\\\/en\\\/\"},{\"@type\":\"ListItem\",\"position\":2,\"name\":\"Faro de Fav\u00e0ritx\"}]},{\"@type\":\"WebSite\",\"@id\":\"https:\\\/\\\/spainfilmcommission.com\\\/en\\\/#website\",\"url\":\"https:\\\/\\\/spainfilmcommission.com\\\/en\\\/\",\"name\":\"Spain Film Commission\",\"description\":\"\",\"publisher\":{\"@id\":\"https:\\\/\\\/spainfilmcommission.com\\\/en\\\/#organization\"},\"potentialAction\":[{\"@type\":\"SearchAction\",\"target\":{\"@type\":\"EntryPoint\",\"urlTemplate\":\"https:\\\/\\\/spainfilmcommission.com\\\/en\\\/?s={search_term_string}\"},\"query-input\":{\"@type\":\"PropertyValueSpecification\",\"valueRequired\":true,\"valueName\":\"search_term_string\"}}],\"inLanguage\":\"en-US\"},{\"@type\":\"Organization\",\"@id\":\"https:\\\/\\\/spainfilmcommission.com\\\/en\\\/#organization\",\"name\":\"Spain Film Commission\",\"url\":\"https:\\\/\\\/spainfilmcommission.com\\\/en\\\/\",\"logo\":{\"@type\":\"ImageObject\",\"inLanguage\":\"en-US\",\"@id\":\"https:\\\/\\\/spainfilmcommission.com\\\/en\\\/#\\\/schema\\\/logo\\\/image\\\/\",\"url\":\"https:\\\/\\\/spainfilmcommission.com\\\/wp-content\\\/uploads\\\/2024\\\/07\\\/SPC_COLOR.png\",\"contentUrl\":\"https:\\\/\\\/spainfilmcommission.com\\\/wp-content\\\/uploads\\\/2024\\\/07\\\/SPC_COLOR.png\",\"width\":1665,\"height\":1665,\"caption\":\"Spain Film Commission\"},\"image\":{\"@id\":\"https:\\\/\\\/spainfilmcommission.com\\\/en\\\/#\\\/schema\\\/logo\\\/image\\\/\"}}]}<\/script>\n<!-- \/ Yoast SEO plugin. -->","yoast_head_json":{"title":"Rodar en Faro de Fav\u00e0ritx - Spain Film Commission","description":"En esta p\u00e1gina encontrar\u00e1s una peque\u00f1a descripci\u00f3n, m\u00e1genes e informaci\u00f3n relevante para que te hagas una idea de c\u00f3mo es rodar en Faro de Fav\u00e0ritx","robots":{"index":"index","follow":"follow","max-snippet":"max-snippet:-1","max-image-preview":"max-image-preview:large","max-video-preview":"max-video-preview:-1"},"canonical":"https:\/\/spainfilmcommission.com\/en\/ai-locations\/faro-de-favaritx\/","og_locale":"en_US","og_type":"article","og_title":"Rodar en Faro de Fav\u00e0ritx - Spain Film Commission","og_description":"En esta p\u00e1gina encontrar\u00e1s una peque\u00f1a descripci\u00f3n, m\u00e1genes e informaci\u00f3n relevante para que te hagas una idea de c\u00f3mo es rodar en Faro de Fav\u00e0ritx","og_url":"https:\/\/spainfilmcommission.com\/en\/ai-locations\/faro-de-favaritx\/","og_site_name":"Spain Film Commission","article_modified_time":"2025-04-22T07:45:53+00:00","twitter_card":"summary_large_image","schema":{"@context":"https:\/\/schema.org","@graph":[{"@type":"WebPage","@id":"https:\/\/spainfilmcommission.com\/en\/ai-locations\/faro-de-favaritx\/","url":"https:\/\/spainfilmcommission.com\/en\/ai-locations\/faro-de-favaritx\/","name":"Rodar en Faro de Fav\u00e0ritx - Spain Film Commission","isPartOf":{"@id":"https:\/\/spainfilmcommission.com\/en\/#website"},"datePublished":"2025-02-27T17:28:10+00:00","dateModified":"2025-04-22T07:45:53+00:00","description":"En esta p\u00e1gina encontrar\u00e1s una peque\u00f1a descripci\u00f3n, m\u00e1genes e informaci\u00f3n relevante para que te hagas una idea de c\u00f3mo es rodar en Faro de Fav\u00e0ritx","breadcrumb":{"@id":"https:\/\/spainfilmcommission.com\/en\/ai-locations\/faro-de-favaritx\/#breadcrumb"},"inLanguage":"en-US","potentialAction":[{"@type":"ReadAction","target":["https:\/\/spainfilmcommission.com\/en\/ai-locations\/faro-de-favaritx\/"]}]},{"@type":"BreadcrumbList","@id":"https:\/\/spainfilmcommission.com\/en\/ai-locations\/faro-de-favaritx\/#breadcrumb","itemListElement":[{"@type":"ListItem","position":1,"name":"Portada","item":"https:\/\/spainfilmcommission.com\/en\/"},{"@type":"ListItem","position":2,"name":"Faro de Fav\u00e0ritx"}]},{"@type":"WebSite","@id":"https:\/\/spainfilmcommission.com\/en\/#website","url":"https:\/\/spainfilmcommission.com\/en\/","name":"Spain Film Commission","description":"","publisher":{"@id":"https:\/\/spainfilmcommission.com\/en\/#organization"},"potentialAction":[{"@type":"SearchAction","target":{"@type":"EntryPoint","urlTemplate":"https:\/\/spainfilmcommission.com\/en\/?s={search_term_string}"},"query-input":{"@type":"PropertyValueSpecification","valueRequired":true,"valueName":"search_term_string"}}],"inLanguage":"en-US"},{"@type":"Organization","@id":"https:\/\/spainfilmcommission.com\/en\/#organization","name":"Spain Film Commission","url":"https:\/\/spainfilmcommission.com\/en\/","logo":{"@type":"ImageObject","inLanguage":"en-US","@id":"https:\/\/spainfilmcommission.com\/en\/#\/schema\/logo\/image\/","url":"https:\/\/spainfilmcommission.com\/wp-content\/uploads\/2024\/07\/SPC_COLOR.png","contentUrl":"https:\/\/spainfilmcommission.com\/wp-content\/uploads\/2024\/07\/SPC_COLOR.png","width":1665,"height":1665,"caption":"Spain Film Commission"},"image":{"@id":"https:\/\/spainfilmcommission.com\/en\/#\/schema\/logo\/image\/"}}]}},"socio":[{"ID":"29","user_login":"illes-balears-film-commission","user_nicename":"illes-balears-film-commission","display_name":"illes-balears-film-commission","user_pass":"****************","user_email":"info@icib.caib.es","user_url":"","user_registered":"2024-12-19 15:55:53","id":29}],"nombrees":"Faro de Fav\u00e0ritx","nombreen":"Faro de Fav\u00e0ritx","localidad":"Mah\u00f3n","provincia":"Islas Baleares","coordenadas_maps":"39.9971, 4.26679","latitud":"39.997100000000","longitud":"4.266790000000","direcciones":"PM-715","direccionen":"PM-715","cod_postal":"7701","telefono":"971 17 73","fax":"","mail":"mpgarces@mib.caib.es","web":"http:\/\/www.balearesfilm.com\/","descripciones":"El faro de Fav\u00e0ritx se encuentra situado dentro del Parque Natural de la Albufera del Grau creado en 1995. El paisaje de Fav\u00e0ritx no se asemeja en nada al que se puede observar en el resto de la isla. Hay muy poca vegetaci\u00f3n, el suelo est\u00e1 formado por pizarra negra laminada y los acantilados son abruptos, puede parecer un paisaje lunar.","descripcionen":"The Fav\u00e0ritx lighthouse is in the Albufera des Grau nature park, which was created in 1995. The landscape resembles nothing else that can be seen on the rest of the island. There is very little vegetation, the soil consists of laminate black slate with steep cliffs, and at times it can look like something from a lunar landscape.","galeria":[{"ID":"14719","post_author":"2","post_date":"2025-03-07 23:19:30","post_date_gmt":"2025-03-07 22:19:30","post_content":"","post_title":"faro-de-fav\u00e0ritx_362_1","post_excerpt":"","post_status":"inherit","comment_status":"closed","ping_status":"closed","post_password":"","post_name":"faro-de-favaritx_362_1","to_ping":"","pinged":"","post_modified":"2025-04-22 09:45:53","post_modified_gmt":"2025-04-22 07:45:53","post_content_filtered":"","post_parent":"11408","guid":"https:\/\/spainfilmcommission.com\/wp-content\/uploads\/2025\/03\/faro-de-favaritx_362_1.jpg","menu_order":"0","post_type":"attachment","post_mime_type":"image\/jpeg","comment_count":"0","pod_item_id":"14719"},{"ID":"14721","post_author":"2","post_date":"2025-03-07 23:19:32","post_date_gmt":"2025-03-07 22:19:32","post_content":"","post_title":"faro-de-fav\u00e0ritx_362_2","post_excerpt":"","post_status":"inherit","comment_status":"closed","ping_status":"closed","post_password":"","post_name":"faro-de-favaritx_362_2","to_ping":"","pinged":"","post_modified":"2025-04-22 09:45:53","post_modified_gmt":"2025-04-22 07:45:53","post_content_filtered":"","post_parent":"11408","guid":"https:\/\/spainfilmcommission.com\/wp-content\/uploads\/2025\/03\/faro-de-favaritx_362_2.jpg","menu_order":"0","post_type":"attachment","post_mime_type":"image\/jpeg","comment_count":"0","pod_item_id":"14721"}],"nombrepaginaes":"faro-de-favaritx","nombrepaginaen":"faro-de-favaritx","latitud_gps":"39\u00b059'49.7\"N","longitud_gps":"4\u00b016'00.6\"E","adicionaleses":"","adicionalesen":"","videoes":"","videoen":"","video2es":"","video2en":"","_links":{"self":[{"href":"https:\/\/spainfilmcommission.com\/en\/wp-json\/wp\/v2\/localizaciones\/localizacion\/11408","targetHints":{"allow":["GET"]}}],"collection":[{"href":"https:\/\/spainfilmcommission.com\/en\/wp-json\/wp\/v2\/localizaciones\/localizacion"}],"about":[{"href":"https:\/\/spainfilmcommission.com\/en\/wp-json\/wp\/v2\/types\/localizacion"}],"author":[{"embeddable":true,"href":"https:\/\/spainfilmcommission.com\/en\/wp-json\/wp\/v2\/users\/2"}],"wp:attachment":[{"href":"https:\/\/spainfilmcommission.com\/en\/wp-json\/wp\/v2\/media?parent=11408"}],"curies":[{"name":"wp","href":"https:\/\/api.w.org\/{rel}","templated":true}]}}