{"id":11397,"date":"2025-02-27T18:28:10","date_gmt":"2025-02-27T17:28:10","guid":{"rendered":"https:\/\/spainfilmcommission.com\/?post_type=localizacion&#038;p=11397"},"modified":"2025-04-21T13:26:42","modified_gmt":"2025-04-21T11:26:42","slug":"cala-agulla","status":"publish","type":"localizacion","link":"https:\/\/spainfilmcommission.com\/en\/ai-locations\/cala-agulla\/","title":{"rendered":"Cala Agulla"},"content":{"rendered":"","protected":false},"author":2,"template":"","meta":[],"class_list":["post-11397","localizacion","type-localizacion","status-publish","hentry"],"yoast_head":"<!-- This site is optimized with the Yoast SEO plugin v28.3 - https:\/\/yoast.com\/product\/yoast-seo-wordpress\/ -->\n<title>Rodar en Cala Agulla - Spain Film Commission<\/title>\n<meta name=\"description\" content=\"En esta p\u00e1gina encontrar\u00e1s una peque\u00f1a descripci\u00f3n, m\u00e1genes e informaci\u00f3n relevante para que te hagas una idea de c\u00f3mo es rodar en Cala Agulla\" \/>\n<meta name=\"robots\" content=\"index, follow, max-snippet:-1, max-image-preview:large, max-video-preview:-1\" \/>\n<link rel=\"canonical\" href=\"https:\/\/spainfilmcommission.com\/en\/ai-locations\/cala-agulla\/\" \/>\n<meta property=\"og:locale\" content=\"en_US\" \/>\n<meta property=\"og:type\" content=\"article\" \/>\n<meta property=\"og:title\" content=\"Rodar en Cala Agulla - Spain Film Commission\" \/>\n<meta property=\"og:description\" content=\"En esta p\u00e1gina encontrar\u00e1s una peque\u00f1a descripci\u00f3n, m\u00e1genes e informaci\u00f3n relevante para que te hagas una idea de c\u00f3mo es rodar en Cala Agulla\" \/>\n<meta property=\"og:url\" content=\"https:\/\/spainfilmcommission.com\/en\/ai-locations\/cala-agulla\/\" \/>\n<meta property=\"og:site_name\" content=\"Spain Film Commission\" \/>\n<meta property=\"article:modified_time\" content=\"2025-04-21T11:26:42+00:00\" \/>\n<meta name=\"twitter:card\" content=\"summary_large_image\" \/>\n<script type=\"application\/ld+json\" class=\"yoast-schema-graph\">{\"@context\":\"https:\\\/\\\/schema.org\",\"@graph\":[{\"@type\":\"WebPage\",\"@id\":\"https:\\\/\\\/spainfilmcommission.com\\\/en\\\/ai-locations\\\/cala-agulla\\\/\",\"url\":\"https:\\\/\\\/spainfilmcommission.com\\\/en\\\/ai-locations\\\/cala-agulla\\\/\",\"name\":\"Rodar en Cala Agulla - Spain Film Commission\",\"isPartOf\":{\"@id\":\"https:\\\/\\\/spainfilmcommission.com\\\/en\\\/#website\"},\"datePublished\":\"2025-02-27T17:28:10+00:00\",\"dateModified\":\"2025-04-21T11:26:42+00:00\",\"description\":\"En esta p\u00e1gina encontrar\u00e1s una peque\u00f1a descripci\u00f3n, m\u00e1genes e informaci\u00f3n relevante para que te hagas una idea de c\u00f3mo es rodar en Cala Agulla\",\"breadcrumb\":{\"@id\":\"https:\\\/\\\/spainfilmcommission.com\\\/en\\\/ai-locations\\\/cala-agulla\\\/#breadcrumb\"},\"inLanguage\":\"en-US\",\"potentialAction\":[{\"@type\":\"ReadAction\",\"target\":[\"https:\\\/\\\/spainfilmcommission.com\\\/en\\\/ai-locations\\\/cala-agulla\\\/\"]}]},{\"@type\":\"BreadcrumbList\",\"@id\":\"https:\\\/\\\/spainfilmcommission.com\\\/en\\\/ai-locations\\\/cala-agulla\\\/#breadcrumb\",\"itemListElement\":[{\"@type\":\"ListItem\",\"position\":1,\"name\":\"Portada\",\"item\":\"https:\\\/\\\/spainfilmcommission.com\\\/en\\\/\"},{\"@type\":\"ListItem\",\"position\":2,\"name\":\"Cala Agulla\"}]},{\"@type\":\"WebSite\",\"@id\":\"https:\\\/\\\/spainfilmcommission.com\\\/en\\\/#website\",\"url\":\"https:\\\/\\\/spainfilmcommission.com\\\/en\\\/\",\"name\":\"Spain Film Commission\",\"description\":\"\",\"publisher\":{\"@id\":\"https:\\\/\\\/spainfilmcommission.com\\\/en\\\/#organization\"},\"potentialAction\":[{\"@type\":\"SearchAction\",\"target\":{\"@type\":\"EntryPoint\",\"urlTemplate\":\"https:\\\/\\\/spainfilmcommission.com\\\/en\\\/?s={search_term_string}\"},\"query-input\":{\"@type\":\"PropertyValueSpecification\",\"valueRequired\":true,\"valueName\":\"search_term_string\"}}],\"inLanguage\":\"en-US\"},{\"@type\":\"Organization\",\"@id\":\"https:\\\/\\\/spainfilmcommission.com\\\/en\\\/#organization\",\"name\":\"Spain Film Commission\",\"url\":\"https:\\\/\\\/spainfilmcommission.com\\\/en\\\/\",\"logo\":{\"@type\":\"ImageObject\",\"inLanguage\":\"en-US\",\"@id\":\"https:\\\/\\\/spainfilmcommission.com\\\/en\\\/#\\\/schema\\\/logo\\\/image\\\/\",\"url\":\"https:\\\/\\\/spainfilmcommission.com\\\/wp-content\\\/uploads\\\/2024\\\/07\\\/SPC_COLOR.png\",\"contentUrl\":\"https:\\\/\\\/spainfilmcommission.com\\\/wp-content\\\/uploads\\\/2024\\\/07\\\/SPC_COLOR.png\",\"width\":1665,\"height\":1665,\"caption\":\"Spain Film Commission\"},\"image\":{\"@id\":\"https:\\\/\\\/spainfilmcommission.com\\\/en\\\/#\\\/schema\\\/logo\\\/image\\\/\"}}]}<\/script>\n<!-- \/ Yoast SEO plugin. -->","yoast_head_json":{"title":"Rodar en Cala Agulla - Spain Film Commission","description":"En esta p\u00e1gina encontrar\u00e1s una peque\u00f1a descripci\u00f3n, m\u00e1genes e informaci\u00f3n relevante para que te hagas una idea de c\u00f3mo es rodar en Cala Agulla","robots":{"index":"index","follow":"follow","max-snippet":"max-snippet:-1","max-image-preview":"max-image-preview:large","max-video-preview":"max-video-preview:-1"},"canonical":"https:\/\/spainfilmcommission.com\/en\/ai-locations\/cala-agulla\/","og_locale":"en_US","og_type":"article","og_title":"Rodar en Cala Agulla - Spain Film Commission","og_description":"En esta p\u00e1gina encontrar\u00e1s una peque\u00f1a descripci\u00f3n, m\u00e1genes e informaci\u00f3n relevante para que te hagas una idea de c\u00f3mo es rodar en Cala Agulla","og_url":"https:\/\/spainfilmcommission.com\/en\/ai-locations\/cala-agulla\/","og_site_name":"Spain Film Commission","article_modified_time":"2025-04-21T11:26:42+00:00","twitter_card":"summary_large_image","schema":{"@context":"https:\/\/schema.org","@graph":[{"@type":"WebPage","@id":"https:\/\/spainfilmcommission.com\/en\/ai-locations\/cala-agulla\/","url":"https:\/\/spainfilmcommission.com\/en\/ai-locations\/cala-agulla\/","name":"Rodar en Cala Agulla - Spain Film Commission","isPartOf":{"@id":"https:\/\/spainfilmcommission.com\/en\/#website"},"datePublished":"2025-02-27T17:28:10+00:00","dateModified":"2025-04-21T11:26:42+00:00","description":"En esta p\u00e1gina encontrar\u00e1s una peque\u00f1a descripci\u00f3n, m\u00e1genes e informaci\u00f3n relevante para que te hagas una idea de c\u00f3mo es rodar en Cala Agulla","breadcrumb":{"@id":"https:\/\/spainfilmcommission.com\/en\/ai-locations\/cala-agulla\/#breadcrumb"},"inLanguage":"en-US","potentialAction":[{"@type":"ReadAction","target":["https:\/\/spainfilmcommission.com\/en\/ai-locations\/cala-agulla\/"]}]},{"@type":"BreadcrumbList","@id":"https:\/\/spainfilmcommission.com\/en\/ai-locations\/cala-agulla\/#breadcrumb","itemListElement":[{"@type":"ListItem","position":1,"name":"Portada","item":"https:\/\/spainfilmcommission.com\/en\/"},{"@type":"ListItem","position":2,"name":"Cala Agulla"}]},{"@type":"WebSite","@id":"https:\/\/spainfilmcommission.com\/en\/#website","url":"https:\/\/spainfilmcommission.com\/en\/","name":"Spain Film Commission","description":"","publisher":{"@id":"https:\/\/spainfilmcommission.com\/en\/#organization"},"potentialAction":[{"@type":"SearchAction","target":{"@type":"EntryPoint","urlTemplate":"https:\/\/spainfilmcommission.com\/en\/?s={search_term_string}"},"query-input":{"@type":"PropertyValueSpecification","valueRequired":true,"valueName":"search_term_string"}}],"inLanguage":"en-US"},{"@type":"Organization","@id":"https:\/\/spainfilmcommission.com\/en\/#organization","name":"Spain Film Commission","url":"https:\/\/spainfilmcommission.com\/en\/","logo":{"@type":"ImageObject","inLanguage":"en-US","@id":"https:\/\/spainfilmcommission.com\/en\/#\/schema\/logo\/image\/","url":"https:\/\/spainfilmcommission.com\/wp-content\/uploads\/2024\/07\/SPC_COLOR.png","contentUrl":"https:\/\/spainfilmcommission.com\/wp-content\/uploads\/2024\/07\/SPC_COLOR.png","width":1665,"height":1665,"caption":"Spain Film Commission"},"image":{"@id":"https:\/\/spainfilmcommission.com\/en\/#\/schema\/logo\/image\/"}}]}},"socio":[{"ID":"29","user_login":"illes-balears-film-commission","user_nicename":"illes-balears-film-commission","display_name":"illes-balears-film-commission","user_pass":"****************","user_email":"info@icib.caib.es","user_url":"","user_registered":"2024-12-19 15:55:53","id":29}],"nombrees":"Cala Agulla","nombreen":"Cala Agulla","localidad":"Capdepera","provincia":"Islas Baleares","coordenadas_maps":"39.7188, 3.45876","latitud":"39.718800000000","longitud":"3.458760000000","direcciones":"Avinguda Cala Agulla, 120","direccionen":"Avinguda Cala Agulla, 120","cod_postal":"7590","telefono":"","fax":"","mail":"","web":"http:\/\/www.illesbalearsfilm.com\/localitzacions","descripciones":"Cala Agulla est\u00e1 a 1,8 kil\u00f3metros de Capdepera. \u00c9sta, Cala Molt\u00f3 y Cala Mesquida fueron declaradas el a\u00f1o 1991 \u00c1rea Natural de Especial Inter\u00e9s por el Parlament de les Illes Balears. Este hecho ha supuesto una buena conservaci\u00f3n de esta costa, rodeada de pinar frondoso con ejemplares de grandes dimensiones.","descripcionen":"Cala Agulla is 1.8 kilometres from Capdepera. Together with Cala Molt\u00f3 and Cala Mesquida, in 1991 the Balearic Parliament declared it a Special Protection Area for the conservation of wild birds. As a result, the coastline remains very well preserved, surrounded by a forest with some particularly large pine trees.","galeria":[{"ID":"13105","post_author":"2","post_date":"2025-03-07 22:39:49","post_date_gmt":"2025-03-07 21:39:49","post_content":"","post_title":"cala-agulla_349_1","post_excerpt":"","post_status":"inherit","comment_status":"closed","ping_status":"closed","post_password":"","post_name":"cala-agulla_349_1","to_ping":"","pinged":"","post_modified":"2025-04-21 13:26:42","post_modified_gmt":"2025-04-21 11:26:42","post_content_filtered":"","post_parent":"11397","guid":"https:\/\/spainfilmcommission.com\/wp-content\/uploads\/2025\/03\/cala-agulla_349_1.jpg","menu_order":"0","post_type":"attachment","post_mime_type":"image\/jpeg","comment_count":"0","pod_item_id":"13105"},{"ID":"13107","post_author":"2","post_date":"2025-03-07 22:39:52","post_date_gmt":"2025-03-07 21:39:52","post_content":"","post_title":"cala-agulla_349_2","post_excerpt":"","post_status":"inherit","comment_status":"closed","ping_status":"closed","post_password":"","post_name":"cala-agulla_349_2","to_ping":"","pinged":"","post_modified":"2025-04-21 13:26:42","post_modified_gmt":"2025-04-21 11:26:42","post_content_filtered":"","post_parent":"11397","guid":"https:\/\/spainfilmcommission.com\/wp-content\/uploads\/2025\/03\/cala-agulla_349_2.jpg","menu_order":"0","post_type":"attachment","post_mime_type":"image\/jpeg","comment_count":"0","pod_item_id":"13107"},{"ID":"13109","post_author":"2","post_date":"2025-03-07 22:39:54","post_date_gmt":"2025-03-07 21:39:54","post_content":"","post_title":"cala-agulla_349_3","post_excerpt":"","post_status":"inherit","comment_status":"closed","ping_status":"closed","post_password":"","post_name":"cala-agulla_349_3","to_ping":"","pinged":"","post_modified":"2025-04-21 13:26:42","post_modified_gmt":"2025-04-21 11:26:42","post_content_filtered":"","post_parent":"11397","guid":"https:\/\/spainfilmcommission.com\/wp-content\/uploads\/2025\/03\/cala-agulla_349_3.jpg","menu_order":"0","post_type":"attachment","post_mime_type":"image\/jpeg","comment_count":"0","pod_item_id":"13109"},{"ID":"13111","post_author":"2","post_date":"2025-03-07 22:39:57","post_date_gmt":"2025-03-07 21:39:57","post_content":"","post_title":"cala-agulla_349_4","post_excerpt":"","post_status":"inherit","comment_status":"closed","ping_status":"closed","post_password":"","post_name":"cala-agulla_349_4","to_ping":"","pinged":"","post_modified":"2025-04-21 13:26:42","post_modified_gmt":"2025-04-21 11:26:42","post_content_filtered":"","post_parent":"11397","guid":"https:\/\/spainfilmcommission.com\/wp-content\/uploads\/2025\/03\/cala-agulla_349_4.jpg","menu_order":"0","post_type":"attachment","post_mime_type":"image\/jpeg","comment_count":"0","pod_item_id":"13111"}],"nombrepaginaes":"cala-agulla","nombrepaginaen":"cala-agulla","latitud_gps":"","longitud_gps":"","adicionaleses":"","adicionalesen":"","videoes":"","videoen":"","video2es":"","video2en":"","_links":{"self":[{"href":"https:\/\/spainfilmcommission.com\/en\/wp-json\/wp\/v2\/localizaciones\/localizacion\/11397","targetHints":{"allow":["GET"]}}],"collection":[{"href":"https:\/\/spainfilmcommission.com\/en\/wp-json\/wp\/v2\/localizaciones\/localizacion"}],"about":[{"href":"https:\/\/spainfilmcommission.com\/en\/wp-json\/wp\/v2\/types\/localizacion"}],"author":[{"embeddable":true,"href":"https:\/\/spainfilmcommission.com\/en\/wp-json\/wp\/v2\/users\/2"}],"wp:attachment":[{"href":"https:\/\/spainfilmcommission.com\/en\/wp-json\/wp\/v2\/media?parent=11397"}],"curies":[{"name":"wp","href":"https:\/\/api.w.org\/{rel}","templated":true}]}}