{"id":11388,"date":"2025-02-27T18:25:44","date_gmt":"2025-02-27T17:25:44","guid":{"rendered":"https:\/\/spainfilmcommission.com\/?post_type=localizacion&#038;p=11388"},"modified":"2026-02-19T17:44:52","modified_gmt":"2026-02-19T16:44:52","slug":"barrio-gotico-de-barcelona","status":"publish","type":"localizacion","link":"https:\/\/spainfilmcommission.com\/en\/ai-locations\/barrio-gotico-de-barcelona\/","title":{"rendered":"Barrio G\u00f3tico de Barcelona"},"content":{"rendered":"","protected":false},"author":2,"template":"","meta":[],"class_list":["post-11388","localizacion","type-localizacion","status-publish","hentry"],"yoast_head":"<!-- This site is optimized with the Yoast SEO plugin v28.3 - https:\/\/yoast.com\/product\/yoast-seo-wordpress\/ -->\n<title>Rodar en Barrio G\u00f3tico de Barcelona - Spain Film Commission<\/title>\n<meta name=\"description\" content=\"En esta p\u00e1gina encontrar\u00e1s una peque\u00f1a descripci\u00f3n, m\u00e1genes e informaci\u00f3n relevante para que te hagas una idea de c\u00f3mo es rodar en Barrio G\u00f3tico de Barcelona\" \/>\n<meta name=\"robots\" content=\"index, follow, max-snippet:-1, max-image-preview:large, max-video-preview:-1\" \/>\n<link rel=\"canonical\" href=\"https:\/\/spainfilmcommission.com\/en\/ai-locations\/barrio-gotico-de-barcelona\/\" \/>\n<meta property=\"og:locale\" content=\"en_US\" \/>\n<meta property=\"og:type\" content=\"article\" \/>\n<meta property=\"og:title\" content=\"Rodar en Barrio G\u00f3tico de Barcelona - Spain Film Commission\" \/>\n<meta property=\"og:description\" content=\"En esta p\u00e1gina encontrar\u00e1s una peque\u00f1a descripci\u00f3n, m\u00e1genes e informaci\u00f3n relevante para que te hagas una idea de c\u00f3mo es rodar en Barrio G\u00f3tico de Barcelona\" \/>\n<meta property=\"og:url\" content=\"https:\/\/spainfilmcommission.com\/en\/ai-locations\/barrio-gotico-de-barcelona\/\" \/>\n<meta property=\"og:site_name\" content=\"Spain Film Commission\" \/>\n<meta property=\"article:modified_time\" content=\"2026-02-19T16:44:52+00:00\" \/>\n<meta name=\"twitter:card\" content=\"summary_large_image\" \/>\n<script type=\"application\/ld+json\" class=\"yoast-schema-graph\">{\"@context\":\"https:\\\/\\\/schema.org\",\"@graph\":[{\"@type\":\"WebPage\",\"@id\":\"https:\\\/\\\/spainfilmcommission.com\\\/en\\\/ai-locations\\\/barrio-gotico-de-barcelona\\\/\",\"url\":\"https:\\\/\\\/spainfilmcommission.com\\\/en\\\/ai-locations\\\/barrio-gotico-de-barcelona\\\/\",\"name\":\"Rodar en Barrio G\u00f3tico de Barcelona - Spain Film Commission\",\"isPartOf\":{\"@id\":\"https:\\\/\\\/spainfilmcommission.com\\\/en\\\/#website\"},\"datePublished\":\"2025-02-27T17:25:44+00:00\",\"dateModified\":\"2026-02-19T16:44:52+00:00\",\"description\":\"En esta p\u00e1gina encontrar\u00e1s una peque\u00f1a descripci\u00f3n, m\u00e1genes e informaci\u00f3n relevante para que te hagas una idea de c\u00f3mo es rodar en Barrio G\u00f3tico de Barcelona\",\"breadcrumb\":{\"@id\":\"https:\\\/\\\/spainfilmcommission.com\\\/en\\\/ai-locations\\\/barrio-gotico-de-barcelona\\\/#breadcrumb\"},\"inLanguage\":\"en-US\",\"potentialAction\":[{\"@type\":\"ReadAction\",\"target\":[\"https:\\\/\\\/spainfilmcommission.com\\\/en\\\/ai-locations\\\/barrio-gotico-de-barcelona\\\/\"]}]},{\"@type\":\"BreadcrumbList\",\"@id\":\"https:\\\/\\\/spainfilmcommission.com\\\/en\\\/ai-locations\\\/barrio-gotico-de-barcelona\\\/#breadcrumb\",\"itemListElement\":[{\"@type\":\"ListItem\",\"position\":1,\"name\":\"Portada\",\"item\":\"https:\\\/\\\/spainfilmcommission.com\\\/en\\\/\"},{\"@type\":\"ListItem\",\"position\":2,\"name\":\"Barrio G\u00f3tico de Barcelona\"}]},{\"@type\":\"WebSite\",\"@id\":\"https:\\\/\\\/spainfilmcommission.com\\\/en\\\/#website\",\"url\":\"https:\\\/\\\/spainfilmcommission.com\\\/en\\\/\",\"name\":\"Spain Film Commission\",\"description\":\"\",\"publisher\":{\"@id\":\"https:\\\/\\\/spainfilmcommission.com\\\/en\\\/#organization\"},\"potentialAction\":[{\"@type\":\"SearchAction\",\"target\":{\"@type\":\"EntryPoint\",\"urlTemplate\":\"https:\\\/\\\/spainfilmcommission.com\\\/en\\\/?s={search_term_string}\"},\"query-input\":{\"@type\":\"PropertyValueSpecification\",\"valueRequired\":true,\"valueName\":\"search_term_string\"}}],\"inLanguage\":\"en-US\"},{\"@type\":\"Organization\",\"@id\":\"https:\\\/\\\/spainfilmcommission.com\\\/en\\\/#organization\",\"name\":\"Spain Film Commission\",\"url\":\"https:\\\/\\\/spainfilmcommission.com\\\/en\\\/\",\"logo\":{\"@type\":\"ImageObject\",\"inLanguage\":\"en-US\",\"@id\":\"https:\\\/\\\/spainfilmcommission.com\\\/en\\\/#\\\/schema\\\/logo\\\/image\\\/\",\"url\":\"https:\\\/\\\/spainfilmcommission.com\\\/wp-content\\\/uploads\\\/2024\\\/07\\\/SPC_COLOR.png\",\"contentUrl\":\"https:\\\/\\\/spainfilmcommission.com\\\/wp-content\\\/uploads\\\/2024\\\/07\\\/SPC_COLOR.png\",\"width\":1665,\"height\":1665,\"caption\":\"Spain Film Commission\"},\"image\":{\"@id\":\"https:\\\/\\\/spainfilmcommission.com\\\/en\\\/#\\\/schema\\\/logo\\\/image\\\/\"}}]}<\/script>\n<!-- \/ Yoast SEO plugin. -->","yoast_head_json":{"title":"Rodar en Barrio G\u00f3tico de Barcelona - Spain Film Commission","description":"En esta p\u00e1gina encontrar\u00e1s una peque\u00f1a descripci\u00f3n, m\u00e1genes e informaci\u00f3n relevante para que te hagas una idea de c\u00f3mo es rodar en Barrio G\u00f3tico de Barcelona","robots":{"index":"index","follow":"follow","max-snippet":"max-snippet:-1","max-image-preview":"max-image-preview:large","max-video-preview":"max-video-preview:-1"},"canonical":"https:\/\/spainfilmcommission.com\/en\/ai-locations\/barrio-gotico-de-barcelona\/","og_locale":"en_US","og_type":"article","og_title":"Rodar en Barrio G\u00f3tico de Barcelona - Spain Film Commission","og_description":"En esta p\u00e1gina encontrar\u00e1s una peque\u00f1a descripci\u00f3n, m\u00e1genes e informaci\u00f3n relevante para que te hagas una idea de c\u00f3mo es rodar en Barrio G\u00f3tico de Barcelona","og_url":"https:\/\/spainfilmcommission.com\/en\/ai-locations\/barrio-gotico-de-barcelona\/","og_site_name":"Spain Film Commission","article_modified_time":"2026-02-19T16:44:52+00:00","twitter_card":"summary_large_image","schema":{"@context":"https:\/\/schema.org","@graph":[{"@type":"WebPage","@id":"https:\/\/spainfilmcommission.com\/en\/ai-locations\/barrio-gotico-de-barcelona\/","url":"https:\/\/spainfilmcommission.com\/en\/ai-locations\/barrio-gotico-de-barcelona\/","name":"Rodar en Barrio G\u00f3tico de Barcelona - Spain Film Commission","isPartOf":{"@id":"https:\/\/spainfilmcommission.com\/en\/#website"},"datePublished":"2025-02-27T17:25:44+00:00","dateModified":"2026-02-19T16:44:52+00:00","description":"En esta p\u00e1gina encontrar\u00e1s una peque\u00f1a descripci\u00f3n, m\u00e1genes e informaci\u00f3n relevante para que te hagas una idea de c\u00f3mo es rodar en Barrio G\u00f3tico de Barcelona","breadcrumb":{"@id":"https:\/\/spainfilmcommission.com\/en\/ai-locations\/barrio-gotico-de-barcelona\/#breadcrumb"},"inLanguage":"en-US","potentialAction":[{"@type":"ReadAction","target":["https:\/\/spainfilmcommission.com\/en\/ai-locations\/barrio-gotico-de-barcelona\/"]}]},{"@type":"BreadcrumbList","@id":"https:\/\/spainfilmcommission.com\/en\/ai-locations\/barrio-gotico-de-barcelona\/#breadcrumb","itemListElement":[{"@type":"ListItem","position":1,"name":"Portada","item":"https:\/\/spainfilmcommission.com\/en\/"},{"@type":"ListItem","position":2,"name":"Barrio G\u00f3tico de Barcelona"}]},{"@type":"WebSite","@id":"https:\/\/spainfilmcommission.com\/en\/#website","url":"https:\/\/spainfilmcommission.com\/en\/","name":"Spain Film Commission","description":"","publisher":{"@id":"https:\/\/spainfilmcommission.com\/en\/#organization"},"potentialAction":[{"@type":"SearchAction","target":{"@type":"EntryPoint","urlTemplate":"https:\/\/spainfilmcommission.com\/en\/?s={search_term_string}"},"query-input":{"@type":"PropertyValueSpecification","valueRequired":true,"valueName":"search_term_string"}}],"inLanguage":"en-US"},{"@type":"Organization","@id":"https:\/\/spainfilmcommission.com\/en\/#organization","name":"Spain Film Commission","url":"https:\/\/spainfilmcommission.com\/en\/","logo":{"@type":"ImageObject","inLanguage":"en-US","@id":"https:\/\/spainfilmcommission.com\/en\/#\/schema\/logo\/image\/","url":"https:\/\/spainfilmcommission.com\/wp-content\/uploads\/2024\/07\/SPC_COLOR.png","contentUrl":"https:\/\/spainfilmcommission.com\/wp-content\/uploads\/2024\/07\/SPC_COLOR.png","width":1665,"height":1665,"caption":"Spain Film Commission"},"image":{"@id":"https:\/\/spainfilmcommission.com\/en\/#\/schema\/logo\/image\/"}}]}},"socio":[{"ID":"20","user_login":"barcelona-film-commission","user_nicename":"barcelona-film-commission","display_name":"barcelona-film-commission","user_pass":"****************","user_email":"cmelus@bcn.cat","user_url":"","user_registered":"2024-12-19 13:54:03","id":20}],"nombrees":"Barrio G\u00f3tico de Barcelona","nombreen":"Barrio G\u00f3tico de Barcelona","localidad":"Barcelona","provincia":"Barcelona","coordenadas_maps":"41.3838, 2.1778","latitud":"41.383800000000","longitud":"2.177800000000","direcciones":"Avenida de la Catedral, 6-8, 08002 Barcelona","direccionen":"Avenida de la Catedral, 6-8, 08002 Barcelona","cod_postal":"8002","telefono":"934548066","fax":"","mail":"filmcommission@bcn.cat","web":"https:\/\/www.bcncatfilmcommission.com\/es\/locations\/g%C3%B2tic?f%5B0%5D=sm_field_town%3Anode%3A2032007616","descripciones":"El Barrio G\u00f3tico es el n\u00facleo m\u00e1s antiguo de la ciudad de Barcelona (Catalu\u00f1a) y su centro hist\u00f3rico. El cardus y el decumanus romanos son los ejes de urbanizaci\u00f3n hist\u00f3ricos del barrio en su parte m\u00e1s alta, el antiguo Monte T\u00e1ber (plaza San Jaime). Los lugares m\u00e1s importantes son la Catedral de Santa Eulalia, la Iglesia de Santa Mar\u00eda del Mar, la Plaza Real y la Plaza de San Jaume. Buena parte de los edificios del barrio no son originalmente g\u00f3ticos, sino restauraciones o incluso nuevos proyectos de estilo neog\u00f3tico realizados entre el siglo XIX y el XX.","descripcionen":"The Gothic Quarter is the oldest part of the city of Barcelona (Catalonia) and its historical center. The Roman decumanus and cardus are the axes of this complex historical neighborhood in its highest part, the old Monte Taber (St. James Square). The most important sites are the Cathedral of Santa Eulalia, the Church of Santa Maria del Mar, the Plaza Real and the Plaza San Jaume. Many of the buildings in the neighborhood are not originally Gothic, but restorations or even new Neo-Gothic projects built ??in the 19th and 20th centuries.","galeria":[{"ID":"12955","post_author":"2","post_date":"2025-03-07 22:36:05","post_date_gmt":"2025-03-07 21:36:05","post_content":"","post_title":"barrio-g\u00f3tico-de-barcelona_338_2","post_excerpt":"","post_status":"inherit","comment_status":"closed","ping_status":"closed","post_password":"","post_name":"barrio-gotico-de-barcelona_338_2","to_ping":"","pinged":"","post_modified":"2026-02-19 17:44:52","post_modified_gmt":"2026-02-19 16:44:52","post_content_filtered":"","post_parent":"11388","guid":"https:\/\/spainfilmcommission.com\/wp-content\/uploads\/2025\/03\/barrio-gotico-de-barcelona_338_2.jpg","menu_order":"0","post_type":"attachment","post_mime_type":"image\/jpeg","comment_count":"0","pod_item_id":"12955"},{"ID":"12957","post_author":"2","post_date":"2025-03-07 22:36:08","post_date_gmt":"2025-03-07 21:36:08","post_content":"","post_title":"barrio-g\u00f3tico-de-barcelona_338_4","post_excerpt":"","post_status":"inherit","comment_status":"closed","ping_status":"closed","post_password":"","post_name":"barrio-gotico-de-barcelona_338_4","to_ping":"","pinged":"","post_modified":"2026-02-19 17:44:52","post_modified_gmt":"2026-02-19 16:44:52","post_content_filtered":"","post_parent":"11388","guid":"https:\/\/spainfilmcommission.com\/wp-content\/uploads\/2025\/03\/barrio-gotico-de-barcelona_338_4.jpg","menu_order":"0","post_type":"attachment","post_mime_type":"image\/jpeg","comment_count":"0","pod_item_id":"12957"},{"ID":"12959","post_author":"2","post_date":"2025-03-07 22:36:12","post_date_gmt":"2025-03-07 21:36:12","post_content":"","post_title":"barrio-g\u00f3tico-de-barcelona_338_5","post_excerpt":"","post_status":"inherit","comment_status":"closed","ping_status":"closed","post_password":"","post_name":"barrio-gotico-de-barcelona_338_5","to_ping":"","pinged":"","post_modified":"2026-02-19 17:44:52","post_modified_gmt":"2026-02-19 16:44:52","post_content_filtered":"","post_parent":"11388","guid":"https:\/\/spainfilmcommission.com\/wp-content\/uploads\/2025\/03\/barrio-gotico-de-barcelona_338_5.jpg","menu_order":"0","post_type":"attachment","post_mime_type":"image\/jpeg","comment_count":"0","pod_item_id":"12959"},{"ID":"12961","post_author":"2","post_date":"2025-03-07 22:36:16","post_date_gmt":"2025-03-07 21:36:16","post_content":"","post_title":"barrio-g\u00f3tico-de-barcelona_338_6","post_excerpt":"","post_status":"inherit","comment_status":"closed","ping_status":"closed","post_password":"","post_name":"barrio-gotico-de-barcelona_338_6","to_ping":"","pinged":"","post_modified":"2026-02-19 17:44:52","post_modified_gmt":"2026-02-19 16:44:52","post_content_filtered":"","post_parent":"11388","guid":"https:\/\/spainfilmcommission.com\/wp-content\/uploads\/2025\/03\/barrio-gotico-de-barcelona_338_6.jpg","menu_order":"0","post_type":"attachment","post_mime_type":"image\/jpeg","comment_count":"0","pod_item_id":"12961"},{"ID":"12963","post_author":"2","post_date":"2025-03-07 22:36:22","post_date_gmt":"2025-03-07 21:36:22","post_content":"","post_title":"barrio-g\u00f3tico-de-barcelona_338_7","post_excerpt":"","post_status":"inherit","comment_status":"closed","ping_status":"closed","post_password":"","post_name":"barrio-gotico-de-barcelona_338_7","to_ping":"","pinged":"","post_modified":"2026-02-19 17:44:52","post_modified_gmt":"2026-02-19 16:44:52","post_content_filtered":"","post_parent":"11388","guid":"https:\/\/spainfilmcommission.com\/wp-content\/uploads\/2025\/03\/barrio-gotico-de-barcelona_338_7.jpg","menu_order":"0","post_type":"attachment","post_mime_type":"image\/jpeg","comment_count":"0","pod_item_id":"12963"},{"ID":"12965","post_author":"2","post_date":"2025-03-07 22:36:25","post_date_gmt":"2025-03-07 21:36:25","post_content":"","post_title":"barrio-g\u00f3tico-de-barcelona_338_8","post_excerpt":"","post_status":"inherit","comment_status":"closed","ping_status":"closed","post_password":"","post_name":"barrio-gotico-de-barcelona_338_8","to_ping":"","pinged":"","post_modified":"2026-02-19 17:44:52","post_modified_gmt":"2026-02-19 16:44:52","post_content_filtered":"","post_parent":"11388","guid":"https:\/\/spainfilmcommission.com\/wp-content\/uploads\/2025\/03\/barrio-gotico-de-barcelona_338_8.jpg","menu_order":"0","post_type":"attachment","post_mime_type":"image\/jpeg","comment_count":"0","pod_item_id":"12965"},{"ID":"12967","post_author":"2","post_date":"2025-03-07 22:36:27","post_date_gmt":"2025-03-07 21:36:27","post_content":"","post_title":"barrio-g\u00f3tico-de-barcelona_338_9","post_excerpt":"","post_status":"inherit","comment_status":"closed","ping_status":"closed","post_password":"","post_name":"barrio-gotico-de-barcelona_338_9","to_ping":"","pinged":"","post_modified":"2026-02-19 17:44:52","post_modified_gmt":"2026-02-19 16:44:52","post_content_filtered":"","post_parent":"11388","guid":"https:\/\/spainfilmcommission.com\/wp-content\/uploads\/2025\/03\/barrio-gotico-de-barcelona_338_9.jpg","menu_order":"0","post_type":"attachment","post_mime_type":"image\/jpeg","comment_count":"0","pod_item_id":"12967"}],"nombrepaginaes":"barrio-gotico-de-barcelona","nombrepaginaen":"barrio-gotico-de-barcelona","latitud_gps":"","longitud_gps":"","adicionaleses":"","adicionalesen":"","videoes":"","videoen":"","video2es":"","video2en":"","_links":{"self":[{"href":"https:\/\/spainfilmcommission.com\/en\/wp-json\/wp\/v2\/localizaciones\/localizacion\/11388","targetHints":{"allow":["GET"]}}],"collection":[{"href":"https:\/\/spainfilmcommission.com\/en\/wp-json\/wp\/v2\/localizaciones\/localizacion"}],"about":[{"href":"https:\/\/spainfilmcommission.com\/en\/wp-json\/wp\/v2\/types\/localizacion"}],"author":[{"embeddable":true,"href":"https:\/\/spainfilmcommission.com\/en\/wp-json\/wp\/v2\/users\/2"}],"wp:attachment":[{"href":"https:\/\/spainfilmcommission.com\/en\/wp-json\/wp\/v2\/media?parent=11388"}],"curies":[{"name":"wp","href":"https:\/\/api.w.org\/{rel}","templated":true}]}}