{"id":11374,"date":"2025-02-27T18:25:44","date_gmt":"2025-02-27T17:25:44","guid":{"rendered":"https:\/\/spainfilmcommission.com\/?post_type=localizacion&#038;p=11374"},"modified":"2025-04-21T12:25:11","modified_gmt":"2025-04-21T10:25:11","slug":"ria-de-vigo","status":"publish","type":"localizacion","link":"https:\/\/spainfilmcommission.com\/en\/ai-locations\/ria-de-vigo\/","title":{"rendered":"R\u00eda de Vigo"},"content":{"rendered":"","protected":false},"author":2,"template":"","meta":[],"class_list":["post-11374","localizacion","type-localizacion","status-publish","hentry"],"yoast_head":"<!-- This site is optimized with the Yoast SEO plugin v28.3 - https:\/\/yoast.com\/product\/yoast-seo-wordpress\/ -->\n<title>Rodar en R\u00eda de Vigo - Spain Film Commission<\/title>\n<meta name=\"description\" content=\"En esta p\u00e1gina encontrar\u00e1s una peque\u00f1a descripci\u00f3n, m\u00e1genes e informaci\u00f3n relevante para que te hagas una idea de c\u00f3mo es rodar en R\u00eda de Vigo\" \/>\n<meta name=\"robots\" content=\"index, follow, max-snippet:-1, max-image-preview:large, max-video-preview:-1\" \/>\n<link rel=\"canonical\" href=\"https:\/\/spainfilmcommission.com\/en\/ai-locations\/ria-de-vigo\/\" \/>\n<meta property=\"og:locale\" content=\"en_US\" \/>\n<meta property=\"og:type\" content=\"article\" \/>\n<meta property=\"og:title\" content=\"Rodar en R\u00eda de Vigo - Spain Film Commission\" \/>\n<meta property=\"og:description\" content=\"En esta p\u00e1gina encontrar\u00e1s una peque\u00f1a descripci\u00f3n, m\u00e1genes e informaci\u00f3n relevante para que te hagas una idea de c\u00f3mo es rodar en R\u00eda de Vigo\" \/>\n<meta property=\"og:url\" content=\"https:\/\/spainfilmcommission.com\/en\/ai-locations\/ria-de-vigo\/\" \/>\n<meta property=\"og:site_name\" content=\"Spain Film Commission\" \/>\n<meta property=\"article:modified_time\" content=\"2025-04-21T10:25:11+00:00\" \/>\n<meta name=\"twitter:card\" content=\"summary_large_image\" \/>\n<script type=\"application\/ld+json\" class=\"yoast-schema-graph\">{\"@context\":\"https:\\\/\\\/schema.org\",\"@graph\":[{\"@type\":\"WebPage\",\"@id\":\"https:\\\/\\\/spainfilmcommission.com\\\/en\\\/ai-locations\\\/ria-de-vigo\\\/\",\"url\":\"https:\\\/\\\/spainfilmcommission.com\\\/en\\\/ai-locations\\\/ria-de-vigo\\\/\",\"name\":\"Rodar en R\u00eda de Vigo - Spain Film Commission\",\"isPartOf\":{\"@id\":\"https:\\\/\\\/spainfilmcommission.com\\\/en\\\/#website\"},\"datePublished\":\"2025-02-27T17:25:44+00:00\",\"dateModified\":\"2025-04-21T10:25:11+00:00\",\"description\":\"En esta p\u00e1gina encontrar\u00e1s una peque\u00f1a descripci\u00f3n, m\u00e1genes e informaci\u00f3n relevante para que te hagas una idea de c\u00f3mo es rodar en R\u00eda de Vigo\",\"breadcrumb\":{\"@id\":\"https:\\\/\\\/spainfilmcommission.com\\\/en\\\/ai-locations\\\/ria-de-vigo\\\/#breadcrumb\"},\"inLanguage\":\"en-US\",\"potentialAction\":[{\"@type\":\"ReadAction\",\"target\":[\"https:\\\/\\\/spainfilmcommission.com\\\/en\\\/ai-locations\\\/ria-de-vigo\\\/\"]}]},{\"@type\":\"BreadcrumbList\",\"@id\":\"https:\\\/\\\/spainfilmcommission.com\\\/en\\\/ai-locations\\\/ria-de-vigo\\\/#breadcrumb\",\"itemListElement\":[{\"@type\":\"ListItem\",\"position\":1,\"name\":\"Portada\",\"item\":\"https:\\\/\\\/spainfilmcommission.com\\\/en\\\/\"},{\"@type\":\"ListItem\",\"position\":2,\"name\":\"R\u00eda de Vigo\"}]},{\"@type\":\"WebSite\",\"@id\":\"https:\\\/\\\/spainfilmcommission.com\\\/en\\\/#website\",\"url\":\"https:\\\/\\\/spainfilmcommission.com\\\/en\\\/\",\"name\":\"Spain Film Commission\",\"description\":\"\",\"publisher\":{\"@id\":\"https:\\\/\\\/spainfilmcommission.com\\\/en\\\/#organization\"},\"potentialAction\":[{\"@type\":\"SearchAction\",\"target\":{\"@type\":\"EntryPoint\",\"urlTemplate\":\"https:\\\/\\\/spainfilmcommission.com\\\/en\\\/?s={search_term_string}\"},\"query-input\":{\"@type\":\"PropertyValueSpecification\",\"valueRequired\":true,\"valueName\":\"search_term_string\"}}],\"inLanguage\":\"en-US\"},{\"@type\":\"Organization\",\"@id\":\"https:\\\/\\\/spainfilmcommission.com\\\/en\\\/#organization\",\"name\":\"Spain Film Commission\",\"url\":\"https:\\\/\\\/spainfilmcommission.com\\\/en\\\/\",\"logo\":{\"@type\":\"ImageObject\",\"inLanguage\":\"en-US\",\"@id\":\"https:\\\/\\\/spainfilmcommission.com\\\/en\\\/#\\\/schema\\\/logo\\\/image\\\/\",\"url\":\"https:\\\/\\\/spainfilmcommission.com\\\/wp-content\\\/uploads\\\/2024\\\/07\\\/SPC_COLOR.png\",\"contentUrl\":\"https:\\\/\\\/spainfilmcommission.com\\\/wp-content\\\/uploads\\\/2024\\\/07\\\/SPC_COLOR.png\",\"width\":1665,\"height\":1665,\"caption\":\"Spain Film Commission\"},\"image\":{\"@id\":\"https:\\\/\\\/spainfilmcommission.com\\\/en\\\/#\\\/schema\\\/logo\\\/image\\\/\"}}]}<\/script>\n<!-- \/ Yoast SEO plugin. -->","yoast_head_json":{"title":"Rodar en R\u00eda de Vigo - Spain Film Commission","description":"En esta p\u00e1gina encontrar\u00e1s una peque\u00f1a descripci\u00f3n, m\u00e1genes e informaci\u00f3n relevante para que te hagas una idea de c\u00f3mo es rodar en R\u00eda de Vigo","robots":{"index":"index","follow":"follow","max-snippet":"max-snippet:-1","max-image-preview":"max-image-preview:large","max-video-preview":"max-video-preview:-1"},"canonical":"https:\/\/spainfilmcommission.com\/en\/ai-locations\/ria-de-vigo\/","og_locale":"en_US","og_type":"article","og_title":"Rodar en R\u00eda de Vigo - Spain Film Commission","og_description":"En esta p\u00e1gina encontrar\u00e1s una peque\u00f1a descripci\u00f3n, m\u00e1genes e informaci\u00f3n relevante para que te hagas una idea de c\u00f3mo es rodar en R\u00eda de Vigo","og_url":"https:\/\/spainfilmcommission.com\/en\/ai-locations\/ria-de-vigo\/","og_site_name":"Spain Film Commission","article_modified_time":"2025-04-21T10:25:11+00:00","twitter_card":"summary_large_image","schema":{"@context":"https:\/\/schema.org","@graph":[{"@type":"WebPage","@id":"https:\/\/spainfilmcommission.com\/en\/ai-locations\/ria-de-vigo\/","url":"https:\/\/spainfilmcommission.com\/en\/ai-locations\/ria-de-vigo\/","name":"Rodar en R\u00eda de Vigo - Spain Film Commission","isPartOf":{"@id":"https:\/\/spainfilmcommission.com\/en\/#website"},"datePublished":"2025-02-27T17:25:44+00:00","dateModified":"2025-04-21T10:25:11+00:00","description":"En esta p\u00e1gina encontrar\u00e1s una peque\u00f1a descripci\u00f3n, m\u00e1genes e informaci\u00f3n relevante para que te hagas una idea de c\u00f3mo es rodar en R\u00eda de Vigo","breadcrumb":{"@id":"https:\/\/spainfilmcommission.com\/en\/ai-locations\/ria-de-vigo\/#breadcrumb"},"inLanguage":"en-US","potentialAction":[{"@type":"ReadAction","target":["https:\/\/spainfilmcommission.com\/en\/ai-locations\/ria-de-vigo\/"]}]},{"@type":"BreadcrumbList","@id":"https:\/\/spainfilmcommission.com\/en\/ai-locations\/ria-de-vigo\/#breadcrumb","itemListElement":[{"@type":"ListItem","position":1,"name":"Portada","item":"https:\/\/spainfilmcommission.com\/en\/"},{"@type":"ListItem","position":2,"name":"R\u00eda de Vigo"}]},{"@type":"WebSite","@id":"https:\/\/spainfilmcommission.com\/en\/#website","url":"https:\/\/spainfilmcommission.com\/en\/","name":"Spain Film Commission","description":"","publisher":{"@id":"https:\/\/spainfilmcommission.com\/en\/#organization"},"potentialAction":[{"@type":"SearchAction","target":{"@type":"EntryPoint","urlTemplate":"https:\/\/spainfilmcommission.com\/en\/?s={search_term_string}"},"query-input":{"@type":"PropertyValueSpecification","valueRequired":true,"valueName":"search_term_string"}}],"inLanguage":"en-US"},{"@type":"Organization","@id":"https:\/\/spainfilmcommission.com\/en\/#organization","name":"Spain Film Commission","url":"https:\/\/spainfilmcommission.com\/en\/","logo":{"@type":"ImageObject","inLanguage":"en-US","@id":"https:\/\/spainfilmcommission.com\/en\/#\/schema\/logo\/image\/","url":"https:\/\/spainfilmcommission.com\/wp-content\/uploads\/2024\/07\/SPC_COLOR.png","contentUrl":"https:\/\/spainfilmcommission.com\/wp-content\/uploads\/2024\/07\/SPC_COLOR.png","width":1665,"height":1665,"caption":"Spain Film Commission"},"image":{"@id":"https:\/\/spainfilmcommission.com\/en\/#\/schema\/logo\/image\/"}}]}},"socio":[{"ID":"14","user_login":"vigo-film-office","user_nicename":"vigo-film-office","display_name":"vigo-film-office","user_pass":"****************","user_email":"info@vigofilmoffice.com","user_url":"","user_registered":"2024-12-19 13:33:18","id":14}],"nombrees":"R\u00eda de Vigo","nombreen":"R\u00eda de Vigo","localidad":"Vigo","provincia":"Pontevedra","coordenadas_maps":"42.2323, -8.78079","latitud":"42.232300000000","longitud":"-8.780790000000","direcciones":"","direccionen":"","cod_postal":[],"telefono":"","fax":"","mail":"","web":"http:\/\/www.vigofilmoffice.com\/","descripciones":"La r\u00eda de Vigo es el mayor tesoro de la ciudad. Su origen, su motor, su pasado y futuro. De todas las r\u00edas de Galicia, la nuestra es la que est\u00e1 m\u00e1s al sur de las R\u00edas Baixas y se adentra en la tierra para mezclarse con el agua del r\u00edo, mientras las laderas del valle costero se elevan formando monta\u00f1as al borde de la costa. La r\u00eda de Vigo (Pontevedra) est\u00e1 protegida por las Islas C\u00edes, un parque natural en medio del Atl\u00e1ntico. El mar de Vigo es un para\u00edso natural con sus aguas calmas y una riqueza marina sin igual. Adem\u00e1s de bella, la r\u00eda de Vigo es la de mayor calado de Galicia, lo que la ha convertido en uno de los principales puertos de Europa y en capital de la pesca.","descripcionen":"The Vigo Ria is the city\u00b4s most beloved treasure. The Ria is the city\u00b4s origin, engine, its past and future. Of all the estuaries in Galicia, this is the most southern of the Rias Baixas and enters the earth to mix with the water of the river, while the slopes of the coastal valley tower up forming mountains on the edge of the coast. The Vigo Ria (Pontevedra) is protected by the Cies Islands, a natural park in the middle of the Atlantic. The sea of Vigo is a natural paradise with its calm waters and marine life. The waters in the Vigo estuary are the deepest of Galicia, which has made it one of the major ports of Europe and a fishing capital.","galeria":[{"ID":"31485","post_author":"2","post_date":"2025-03-08 13:56:25","post_date_gmt":"2025-03-08 12:56:25","post_content":"","post_title":"r\u00eda-de-vigo_324_1","post_excerpt":"","post_status":"inherit","comment_status":"closed","ping_status":"closed","post_password":"","post_name":"ria-de-vigo_324_1","to_ping":"","pinged":"","post_modified":"2025-04-21 12:25:11","post_modified_gmt":"2025-04-21 10:25:11","post_content_filtered":"","post_parent":"11374","guid":"https:\/\/spainfilmcommission.com\/wp-content\/uploads\/2025\/03\/ria-de-vigo_324_1.jpg","menu_order":"0","post_type":"attachment","post_mime_type":"image\/jpeg","comment_count":"0","pod_item_id":"31485"},{"ID":"31487","post_author":"2","post_date":"2025-03-08 13:56:27","post_date_gmt":"2025-03-08 12:56:27","post_content":"","post_title":"r\u00eda-de-vigo_324_2","post_excerpt":"","post_status":"inherit","comment_status":"closed","ping_status":"closed","post_password":"","post_name":"ria-de-vigo_324_2","to_ping":"","pinged":"","post_modified":"2025-04-21 12:25:11","post_modified_gmt":"2025-04-21 10:25:11","post_content_filtered":"","post_parent":"11374","guid":"https:\/\/spainfilmcommission.com\/wp-content\/uploads\/2025\/03\/ria-de-vigo_324_2.jpg","menu_order":"0","post_type":"attachment","post_mime_type":"image\/jpeg","comment_count":"0","pod_item_id":"31487"},{"ID":"31489","post_author":"2","post_date":"2025-03-08 13:56:29","post_date_gmt":"2025-03-08 12:56:29","post_content":"","post_title":"r\u00eda-de-vigo_324_3","post_excerpt":"","post_status":"inherit","comment_status":"closed","ping_status":"closed","post_password":"","post_name":"ria-de-vigo_324_3","to_ping":"","pinged":"","post_modified":"2025-04-21 12:25:11","post_modified_gmt":"2025-04-21 10:25:11","post_content_filtered":"","post_parent":"11374","guid":"https:\/\/spainfilmcommission.com\/wp-content\/uploads\/2025\/03\/ria-de-vigo_324_3.jpg","menu_order":"0","post_type":"attachment","post_mime_type":"image\/jpeg","comment_count":"0","pod_item_id":"31489"},{"ID":"31491","post_author":"2","post_date":"2025-03-08 13:56:32","post_date_gmt":"2025-03-08 12:56:32","post_content":"","post_title":"r\u00eda-de-vigo_324_4","post_excerpt":"","post_status":"inherit","comment_status":"closed","ping_status":"closed","post_password":"","post_name":"ria-de-vigo_324_4","to_ping":"","pinged":"","post_modified":"2025-04-21 12:25:11","post_modified_gmt":"2025-04-21 10:25:11","post_content_filtered":"","post_parent":"11374","guid":"https:\/\/spainfilmcommission.com\/wp-content\/uploads\/2025\/03\/ria-de-vigo_324_4.jpg","menu_order":"0","post_type":"attachment","post_mime_type":"image\/jpeg","comment_count":"0","pod_item_id":"31491"},{"ID":"31493","post_author":"2","post_date":"2025-03-08 13:56:35","post_date_gmt":"2025-03-08 12:56:35","post_content":"","post_title":"r\u00eda-de-vigo_324_5","post_excerpt":"","post_status":"inherit","comment_status":"closed","ping_status":"closed","post_password":"","post_name":"ria-de-vigo_324_5","to_ping":"","pinged":"","post_modified":"2025-04-21 12:25:11","post_modified_gmt":"2025-04-21 10:25:11","post_content_filtered":"","post_parent":"11374","guid":"https:\/\/spainfilmcommission.com\/wp-content\/uploads\/2025\/03\/ria-de-vigo_324_5.jpg","menu_order":"0","post_type":"attachment","post_mime_type":"image\/jpeg","comment_count":"0","pod_item_id":"31493"},{"ID":"31495","post_author":"2","post_date":"2025-03-08 13:56:37","post_date_gmt":"2025-03-08 12:56:37","post_content":"","post_title":"r\u00eda-de-vigo_324_6","post_excerpt":"","post_status":"inherit","comment_status":"closed","ping_status":"closed","post_password":"","post_name":"ria-de-vigo_324_6","to_ping":"","pinged":"","post_modified":"2025-04-21 12:25:11","post_modified_gmt":"2025-04-21 10:25:11","post_content_filtered":"","post_parent":"11374","guid":"https:\/\/spainfilmcommission.com\/wp-content\/uploads\/2025\/03\/ria-de-vigo_324_6.jpg","menu_order":"0","post_type":"attachment","post_mime_type":"image\/jpeg","comment_count":"0","pod_item_id":"31495"},{"ID":"31497","post_author":"2","post_date":"2025-03-08 13:56:40","post_date_gmt":"2025-03-08 12:56:40","post_content":"","post_title":"r\u00eda-de-vigo_324_7","post_excerpt":"","post_status":"inherit","comment_status":"closed","ping_status":"closed","post_password":"","post_name":"ria-de-vigo_324_7","to_ping":"","pinged":"","post_modified":"2025-04-21 12:25:11","post_modified_gmt":"2025-04-21 10:25:11","post_content_filtered":"","post_parent":"11374","guid":"https:\/\/spainfilmcommission.com\/wp-content\/uploads\/2025\/03\/ria-de-vigo_324_7.jpg","menu_order":"0","post_type":"attachment","post_mime_type":"image\/jpeg","comment_count":"0","pod_item_id":"31497"},{"ID":"31499","post_author":"2","post_date":"2025-03-08 13:56:45","post_date_gmt":"2025-03-08 12:56:45","post_content":"","post_title":"r\u00eda-de-vigo_324_8","post_excerpt":"","post_status":"inherit","comment_status":"closed","ping_status":"closed","post_password":"","post_name":"ria-de-vigo_324_8","to_ping":"","pinged":"","post_modified":"2025-04-21 12:25:11","post_modified_gmt":"2025-04-21 10:25:11","post_content_filtered":"","post_parent":"11374","guid":"https:\/\/spainfilmcommission.com\/wp-content\/uploads\/2025\/03\/ria-de-vigo_324_8.jpg","menu_order":"0","post_type":"attachment","post_mime_type":"image\/jpeg","comment_count":"0","pod_item_id":"31499"},{"ID":"31501","post_author":"2","post_date":"2025-03-08 13:56:51","post_date_gmt":"2025-03-08 12:56:51","post_content":"","post_title":"r\u00eda-de-vigo_324_10","post_excerpt":"","post_status":"inherit","comment_status":"closed","ping_status":"closed","post_password":"","post_name":"ria-de-vigo_324_10","to_ping":"","pinged":"","post_modified":"2025-04-21 12:25:11","post_modified_gmt":"2025-04-21 10:25:11","post_content_filtered":"","post_parent":"11374","guid":"https:\/\/spainfilmcommission.com\/wp-content\/uploads\/2025\/03\/ria-de-vigo_324_10.jpg","menu_order":"0","post_type":"attachment","post_mime_type":"image\/jpeg","comment_count":"0","pod_item_id":"31501"},{"ID":"31503","post_author":"2","post_date":"2025-03-08 13:56:54","post_date_gmt":"2025-03-08 12:56:54","post_content":"","post_title":"r\u00eda-de-vigo_324_11","post_excerpt":"","post_status":"inherit","comment_status":"closed","ping_status":"closed","post_password":"","post_name":"ria-de-vigo_324_11","to_ping":"","pinged":"","post_modified":"2025-04-21 12:25:11","post_modified_gmt":"2025-04-21 10:25:11","post_content_filtered":"","post_parent":"11374","guid":"https:\/\/spainfilmcommission.com\/wp-content\/uploads\/2025\/03\/ria-de-vigo_324_11.jpg","menu_order":"0","post_type":"attachment","post_mime_type":"image\/jpeg","comment_count":"0","pod_item_id":"31503"},{"ID":"31505","post_author":"2","post_date":"2025-03-08 13:56:57","post_date_gmt":"2025-03-08 12:56:57","post_content":"","post_title":"r\u00eda-de-vigo_324_13","post_excerpt":"","post_status":"inherit","comment_status":"closed","ping_status":"closed","post_password":"","post_name":"ria-de-vigo_324_13","to_ping":"","pinged":"","post_modified":"2025-04-21 12:25:11","post_modified_gmt":"2025-04-21 10:25:11","post_content_filtered":"","post_parent":"11374","guid":"https:\/\/spainfilmcommission.com\/wp-content\/uploads\/2025\/03\/ria-de-vigo_324_13.jpg","menu_order":"0","post_type":"attachment","post_mime_type":"image\/jpeg","comment_count":"0","pod_item_id":"31505"},{"ID":"31507","post_author":"2","post_date":"2025-03-08 13:57:03","post_date_gmt":"2025-03-08 12:57:03","post_content":"","post_title":"r\u00eda-de-vigo_324_14","post_excerpt":"","post_status":"inherit","comment_status":"closed","ping_status":"closed","post_password":"","post_name":"ria-de-vigo_324_14","to_ping":"","pinged":"","post_modified":"2025-04-21 12:25:11","post_modified_gmt":"2025-04-21 10:25:11","post_content_filtered":"","post_parent":"11374","guid":"https:\/\/spainfilmcommission.com\/wp-content\/uploads\/2025\/03\/ria-de-vigo_324_14.jpg","menu_order":"0","post_type":"attachment","post_mime_type":"image\/jpeg","comment_count":"0","pod_item_id":"31507"},{"ID":"31509","post_author":"2","post_date":"2025-03-08 13:57:09","post_date_gmt":"2025-03-08 12:57:09","post_content":"","post_title":"r\u00eda-de-vigo_324_15","post_excerpt":"","post_status":"inherit","comment_status":"closed","ping_status":"closed","post_password":"","post_name":"ria-de-vigo_324_15","to_ping":"","pinged":"","post_modified":"2025-04-21 12:25:11","post_modified_gmt":"2025-04-21 10:25:11","post_content_filtered":"","post_parent":"11374","guid":"https:\/\/spainfilmcommission.com\/wp-content\/uploads\/2025\/03\/ria-de-vigo_324_15.jpg","menu_order":"0","post_type":"attachment","post_mime_type":"image\/jpeg","comment_count":"0","pod_item_id":"31509"},{"ID":"31511","post_author":"2","post_date":"2025-03-08 13:57:12","post_date_gmt":"2025-03-08 12:57:12","post_content":"","post_title":"r\u00eda-de-vigo_324_16","post_excerpt":"","post_status":"inherit","comment_status":"closed","ping_status":"closed","post_password":"","post_name":"ria-de-vigo_324_16","to_ping":"","pinged":"","post_modified":"2025-04-21 12:25:11","post_modified_gmt":"2025-04-21 10:25:11","post_content_filtered":"","post_parent":"11374","guid":"https:\/\/spainfilmcommission.com\/wp-content\/uploads\/2025\/03\/ria-de-vigo_324_16.jpg","menu_order":"0","post_type":"attachment","post_mime_type":"image\/jpeg","comment_count":"0","pod_item_id":"31511"},{"ID":"31513","post_author":"2","post_date":"2025-03-08 13:57:16","post_date_gmt":"2025-03-08 12:57:16","post_content":"","post_title":"r\u00eda-de-vigo_324_17","post_excerpt":"","post_status":"inherit","comment_status":"closed","ping_status":"closed","post_password":"","post_name":"ria-de-vigo_324_17","to_ping":"","pinged":"","post_modified":"2025-04-21 12:25:11","post_modified_gmt":"2025-04-21 10:25:11","post_content_filtered":"","post_parent":"11374","guid":"https:\/\/spainfilmcommission.com\/wp-content\/uploads\/2025\/03\/ria-de-vigo_324_17.jpg","menu_order":"0","post_type":"attachment","post_mime_type":"image\/jpeg","comment_count":"0","pod_item_id":"31513"},{"ID":"31515","post_author":"2","post_date":"2025-03-08 13:57:22","post_date_gmt":"2025-03-08 12:57:22","post_content":"","post_title":"r\u00eda-de-vigo_324_18","post_excerpt":"","post_status":"inherit","comment_status":"closed","ping_status":"closed","post_password":"","post_name":"ria-de-vigo_324_18","to_ping":"","pinged":"","post_modified":"2025-04-21 12:25:11","post_modified_gmt":"2025-04-21 10:25:11","post_content_filtered":"","post_parent":"11374","guid":"https:\/\/spainfilmcommission.com\/wp-content\/uploads\/2025\/03\/ria-de-vigo_324_18.jpg","menu_order":"0","post_type":"attachment","post_mime_type":"image\/jpeg","comment_count":"0","pod_item_id":"31515"},{"ID":"31517","post_author":"2","post_date":"2025-03-08 13:57:25","post_date_gmt":"2025-03-08 12:57:25","post_content":"","post_title":"r\u00eda-de-vigo_324_19","post_excerpt":"","post_status":"inherit","comment_status":"closed","ping_status":"closed","post_password":"","post_name":"ria-de-vigo_324_19","to_ping":"","pinged":"","post_modified":"2025-04-21 12:25:11","post_modified_gmt":"2025-04-21 10:25:11","post_content_filtered":"","post_parent":"11374","guid":"https:\/\/spainfilmcommission.com\/wp-content\/uploads\/2025\/03\/ria-de-vigo_324_19.jpg","menu_order":"0","post_type":"attachment","post_mime_type":"image\/jpeg","comment_count":"0","pod_item_id":"31517"},{"ID":"31519","post_author":"2","post_date":"2025-03-08 13:57:28","post_date_gmt":"2025-03-08 12:57:28","post_content":"","post_title":"r\u00eda-de-vigo_324_20","post_excerpt":"","post_status":"inherit","comment_status":"closed","ping_status":"closed","post_password":"","post_name":"ria-de-vigo_324_20","to_ping":"","pinged":"","post_modified":"2025-04-21 12:25:11","post_modified_gmt":"2025-04-21 10:25:11","post_content_filtered":"","post_parent":"11374","guid":"https:\/\/spainfilmcommission.com\/wp-content\/uploads\/2025\/03\/ria-de-vigo_324_20.jpg","menu_order":"0","post_type":"attachment","post_mime_type":"image\/jpeg","comment_count":"0","pod_item_id":"31519"}],"nombrepaginaes":"ria-de-vigo","nombrepaginaen":"ria-de-vigo","latitud_gps":"+42\u00b0 14' 8.3034","longitud_gps":"-8\u00b0 47' 8.8398","adicionaleses":"","adicionalesen":"","videoes":"","videoen":"","video2es":"","video2en":"","_links":{"self":[{"href":"https:\/\/spainfilmcommission.com\/en\/wp-json\/wp\/v2\/localizaciones\/localizacion\/11374","targetHints":{"allow":["GET"]}}],"collection":[{"href":"https:\/\/spainfilmcommission.com\/en\/wp-json\/wp\/v2\/localizaciones\/localizacion"}],"about":[{"href":"https:\/\/spainfilmcommission.com\/en\/wp-json\/wp\/v2\/types\/localizacion"}],"author":[{"embeddable":true,"href":"https:\/\/spainfilmcommission.com\/en\/wp-json\/wp\/v2\/users\/2"}],"wp:attachment":[{"href":"https:\/\/spainfilmcommission.com\/en\/wp-json\/wp\/v2\/media?parent=11374"}],"curies":[{"name":"wp","href":"https:\/\/api.w.org\/{rel}","templated":true}]}}