{"id":11368,"date":"2025-02-27T18:25:44","date_gmt":"2025-02-27T17:25:44","guid":{"rendered":"https:\/\/spainfilmcommission.com\/?post_type=localizacion&#038;p=11368"},"modified":"2025-04-22T09:33:14","modified_gmt":"2025-04-22T07:33:14","slug":"estacion-de-valencia-nord","status":"publish","type":"localizacion","link":"https:\/\/spainfilmcommission.com\/en\/ai-locations\/estacion-de-valencia-nord\/","title":{"rendered":"Estaci\u00f3n de Valencia Nord"},"content":{"rendered":"","protected":false},"author":2,"template":"","meta":[],"class_list":["post-11368","localizacion","type-localizacion","status-publish","hentry"],"yoast_head":"<!-- This site is optimized with the Yoast SEO plugin v28.3 - https:\/\/yoast.com\/product\/yoast-seo-wordpress\/ -->\n<title>Rodar en Estaci\u00f3n de Valencia Nord - Spain Film Commission<\/title>\n<meta name=\"description\" content=\"En esta p\u00e1gina encontrar\u00e1s una peque\u00f1a descripci\u00f3n, m\u00e1genes e informaci\u00f3n relevante para que te hagas una idea de c\u00f3mo es rodar en Estaci\u00f3n de Valencia Nord\" \/>\n<meta name=\"robots\" content=\"index, follow, max-snippet:-1, max-image-preview:large, max-video-preview:-1\" \/>\n<link rel=\"canonical\" href=\"https:\/\/spainfilmcommission.com\/en\/ai-locations\/estacion-de-valencia-nord\/\" \/>\n<meta property=\"og:locale\" content=\"en_US\" \/>\n<meta property=\"og:type\" content=\"article\" \/>\n<meta property=\"og:title\" content=\"Rodar en Estaci\u00f3n de Valencia Nord - Spain Film Commission\" \/>\n<meta property=\"og:description\" content=\"En esta p\u00e1gina encontrar\u00e1s una peque\u00f1a descripci\u00f3n, m\u00e1genes e informaci\u00f3n relevante para que te hagas una idea de c\u00f3mo es rodar en Estaci\u00f3n de Valencia Nord\" \/>\n<meta property=\"og:url\" content=\"https:\/\/spainfilmcommission.com\/en\/ai-locations\/estacion-de-valencia-nord\/\" \/>\n<meta property=\"og:site_name\" content=\"Spain Film Commission\" \/>\n<meta property=\"article:modified_time\" content=\"2025-04-22T07:33:14+00:00\" \/>\n<meta name=\"twitter:card\" content=\"summary_large_image\" \/>\n<script type=\"application\/ld+json\" class=\"yoast-schema-graph\">{\"@context\":\"https:\\\/\\\/schema.org\",\"@graph\":[{\"@type\":\"WebPage\",\"@id\":\"https:\\\/\\\/spainfilmcommission.com\\\/en\\\/ai-locations\\\/estacion-de-valencia-nord\\\/\",\"url\":\"https:\\\/\\\/spainfilmcommission.com\\\/en\\\/ai-locations\\\/estacion-de-valencia-nord\\\/\",\"name\":\"Rodar en Estaci\u00f3n de Valencia Nord - Spain Film Commission\",\"isPartOf\":{\"@id\":\"https:\\\/\\\/spainfilmcommission.com\\\/en\\\/#website\"},\"datePublished\":\"2025-02-27T17:25:44+00:00\",\"dateModified\":\"2025-04-22T07:33:14+00:00\",\"description\":\"En esta p\u00e1gina encontrar\u00e1s una peque\u00f1a descripci\u00f3n, m\u00e1genes e informaci\u00f3n relevante para que te hagas una idea de c\u00f3mo es rodar en Estaci\u00f3n de Valencia Nord\",\"breadcrumb\":{\"@id\":\"https:\\\/\\\/spainfilmcommission.com\\\/en\\\/ai-locations\\\/estacion-de-valencia-nord\\\/#breadcrumb\"},\"inLanguage\":\"en-US\",\"potentialAction\":[{\"@type\":\"ReadAction\",\"target\":[\"https:\\\/\\\/spainfilmcommission.com\\\/en\\\/ai-locations\\\/estacion-de-valencia-nord\\\/\"]}]},{\"@type\":\"BreadcrumbList\",\"@id\":\"https:\\\/\\\/spainfilmcommission.com\\\/en\\\/ai-locations\\\/estacion-de-valencia-nord\\\/#breadcrumb\",\"itemListElement\":[{\"@type\":\"ListItem\",\"position\":1,\"name\":\"Portada\",\"item\":\"https:\\\/\\\/spainfilmcommission.com\\\/en\\\/\"},{\"@type\":\"ListItem\",\"position\":2,\"name\":\"Estaci\u00f3n de Valencia Nord\"}]},{\"@type\":\"WebSite\",\"@id\":\"https:\\\/\\\/spainfilmcommission.com\\\/en\\\/#website\",\"url\":\"https:\\\/\\\/spainfilmcommission.com\\\/en\\\/\",\"name\":\"Spain Film Commission\",\"description\":\"\",\"publisher\":{\"@id\":\"https:\\\/\\\/spainfilmcommission.com\\\/en\\\/#organization\"},\"potentialAction\":[{\"@type\":\"SearchAction\",\"target\":{\"@type\":\"EntryPoint\",\"urlTemplate\":\"https:\\\/\\\/spainfilmcommission.com\\\/en\\\/?s={search_term_string}\"},\"query-input\":{\"@type\":\"PropertyValueSpecification\",\"valueRequired\":true,\"valueName\":\"search_term_string\"}}],\"inLanguage\":\"en-US\"},{\"@type\":\"Organization\",\"@id\":\"https:\\\/\\\/spainfilmcommission.com\\\/en\\\/#organization\",\"name\":\"Spain Film Commission\",\"url\":\"https:\\\/\\\/spainfilmcommission.com\\\/en\\\/\",\"logo\":{\"@type\":\"ImageObject\",\"inLanguage\":\"en-US\",\"@id\":\"https:\\\/\\\/spainfilmcommission.com\\\/en\\\/#\\\/schema\\\/logo\\\/image\\\/\",\"url\":\"https:\\\/\\\/spainfilmcommission.com\\\/wp-content\\\/uploads\\\/2024\\\/07\\\/SPC_COLOR.png\",\"contentUrl\":\"https:\\\/\\\/spainfilmcommission.com\\\/wp-content\\\/uploads\\\/2024\\\/07\\\/SPC_COLOR.png\",\"width\":1665,\"height\":1665,\"caption\":\"Spain Film Commission\"},\"image\":{\"@id\":\"https:\\\/\\\/spainfilmcommission.com\\\/en\\\/#\\\/schema\\\/logo\\\/image\\\/\"}}]}<\/script>\n<!-- \/ Yoast SEO plugin. -->","yoast_head_json":{"title":"Rodar en Estaci\u00f3n de Valencia Nord - Spain Film Commission","description":"En esta p\u00e1gina encontrar\u00e1s una peque\u00f1a descripci\u00f3n, m\u00e1genes e informaci\u00f3n relevante para que te hagas una idea de c\u00f3mo es rodar en Estaci\u00f3n de Valencia Nord","robots":{"index":"index","follow":"follow","max-snippet":"max-snippet:-1","max-image-preview":"max-image-preview:large","max-video-preview":"max-video-preview:-1"},"canonical":"https:\/\/spainfilmcommission.com\/en\/ai-locations\/estacion-de-valencia-nord\/","og_locale":"en_US","og_type":"article","og_title":"Rodar en Estaci\u00f3n de Valencia Nord - Spain Film Commission","og_description":"En esta p\u00e1gina encontrar\u00e1s una peque\u00f1a descripci\u00f3n, m\u00e1genes e informaci\u00f3n relevante para que te hagas una idea de c\u00f3mo es rodar en Estaci\u00f3n de Valencia Nord","og_url":"https:\/\/spainfilmcommission.com\/en\/ai-locations\/estacion-de-valencia-nord\/","og_site_name":"Spain Film Commission","article_modified_time":"2025-04-22T07:33:14+00:00","twitter_card":"summary_large_image","schema":{"@context":"https:\/\/schema.org","@graph":[{"@type":"WebPage","@id":"https:\/\/spainfilmcommission.com\/en\/ai-locations\/estacion-de-valencia-nord\/","url":"https:\/\/spainfilmcommission.com\/en\/ai-locations\/estacion-de-valencia-nord\/","name":"Rodar en Estaci\u00f3n de Valencia Nord - Spain Film Commission","isPartOf":{"@id":"https:\/\/spainfilmcommission.com\/en\/#website"},"datePublished":"2025-02-27T17:25:44+00:00","dateModified":"2025-04-22T07:33:14+00:00","description":"En esta p\u00e1gina encontrar\u00e1s una peque\u00f1a descripci\u00f3n, m\u00e1genes e informaci\u00f3n relevante para que te hagas una idea de c\u00f3mo es rodar en Estaci\u00f3n de Valencia Nord","breadcrumb":{"@id":"https:\/\/spainfilmcommission.com\/en\/ai-locations\/estacion-de-valencia-nord\/#breadcrumb"},"inLanguage":"en-US","potentialAction":[{"@type":"ReadAction","target":["https:\/\/spainfilmcommission.com\/en\/ai-locations\/estacion-de-valencia-nord\/"]}]},{"@type":"BreadcrumbList","@id":"https:\/\/spainfilmcommission.com\/en\/ai-locations\/estacion-de-valencia-nord\/#breadcrumb","itemListElement":[{"@type":"ListItem","position":1,"name":"Portada","item":"https:\/\/spainfilmcommission.com\/en\/"},{"@type":"ListItem","position":2,"name":"Estaci\u00f3n de Valencia Nord"}]},{"@type":"WebSite","@id":"https:\/\/spainfilmcommission.com\/en\/#website","url":"https:\/\/spainfilmcommission.com\/en\/","name":"Spain Film Commission","description":"","publisher":{"@id":"https:\/\/spainfilmcommission.com\/en\/#organization"},"potentialAction":[{"@type":"SearchAction","target":{"@type":"EntryPoint","urlTemplate":"https:\/\/spainfilmcommission.com\/en\/?s={search_term_string}"},"query-input":{"@type":"PropertyValueSpecification","valueRequired":true,"valueName":"search_term_string"}}],"inLanguage":"en-US"},{"@type":"Organization","@id":"https:\/\/spainfilmcommission.com\/en\/#organization","name":"Spain Film Commission","url":"https:\/\/spainfilmcommission.com\/en\/","logo":{"@type":"ImageObject","inLanguage":"en-US","@id":"https:\/\/spainfilmcommission.com\/en\/#\/schema\/logo\/image\/","url":"https:\/\/spainfilmcommission.com\/wp-content\/uploads\/2024\/07\/SPC_COLOR.png","contentUrl":"https:\/\/spainfilmcommission.com\/wp-content\/uploads\/2024\/07\/SPC_COLOR.png","width":1665,"height":1665,"caption":"Spain Film Commission"},"image":{"@id":"https:\/\/spainfilmcommission.com\/en\/#\/schema\/logo\/image\/"}}]}},"socio":[{"ID":"19","user_login":"valencia-film-office","user_nicename":"valencia-film-office","display_name":"valencia-film-office","user_pass":"****************","user_email":"valenciafilmoffice@visitvalencia.com","user_url":"","user_registered":"2024-12-19 13:52:04","id":19}],"nombrees":"Estaci\u00f3n de Valencia Nord","nombreen":"Estaci\u00f3n de Valencia Nord","localidad":"Valencia","provincia":"Valencia","coordenadas_maps":"39.4676, -0.377763","latitud":"39.467600000000","longitud":"-0.377763000000","direcciones":"","direccionen":"","cod_postal":[],"telefono":"","fax":"","mail":"","web":"http:\/\/www.adif.es\/es_ES\/infraestructuras\/estaciones\/65000\/informacion_000080.shtml","descripciones":"Es una estaci\u00f3n terminal de car\u00e1cter monumental y estilo modernista inaugurada en 1917. Destaca por su riqueza ornamental y sus grandes proporciones. El edificio es de planta rectangular con un gran hangar y un edificio de viajeros. Este edificio en Valencia (Comunidad Valenciana) posee influencias de la vertiente europea de la Sezession, sobre todo Otto Wagner, y reminiscencias del g\u00f3tico perpendicular ingl\u00e9s junto con lo que luego ser\u00eda el racionalismo. Su fachada, con motivos vegetales, naranjas y flores de azahar, se inspira en la agricultura valenciana. La ornamentaci\u00f3n del interior del edificio se realiz\u00f3, con cer\u00e1micas vidriadas, trencad\u00eds y un mosaico.","descripcionen":"It is a terminal station, monumental in size and modernist in style, it opened in 1917. It stands out for its ornamental richness and large size. The building is rectangular with a large hangar and passenger building. This building in Valencia (Valencian Community) has European Secession influences, in particular of Otto Wagner, and is reminiscent of English Perpendicular Gothic along with what would become Rationalism. Its facade, with plant motifs, such as oranges and orange blossoms, is inspired by the Valencian agriculture. The interior ornamentation was done in glazed ceramics, and a mosaic Trencad\u00eds.","galeria":[{"ID":"14577","post_author":"2","post_date":"2025-03-07 23:11:55","post_date_gmt":"2025-03-07 22:11:55","post_content":"","post_title":"estaci\u00f3n-de-valencia-nord_312_1","post_excerpt":"","post_status":"inherit","comment_status":"closed","ping_status":"closed","post_password":"","post_name":"estacion-de-valencia-nord_312_1","to_ping":"","pinged":"","post_modified":"2025-04-22 09:33:14","post_modified_gmt":"2025-04-22 07:33:14","post_content_filtered":"","post_parent":"11368","guid":"https:\/\/spainfilmcommission.com\/wp-content\/uploads\/2025\/03\/estacion-de-valencia-nord_312_1.png","menu_order":"0","post_type":"attachment","post_mime_type":"image\/png","comment_count":"0","pod_item_id":"14577"},{"ID":"14579","post_author":"2","post_date":"2025-03-07 23:12:01","post_date_gmt":"2025-03-07 22:12:01","post_content":"","post_title":"estaci\u00f3n-de-valencia-nord_312_2","post_excerpt":"","post_status":"inherit","comment_status":"closed","ping_status":"closed","post_password":"","post_name":"estacion-de-valencia-nord_312_2","to_ping":"","pinged":"","post_modified":"2025-04-22 09:33:14","post_modified_gmt":"2025-04-22 07:33:14","post_content_filtered":"","post_parent":"11368","guid":"https:\/\/spainfilmcommission.com\/wp-content\/uploads\/2025\/03\/estacion-de-valencia-nord_312_2.png","menu_order":"0","post_type":"attachment","post_mime_type":"image\/png","comment_count":"0","pod_item_id":"14579"},{"ID":"14581","post_author":"2","post_date":"2025-03-07 23:12:09","post_date_gmt":"2025-03-07 22:12:09","post_content":"","post_title":"estaci\u00f3n-de-valencia-nord_312_3","post_excerpt":"","post_status":"inherit","comment_status":"closed","ping_status":"closed","post_password":"","post_name":"estacion-de-valencia-nord_312_3","to_ping":"","pinged":"","post_modified":"2025-04-22 09:33:14","post_modified_gmt":"2025-04-22 07:33:14","post_content_filtered":"","post_parent":"11368","guid":"https:\/\/spainfilmcommission.com\/wp-content\/uploads\/2025\/03\/estacion-de-valencia-nord_312_3.png","menu_order":"0","post_type":"attachment","post_mime_type":"image\/png","comment_count":"0","pod_item_id":"14581"},{"ID":"14583","post_author":"2","post_date":"2025-03-07 23:12:15","post_date_gmt":"2025-03-07 22:12:15","post_content":"","post_title":"estaci\u00f3n-de-valencia-nord_312_4","post_excerpt":"","post_status":"inherit","comment_status":"closed","ping_status":"closed","post_password":"","post_name":"estacion-de-valencia-nord_312_4","to_ping":"","pinged":"","post_modified":"2025-04-22 09:33:14","post_modified_gmt":"2025-04-22 07:33:14","post_content_filtered":"","post_parent":"11368","guid":"https:\/\/spainfilmcommission.com\/wp-content\/uploads\/2025\/03\/estacion-de-valencia-nord_312_4.png","menu_order":"0","post_type":"attachment","post_mime_type":"image\/png","comment_count":"0","pod_item_id":"14583"},{"ID":"14585","post_author":"2","post_date":"2025-03-07 23:12:21","post_date_gmt":"2025-03-07 22:12:21","post_content":"","post_title":"estaci\u00f3n-de-valencia-nord_312_5","post_excerpt":"","post_status":"inherit","comment_status":"closed","ping_status":"closed","post_password":"","post_name":"estacion-de-valencia-nord_312_5","to_ping":"","pinged":"","post_modified":"2025-04-22 09:33:14","post_modified_gmt":"2025-04-22 07:33:14","post_content_filtered":"","post_parent":"11368","guid":"https:\/\/spainfilmcommission.com\/wp-content\/uploads\/2025\/03\/estacion-de-valencia-nord_312_5.png","menu_order":"0","post_type":"attachment","post_mime_type":"image\/png","comment_count":"0","pod_item_id":"14585"},{"ID":"14587","post_author":"2","post_date":"2025-03-07 23:12:26","post_date_gmt":"2025-03-07 22:12:26","post_content":"","post_title":"estaci\u00f3n-de-valencia-nord_312_6","post_excerpt":"","post_status":"inherit","comment_status":"closed","ping_status":"closed","post_password":"","post_name":"estacion-de-valencia-nord_312_6","to_ping":"","pinged":"","post_modified":"2025-04-22 09:33:14","post_modified_gmt":"2025-04-22 07:33:14","post_content_filtered":"","post_parent":"11368","guid":"https:\/\/spainfilmcommission.com\/wp-content\/uploads\/2025\/03\/estacion-de-valencia-nord_312_6.png","menu_order":"0","post_type":"attachment","post_mime_type":"image\/png","comment_count":"0","pod_item_id":"14587"},{"ID":"14589","post_author":"2","post_date":"2025-03-07 23:12:32","post_date_gmt":"2025-03-07 22:12:32","post_content":"","post_title":"estaci\u00f3n-de-valencia-nord_312_7","post_excerpt":"","post_status":"inherit","comment_status":"closed","ping_status":"closed","post_password":"","post_name":"estacion-de-valencia-nord_312_7","to_ping":"","pinged":"","post_modified":"2025-04-22 09:33:14","post_modified_gmt":"2025-04-22 07:33:14","post_content_filtered":"","post_parent":"11368","guid":"https:\/\/spainfilmcommission.com\/wp-content\/uploads\/2025\/03\/estacion-de-valencia-nord_312_7.png","menu_order":"0","post_type":"attachment","post_mime_type":"image\/png","comment_count":"0","pod_item_id":"14589"},{"ID":"14591","post_author":"2","post_date":"2025-03-07 23:12:39","post_date_gmt":"2025-03-07 22:12:39","post_content":"","post_title":"estaci\u00f3n-de-valencia-nord_312_8","post_excerpt":"","post_status":"inherit","comment_status":"closed","ping_status":"closed","post_password":"","post_name":"estacion-de-valencia-nord_312_8","to_ping":"","pinged":"","post_modified":"2025-04-22 09:33:14","post_modified_gmt":"2025-04-22 07:33:14","post_content_filtered":"","post_parent":"11368","guid":"https:\/\/spainfilmcommission.com\/wp-content\/uploads\/2025\/03\/estacion-de-valencia-nord_312_8.png","menu_order":"0","post_type":"attachment","post_mime_type":"image\/png","comment_count":"0","pod_item_id":"14591"},{"ID":"14593","post_author":"2","post_date":"2025-03-07 23:12:45","post_date_gmt":"2025-03-07 22:12:45","post_content":"","post_title":"estaci\u00f3n-de-valencia-nord_312_9","post_excerpt":"","post_status":"inherit","comment_status":"closed","ping_status":"closed","post_password":"","post_name":"estacion-de-valencia-nord_312_9","to_ping":"","pinged":"","post_modified":"2025-04-22 09:33:14","post_modified_gmt":"2025-04-22 07:33:14","post_content_filtered":"","post_parent":"11368","guid":"https:\/\/spainfilmcommission.com\/wp-content\/uploads\/2025\/03\/estacion-de-valencia-nord_312_9.png","menu_order":"0","post_type":"attachment","post_mime_type":"image\/png","comment_count":"0","pod_item_id":"14593"},{"ID":"14595","post_author":"2","post_date":"2025-03-07 23:12:51","post_date_gmt":"2025-03-07 22:12:51","post_content":"","post_title":"estaci\u00f3n-de-valencia-nord_312_10","post_excerpt":"","post_status":"inherit","comment_status":"closed","ping_status":"closed","post_password":"","post_name":"estacion-de-valencia-nord_312_10","to_ping":"","pinged":"","post_modified":"2025-04-22 09:33:14","post_modified_gmt":"2025-04-22 07:33:14","post_content_filtered":"","post_parent":"11368","guid":"https:\/\/spainfilmcommission.com\/wp-content\/uploads\/2025\/03\/estacion-de-valencia-nord_312_10.png","menu_order":"0","post_type":"attachment","post_mime_type":"image\/png","comment_count":"0","pod_item_id":"14595"},{"ID":"14597","post_author":"2","post_date":"2025-03-07 23:12:59","post_date_gmt":"2025-03-07 22:12:59","post_content":"","post_title":"estaci\u00f3n-de-valencia-nord_312_11","post_excerpt":"","post_status":"inherit","comment_status":"closed","ping_status":"closed","post_password":"","post_name":"estacion-de-valencia-nord_312_11","to_ping":"","pinged":"","post_modified":"2025-04-22 09:33:14","post_modified_gmt":"2025-04-22 07:33:14","post_content_filtered":"","post_parent":"11368","guid":"https:\/\/spainfilmcommission.com\/wp-content\/uploads\/2025\/03\/estacion-de-valencia-nord_312_11.png","menu_order":"0","post_type":"attachment","post_mime_type":"image\/png","comment_count":"0","pod_item_id":"14597"},{"ID":"14599","post_author":"2","post_date":"2025-03-07 23:13:05","post_date_gmt":"2025-03-07 22:13:05","post_content":"","post_title":"estaci\u00f3n-de-valencia-nord_312_12","post_excerpt":"","post_status":"inherit","comment_status":"closed","ping_status":"closed","post_password":"","post_name":"estacion-de-valencia-nord_312_12","to_ping":"","pinged":"","post_modified":"2025-04-22 09:33:14","post_modified_gmt":"2025-04-22 07:33:14","post_content_filtered":"","post_parent":"11368","guid":"https:\/\/spainfilmcommission.com\/wp-content\/uploads\/2025\/03\/estacion-de-valencia-nord_312_12.png","menu_order":"0","post_type":"attachment","post_mime_type":"image\/png","comment_count":"0","pod_item_id":"14599"},{"ID":"14601","post_author":"2","post_date":"2025-03-07 23:13:12","post_date_gmt":"2025-03-07 22:13:12","post_content":"","post_title":"estaci\u00f3n-de-valencia-nord_312_13","post_excerpt":"","post_status":"inherit","comment_status":"closed","ping_status":"closed","post_password":"","post_name":"estacion-de-valencia-nord_312_13","to_ping":"","pinged":"","post_modified":"2025-04-22 09:33:14","post_modified_gmt":"2025-04-22 07:33:14","post_content_filtered":"","post_parent":"11368","guid":"https:\/\/spainfilmcommission.com\/wp-content\/uploads\/2025\/03\/estacion-de-valencia-nord_312_13.png","menu_order":"0","post_type":"attachment","post_mime_type":"image\/png","comment_count":"0","pod_item_id":"14601"},{"ID":"14603","post_author":"2","post_date":"2025-03-07 23:13:18","post_date_gmt":"2025-03-07 22:13:18","post_content":"","post_title":"estaci\u00f3n-de-valencia-nord_312_14","post_excerpt":"","post_status":"inherit","comment_status":"closed","ping_status":"closed","post_password":"","post_name":"estacion-de-valencia-nord_312_14","to_ping":"","pinged":"","post_modified":"2025-04-22 09:33:15","post_modified_gmt":"2025-04-22 07:33:15","post_content_filtered":"","post_parent":"11368","guid":"https:\/\/spainfilmcommission.com\/wp-content\/uploads\/2025\/03\/estacion-de-valencia-nord_312_14.png","menu_order":"0","post_type":"attachment","post_mime_type":"image\/png","comment_count":"0","pod_item_id":"14603"},{"ID":"14605","post_author":"2","post_date":"2025-03-07 23:13:23","post_date_gmt":"2025-03-07 22:13:23","post_content":"","post_title":"estaci\u00f3n-de-valencia-nord_312_15","post_excerpt":"","post_status":"inherit","comment_status":"closed","ping_status":"closed","post_password":"","post_name":"estacion-de-valencia-nord_312_15","to_ping":"","pinged":"","post_modified":"2025-04-22 09:33:15","post_modified_gmt":"2025-04-22 07:33:15","post_content_filtered":"","post_parent":"11368","guid":"https:\/\/spainfilmcommission.com\/wp-content\/uploads\/2025\/03\/estacion-de-valencia-nord_312_15.png","menu_order":"0","post_type":"attachment","post_mime_type":"image\/png","comment_count":"0","pod_item_id":"14605"},{"ID":"14607","post_author":"2","post_date":"2025-03-07 23:13:28","post_date_gmt":"2025-03-07 22:13:28","post_content":"","post_title":"estaci\u00f3n-de-valencia-nord_312_16","post_excerpt":"","post_status":"inherit","comment_status":"closed","ping_status":"closed","post_password":"","post_name":"estacion-de-valencia-nord_312_16","to_ping":"","pinged":"","post_modified":"2025-04-22 09:33:15","post_modified_gmt":"2025-04-22 07:33:15","post_content_filtered":"","post_parent":"11368","guid":"https:\/\/spainfilmcommission.com\/wp-content\/uploads\/2025\/03\/estacion-de-valencia-nord_312_16.png","menu_order":"0","post_type":"attachment","post_mime_type":"image\/png","comment_count":"0","pod_item_id":"14607"},{"ID":"14609","post_author":"2","post_date":"2025-03-07 23:13:32","post_date_gmt":"2025-03-07 22:13:32","post_content":"","post_title":"estaci\u00f3n-de-valencia-nord_312_17","post_excerpt":"","post_status":"inherit","comment_status":"closed","ping_status":"closed","post_password":"","post_name":"estacion-de-valencia-nord_312_17","to_ping":"","pinged":"","post_modified":"2025-04-22 09:33:15","post_modified_gmt":"2025-04-22 07:33:15","post_content_filtered":"","post_parent":"11368","guid":"https:\/\/spainfilmcommission.com\/wp-content\/uploads\/2025\/03\/estacion-de-valencia-nord_312_17.png","menu_order":"0","post_type":"attachment","post_mime_type":"image\/png","comment_count":"0","pod_item_id":"14609"}],"nombrepaginaes":"estacion-de-valencia-nord","nombrepaginaen":"estacion-de-valencia-nord","latitud_gps":"39\u00b028'02.3","longitud_gps":"0\u00b022'37.5","adicionaleses":"","adicionalesen":"","videoes":"","videoen":"","video2es":"","video2en":"","_links":{"self":[{"href":"https:\/\/spainfilmcommission.com\/en\/wp-json\/wp\/v2\/localizaciones\/localizacion\/11368","targetHints":{"allow":["GET"]}}],"collection":[{"href":"https:\/\/spainfilmcommission.com\/en\/wp-json\/wp\/v2\/localizaciones\/localizacion"}],"about":[{"href":"https:\/\/spainfilmcommission.com\/en\/wp-json\/wp\/v2\/types\/localizacion"}],"author":[{"embeddable":true,"href":"https:\/\/spainfilmcommission.com\/en\/wp-json\/wp\/v2\/users\/2"}],"wp:attachment":[{"href":"https:\/\/spainfilmcommission.com\/en\/wp-json\/wp\/v2\/media?parent=11368"}],"curies":[{"name":"wp","href":"https:\/\/api.w.org\/{rel}","templated":true}]}}