{"id":11365,"date":"2025-02-27T18:25:44","date_gmt":"2025-02-27T17:25:44","guid":{"rendered":"https:\/\/spainfilmcommission.com\/?post_type=localizacion&#038;p=11365"},"modified":"2025-04-21T14:02:25","modified_gmt":"2025-04-21T12:02:25","slug":"plaza-de-espana-sevilla","status":"publish","type":"localizacion","link":"https:\/\/spainfilmcommission.com\/en\/ai-locations\/plaza-de-espana-sevilla\/","title":{"rendered":"Plaza de Espa\u00f1a (Sevilla)"},"content":{"rendered":"","protected":false},"author":2,"template":"","meta":[],"class_list":["post-11365","localizacion","type-localizacion","status-publish","hentry"],"yoast_head":"<!-- This site is optimized with the Yoast SEO plugin v28.3 - https:\/\/yoast.com\/product\/yoast-seo-wordpress\/ -->\n<title>Rodar en Plaza de Espa\u00f1a (Sevilla) - Spain Film Commission<\/title>\n<meta name=\"description\" content=\"En esta p\u00e1gina encontrar\u00e1s una peque\u00f1a descripci\u00f3n, m\u00e1genes e informaci\u00f3n relevante para que te hagas una idea de c\u00f3mo es rodar en Plaza de Espa\u00f1a (Sevilla)\" \/>\n<meta name=\"robots\" content=\"index, follow, max-snippet:-1, max-image-preview:large, max-video-preview:-1\" \/>\n<link rel=\"canonical\" href=\"https:\/\/spainfilmcommission.com\/en\/ai-locations\/plaza-de-espana-sevilla\/\" \/>\n<meta property=\"og:locale\" content=\"en_US\" \/>\n<meta property=\"og:type\" content=\"article\" \/>\n<meta property=\"og:title\" content=\"Rodar en Plaza de Espa\u00f1a (Sevilla) - Spain Film Commission\" \/>\n<meta property=\"og:description\" content=\"En esta p\u00e1gina encontrar\u00e1s una peque\u00f1a descripci\u00f3n, m\u00e1genes e informaci\u00f3n relevante para que te hagas una idea de c\u00f3mo es rodar en Plaza de Espa\u00f1a (Sevilla)\" \/>\n<meta property=\"og:url\" content=\"https:\/\/spainfilmcommission.com\/en\/ai-locations\/plaza-de-espana-sevilla\/\" \/>\n<meta property=\"og:site_name\" content=\"Spain Film Commission\" \/>\n<meta property=\"article:modified_time\" content=\"2025-04-21T12:02:25+00:00\" \/>\n<meta name=\"twitter:card\" content=\"summary_large_image\" \/>\n<script type=\"application\/ld+json\" class=\"yoast-schema-graph\">{\"@context\":\"https:\\\/\\\/schema.org\",\"@graph\":[{\"@type\":\"WebPage\",\"@id\":\"https:\\\/\\\/spainfilmcommission.com\\\/en\\\/ai-locations\\\/plaza-de-espana-sevilla\\\/\",\"url\":\"https:\\\/\\\/spainfilmcommission.com\\\/en\\\/ai-locations\\\/plaza-de-espana-sevilla\\\/\",\"name\":\"Rodar en Plaza de Espa\u00f1a (Sevilla) - Spain Film Commission\",\"isPartOf\":{\"@id\":\"https:\\\/\\\/spainfilmcommission.com\\\/en\\\/#website\"},\"datePublished\":\"2025-02-27T17:25:44+00:00\",\"dateModified\":\"2025-04-21T12:02:25+00:00\",\"description\":\"En esta p\u00e1gina encontrar\u00e1s una peque\u00f1a descripci\u00f3n, m\u00e1genes e informaci\u00f3n relevante para que te hagas una idea de c\u00f3mo es rodar en Plaza de Espa\u00f1a (Sevilla)\",\"breadcrumb\":{\"@id\":\"https:\\\/\\\/spainfilmcommission.com\\\/en\\\/ai-locations\\\/plaza-de-espana-sevilla\\\/#breadcrumb\"},\"inLanguage\":\"en-US\",\"potentialAction\":[{\"@type\":\"ReadAction\",\"target\":[\"https:\\\/\\\/spainfilmcommission.com\\\/en\\\/ai-locations\\\/plaza-de-espana-sevilla\\\/\"]}]},{\"@type\":\"BreadcrumbList\",\"@id\":\"https:\\\/\\\/spainfilmcommission.com\\\/en\\\/ai-locations\\\/plaza-de-espana-sevilla\\\/#breadcrumb\",\"itemListElement\":[{\"@type\":\"ListItem\",\"position\":1,\"name\":\"Portada\",\"item\":\"https:\\\/\\\/spainfilmcommission.com\\\/en\\\/\"},{\"@type\":\"ListItem\",\"position\":2,\"name\":\"Plaza de Espa\u00f1a (Sevilla)\"}]},{\"@type\":\"WebSite\",\"@id\":\"https:\\\/\\\/spainfilmcommission.com\\\/en\\\/#website\",\"url\":\"https:\\\/\\\/spainfilmcommission.com\\\/en\\\/\",\"name\":\"Spain Film Commission\",\"description\":\"\",\"publisher\":{\"@id\":\"https:\\\/\\\/spainfilmcommission.com\\\/en\\\/#organization\"},\"potentialAction\":[{\"@type\":\"SearchAction\",\"target\":{\"@type\":\"EntryPoint\",\"urlTemplate\":\"https:\\\/\\\/spainfilmcommission.com\\\/en\\\/?s={search_term_string}\"},\"query-input\":{\"@type\":\"PropertyValueSpecification\",\"valueRequired\":true,\"valueName\":\"search_term_string\"}}],\"inLanguage\":\"en-US\"},{\"@type\":\"Organization\",\"@id\":\"https:\\\/\\\/spainfilmcommission.com\\\/en\\\/#organization\",\"name\":\"Spain Film Commission\",\"url\":\"https:\\\/\\\/spainfilmcommission.com\\\/en\\\/\",\"logo\":{\"@type\":\"ImageObject\",\"inLanguage\":\"en-US\",\"@id\":\"https:\\\/\\\/spainfilmcommission.com\\\/en\\\/#\\\/schema\\\/logo\\\/image\\\/\",\"url\":\"https:\\\/\\\/spainfilmcommission.com\\\/wp-content\\\/uploads\\\/2024\\\/07\\\/SPC_COLOR.png\",\"contentUrl\":\"https:\\\/\\\/spainfilmcommission.com\\\/wp-content\\\/uploads\\\/2024\\\/07\\\/SPC_COLOR.png\",\"width\":1665,\"height\":1665,\"caption\":\"Spain Film Commission\"},\"image\":{\"@id\":\"https:\\\/\\\/spainfilmcommission.com\\\/en\\\/#\\\/schema\\\/logo\\\/image\\\/\"}}]}<\/script>\n<!-- \/ Yoast SEO plugin. -->","yoast_head_json":{"title":"Rodar en Plaza de Espa\u00f1a (Sevilla) - Spain Film Commission","description":"En esta p\u00e1gina encontrar\u00e1s una peque\u00f1a descripci\u00f3n, m\u00e1genes e informaci\u00f3n relevante para que te hagas una idea de c\u00f3mo es rodar en Plaza de Espa\u00f1a (Sevilla)","robots":{"index":"index","follow":"follow","max-snippet":"max-snippet:-1","max-image-preview":"max-image-preview:large","max-video-preview":"max-video-preview:-1"},"canonical":"https:\/\/spainfilmcommission.com\/en\/ai-locations\/plaza-de-espana-sevilla\/","og_locale":"en_US","og_type":"article","og_title":"Rodar en Plaza de Espa\u00f1a (Sevilla) - Spain Film Commission","og_description":"En esta p\u00e1gina encontrar\u00e1s una peque\u00f1a descripci\u00f3n, m\u00e1genes e informaci\u00f3n relevante para que te hagas una idea de c\u00f3mo es rodar en Plaza de Espa\u00f1a (Sevilla)","og_url":"https:\/\/spainfilmcommission.com\/en\/ai-locations\/plaza-de-espana-sevilla\/","og_site_name":"Spain Film Commission","article_modified_time":"2025-04-21T12:02:25+00:00","twitter_card":"summary_large_image","schema":{"@context":"https:\/\/schema.org","@graph":[{"@type":"WebPage","@id":"https:\/\/spainfilmcommission.com\/en\/ai-locations\/plaza-de-espana-sevilla\/","url":"https:\/\/spainfilmcommission.com\/en\/ai-locations\/plaza-de-espana-sevilla\/","name":"Rodar en Plaza de Espa\u00f1a (Sevilla) - Spain Film Commission","isPartOf":{"@id":"https:\/\/spainfilmcommission.com\/en\/#website"},"datePublished":"2025-02-27T17:25:44+00:00","dateModified":"2025-04-21T12:02:25+00:00","description":"En esta p\u00e1gina encontrar\u00e1s una peque\u00f1a descripci\u00f3n, m\u00e1genes e informaci\u00f3n relevante para que te hagas una idea de c\u00f3mo es rodar en Plaza de Espa\u00f1a (Sevilla)","breadcrumb":{"@id":"https:\/\/spainfilmcommission.com\/en\/ai-locations\/plaza-de-espana-sevilla\/#breadcrumb"},"inLanguage":"en-US","potentialAction":[{"@type":"ReadAction","target":["https:\/\/spainfilmcommission.com\/en\/ai-locations\/plaza-de-espana-sevilla\/"]}]},{"@type":"BreadcrumbList","@id":"https:\/\/spainfilmcommission.com\/en\/ai-locations\/plaza-de-espana-sevilla\/#breadcrumb","itemListElement":[{"@type":"ListItem","position":1,"name":"Portada","item":"https:\/\/spainfilmcommission.com\/en\/"},{"@type":"ListItem","position":2,"name":"Plaza de Espa\u00f1a (Sevilla)"}]},{"@type":"WebSite","@id":"https:\/\/spainfilmcommission.com\/en\/#website","url":"https:\/\/spainfilmcommission.com\/en\/","name":"Spain Film Commission","description":"","publisher":{"@id":"https:\/\/spainfilmcommission.com\/en\/#organization"},"potentialAction":[{"@type":"SearchAction","target":{"@type":"EntryPoint","urlTemplate":"https:\/\/spainfilmcommission.com\/en\/?s={search_term_string}"},"query-input":{"@type":"PropertyValueSpecification","valueRequired":true,"valueName":"search_term_string"}}],"inLanguage":"en-US"},{"@type":"Organization","@id":"https:\/\/spainfilmcommission.com\/en\/#organization","name":"Spain Film Commission","url":"https:\/\/spainfilmcommission.com\/en\/","logo":{"@type":"ImageObject","inLanguage":"en-US","@id":"https:\/\/spainfilmcommission.com\/en\/#\/schema\/logo\/image\/","url":"https:\/\/spainfilmcommission.com\/wp-content\/uploads\/2024\/07\/SPC_COLOR.png","contentUrl":"https:\/\/spainfilmcommission.com\/wp-content\/uploads\/2024\/07\/SPC_COLOR.png","width":1665,"height":1665,"caption":"Spain Film Commission"},"image":{"@id":"https:\/\/spainfilmcommission.com\/en\/#\/schema\/logo\/image\/"}}]}},"socio":[{"ID":"10","user_login":"andalucia-film-commission","user_nicename":"andalucia-film-commission","display_name":"andalucia-film-commission","user_pass":"****************","user_email":"info@andaluciafilm.com","user_url":"","user_registered":"2024-12-19 07:26:16","id":10}],"nombrees":"Plaza de Espa\u00f1a (Sevilla)","nombreen":"Plaza de Espa\u00f1a (Sevilla)","localidad":"Sevilla","provincia":"Sevilla","coordenadas_maps":"37.3772, -5.98689","latitud":"37.377200000000","longitud":"-5.986890000000","direcciones":"Av de Isabel la Cat\u00f3lica","direccionen":"Av de Isabel la Cat\u00f3lica","cod_postal":"41013","telefono":"(+34) 955","fax":"","mail":"sevillafilmoffice@sevilla.org","web":"","descripciones":"La Plaza de Espa\u00f1a constituy\u00f3 el proyecto m\u00e1s emblem\u00e1tico de la Exposici\u00f3n Iberoamericana del a\u00f1o 1929. Fue proyectada por el arquitecto sevillano An\u00edbal Gonz\u00e1lez. La plaza, situada en Sevilla (Andaluc\u00eda), es de grandes dimensiones (200 metros de di\u00e1metro), tiene una forma semiel\u00edptica, que simboliza el abrazo de Espa\u00f1a y sus antiguas colonias y mira hacia el r\u00edo Guadalquivir como camino a seguir hacia Am\u00e9rica. Se encuentra bordeada por un canal cruzado por 4 puentes que representan los 4 antiguos reinos de Espa\u00f1a. Su superficie total es de 50 000 m\u00b2 cuadrados aproximadamente, de los que 19 000 est\u00e1n edificados.","descripcionen":"The Plaza de Espa\u00f1a was the flagship project of the Latin American Exhibition of 1929. It was designed by the architect An\u00edbal Gonz\u00e1lez Seville. The square, located in Seville (Andalusia), is large (200 m diameter) and has a semi-elliptical shape, symbolizing the embrace of Spain and its former colonies, and overlooks the Guadalquivir River as the way to America. It is bordered by a canal crossed by 4 bridges that represent the 4 ancient kingdoms of Spain. Its total area is 50 000 sq m approximately, of which 19 000 are built.","galeria":[{"ID":"30983","post_author":"2","post_date":"2025-03-08 13:40:53","post_date_gmt":"2025-03-08 12:40:53","post_content":"","post_title":"plaza-de-espa\u00f1a_309_1","post_excerpt":"","post_status":"inherit","comment_status":"closed","ping_status":"closed","post_password":"","post_name":"plaza-de-espana_309_1","to_ping":"","pinged":"","post_modified":"2025-04-21 14:02:25","post_modified_gmt":"2025-04-21 12:02:25","post_content_filtered":"","post_parent":"11365","guid":"https:\/\/spainfilmcommission.com\/wp-content\/uploads\/2025\/03\/plaza-de-espana_309_1.jpg","menu_order":"0","post_type":"attachment","post_mime_type":"image\/jpeg","comment_count":"0","pod_item_id":"30983"},{"ID":"30985","post_author":"2","post_date":"2025-03-08 13:40:56","post_date_gmt":"2025-03-08 12:40:56","post_content":"","post_title":"plaza-de-espa\u00f1a_309_2","post_excerpt":"","post_status":"inherit","comment_status":"closed","ping_status":"closed","post_password":"","post_name":"plaza-de-espana_309_2","to_ping":"","pinged":"","post_modified":"2025-04-21 14:02:25","post_modified_gmt":"2025-04-21 12:02:25","post_content_filtered":"","post_parent":"11365","guid":"https:\/\/spainfilmcommission.com\/wp-content\/uploads\/2025\/03\/plaza-de-espana_309_2.jpg","menu_order":"0","post_type":"attachment","post_mime_type":"image\/jpeg","comment_count":"0","pod_item_id":"30985"},{"ID":"30987","post_author":"2","post_date":"2025-03-08 13:40:58","post_date_gmt":"2025-03-08 12:40:58","post_content":"","post_title":"plaza-de-espa\u00f1a_309_3","post_excerpt":"","post_status":"inherit","comment_status":"closed","ping_status":"closed","post_password":"","post_name":"plaza-de-espana_309_3","to_ping":"","pinged":"","post_modified":"2025-04-21 14:02:25","post_modified_gmt":"2025-04-21 12:02:25","post_content_filtered":"","post_parent":"11365","guid":"https:\/\/spainfilmcommission.com\/wp-content\/uploads\/2025\/03\/plaza-de-espana_309_3.jpg","menu_order":"0","post_type":"attachment","post_mime_type":"image\/jpeg","comment_count":"0","pod_item_id":"30987"},{"ID":"30989","post_author":"2","post_date":"2025-03-08 13:41:00","post_date_gmt":"2025-03-08 12:41:00","post_content":"","post_title":"plaza-de-espa\u00f1a_309_4","post_excerpt":"","post_status":"inherit","comment_status":"closed","ping_status":"closed","post_password":"","post_name":"plaza-de-espana_309_4","to_ping":"","pinged":"","post_modified":"2025-04-21 14:02:25","post_modified_gmt":"2025-04-21 12:02:25","post_content_filtered":"","post_parent":"11365","guid":"https:\/\/spainfilmcommission.com\/wp-content\/uploads\/2025\/03\/plaza-de-espana_309_4.jpg","menu_order":"0","post_type":"attachment","post_mime_type":"image\/jpeg","comment_count":"0","pod_item_id":"30989"},{"ID":"30991","post_author":"2","post_date":"2025-03-08 13:41:02","post_date_gmt":"2025-03-08 12:41:02","post_content":"","post_title":"plaza-de-espa\u00f1a_309_5","post_excerpt":"","post_status":"inherit","comment_status":"closed","ping_status":"closed","post_password":"","post_name":"plaza-de-espana_309_5","to_ping":"","pinged":"","post_modified":"2025-04-21 14:02:25","post_modified_gmt":"2025-04-21 12:02:25","post_content_filtered":"","post_parent":"11365","guid":"https:\/\/spainfilmcommission.com\/wp-content\/uploads\/2025\/03\/plaza-de-espana_309_5.jpg","menu_order":"0","post_type":"attachment","post_mime_type":"image\/jpeg","comment_count":"0","pod_item_id":"30991"},{"ID":"30993","post_author":"2","post_date":"2025-03-08 13:41:04","post_date_gmt":"2025-03-08 12:41:04","post_content":"","post_title":"plaza-de-espa\u00f1a_309_6","post_excerpt":"","post_status":"inherit","comment_status":"closed","ping_status":"closed","post_password":"","post_name":"plaza-de-espana_309_6","to_ping":"","pinged":"","post_modified":"2025-04-21 14:02:25","post_modified_gmt":"2025-04-21 12:02:25","post_content_filtered":"","post_parent":"11365","guid":"https:\/\/spainfilmcommission.com\/wp-content\/uploads\/2025\/03\/plaza-de-espana_309_6.jpg","menu_order":"0","post_type":"attachment","post_mime_type":"image\/jpeg","comment_count":"0","pod_item_id":"30993"}],"nombrepaginaes":"plaza-de-espana-sevilla","nombrepaginaen":"plaza-de-espana-sevilla","latitud_gps":"37\u00b022'29'N","longitud_gps":"5\u00b059'32'O","adicionaleses":"","adicionalesen":"","videoes":"","videoen":"","video2es":"","video2en":"","_links":{"self":[{"href":"https:\/\/spainfilmcommission.com\/en\/wp-json\/wp\/v2\/localizaciones\/localizacion\/11365","targetHints":{"allow":["GET"]}}],"collection":[{"href":"https:\/\/spainfilmcommission.com\/en\/wp-json\/wp\/v2\/localizaciones\/localizacion"}],"about":[{"href":"https:\/\/spainfilmcommission.com\/en\/wp-json\/wp\/v2\/types\/localizacion"}],"author":[{"embeddable":true,"href":"https:\/\/spainfilmcommission.com\/en\/wp-json\/wp\/v2\/users\/2"}],"wp:attachment":[{"href":"https:\/\/spainfilmcommission.com\/en\/wp-json\/wp\/v2\/media?parent=11365"}],"curies":[{"name":"wp","href":"https:\/\/api.w.org\/{rel}","templated":true}]}}