{"id":11362,"date":"2025-02-27T18:25:44","date_gmt":"2025-02-27T17:25:44","guid":{"rendered":"https:\/\/spainfilmcommission.com\/?post_type=localizacion&#038;p=11362"},"modified":"2025-04-21T13:47:00","modified_gmt":"2025-04-21T11:47:00","slug":"plaza-mayor-de-madrid","status":"publish","type":"localizacion","link":"https:\/\/spainfilmcommission.com\/en\/ai-locations\/plaza-mayor-de-madrid\/","title":{"rendered":"Plaza Mayor de Madrid"},"content":{"rendered":"","protected":false},"author":2,"template":"","meta":[],"class_list":["post-11362","localizacion","type-localizacion","status-publish","hentry"],"yoast_head":"<!-- This site is optimized with the Yoast SEO plugin v28.3 - https:\/\/yoast.com\/product\/yoast-seo-wordpress\/ -->\n<title>Rodar en Plaza Mayor de Madrid - Spain Film Commission<\/title>\n<meta name=\"description\" content=\"En esta p\u00e1gina encontrar\u00e1s una peque\u00f1a descripci\u00f3n, m\u00e1genes e informaci\u00f3n relevante para que te hagas una idea de c\u00f3mo es rodar en Plaza Mayor de Madrid\" \/>\n<meta name=\"robots\" content=\"index, follow, max-snippet:-1, max-image-preview:large, max-video-preview:-1\" \/>\n<link rel=\"canonical\" href=\"https:\/\/spainfilmcommission.com\/en\/ai-locations\/plaza-mayor-de-madrid\/\" \/>\n<meta property=\"og:locale\" content=\"en_US\" \/>\n<meta property=\"og:type\" content=\"article\" \/>\n<meta property=\"og:title\" content=\"Rodar en Plaza Mayor de Madrid - Spain Film Commission\" \/>\n<meta property=\"og:description\" content=\"En esta p\u00e1gina encontrar\u00e1s una peque\u00f1a descripci\u00f3n, m\u00e1genes e informaci\u00f3n relevante para que te hagas una idea de c\u00f3mo es rodar en Plaza Mayor de Madrid\" \/>\n<meta property=\"og:url\" content=\"https:\/\/spainfilmcommission.com\/en\/ai-locations\/plaza-mayor-de-madrid\/\" \/>\n<meta property=\"og:site_name\" content=\"Spain Film Commission\" \/>\n<meta property=\"article:modified_time\" content=\"2025-04-21T11:47:00+00:00\" \/>\n<meta name=\"twitter:card\" content=\"summary_large_image\" \/>\n<script type=\"application\/ld+json\" class=\"yoast-schema-graph\">{\"@context\":\"https:\\\/\\\/schema.org\",\"@graph\":[{\"@type\":\"WebPage\",\"@id\":\"https:\\\/\\\/spainfilmcommission.com\\\/en\\\/ai-locations\\\/plaza-mayor-de-madrid\\\/\",\"url\":\"https:\\\/\\\/spainfilmcommission.com\\\/en\\\/ai-locations\\\/plaza-mayor-de-madrid\\\/\",\"name\":\"Rodar en Plaza Mayor de Madrid - Spain Film Commission\",\"isPartOf\":{\"@id\":\"https:\\\/\\\/spainfilmcommission.com\\\/en\\\/#website\"},\"datePublished\":\"2025-02-27T17:25:44+00:00\",\"dateModified\":\"2025-04-21T11:47:00+00:00\",\"description\":\"En esta p\u00e1gina encontrar\u00e1s una peque\u00f1a descripci\u00f3n, m\u00e1genes e informaci\u00f3n relevante para que te hagas una idea de c\u00f3mo es rodar en Plaza Mayor de Madrid\",\"breadcrumb\":{\"@id\":\"https:\\\/\\\/spainfilmcommission.com\\\/en\\\/ai-locations\\\/plaza-mayor-de-madrid\\\/#breadcrumb\"},\"inLanguage\":\"en-US\",\"potentialAction\":[{\"@type\":\"ReadAction\",\"target\":[\"https:\\\/\\\/spainfilmcommission.com\\\/en\\\/ai-locations\\\/plaza-mayor-de-madrid\\\/\"]}]},{\"@type\":\"BreadcrumbList\",\"@id\":\"https:\\\/\\\/spainfilmcommission.com\\\/en\\\/ai-locations\\\/plaza-mayor-de-madrid\\\/#breadcrumb\",\"itemListElement\":[{\"@type\":\"ListItem\",\"position\":1,\"name\":\"Portada\",\"item\":\"https:\\\/\\\/spainfilmcommission.com\\\/en\\\/\"},{\"@type\":\"ListItem\",\"position\":2,\"name\":\"Plaza Mayor de Madrid\"}]},{\"@type\":\"WebSite\",\"@id\":\"https:\\\/\\\/spainfilmcommission.com\\\/en\\\/#website\",\"url\":\"https:\\\/\\\/spainfilmcommission.com\\\/en\\\/\",\"name\":\"Spain Film Commission\",\"description\":\"\",\"publisher\":{\"@id\":\"https:\\\/\\\/spainfilmcommission.com\\\/en\\\/#organization\"},\"potentialAction\":[{\"@type\":\"SearchAction\",\"target\":{\"@type\":\"EntryPoint\",\"urlTemplate\":\"https:\\\/\\\/spainfilmcommission.com\\\/en\\\/?s={search_term_string}\"},\"query-input\":{\"@type\":\"PropertyValueSpecification\",\"valueRequired\":true,\"valueName\":\"search_term_string\"}}],\"inLanguage\":\"en-US\"},{\"@type\":\"Organization\",\"@id\":\"https:\\\/\\\/spainfilmcommission.com\\\/en\\\/#organization\",\"name\":\"Spain Film Commission\",\"url\":\"https:\\\/\\\/spainfilmcommission.com\\\/en\\\/\",\"logo\":{\"@type\":\"ImageObject\",\"inLanguage\":\"en-US\",\"@id\":\"https:\\\/\\\/spainfilmcommission.com\\\/en\\\/#\\\/schema\\\/logo\\\/image\\\/\",\"url\":\"https:\\\/\\\/spainfilmcommission.com\\\/wp-content\\\/uploads\\\/2024\\\/07\\\/SPC_COLOR.png\",\"contentUrl\":\"https:\\\/\\\/spainfilmcommission.com\\\/wp-content\\\/uploads\\\/2024\\\/07\\\/SPC_COLOR.png\",\"width\":1665,\"height\":1665,\"caption\":\"Spain Film Commission\"},\"image\":{\"@id\":\"https:\\\/\\\/spainfilmcommission.com\\\/en\\\/#\\\/schema\\\/logo\\\/image\\\/\"}}]}<\/script>\n<!-- \/ Yoast SEO plugin. -->","yoast_head_json":{"title":"Rodar en Plaza Mayor de Madrid - Spain Film Commission","description":"En esta p\u00e1gina encontrar\u00e1s una peque\u00f1a descripci\u00f3n, m\u00e1genes e informaci\u00f3n relevante para que te hagas una idea de c\u00f3mo es rodar en Plaza Mayor de Madrid","robots":{"index":"index","follow":"follow","max-snippet":"max-snippet:-1","max-image-preview":"max-image-preview:large","max-video-preview":"max-video-preview:-1"},"canonical":"https:\/\/spainfilmcommission.com\/en\/ai-locations\/plaza-mayor-de-madrid\/","og_locale":"en_US","og_type":"article","og_title":"Rodar en Plaza Mayor de Madrid - Spain Film Commission","og_description":"En esta p\u00e1gina encontrar\u00e1s una peque\u00f1a descripci\u00f3n, m\u00e1genes e informaci\u00f3n relevante para que te hagas una idea de c\u00f3mo es rodar en Plaza Mayor de Madrid","og_url":"https:\/\/spainfilmcommission.com\/en\/ai-locations\/plaza-mayor-de-madrid\/","og_site_name":"Spain Film Commission","article_modified_time":"2025-04-21T11:47:00+00:00","twitter_card":"summary_large_image","schema":{"@context":"https:\/\/schema.org","@graph":[{"@type":"WebPage","@id":"https:\/\/spainfilmcommission.com\/en\/ai-locations\/plaza-mayor-de-madrid\/","url":"https:\/\/spainfilmcommission.com\/en\/ai-locations\/plaza-mayor-de-madrid\/","name":"Rodar en Plaza Mayor de Madrid - Spain Film Commission","isPartOf":{"@id":"https:\/\/spainfilmcommission.com\/en\/#website"},"datePublished":"2025-02-27T17:25:44+00:00","dateModified":"2025-04-21T11:47:00+00:00","description":"En esta p\u00e1gina encontrar\u00e1s una peque\u00f1a descripci\u00f3n, m\u00e1genes e informaci\u00f3n relevante para que te hagas una idea de c\u00f3mo es rodar en Plaza Mayor de Madrid","breadcrumb":{"@id":"https:\/\/spainfilmcommission.com\/en\/ai-locations\/plaza-mayor-de-madrid\/#breadcrumb"},"inLanguage":"en-US","potentialAction":[{"@type":"ReadAction","target":["https:\/\/spainfilmcommission.com\/en\/ai-locations\/plaza-mayor-de-madrid\/"]}]},{"@type":"BreadcrumbList","@id":"https:\/\/spainfilmcommission.com\/en\/ai-locations\/plaza-mayor-de-madrid\/#breadcrumb","itemListElement":[{"@type":"ListItem","position":1,"name":"Portada","item":"https:\/\/spainfilmcommission.com\/en\/"},{"@type":"ListItem","position":2,"name":"Plaza Mayor de Madrid"}]},{"@type":"WebSite","@id":"https:\/\/spainfilmcommission.com\/en\/#website","url":"https:\/\/spainfilmcommission.com\/en\/","name":"Spain Film Commission","description":"","publisher":{"@id":"https:\/\/spainfilmcommission.com\/en\/#organization"},"potentialAction":[{"@type":"SearchAction","target":{"@type":"EntryPoint","urlTemplate":"https:\/\/spainfilmcommission.com\/en\/?s={search_term_string}"},"query-input":{"@type":"PropertyValueSpecification","valueRequired":true,"valueName":"search_term_string"}}],"inLanguage":"en-US"},{"@type":"Organization","@id":"https:\/\/spainfilmcommission.com\/en\/#organization","name":"Spain Film Commission","url":"https:\/\/spainfilmcommission.com\/en\/","logo":{"@type":"ImageObject","inLanguage":"en-US","@id":"https:\/\/spainfilmcommission.com\/en\/#\/schema\/logo\/image\/","url":"https:\/\/spainfilmcommission.com\/wp-content\/uploads\/2024\/07\/SPC_COLOR.png","contentUrl":"https:\/\/spainfilmcommission.com\/wp-content\/uploads\/2024\/07\/SPC_COLOR.png","width":1665,"height":1665,"caption":"Spain Film Commission"},"image":{"@id":"https:\/\/spainfilmcommission.com\/en\/#\/schema\/logo\/image\/"}}]}},"socio":[{"ID":"33","user_login":"madrid-film-office","user_nicename":"madrid-film-office","display_name":"madrid-film-office","user_pass":"****************","user_email":"info@madridfilmoffice.com","user_url":"","user_registered":"2024-12-19 16:08:42","id":33}],"nombrees":"Plaza Mayor de Madrid","nombreen":"Plaza Mayor de Madrid","localidad":"Madrid","provincia":"Madrid","coordenadas_maps":"40.4154, -3.7074","latitud":"40.415400000000","longitud":"-3.707400000000","direcciones":"","direccionen":"","cod_postal":[],"telefono":"","fax":"","mail":"","web":"","descripciones":"Esta plaza porticada es el coraz\u00f3n del Madrid de los Austrias, el casco viejo de la ciudad. La plaza mide 129 metros de largo por 94 metros de ancho y est\u00e1 rodeada por soportales y edificios de tres plantas, con 237 balcones en total que dan a la plaza. Dispone de nueve puertas de acceso, de las cuales la m\u00e1s conocida es la del Arco de Cuchilleros, en la esquina suroeste de la plaza. En el centro del lado norte de la plaza se levanta la Casa de la Panader\u00eda y enfrente de ella, en el lado sur, la Casa de la Carnicer\u00eda. Los soportales est\u00e1n sostenidos por pilares de granito.","descripcionen":"This arcaded square is the heart of the Old Madrid, the old town. The square is 129 meters long by 94 meters wide and it is surrounded by arcades and three-storey buildings with a total of 237 balconies overlooking the plaza. It has nine arched accesses, of which the best known is the \"Arco de Cuchilleros\" (Arch of Cutlers) on the southwest corner of the square. In the center of the north side of the square stands the Casa de la Panaderia (The Baker's House) and in front of it, on the south side, the Casa de la Carnicer\u00eda (The Butcher's House). The arcades are supported by granite pillars.","galeria":[{"ID":"31129","post_author":"2","post_date":"2025-03-08 13:45:15","post_date_gmt":"2025-03-08 12:45:15","post_content":"","post_title":"plaza-mayor_306_1","post_excerpt":"","post_status":"inherit","comment_status":"closed","ping_status":"closed","post_password":"","post_name":"plaza-mayor_306_1","to_ping":"","pinged":"","post_modified":"2025-04-21 13:47:00","post_modified_gmt":"2025-04-21 11:47:00","post_content_filtered":"","post_parent":"11362","guid":"https:\/\/spainfilmcommission.com\/wp-content\/uploads\/2025\/03\/plaza-mayor_306_1.jpg","menu_order":"0","post_type":"attachment","post_mime_type":"image\/jpeg","comment_count":"0","pod_item_id":"31129"},{"ID":"31131","post_author":"2","post_date":"2025-03-08 13:45:26","post_date_gmt":"2025-03-08 12:45:26","post_content":"","post_title":"plaza-mayor-de-madrid_306_2","post_excerpt":"","post_status":"inherit","comment_status":"closed","ping_status":"closed","post_password":"","post_name":"plaza-mayor-de-madrid_306_2","to_ping":"","pinged":"","post_modified":"2025-04-21 13:47:00","post_modified_gmt":"2025-04-21 11:47:00","post_content_filtered":"","post_parent":"11362","guid":"https:\/\/spainfilmcommission.com\/wp-content\/uploads\/2025\/03\/plaza-mayor-de-madrid_306_2.jpg","menu_order":"0","post_type":"attachment","post_mime_type":"image\/jpeg","comment_count":"0","pod_item_id":"31131"},{"ID":"31133","post_author":"2","post_date":"2025-03-08 13:45:29","post_date_gmt":"2025-03-08 12:45:29","post_content":"","post_title":"plaza-mayor-de-madrid_306_3","post_excerpt":"","post_status":"inherit","comment_status":"closed","ping_status":"closed","post_password":"","post_name":"plaza-mayor-de-madrid_306_3","to_ping":"","pinged":"","post_modified":"2025-04-21 13:47:00","post_modified_gmt":"2025-04-21 11:47:00","post_content_filtered":"","post_parent":"11362","guid":"https:\/\/spainfilmcommission.com\/wp-content\/uploads\/2025\/03\/plaza-mayor-de-madrid_306_3.jpg","menu_order":"0","post_type":"attachment","post_mime_type":"image\/jpeg","comment_count":"0","pod_item_id":"31133"},{"ID":"31135","post_author":"2","post_date":"2025-03-08 13:45:32","post_date_gmt":"2025-03-08 12:45:32","post_content":"","post_title":"plaza-mayor-de-madrid_306_4","post_excerpt":"","post_status":"inherit","comment_status":"closed","ping_status":"closed","post_password":"","post_name":"plaza-mayor-de-madrid_306_4","to_ping":"","pinged":"","post_modified":"2025-04-21 13:47:00","post_modified_gmt":"2025-04-21 11:47:00","post_content_filtered":"","post_parent":"11362","guid":"https:\/\/spainfilmcommission.com\/wp-content\/uploads\/2025\/03\/plaza-mayor-de-madrid_306_4.jpg","menu_order":"0","post_type":"attachment","post_mime_type":"image\/jpeg","comment_count":"0","pod_item_id":"31135"},{"ID":"31137","post_author":"2","post_date":"2025-03-08 13:45:38","post_date_gmt":"2025-03-08 12:45:38","post_content":"","post_title":"plaza-mayor-de-madrid_306_5","post_excerpt":"","post_status":"inherit","comment_status":"closed","ping_status":"closed","post_password":"","post_name":"plaza-mayor-de-madrid_306_5","to_ping":"","pinged":"","post_modified":"2025-04-21 13:47:00","post_modified_gmt":"2025-04-21 11:47:00","post_content_filtered":"","post_parent":"11362","guid":"https:\/\/spainfilmcommission.com\/wp-content\/uploads\/2025\/03\/plaza-mayor-de-madrid_306_5.jpg","menu_order":"0","post_type":"attachment","post_mime_type":"image\/jpeg","comment_count":"0","pod_item_id":"31137"},{"ID":"31139","post_author":"2","post_date":"2025-03-08 13:45:41","post_date_gmt":"2025-03-08 12:45:41","post_content":"","post_title":"plaza-mayor-de-madrid_306_6","post_excerpt":"","post_status":"inherit","comment_status":"closed","ping_status":"closed","post_password":"","post_name":"plaza-mayor-de-madrid_306_6","to_ping":"","pinged":"","post_modified":"2025-04-21 13:47:00","post_modified_gmt":"2025-04-21 11:47:00","post_content_filtered":"","post_parent":"11362","guid":"https:\/\/spainfilmcommission.com\/wp-content\/uploads\/2025\/03\/plaza-mayor-de-madrid_306_6.jpg","menu_order":"0","post_type":"attachment","post_mime_type":"image\/jpeg","comment_count":"0","pod_item_id":"31139"},{"ID":"31141","post_author":"2","post_date":"2025-03-08 13:45:44","post_date_gmt":"2025-03-08 12:45:44","post_content":"","post_title":"plaza-mayor-de-madrid_306_7","post_excerpt":"","post_status":"inherit","comment_status":"closed","ping_status":"closed","post_password":"","post_name":"plaza-mayor-de-madrid_306_7","to_ping":"","pinged":"","post_modified":"2025-04-21 13:47:00","post_modified_gmt":"2025-04-21 11:47:00","post_content_filtered":"","post_parent":"11362","guid":"https:\/\/spainfilmcommission.com\/wp-content\/uploads\/2025\/03\/plaza-mayor-de-madrid_306_7.jpg","menu_order":"0","post_type":"attachment","post_mime_type":"image\/jpeg","comment_count":"0","pod_item_id":"31141"},{"ID":"31143","post_author":"2","post_date":"2025-03-08 13:45:51","post_date_gmt":"2025-03-08 12:45:51","post_content":"","post_title":"plaza-mayor-de-madrid_306_8","post_excerpt":"","post_status":"inherit","comment_status":"closed","ping_status":"closed","post_password":"","post_name":"plaza-mayor-de-madrid_306_8","to_ping":"","pinged":"","post_modified":"2025-04-21 13:47:00","post_modified_gmt":"2025-04-21 11:47:00","post_content_filtered":"","post_parent":"11362","guid":"https:\/\/spainfilmcommission.com\/wp-content\/uploads\/2025\/03\/plaza-mayor-de-madrid_306_8.jpg","menu_order":"0","post_type":"attachment","post_mime_type":"image\/jpeg","comment_count":"0","pod_item_id":"31143"},{"ID":"31145","post_author":"2","post_date":"2025-03-08 13:45:53","post_date_gmt":"2025-03-08 12:45:53","post_content":"","post_title":"plaza-mayor-de-madrid_306_9","post_excerpt":"","post_status":"inherit","comment_status":"closed","ping_status":"closed","post_password":"","post_name":"plaza-mayor-de-madrid_306_9","to_ping":"","pinged":"","post_modified":"2025-04-21 13:47:00","post_modified_gmt":"2025-04-21 11:47:00","post_content_filtered":"","post_parent":"11362","guid":"https:\/\/spainfilmcommission.com\/wp-content\/uploads\/2025\/03\/plaza-mayor-de-madrid_306_9.jpg","menu_order":"0","post_type":"attachment","post_mime_type":"image\/jpeg","comment_count":"0","pod_item_id":"31145"},{"ID":"31147","post_author":"2","post_date":"2025-03-08 13:45:55","post_date_gmt":"2025-03-08 12:45:55","post_content":"","post_title":"plaza-mayor-de-madrid_306_10","post_excerpt":"","post_status":"inherit","comment_status":"closed","ping_status":"closed","post_password":"","post_name":"plaza-mayor-de-madrid_306_10","to_ping":"","pinged":"","post_modified":"2025-04-21 13:47:00","post_modified_gmt":"2025-04-21 11:47:00","post_content_filtered":"","post_parent":"11362","guid":"https:\/\/spainfilmcommission.com\/wp-content\/uploads\/2025\/03\/plaza-mayor-de-madrid_306_10.jpg","menu_order":"0","post_type":"attachment","post_mime_type":"image\/jpeg","comment_count":"0","pod_item_id":"31147"},{"ID":"31149","post_author":"2","post_date":"2025-03-08 13:45:57","post_date_gmt":"2025-03-08 12:45:57","post_content":"","post_title":"plaza-mayor-de-madrid_306_12","post_excerpt":"","post_status":"inherit","comment_status":"closed","ping_status":"closed","post_password":"","post_name":"plaza-mayor-de-madrid_306_12","to_ping":"","pinged":"","post_modified":"2025-04-21 13:47:00","post_modified_gmt":"2025-04-21 11:47:00","post_content_filtered":"","post_parent":"11362","guid":"https:\/\/spainfilmcommission.com\/wp-content\/uploads\/2025\/03\/plaza-mayor-de-madrid_306_12.jpg","menu_order":"0","post_type":"attachment","post_mime_type":"image\/jpeg","comment_count":"0","pod_item_id":"31149"},{"ID":"31151","post_author":"2","post_date":"2025-03-08 13:46:05","post_date_gmt":"2025-03-08 12:46:05","post_content":"","post_title":"plaza-mayor-de-madrid_306_13","post_excerpt":"","post_status":"inherit","comment_status":"closed","ping_status":"closed","post_password":"","post_name":"plaza-mayor-de-madrid_306_13","to_ping":"","pinged":"","post_modified":"2025-04-21 13:47:00","post_modified_gmt":"2025-04-21 11:47:00","post_content_filtered":"","post_parent":"11362","guid":"https:\/\/spainfilmcommission.com\/wp-content\/uploads\/2025\/03\/plaza-mayor-de-madrid_306_13.jpg","menu_order":"0","post_type":"attachment","post_mime_type":"image\/jpeg","comment_count":"0","pod_item_id":"31151"},{"ID":"31153","post_author":"2","post_date":"2025-03-08 13:46:08","post_date_gmt":"2025-03-08 12:46:08","post_content":"","post_title":"plaza-mayor-de-madrid_306_14","post_excerpt":"","post_status":"inherit","comment_status":"closed","ping_status":"closed","post_password":"","post_name":"plaza-mayor-de-madrid_306_14","to_ping":"","pinged":"","post_modified":"2025-04-21 13:47:00","post_modified_gmt":"2025-04-21 11:47:00","post_content_filtered":"","post_parent":"11362","guid":"https:\/\/spainfilmcommission.com\/wp-content\/uploads\/2025\/03\/plaza-mayor-de-madrid_306_14.jpg","menu_order":"0","post_type":"attachment","post_mime_type":"image\/jpeg","comment_count":"0","pod_item_id":"31153"},{"ID":"31155","post_author":"2","post_date":"2025-03-08 13:46:11","post_date_gmt":"2025-03-08 12:46:11","post_content":"","post_title":"plaza-mayor-de-madrid_306_15","post_excerpt":"","post_status":"inherit","comment_status":"closed","ping_status":"closed","post_password":"","post_name":"plaza-mayor-de-madrid_306_15","to_ping":"","pinged":"","post_modified":"2025-04-21 13:47:00","post_modified_gmt":"2025-04-21 11:47:00","post_content_filtered":"","post_parent":"11362","guid":"https:\/\/spainfilmcommission.com\/wp-content\/uploads\/2025\/03\/plaza-mayor-de-madrid_306_15.jpg","menu_order":"0","post_type":"attachment","post_mime_type":"image\/jpeg","comment_count":"0","pod_item_id":"31155"}],"nombrepaginaes":"plaza-mayor-de-madrid","nombrepaginaen":"plaza-mayor-de-madrid","latitud_gps":"","longitud_gps":"","adicionaleses":"","adicionalesen":"","videoes":"","videoen":"","video2es":"","video2en":"","_links":{"self":[{"href":"https:\/\/spainfilmcommission.com\/en\/wp-json\/wp\/v2\/localizaciones\/localizacion\/11362","targetHints":{"allow":["GET"]}}],"collection":[{"href":"https:\/\/spainfilmcommission.com\/en\/wp-json\/wp\/v2\/localizaciones\/localizacion"}],"about":[{"href":"https:\/\/spainfilmcommission.com\/en\/wp-json\/wp\/v2\/types\/localizacion"}],"author":[{"embeddable":true,"href":"https:\/\/spainfilmcommission.com\/en\/wp-json\/wp\/v2\/users\/2"}],"wp:attachment":[{"href":"https:\/\/spainfilmcommission.com\/en\/wp-json\/wp\/v2\/media?parent=11362"}],"curies":[{"name":"wp","href":"https:\/\/api.w.org\/{rel}","templated":true}]}}