{"id":11360,"date":"2025-02-27T18:24:25","date_gmt":"2025-02-27T17:24:25","guid":{"rendered":"https:\/\/spainfilmcommission.com\/?post_type=localizacion&#038;p=11360"},"modified":"2025-04-22T08:13:23","modified_gmt":"2025-04-22T06:13:23","slug":"palacio-de-cristal-del-retiro","status":"publish","type":"localizacion","link":"https:\/\/spainfilmcommission.com\/en\/ai-locations\/palacio-de-cristal-del-retiro\/","title":{"rendered":"Palacio de Cristal del Retiro"},"content":{"rendered":"","protected":false},"author":2,"template":"","meta":[],"class_list":["post-11360","localizacion","type-localizacion","status-publish","hentry"],"yoast_head":"<!-- This site is optimized with the Yoast SEO plugin v28.3 - https:\/\/yoast.com\/product\/yoast-seo-wordpress\/ -->\n<title>Rodar en Palacio de Cristal del Retiro - Spain Film Commission<\/title>\n<meta name=\"description\" content=\"En esta p\u00e1gina encontrar\u00e1s una peque\u00f1a descripci\u00f3n, m\u00e1genes e informaci\u00f3n relevante para que te hagas una idea de c\u00f3mo es rodar en Palacio de Cristal del Retiro\" \/>\n<meta name=\"robots\" content=\"index, follow, max-snippet:-1, max-image-preview:large, max-video-preview:-1\" \/>\n<link rel=\"canonical\" href=\"https:\/\/spainfilmcommission.com\/en\/ai-locations\/palacio-de-cristal-del-retiro\/\" \/>\n<meta property=\"og:locale\" content=\"en_US\" \/>\n<meta property=\"og:type\" content=\"article\" \/>\n<meta property=\"og:title\" content=\"Rodar en Palacio de Cristal del Retiro - Spain Film Commission\" \/>\n<meta property=\"og:description\" content=\"En esta p\u00e1gina encontrar\u00e1s una peque\u00f1a descripci\u00f3n, m\u00e1genes e informaci\u00f3n relevante para que te hagas una idea de c\u00f3mo es rodar en Palacio de Cristal del Retiro\" \/>\n<meta property=\"og:url\" content=\"https:\/\/spainfilmcommission.com\/en\/ai-locations\/palacio-de-cristal-del-retiro\/\" \/>\n<meta property=\"og:site_name\" content=\"Spain Film Commission\" \/>\n<meta property=\"article:modified_time\" content=\"2025-04-22T06:13:23+00:00\" \/>\n<meta name=\"twitter:card\" content=\"summary_large_image\" \/>\n<script type=\"application\/ld+json\" class=\"yoast-schema-graph\">{\"@context\":\"https:\\\/\\\/schema.org\",\"@graph\":[{\"@type\":\"WebPage\",\"@id\":\"https:\\\/\\\/spainfilmcommission.com\\\/en\\\/ai-locations\\\/palacio-de-cristal-del-retiro\\\/\",\"url\":\"https:\\\/\\\/spainfilmcommission.com\\\/en\\\/ai-locations\\\/palacio-de-cristal-del-retiro\\\/\",\"name\":\"Rodar en Palacio de Cristal del Retiro - Spain Film Commission\",\"isPartOf\":{\"@id\":\"https:\\\/\\\/spainfilmcommission.com\\\/en\\\/#website\"},\"datePublished\":\"2025-02-27T17:24:25+00:00\",\"dateModified\":\"2025-04-22T06:13:23+00:00\",\"description\":\"En esta p\u00e1gina encontrar\u00e1s una peque\u00f1a descripci\u00f3n, m\u00e1genes e informaci\u00f3n relevante para que te hagas una idea de c\u00f3mo es rodar en Palacio de Cristal del Retiro\",\"breadcrumb\":{\"@id\":\"https:\\\/\\\/spainfilmcommission.com\\\/en\\\/ai-locations\\\/palacio-de-cristal-del-retiro\\\/#breadcrumb\"},\"inLanguage\":\"en-US\",\"potentialAction\":[{\"@type\":\"ReadAction\",\"target\":[\"https:\\\/\\\/spainfilmcommission.com\\\/en\\\/ai-locations\\\/palacio-de-cristal-del-retiro\\\/\"]}]},{\"@type\":\"BreadcrumbList\",\"@id\":\"https:\\\/\\\/spainfilmcommission.com\\\/en\\\/ai-locations\\\/palacio-de-cristal-del-retiro\\\/#breadcrumb\",\"itemListElement\":[{\"@type\":\"ListItem\",\"position\":1,\"name\":\"Portada\",\"item\":\"https:\\\/\\\/spainfilmcommission.com\\\/en\\\/\"},{\"@type\":\"ListItem\",\"position\":2,\"name\":\"Palacio de Cristal del Retiro\"}]},{\"@type\":\"WebSite\",\"@id\":\"https:\\\/\\\/spainfilmcommission.com\\\/en\\\/#website\",\"url\":\"https:\\\/\\\/spainfilmcommission.com\\\/en\\\/\",\"name\":\"Spain Film Commission\",\"description\":\"\",\"publisher\":{\"@id\":\"https:\\\/\\\/spainfilmcommission.com\\\/en\\\/#organization\"},\"potentialAction\":[{\"@type\":\"SearchAction\",\"target\":{\"@type\":\"EntryPoint\",\"urlTemplate\":\"https:\\\/\\\/spainfilmcommission.com\\\/en\\\/?s={search_term_string}\"},\"query-input\":{\"@type\":\"PropertyValueSpecification\",\"valueRequired\":true,\"valueName\":\"search_term_string\"}}],\"inLanguage\":\"en-US\"},{\"@type\":\"Organization\",\"@id\":\"https:\\\/\\\/spainfilmcommission.com\\\/en\\\/#organization\",\"name\":\"Spain Film Commission\",\"url\":\"https:\\\/\\\/spainfilmcommission.com\\\/en\\\/\",\"logo\":{\"@type\":\"ImageObject\",\"inLanguage\":\"en-US\",\"@id\":\"https:\\\/\\\/spainfilmcommission.com\\\/en\\\/#\\\/schema\\\/logo\\\/image\\\/\",\"url\":\"https:\\\/\\\/spainfilmcommission.com\\\/wp-content\\\/uploads\\\/2024\\\/07\\\/SPC_COLOR.png\",\"contentUrl\":\"https:\\\/\\\/spainfilmcommission.com\\\/wp-content\\\/uploads\\\/2024\\\/07\\\/SPC_COLOR.png\",\"width\":1665,\"height\":1665,\"caption\":\"Spain Film Commission\"},\"image\":{\"@id\":\"https:\\\/\\\/spainfilmcommission.com\\\/en\\\/#\\\/schema\\\/logo\\\/image\\\/\"}}]}<\/script>\n<!-- \/ Yoast SEO plugin. -->","yoast_head_json":{"title":"Rodar en Palacio de Cristal del Retiro - Spain Film Commission","description":"En esta p\u00e1gina encontrar\u00e1s una peque\u00f1a descripci\u00f3n, m\u00e1genes e informaci\u00f3n relevante para que te hagas una idea de c\u00f3mo es rodar en Palacio de Cristal del Retiro","robots":{"index":"index","follow":"follow","max-snippet":"max-snippet:-1","max-image-preview":"max-image-preview:large","max-video-preview":"max-video-preview:-1"},"canonical":"https:\/\/spainfilmcommission.com\/en\/ai-locations\/palacio-de-cristal-del-retiro\/","og_locale":"en_US","og_type":"article","og_title":"Rodar en Palacio de Cristal del Retiro - Spain Film Commission","og_description":"En esta p\u00e1gina encontrar\u00e1s una peque\u00f1a descripci\u00f3n, m\u00e1genes e informaci\u00f3n relevante para que te hagas una idea de c\u00f3mo es rodar en Palacio de Cristal del Retiro","og_url":"https:\/\/spainfilmcommission.com\/en\/ai-locations\/palacio-de-cristal-del-retiro\/","og_site_name":"Spain Film Commission","article_modified_time":"2025-04-22T06:13:23+00:00","twitter_card":"summary_large_image","schema":{"@context":"https:\/\/schema.org","@graph":[{"@type":"WebPage","@id":"https:\/\/spainfilmcommission.com\/en\/ai-locations\/palacio-de-cristal-del-retiro\/","url":"https:\/\/spainfilmcommission.com\/en\/ai-locations\/palacio-de-cristal-del-retiro\/","name":"Rodar en Palacio de Cristal del Retiro - Spain Film Commission","isPartOf":{"@id":"https:\/\/spainfilmcommission.com\/en\/#website"},"datePublished":"2025-02-27T17:24:25+00:00","dateModified":"2025-04-22T06:13:23+00:00","description":"En esta p\u00e1gina encontrar\u00e1s una peque\u00f1a descripci\u00f3n, m\u00e1genes e informaci\u00f3n relevante para que te hagas una idea de c\u00f3mo es rodar en Palacio de Cristal del Retiro","breadcrumb":{"@id":"https:\/\/spainfilmcommission.com\/en\/ai-locations\/palacio-de-cristal-del-retiro\/#breadcrumb"},"inLanguage":"en-US","potentialAction":[{"@type":"ReadAction","target":["https:\/\/spainfilmcommission.com\/en\/ai-locations\/palacio-de-cristal-del-retiro\/"]}]},{"@type":"BreadcrumbList","@id":"https:\/\/spainfilmcommission.com\/en\/ai-locations\/palacio-de-cristal-del-retiro\/#breadcrumb","itemListElement":[{"@type":"ListItem","position":1,"name":"Portada","item":"https:\/\/spainfilmcommission.com\/en\/"},{"@type":"ListItem","position":2,"name":"Palacio de Cristal del Retiro"}]},{"@type":"WebSite","@id":"https:\/\/spainfilmcommission.com\/en\/#website","url":"https:\/\/spainfilmcommission.com\/en\/","name":"Spain Film Commission","description":"","publisher":{"@id":"https:\/\/spainfilmcommission.com\/en\/#organization"},"potentialAction":[{"@type":"SearchAction","target":{"@type":"EntryPoint","urlTemplate":"https:\/\/spainfilmcommission.com\/en\/?s={search_term_string}"},"query-input":{"@type":"PropertyValueSpecification","valueRequired":true,"valueName":"search_term_string"}}],"inLanguage":"en-US"},{"@type":"Organization","@id":"https:\/\/spainfilmcommission.com\/en\/#organization","name":"Spain Film Commission","url":"https:\/\/spainfilmcommission.com\/en\/","logo":{"@type":"ImageObject","inLanguage":"en-US","@id":"https:\/\/spainfilmcommission.com\/en\/#\/schema\/logo\/image\/","url":"https:\/\/spainfilmcommission.com\/wp-content\/uploads\/2024\/07\/SPC_COLOR.png","contentUrl":"https:\/\/spainfilmcommission.com\/wp-content\/uploads\/2024\/07\/SPC_COLOR.png","width":1665,"height":1665,"caption":"Spain Film Commission"},"image":{"@id":"https:\/\/spainfilmcommission.com\/en\/#\/schema\/logo\/image\/"}}]}},"socio":[{"ID":"33","user_login":"madrid-film-office","user_nicename":"madrid-film-office","display_name":"madrid-film-office","user_pass":"****************","user_email":"info@madridfilmoffice.com","user_url":"","user_registered":"2024-12-19 16:08:42","id":33}],"nombrees":"Palacio de Cristal del Retiro","nombreen":"Palacio de Cristal del Retiro","localidad":"Madrid","provincia":"Madrid","coordenadas_maps":"40.4136, -3.682","latitud":"40.413600000000","longitud":"-3.682000000000","direcciones":"","direccionen":"","cod_postal":[],"telefono":"","fax":"","mail":"","web":"http:\/\/www.museoreinasofia.es\/","descripciones":"El Palacio de Cristal del Retiro es una estructura de metal y cristal situado en los Jardines del Retiro de Madrid. La decoraci\u00f3n cer\u00e1mica utilizada en peque\u00f1os frisos y remates es obra de Daniel Zuloaga. El p\u00f3rtico est\u00e1 configurado por una columnata de orden j\u00f3nico sobre basamento al que se accede por una amplia escalinata de granito. La secci\u00f3n es basilical, con un cuerpo central m\u00e1s alto y ancho, flanqueado por dos naves laterales m\u00e1s bajas.","descripcionen":"The Retiro's Crystal Palace is a metal and glass structure located in the Retiro Gardens of Madrid. The pottery decoration used in small friezes on its exterior is the work of Daniel Zuloaga. The porch is made of a colonnade of Ionic order on basement, which is accessed by wide granite steps. It has the shape of a basilica with a central body, which is higher and wider, and two surrounding lower aisles.","galeria":[{"ID":"29313","post_author":"2","post_date":"2025-03-08 12:52:23","post_date_gmt":"2025-03-08 11:52:23","post_content":"","post_title":"palacio-de-cristal-del-retiro_303_4","post_excerpt":"","post_status":"inherit","comment_status":"closed","ping_status":"closed","post_password":"","post_name":"palacio-de-cristal-del-retiro_303_4","to_ping":"","pinged":"","post_modified":"2025-04-22 08:13:23","post_modified_gmt":"2025-04-22 06:13:23","post_content_filtered":"","post_parent":"11360","guid":"https:\/\/spainfilmcommission.com\/wp-content\/uploads\/2025\/03\/palacio-de-cristal-del-retiro_303_4.jpg","menu_order":"0","post_type":"attachment","post_mime_type":"image\/jpeg","comment_count":"0","pod_item_id":"29313"},{"ID":"29315","post_author":"2","post_date":"2025-03-08 12:52:26","post_date_gmt":"2025-03-08 11:52:26","post_content":"","post_title":"palacio-de-cristal-del-retiro_303_5","post_excerpt":"","post_status":"inherit","comment_status":"closed","ping_status":"closed","post_password":"","post_name":"palacio-de-cristal-del-retiro_303_5","to_ping":"","pinged":"","post_modified":"2025-04-22 08:13:23","post_modified_gmt":"2025-04-22 06:13:23","post_content_filtered":"","post_parent":"11360","guid":"https:\/\/spainfilmcommission.com\/wp-content\/uploads\/2025\/03\/palacio-de-cristal-del-retiro_303_5.jpg","menu_order":"0","post_type":"attachment","post_mime_type":"image\/jpeg","comment_count":"0","pod_item_id":"29315"},{"ID":"29317","post_author":"2","post_date":"2025-03-08 12:52:29","post_date_gmt":"2025-03-08 11:52:29","post_content":"","post_title":"palacio-de-cristal-del-retiro_303_7","post_excerpt":"","post_status":"inherit","comment_status":"closed","ping_status":"closed","post_password":"","post_name":"palacio-de-cristal-del-retiro_303_7","to_ping":"","pinged":"","post_modified":"2025-04-22 08:13:23","post_modified_gmt":"2025-04-22 06:13:23","post_content_filtered":"","post_parent":"11360","guid":"https:\/\/spainfilmcommission.com\/wp-content\/uploads\/2025\/03\/palacio-de-cristal-del-retiro_303_7.jpg","menu_order":"0","post_type":"attachment","post_mime_type":"image\/jpeg","comment_count":"0","pod_item_id":"29317"},{"ID":"29319","post_author":"2","post_date":"2025-03-08 12:52:32","post_date_gmt":"2025-03-08 11:52:32","post_content":"","post_title":"palacio-de-cristal-del-retiro_303_8","post_excerpt":"","post_status":"inherit","comment_status":"closed","ping_status":"closed","post_password":"","post_name":"palacio-de-cristal-del-retiro_303_8","to_ping":"","pinged":"","post_modified":"2025-04-22 08:13:23","post_modified_gmt":"2025-04-22 06:13:23","post_content_filtered":"","post_parent":"11360","guid":"https:\/\/spainfilmcommission.com\/wp-content\/uploads\/2025\/03\/palacio-de-cristal-del-retiro_303_8.jpg","menu_order":"0","post_type":"attachment","post_mime_type":"image\/jpeg","comment_count":"0","pod_item_id":"29319"},{"ID":"29321","post_author":"2","post_date":"2025-03-08 12:52:35","post_date_gmt":"2025-03-08 11:52:35","post_content":"","post_title":"palacio-de-cristal-del-retiro_303_9","post_excerpt":"","post_status":"inherit","comment_status":"closed","ping_status":"closed","post_password":"","post_name":"palacio-de-cristal-del-retiro_303_9","to_ping":"","pinged":"","post_modified":"2025-04-22 08:13:23","post_modified_gmt":"2025-04-22 06:13:23","post_content_filtered":"","post_parent":"11360","guid":"https:\/\/spainfilmcommission.com\/wp-content\/uploads\/2025\/03\/palacio-de-cristal-del-retiro_303_9.jpg","menu_order":"0","post_type":"attachment","post_mime_type":"image\/jpeg","comment_count":"0","pod_item_id":"29321"},{"ID":"29323","post_author":"2","post_date":"2025-03-08 12:52:38","post_date_gmt":"2025-03-08 11:52:38","post_content":"","post_title":"palacio-de-cristal-del-retiro-8254","post_excerpt":"","post_status":"inherit","comment_status":"closed","ping_status":"closed","post_password":"","post_name":"palacio-de-cristal-del-retiro-8254","to_ping":"","pinged":"","post_modified":"2025-04-22 08:13:23","post_modified_gmt":"2025-04-22 06:13:23","post_content_filtered":"","post_parent":"11360","guid":"https:\/\/spainfilmcommission.com\/wp-content\/uploads\/2025\/03\/palacio-de-cristal-del-retiro-8254.jpg","menu_order":"0","post_type":"attachment","post_mime_type":"image\/jpeg","comment_count":"0","pod_item_id":"29323"},{"ID":"29325","post_author":"2","post_date":"2025-03-08 12:52:42","post_date_gmt":"2025-03-08 11:52:42","post_content":"","post_title":"palacio-de-cristal-del-retito_303_1","post_excerpt":"","post_status":"inherit","comment_status":"closed","ping_status":"closed","post_password":"","post_name":"palacio-de-cristal-del-retito_303_1","to_ping":"","pinged":"","post_modified":"2025-04-22 08:13:23","post_modified_gmt":"2025-04-22 06:13:23","post_content_filtered":"","post_parent":"11360","guid":"https:\/\/spainfilmcommission.com\/wp-content\/uploads\/2025\/03\/palacio-de-cristal-del-retito_303_1.jpg","menu_order":"0","post_type":"attachment","post_mime_type":"image\/jpeg","comment_count":"0","pod_item_id":"29325"}],"nombrepaginaes":"palacio-de-cristal-del-retiro","nombrepaginaen":"palacio-de-cristal-del-retiro","latitud_gps":"","longitud_gps":"","adicionaleses":"","adicionalesen":"","videoes":"","videoen":"","video2es":"","video2en":"","_links":{"self":[{"href":"https:\/\/spainfilmcommission.com\/en\/wp-json\/wp\/v2\/localizaciones\/localizacion\/11360","targetHints":{"allow":["GET"]}}],"collection":[{"href":"https:\/\/spainfilmcommission.com\/en\/wp-json\/wp\/v2\/localizaciones\/localizacion"}],"about":[{"href":"https:\/\/spainfilmcommission.com\/en\/wp-json\/wp\/v2\/types\/localizacion"}],"author":[{"embeddable":true,"href":"https:\/\/spainfilmcommission.com\/en\/wp-json\/wp\/v2\/users\/2"}],"wp:attachment":[{"href":"https:\/\/spainfilmcommission.com\/en\/wp-json\/wp\/v2\/media?parent=11360"}],"curies":[{"name":"wp","href":"https:\/\/api.w.org\/{rel}","templated":true}]}}