{"id":11355,"date":"2025-02-27T18:24:25","date_gmt":"2025-02-27T17:24:25","guid":{"rendered":"https:\/\/spainfilmcommission.com\/?post_type=localizacion&#038;p=11355"},"modified":"2025-04-21T13:32:59","modified_gmt":"2025-04-21T11:32:59","slug":"valle-del-ambroz","status":"publish","type":"localizacion","link":"https:\/\/spainfilmcommission.com\/en\/ai-locations\/valle-del-ambroz\/","title":{"rendered":"Valle del Ambroz"},"content":{"rendered":"","protected":false},"author":2,"template":"","meta":[],"class_list":["post-11355","localizacion","type-localizacion","status-publish","hentry"],"yoast_head":"<!-- This site is optimized with the Yoast SEO plugin v28.3 - https:\/\/yoast.com\/product\/yoast-seo-wordpress\/ -->\n<title>Rodar en Valle del Ambroz - Spain Film Commission<\/title>\n<meta name=\"description\" content=\"En esta p\u00e1gina encontrar\u00e1s una peque\u00f1a descripci\u00f3n, m\u00e1genes e informaci\u00f3n relevante para que te hagas una idea de c\u00f3mo es rodar en Valle del Ambroz\" \/>\n<meta name=\"robots\" content=\"index, follow, max-snippet:-1, max-image-preview:large, max-video-preview:-1\" \/>\n<link rel=\"canonical\" href=\"https:\/\/spainfilmcommission.com\/en\/ai-locations\/valle-del-ambroz\/\" \/>\n<meta property=\"og:locale\" content=\"en_US\" \/>\n<meta property=\"og:type\" content=\"article\" \/>\n<meta property=\"og:title\" content=\"Rodar en Valle del Ambroz - Spain Film Commission\" \/>\n<meta property=\"og:description\" content=\"En esta p\u00e1gina encontrar\u00e1s una peque\u00f1a descripci\u00f3n, m\u00e1genes e informaci\u00f3n relevante para que te hagas una idea de c\u00f3mo es rodar en Valle del Ambroz\" \/>\n<meta property=\"og:url\" content=\"https:\/\/spainfilmcommission.com\/en\/ai-locations\/valle-del-ambroz\/\" \/>\n<meta property=\"og:site_name\" content=\"Spain Film Commission\" \/>\n<meta property=\"article:modified_time\" content=\"2025-04-21T11:32:59+00:00\" \/>\n<meta name=\"twitter:card\" content=\"summary_large_image\" \/>\n<script type=\"application\/ld+json\" class=\"yoast-schema-graph\">{\"@context\":\"https:\\\/\\\/schema.org\",\"@graph\":[{\"@type\":\"WebPage\",\"@id\":\"https:\\\/\\\/spainfilmcommission.com\\\/en\\\/ai-locations\\\/valle-del-ambroz\\\/\",\"url\":\"https:\\\/\\\/spainfilmcommission.com\\\/en\\\/ai-locations\\\/valle-del-ambroz\\\/\",\"name\":\"Rodar en Valle del Ambroz - Spain Film Commission\",\"isPartOf\":{\"@id\":\"https:\\\/\\\/spainfilmcommission.com\\\/en\\\/#website\"},\"datePublished\":\"2025-02-27T17:24:25+00:00\",\"dateModified\":\"2025-04-21T11:32:59+00:00\",\"description\":\"En esta p\u00e1gina encontrar\u00e1s una peque\u00f1a descripci\u00f3n, m\u00e1genes e informaci\u00f3n relevante para que te hagas una idea de c\u00f3mo es rodar en Valle del Ambroz\",\"breadcrumb\":{\"@id\":\"https:\\\/\\\/spainfilmcommission.com\\\/en\\\/ai-locations\\\/valle-del-ambroz\\\/#breadcrumb\"},\"inLanguage\":\"en-US\",\"potentialAction\":[{\"@type\":\"ReadAction\",\"target\":[\"https:\\\/\\\/spainfilmcommission.com\\\/en\\\/ai-locations\\\/valle-del-ambroz\\\/\"]}]},{\"@type\":\"BreadcrumbList\",\"@id\":\"https:\\\/\\\/spainfilmcommission.com\\\/en\\\/ai-locations\\\/valle-del-ambroz\\\/#breadcrumb\",\"itemListElement\":[{\"@type\":\"ListItem\",\"position\":1,\"name\":\"Portada\",\"item\":\"https:\\\/\\\/spainfilmcommission.com\\\/en\\\/\"},{\"@type\":\"ListItem\",\"position\":2,\"name\":\"Valle del Ambroz\"}]},{\"@type\":\"WebSite\",\"@id\":\"https:\\\/\\\/spainfilmcommission.com\\\/en\\\/#website\",\"url\":\"https:\\\/\\\/spainfilmcommission.com\\\/en\\\/\",\"name\":\"Spain Film Commission\",\"description\":\"\",\"publisher\":{\"@id\":\"https:\\\/\\\/spainfilmcommission.com\\\/en\\\/#organization\"},\"potentialAction\":[{\"@type\":\"SearchAction\",\"target\":{\"@type\":\"EntryPoint\",\"urlTemplate\":\"https:\\\/\\\/spainfilmcommission.com\\\/en\\\/?s={search_term_string}\"},\"query-input\":{\"@type\":\"PropertyValueSpecification\",\"valueRequired\":true,\"valueName\":\"search_term_string\"}}],\"inLanguage\":\"en-US\"},{\"@type\":\"Organization\",\"@id\":\"https:\\\/\\\/spainfilmcommission.com\\\/en\\\/#organization\",\"name\":\"Spain Film Commission\",\"url\":\"https:\\\/\\\/spainfilmcommission.com\\\/en\\\/\",\"logo\":{\"@type\":\"ImageObject\",\"inLanguage\":\"en-US\",\"@id\":\"https:\\\/\\\/spainfilmcommission.com\\\/en\\\/#\\\/schema\\\/logo\\\/image\\\/\",\"url\":\"https:\\\/\\\/spainfilmcommission.com\\\/wp-content\\\/uploads\\\/2024\\\/07\\\/SPC_COLOR.png\",\"contentUrl\":\"https:\\\/\\\/spainfilmcommission.com\\\/wp-content\\\/uploads\\\/2024\\\/07\\\/SPC_COLOR.png\",\"width\":1665,\"height\":1665,\"caption\":\"Spain Film Commission\"},\"image\":{\"@id\":\"https:\\\/\\\/spainfilmcommission.com\\\/en\\\/#\\\/schema\\\/logo\\\/image\\\/\"}}]}<\/script>\n<!-- \/ Yoast SEO plugin. -->","yoast_head_json":{"title":"Rodar en Valle del Ambroz - Spain Film Commission","description":"En esta p\u00e1gina encontrar\u00e1s una peque\u00f1a descripci\u00f3n, m\u00e1genes e informaci\u00f3n relevante para que te hagas una idea de c\u00f3mo es rodar en Valle del Ambroz","robots":{"index":"index","follow":"follow","max-snippet":"max-snippet:-1","max-image-preview":"max-image-preview:large","max-video-preview":"max-video-preview:-1"},"canonical":"https:\/\/spainfilmcommission.com\/en\/ai-locations\/valle-del-ambroz\/","og_locale":"en_US","og_type":"article","og_title":"Rodar en Valle del Ambroz - Spain Film Commission","og_description":"En esta p\u00e1gina encontrar\u00e1s una peque\u00f1a descripci\u00f3n, m\u00e1genes e informaci\u00f3n relevante para que te hagas una idea de c\u00f3mo es rodar en Valle del Ambroz","og_url":"https:\/\/spainfilmcommission.com\/en\/ai-locations\/valle-del-ambroz\/","og_site_name":"Spain Film Commission","article_modified_time":"2025-04-21T11:32:59+00:00","twitter_card":"summary_large_image","schema":{"@context":"https:\/\/schema.org","@graph":[{"@type":"WebPage","@id":"https:\/\/spainfilmcommission.com\/en\/ai-locations\/valle-del-ambroz\/","url":"https:\/\/spainfilmcommission.com\/en\/ai-locations\/valle-del-ambroz\/","name":"Rodar en Valle del Ambroz - Spain Film Commission","isPartOf":{"@id":"https:\/\/spainfilmcommission.com\/en\/#website"},"datePublished":"2025-02-27T17:24:25+00:00","dateModified":"2025-04-21T11:32:59+00:00","description":"En esta p\u00e1gina encontrar\u00e1s una peque\u00f1a descripci\u00f3n, m\u00e1genes e informaci\u00f3n relevante para que te hagas una idea de c\u00f3mo es rodar en Valle del Ambroz","breadcrumb":{"@id":"https:\/\/spainfilmcommission.com\/en\/ai-locations\/valle-del-ambroz\/#breadcrumb"},"inLanguage":"en-US","potentialAction":[{"@type":"ReadAction","target":["https:\/\/spainfilmcommission.com\/en\/ai-locations\/valle-del-ambroz\/"]}]},{"@type":"BreadcrumbList","@id":"https:\/\/spainfilmcommission.com\/en\/ai-locations\/valle-del-ambroz\/#breadcrumb","itemListElement":[{"@type":"ListItem","position":1,"name":"Portada","item":"https:\/\/spainfilmcommission.com\/en\/"},{"@type":"ListItem","position":2,"name":"Valle del Ambroz"}]},{"@type":"WebSite","@id":"https:\/\/spainfilmcommission.com\/en\/#website","url":"https:\/\/spainfilmcommission.com\/en\/","name":"Spain Film Commission","description":"","publisher":{"@id":"https:\/\/spainfilmcommission.com\/en\/#organization"},"potentialAction":[{"@type":"SearchAction","target":{"@type":"EntryPoint","urlTemplate":"https:\/\/spainfilmcommission.com\/en\/?s={search_term_string}"},"query-input":{"@type":"PropertyValueSpecification","valueRequired":true,"valueName":"search_term_string"}}],"inLanguage":"en-US"},{"@type":"Organization","@id":"https:\/\/spainfilmcommission.com\/en\/#organization","name":"Spain Film Commission","url":"https:\/\/spainfilmcommission.com\/en\/","logo":{"@type":"ImageObject","inLanguage":"en-US","@id":"https:\/\/spainfilmcommission.com\/en\/#\/schema\/logo\/image\/","url":"https:\/\/spainfilmcommission.com\/wp-content\/uploads\/2024\/07\/SPC_COLOR.png","contentUrl":"https:\/\/spainfilmcommission.com\/wp-content\/uploads\/2024\/07\/SPC_COLOR.png","width":1665,"height":1665,"caption":"Spain Film Commission"},"image":{"@id":"https:\/\/spainfilmcommission.com\/en\/#\/schema\/logo\/image\/"}}]}},"socio":[{"ID":"40","user_login":"extremadura-film-commission","user_nicename":"extremadura-film-commission","display_name":"extremadura-film-commission","user_pass":"****************","user_email":"filmcommission@extremaduraaudiovisual.com","user_url":"","user_registered":"2024-12-19 17:36:42","id":40}],"nombrees":"Valle del Ambroz","nombreen":"Valle del Ambroz","localidad":"Herv\u00e1s","provincia":"C\u00e1ceres","coordenadas_maps":"40.2746, -5.86137","latitud":"40.274600000000","longitud":"-5.861370000000","direcciones":"C\/ Magdalena Leroux 2 10700 Herv\u00e1s","direccionen":"C\/ Magdalena Leroux 2 10700 Herv\u00e1s","cod_postal":"10700","telefono":"927005483","fax":"","mail":"info@extremadurafc.org","web":"http:\/\/visitambroz.com\/valledelambroz\/inicio\/","descripciones":"Situado al norte de C\u00e1ceres, entre las tierras hurdanas y el Valle del Jerte, y haciendo frontera con las tierras salmantinas de Puerto de B\u00e9jar, hallar\u00e1s el Valle del Ambroz. Su paisaje, una serran\u00eda repleta de encinares, casta\u00f1os y pinares, va cambiando desde Plasencia hacia Ba\u00f1os de Montemayor o Herv\u00e1s, pasando de las dehesas a la alta monta\u00f1a. Esta comarca es ideal para los amantes de la pesca y de los deportes n\u00e1uticos. Del mismo modo, si te consideras un monta\u00f1ero experimentado, aprovecha el invierno para trepar por las laderas nevadas de sus sierras. Los aficionados a la ornitolog\u00eda, se acercan al Valle del Ambroz para avistar aves de diversos tipos: forestales, de monta\u00f1a, de matorral, de dehesa, de cultivos y acu\u00e1ticas. En esta comarca encontrar\u00e1s tambi\u00e9n algunos \u00e1rboles emblem\u00e1ticos, de los muchos que hay diseminados por Extremadura. No dejes de ver el abedular del Puerto de Honduras, los enormes casta\u00f1os de Casas del Monte y Segura de Toro y el alcornoque de La Fresneda en Aldeanueva del Camino. En cuanto a su riqueza monumental, cabe destacar el barrio jud\u00edo de Herv\u00e1s, y el palacio de Sotofermoso, situado en Abad\u00eda, ambos declarados conjunto hist\u00f3rico-art\u00edstico, Ba\u00f1os de Montemayor con su balneario, y Aldeanueva del Camino. Estas dos \u00faltimas localidades se encuentran en la V\u00eda de la Plata.","descripcionen":"Located north of C\u00e1ceres, between Hurdes and Valle del Jerte and bordering Puerto de B\u00e9jar (Salamanca), you will find the Valle del Ambroz. Its landscape, a ridge lined with oaks, chestnut and pine forests, is changing from Plasencia to Ba\u00f1os de Montemayor or Herv\u00e1s, from the meadows to the mountains. This area is ideal for fishing and water sports enthusiasts. Similarly, if you consider yourself an experienced mountaineer, winter fail to climb the snowy slopes of its mountains. The birdwatchers, come to the Valle del Ambroz to watch various types of birds: forest, mountain shrub, of pasture, crops and water. In this region you will also find some emblematic trees. Be sure to see the birch in the Puerto of Honduras, huge chestnut in Casas del Monte and Segura de Toro and La Fresneda oak in Aldeanueva del Camino. As for his monumental wealth, include the Jewish Quarter of Hervas, and Sotofermoso Palace, located in Abbey, both declared historical-artistic, Ba\u00f1os de Montemayor conjunction with its spa, and Aldeanueva del Camino. These last two localities are in the Via de la Plata.","galeria":[{"ID":"32087","post_author":"2","post_date":"2025-03-08 14:17:58","post_date_gmt":"2025-03-08 13:17:58","post_content":"","post_title":"valle-del-ambroz_298_1","post_excerpt":"","post_status":"inherit","comment_status":"closed","ping_status":"closed","post_password":"","post_name":"valle-del-ambroz_298_1","to_ping":"","pinged":"","post_modified":"2025-04-21 13:32:59","post_modified_gmt":"2025-04-21 11:32:59","post_content_filtered":"","post_parent":"11355","guid":"https:\/\/spainfilmcommission.com\/wp-content\/uploads\/2025\/03\/valle-del-ambroz_298_1.jpg","menu_order":"0","post_type":"attachment","post_mime_type":"image\/jpeg","comment_count":"0","pod_item_id":"32087"},{"ID":"32089","post_author":"2","post_date":"2025-03-08 14:18:03","post_date_gmt":"2025-03-08 13:18:03","post_content":"","post_title":"valle-del-ambroz_298_2","post_excerpt":"","post_status":"inherit","comment_status":"closed","ping_status":"closed","post_password":"","post_name":"valle-del-ambroz_298_2","to_ping":"","pinged":"","post_modified":"2025-04-21 13:32:59","post_modified_gmt":"2025-04-21 11:32:59","post_content_filtered":"","post_parent":"11355","guid":"https:\/\/spainfilmcommission.com\/wp-content\/uploads\/2025\/03\/valle-del-ambroz_298_2.jpg","menu_order":"0","post_type":"attachment","post_mime_type":"image\/jpeg","comment_count":"0","pod_item_id":"32089"},{"ID":"32091","post_author":"2","post_date":"2025-03-08 14:18:15","post_date_gmt":"2025-03-08 13:18:15","post_content":"","post_title":"valle-del-ambroz_298_3","post_excerpt":"","post_status":"inherit","comment_status":"closed","ping_status":"closed","post_password":"","post_name":"valle-del-ambroz_298_3","to_ping":"","pinged":"","post_modified":"2025-04-21 13:32:59","post_modified_gmt":"2025-04-21 11:32:59","post_content_filtered":"","post_parent":"11355","guid":"https:\/\/spainfilmcommission.com\/wp-content\/uploads\/2025\/03\/valle-del-ambroz_298_3.jpg","menu_order":"0","post_type":"attachment","post_mime_type":"image\/jpeg","comment_count":"0","pod_item_id":"32091"},{"ID":"32093","post_author":"2","post_date":"2025-03-08 14:18:19","post_date_gmt":"2025-03-08 13:18:19","post_content":"","post_title":"valle-del-ambroz_298_4","post_excerpt":"","post_status":"inherit","comment_status":"closed","ping_status":"closed","post_password":"","post_name":"valle-del-ambroz_298_4","to_ping":"","pinged":"","post_modified":"2025-04-21 13:32:59","post_modified_gmt":"2025-04-21 11:32:59","post_content_filtered":"","post_parent":"11355","guid":"https:\/\/spainfilmcommission.com\/wp-content\/uploads\/2025\/03\/valle-del-ambroz_298_4.jpg","menu_order":"0","post_type":"attachment","post_mime_type":"image\/jpeg","comment_count":"0","pod_item_id":"32093"},{"ID":"32095","post_author":"2","post_date":"2025-03-08 14:18:28","post_date_gmt":"2025-03-08 13:18:28","post_content":"","post_title":"valle-del-ambroz_298_5","post_excerpt":"","post_status":"inherit","comment_status":"closed","ping_status":"closed","post_password":"","post_name":"valle-del-ambroz_298_5","to_ping":"","pinged":"","post_modified":"2025-04-21 13:32:59","post_modified_gmt":"2025-04-21 11:32:59","post_content_filtered":"","post_parent":"11355","guid":"https:\/\/spainfilmcommission.com\/wp-content\/uploads\/2025\/03\/valle-del-ambroz_298_5.jpg","menu_order":"0","post_type":"attachment","post_mime_type":"image\/jpeg","comment_count":"0","pod_item_id":"32095"},{"ID":"32097","post_author":"2","post_date":"2025-03-08 14:18:32","post_date_gmt":"2025-03-08 13:18:32","post_content":"","post_title":"valle-del-ambroz_298_6","post_excerpt":"","post_status":"inherit","comment_status":"closed","ping_status":"closed","post_password":"","post_name":"valle-del-ambroz_298_6","to_ping":"","pinged":"","post_modified":"2025-04-21 13:32:59","post_modified_gmt":"2025-04-21 11:32:59","post_content_filtered":"","post_parent":"11355","guid":"https:\/\/spainfilmcommission.com\/wp-content\/uploads\/2025\/03\/valle-del-ambroz_298_6.jpg","menu_order":"0","post_type":"attachment","post_mime_type":"image\/jpeg","comment_count":"0","pod_item_id":"32097"}],"nombrepaginaes":"valle-del-ambroz","nombrepaginaen":"valle-del-ambroz","latitud_gps":"","longitud_gps":"","adicionaleses":"","adicionalesen":"","videoes":"","videoen":"","video2es":"","video2en":"","_links":{"self":[{"href":"https:\/\/spainfilmcommission.com\/en\/wp-json\/wp\/v2\/localizaciones\/localizacion\/11355","targetHints":{"allow":["GET"]}}],"collection":[{"href":"https:\/\/spainfilmcommission.com\/en\/wp-json\/wp\/v2\/localizaciones\/localizacion"}],"about":[{"href":"https:\/\/spainfilmcommission.com\/en\/wp-json\/wp\/v2\/types\/localizacion"}],"author":[{"embeddable":true,"href":"https:\/\/spainfilmcommission.com\/en\/wp-json\/wp\/v2\/users\/2"}],"wp:attachment":[{"href":"https:\/\/spainfilmcommission.com\/en\/wp-json\/wp\/v2\/media?parent=11355"}],"curies":[{"name":"wp","href":"https:\/\/api.w.org\/{rel}","templated":true}]}}