{"id":11326,"date":"2025-02-27T18:23:12","date_gmt":"2025-02-27T17:23:12","guid":{"rendered":"https:\/\/spainfilmcommission.com\/?post_type=localizacion&#038;p=11326"},"modified":"2025-04-22T09:20:14","modified_gmt":"2025-04-22T07:20:14","slug":"la-selva-de-irati","status":"publish","type":"localizacion","link":"https:\/\/spainfilmcommission.com\/en\/ai-locations\/la-selva-de-irati\/","title":{"rendered":"La Selva de Irati"},"content":{"rendered":"","protected":false},"author":2,"template":"","meta":[],"class_list":["post-11326","localizacion","type-localizacion","status-publish","hentry"],"yoast_head":"<!-- This site is optimized with the Yoast SEO plugin v28.3 - https:\/\/yoast.com\/product\/yoast-seo-wordpress\/ -->\n<title>Rodar en La Selva de Irati - Spain Film Commission<\/title>\n<meta name=\"description\" content=\"En esta p\u00e1gina encontrar\u00e1s una peque\u00f1a descripci\u00f3n, m\u00e1genes e informaci\u00f3n relevante para que te hagas una idea de c\u00f3mo es rodar en La Selva de Irati\" \/>\n<meta name=\"robots\" content=\"index, follow, max-snippet:-1, max-image-preview:large, max-video-preview:-1\" \/>\n<link rel=\"canonical\" href=\"https:\/\/spainfilmcommission.com\/en\/ai-locations\/la-selva-de-irati\/\" \/>\n<meta property=\"og:locale\" content=\"en_US\" \/>\n<meta property=\"og:type\" content=\"article\" \/>\n<meta property=\"og:title\" content=\"Rodar en La Selva de Irati - Spain Film Commission\" \/>\n<meta property=\"og:description\" content=\"En esta p\u00e1gina encontrar\u00e1s una peque\u00f1a descripci\u00f3n, m\u00e1genes e informaci\u00f3n relevante para que te hagas una idea de c\u00f3mo es rodar en La Selva de Irati\" \/>\n<meta property=\"og:url\" content=\"https:\/\/spainfilmcommission.com\/en\/ai-locations\/la-selva-de-irati\/\" \/>\n<meta property=\"og:site_name\" content=\"Spain Film Commission\" \/>\n<meta property=\"article:modified_time\" content=\"2025-04-22T07:20:14+00:00\" \/>\n<meta name=\"twitter:card\" content=\"summary_large_image\" \/>\n<script type=\"application\/ld+json\" class=\"yoast-schema-graph\">{\"@context\":\"https:\\\/\\\/schema.org\",\"@graph\":[{\"@type\":\"WebPage\",\"@id\":\"https:\\\/\\\/spainfilmcommission.com\\\/en\\\/ai-locations\\\/la-selva-de-irati\\\/\",\"url\":\"https:\\\/\\\/spainfilmcommission.com\\\/en\\\/ai-locations\\\/la-selva-de-irati\\\/\",\"name\":\"Rodar en La Selva de Irati - Spain Film Commission\",\"isPartOf\":{\"@id\":\"https:\\\/\\\/spainfilmcommission.com\\\/en\\\/#website\"},\"datePublished\":\"2025-02-27T17:23:12+00:00\",\"dateModified\":\"2025-04-22T07:20:14+00:00\",\"description\":\"En esta p\u00e1gina encontrar\u00e1s una peque\u00f1a descripci\u00f3n, m\u00e1genes e informaci\u00f3n relevante para que te hagas una idea de c\u00f3mo es rodar en La Selva de Irati\",\"breadcrumb\":{\"@id\":\"https:\\\/\\\/spainfilmcommission.com\\\/en\\\/ai-locations\\\/la-selva-de-irati\\\/#breadcrumb\"},\"inLanguage\":\"en-US\",\"potentialAction\":[{\"@type\":\"ReadAction\",\"target\":[\"https:\\\/\\\/spainfilmcommission.com\\\/en\\\/ai-locations\\\/la-selva-de-irati\\\/\"]}]},{\"@type\":\"BreadcrumbList\",\"@id\":\"https:\\\/\\\/spainfilmcommission.com\\\/en\\\/ai-locations\\\/la-selva-de-irati\\\/#breadcrumb\",\"itemListElement\":[{\"@type\":\"ListItem\",\"position\":1,\"name\":\"Portada\",\"item\":\"https:\\\/\\\/spainfilmcommission.com\\\/en\\\/\"},{\"@type\":\"ListItem\",\"position\":2,\"name\":\"La Selva de Irati\"}]},{\"@type\":\"WebSite\",\"@id\":\"https:\\\/\\\/spainfilmcommission.com\\\/en\\\/#website\",\"url\":\"https:\\\/\\\/spainfilmcommission.com\\\/en\\\/\",\"name\":\"Spain Film Commission\",\"description\":\"\",\"publisher\":{\"@id\":\"https:\\\/\\\/spainfilmcommission.com\\\/en\\\/#organization\"},\"potentialAction\":[{\"@type\":\"SearchAction\",\"target\":{\"@type\":\"EntryPoint\",\"urlTemplate\":\"https:\\\/\\\/spainfilmcommission.com\\\/en\\\/?s={search_term_string}\"},\"query-input\":{\"@type\":\"PropertyValueSpecification\",\"valueRequired\":true,\"valueName\":\"search_term_string\"}}],\"inLanguage\":\"en-US\"},{\"@type\":\"Organization\",\"@id\":\"https:\\\/\\\/spainfilmcommission.com\\\/en\\\/#organization\",\"name\":\"Spain Film Commission\",\"url\":\"https:\\\/\\\/spainfilmcommission.com\\\/en\\\/\",\"logo\":{\"@type\":\"ImageObject\",\"inLanguage\":\"en-US\",\"@id\":\"https:\\\/\\\/spainfilmcommission.com\\\/en\\\/#\\\/schema\\\/logo\\\/image\\\/\",\"url\":\"https:\\\/\\\/spainfilmcommission.com\\\/wp-content\\\/uploads\\\/2024\\\/07\\\/SPC_COLOR.png\",\"contentUrl\":\"https:\\\/\\\/spainfilmcommission.com\\\/wp-content\\\/uploads\\\/2024\\\/07\\\/SPC_COLOR.png\",\"width\":1665,\"height\":1665,\"caption\":\"Spain Film Commission\"},\"image\":{\"@id\":\"https:\\\/\\\/spainfilmcommission.com\\\/en\\\/#\\\/schema\\\/logo\\\/image\\\/\"}}]}<\/script>\n<!-- \/ Yoast SEO plugin. -->","yoast_head_json":{"title":"Rodar en La Selva de Irati - Spain Film Commission","description":"En esta p\u00e1gina encontrar\u00e1s una peque\u00f1a descripci\u00f3n, m\u00e1genes e informaci\u00f3n relevante para que te hagas una idea de c\u00f3mo es rodar en La Selva de Irati","robots":{"index":"index","follow":"follow","max-snippet":"max-snippet:-1","max-image-preview":"max-image-preview:large","max-video-preview":"max-video-preview:-1"},"canonical":"https:\/\/spainfilmcommission.com\/en\/ai-locations\/la-selva-de-irati\/","og_locale":"en_US","og_type":"article","og_title":"Rodar en La Selva de Irati - Spain Film Commission","og_description":"En esta p\u00e1gina encontrar\u00e1s una peque\u00f1a descripci\u00f3n, m\u00e1genes e informaci\u00f3n relevante para que te hagas una idea de c\u00f3mo es rodar en La Selva de Irati","og_url":"https:\/\/spainfilmcommission.com\/en\/ai-locations\/la-selva-de-irati\/","og_site_name":"Spain Film Commission","article_modified_time":"2025-04-22T07:20:14+00:00","twitter_card":"summary_large_image","schema":{"@context":"https:\/\/schema.org","@graph":[{"@type":"WebPage","@id":"https:\/\/spainfilmcommission.com\/en\/ai-locations\/la-selva-de-irati\/","url":"https:\/\/spainfilmcommission.com\/en\/ai-locations\/la-selva-de-irati\/","name":"Rodar en La Selva de Irati - Spain Film Commission","isPartOf":{"@id":"https:\/\/spainfilmcommission.com\/en\/#website"},"datePublished":"2025-02-27T17:23:12+00:00","dateModified":"2025-04-22T07:20:14+00:00","description":"En esta p\u00e1gina encontrar\u00e1s una peque\u00f1a descripci\u00f3n, m\u00e1genes e informaci\u00f3n relevante para que te hagas una idea de c\u00f3mo es rodar en La Selva de Irati","breadcrumb":{"@id":"https:\/\/spainfilmcommission.com\/en\/ai-locations\/la-selva-de-irati\/#breadcrumb"},"inLanguage":"en-US","potentialAction":[{"@type":"ReadAction","target":["https:\/\/spainfilmcommission.com\/en\/ai-locations\/la-selva-de-irati\/"]}]},{"@type":"BreadcrumbList","@id":"https:\/\/spainfilmcommission.com\/en\/ai-locations\/la-selva-de-irati\/#breadcrumb","itemListElement":[{"@type":"ListItem","position":1,"name":"Portada","item":"https:\/\/spainfilmcommission.com\/en\/"},{"@type":"ListItem","position":2,"name":"La Selva de Irati"}]},{"@type":"WebSite","@id":"https:\/\/spainfilmcommission.com\/en\/#website","url":"https:\/\/spainfilmcommission.com\/en\/","name":"Spain Film Commission","description":"","publisher":{"@id":"https:\/\/spainfilmcommission.com\/en\/#organization"},"potentialAction":[{"@type":"SearchAction","target":{"@type":"EntryPoint","urlTemplate":"https:\/\/spainfilmcommission.com\/en\/?s={search_term_string}"},"query-input":{"@type":"PropertyValueSpecification","valueRequired":true,"valueName":"search_term_string"}}],"inLanguage":"en-US"},{"@type":"Organization","@id":"https:\/\/spainfilmcommission.com\/en\/#organization","name":"Spain Film Commission","url":"https:\/\/spainfilmcommission.com\/en\/","logo":{"@type":"ImageObject","inLanguage":"en-US","@id":"https:\/\/spainfilmcommission.com\/en\/#\/schema\/logo\/image\/","url":"https:\/\/spainfilmcommission.com\/wp-content\/uploads\/2024\/07\/SPC_COLOR.png","contentUrl":"https:\/\/spainfilmcommission.com\/wp-content\/uploads\/2024\/07\/SPC_COLOR.png","width":1665,"height":1665,"caption":"Spain Film Commission"},"image":{"@id":"https:\/\/spainfilmcommission.com\/en\/#\/schema\/logo\/image\/"}}]}},"socio":[{"ID":"43","user_login":"navarra-film-commission","user_nicename":"navarra-film-commission","display_name":"Navarra Film Commission","user_pass":"****************","user_email":"s.sevilla@nicdo.es","user_url":"","user_registered":"2024-12-19 17:48:02","id":43}],"nombrees":"La Selva de Irati","nombreen":"The Irati Forest","localidad":"Ochagav\u00eda y Orbaiceta","provincia":"Navarra","coordenadas_maps":"42.9842, -1.12679","latitud":"42.984200000000","longitud":"-1.126790000000","direcciones":"NA-2030","direccionen":"NA-2030","cod_postal":"31680","telefono":"","fax":"","mail":"","web":"http:\/\/www.irati.org\/es\/","descripciones":"La Selva de Irati es el segundo hayedo-abetal m\u00e1s extenso y mejor conservado de Europa, despu\u00e9s de la Selva Negra de Alemania. Una inmensa mancha verde de unas 17.000 hect\u00e1reas que se mantiene en estado casi virgen. Se encuentra situada en el Pirineo oriental navarro, en una cuenca rodeada por monta\u00f1as (Ori, Abodi...), en la cabecera de los pirenaicos valles de Aezkoa y Salazar. La Selva de Irati es un tesoro natural con gran valor ecol\u00f3gico en el que conviven distintas figuras de protecci\u00f3n como las reservas naturales de Mendilatz y Tristuibartea y la reserva integral de Lizardoia. Tupidos hayedos, pastizales, abetos y frescas aguas pintan un paisaje de colores vivos que se transforma con cada nueva estaci\u00f3n.","descripcionen":"The Irati Forest is the second largest and best preserved beech and fir forest in Europe, an immense green mantle of some 17,000 hectares that is still in an almost unspoiled state. Standing among the western Pyrenees of Navarra, the Irati Forest is accessed from the picturesque villages of Ochagav\u00eda and Orbaitzeta (Salazar and Aezkoa Valleys ) and is a natural treasure in which you can find the protected areas of Mendilatz and Tristuibartea and the Lizardoia Integral Reserve. Sit down in the heart of the forest and enjoy communing with nature; let yourself be enveloped in a silence broken only by the wild rushing of water between beeches and firs. Admire the crystalline currents of the river Irati that turn turquoise in the Irabia reservoir and listen out for the elusi...","galeria":[{"ID":"15185","post_author":"2","post_date":"2025-03-07 23:28:18","post_date_gmt":"2025-03-07 22:28:18","post_content":"","post_title":"foto-261_5518","post_excerpt":"","post_status":"inherit","comment_status":"closed","ping_status":"closed","post_password":"","post_name":"foto-261_5518","to_ping":"","pinged":"","post_modified":"2025-04-22 09:20:14","post_modified_gmt":"2025-04-22 07:20:14","post_content_filtered":"","post_parent":"11326","guid":"https:\/\/spainfilmcommission.com\/wp-content\/uploads\/2025\/03\/foto-261_5518.jpg","menu_order":"0","post_type":"attachment","post_mime_type":"image\/jpeg","comment_count":"0","pod_item_id":"15185"},{"ID":"31675","post_author":"2","post_date":"2025-03-08 14:03:19","post_date_gmt":"2025-03-08 13:03:19","post_content":"","post_title":"selva-del-irati_261_1","post_excerpt":"","post_status":"inherit","comment_status":"closed","ping_status":"closed","post_password":"","post_name":"selva-del-irati_261_1","to_ping":"","pinged":"","post_modified":"2025-04-22 09:20:14","post_modified_gmt":"2025-04-22 07:20:14","post_content_filtered":"","post_parent":"11326","guid":"https:\/\/spainfilmcommission.com\/wp-content\/uploads\/2025\/03\/selva-del-irati_261_1.jpg","menu_order":"0","post_type":"attachment","post_mime_type":"image\/jpeg","comment_count":"0","pod_item_id":"31675"},{"ID":"31677","post_author":"2","post_date":"2025-03-08 14:03:22","post_date_gmt":"2025-03-08 13:03:22","post_content":"","post_title":"selva-del-irati_261_2","post_excerpt":"","post_status":"inherit","comment_status":"closed","ping_status":"closed","post_password":"","post_name":"selva-del-irati_261_2","to_ping":"","pinged":"","post_modified":"2025-04-22 09:20:14","post_modified_gmt":"2025-04-22 07:20:14","post_content_filtered":"","post_parent":"11326","guid":"https:\/\/spainfilmcommission.com\/wp-content\/uploads\/2025\/03\/selva-del-irati_261_2.jpg","menu_order":"0","post_type":"attachment","post_mime_type":"image\/jpeg","comment_count":"0","pod_item_id":"31677"},{"ID":"31679","post_author":"2","post_date":"2025-03-08 14:03:28","post_date_gmt":"2025-03-08 13:03:28","post_content":"","post_title":"selva-del-irati_261_3","post_excerpt":"","post_status":"inherit","comment_status":"closed","ping_status":"closed","post_password":"","post_name":"selva-del-irati_261_3","to_ping":"","pinged":"","post_modified":"2025-04-22 09:20:14","post_modified_gmt":"2025-04-22 07:20:14","post_content_filtered":"","post_parent":"11326","guid":"https:\/\/spainfilmcommission.com\/wp-content\/uploads\/2025\/03\/selva-del-irati_261_3.jpg","menu_order":"0","post_type":"attachment","post_mime_type":"image\/jpeg","comment_count":"0","pod_item_id":"31679"},{"ID":"31681","post_author":"2","post_date":"2025-03-08 14:03:31","post_date_gmt":"2025-03-08 13:03:31","post_content":"","post_title":"selva-del-irati_261_4","post_excerpt":"","post_status":"inherit","comment_status":"closed","ping_status":"closed","post_password":"","post_name":"selva-del-irati_261_4","to_ping":"","pinged":"","post_modified":"2025-04-22 09:20:14","post_modified_gmt":"2025-04-22 07:20:14","post_content_filtered":"","post_parent":"11326","guid":"https:\/\/spainfilmcommission.com\/wp-content\/uploads\/2025\/03\/selva-del-irati_261_4.jpg","menu_order":"0","post_type":"attachment","post_mime_type":"image\/jpeg","comment_count":"0","pod_item_id":"31681"},{"ID":"31683","post_author":"2","post_date":"2025-03-08 14:03:35","post_date_gmt":"2025-03-08 13:03:35","post_content":"","post_title":"selva-del-irati_261_5","post_excerpt":"","post_status":"inherit","comment_status":"closed","ping_status":"closed","post_password":"","post_name":"selva-del-irati_261_5","to_ping":"","pinged":"","post_modified":"2025-04-22 09:20:14","post_modified_gmt":"2025-04-22 07:20:14","post_content_filtered":"","post_parent":"11326","guid":"https:\/\/spainfilmcommission.com\/wp-content\/uploads\/2025\/03\/selva-del-irati_261_5.jpg","menu_order":"0","post_type":"attachment","post_mime_type":"image\/jpeg","comment_count":"0","pod_item_id":"31683"},{"ID":"31685","post_author":"2","post_date":"2025-03-08 14:03:41","post_date_gmt":"2025-03-08 13:03:41","post_content":"","post_title":"selva-del-irati_261_6","post_excerpt":"","post_status":"inherit","comment_status":"closed","ping_status":"closed","post_password":"","post_name":"selva-del-irati_261_6","to_ping":"","pinged":"","post_modified":"2025-04-22 09:20:14","post_modified_gmt":"2025-04-22 07:20:14","post_content_filtered":"","post_parent":"11326","guid":"https:\/\/spainfilmcommission.com\/wp-content\/uploads\/2025\/03\/selva-del-irati_261_6.jpg","menu_order":"0","post_type":"attachment","post_mime_type":"image\/jpeg","comment_count":"0","pod_item_id":"31685"},{"ID":"31687","post_author":"2","post_date":"2025-03-08 14:03:47","post_date_gmt":"2025-03-08 13:03:47","post_content":"","post_title":"selva-del-irati_261_7","post_excerpt":"","post_status":"inherit","comment_status":"closed","ping_status":"closed","post_password":"","post_name":"selva-del-irati_261_7","to_ping":"","pinged":"","post_modified":"2025-04-22 09:20:14","post_modified_gmt":"2025-04-22 07:20:14","post_content_filtered":"","post_parent":"11326","guid":"https:\/\/spainfilmcommission.com\/wp-content\/uploads\/2025\/03\/selva-del-irati_261_7.jpg","menu_order":"0","post_type":"attachment","post_mime_type":"image\/jpeg","comment_count":"0","pod_item_id":"31687"},{"ID":"31689","post_author":"2","post_date":"2025-03-08 14:03:50","post_date_gmt":"2025-03-08 13:03:50","post_content":"","post_title":"selva-del-irati_261_8","post_excerpt":"","post_status":"inherit","comment_status":"closed","ping_status":"closed","post_password":"","post_name":"selva-del-irati_261_8","to_ping":"","pinged":"","post_modified":"2025-04-22 09:20:14","post_modified_gmt":"2025-04-22 07:20:14","post_content_filtered":"","post_parent":"11326","guid":"https:\/\/spainfilmcommission.com\/wp-content\/uploads\/2025\/03\/selva-del-irati_261_8.jpg","menu_order":"0","post_type":"attachment","post_mime_type":"image\/jpeg","comment_count":"0","pod_item_id":"31689"},{"ID":"31691","post_author":"2","post_date":"2025-03-08 14:03:54","post_date_gmt":"2025-03-08 13:03:54","post_content":"","post_title":"selva-del-irati_261_9","post_excerpt":"","post_status":"inherit","comment_status":"closed","ping_status":"closed","post_password":"","post_name":"selva-del-irati_261_9","to_ping":"","pinged":"","post_modified":"2025-04-22 09:20:14","post_modified_gmt":"2025-04-22 07:20:14","post_content_filtered":"","post_parent":"11326","guid":"https:\/\/spainfilmcommission.com\/wp-content\/uploads\/2025\/03\/selva-del-irati_261_9.jpg","menu_order":"0","post_type":"attachment","post_mime_type":"image\/jpeg","comment_count":"0","pod_item_id":"31691"},{"ID":"31693","post_author":"2","post_date":"2025-03-08 14:04:00","post_date_gmt":"2025-03-08 13:04:00","post_content":"","post_title":"selva-del-irati_261_10","post_excerpt":"","post_status":"inherit","comment_status":"closed","ping_status":"closed","post_password":"","post_name":"selva-del-irati_261_10","to_ping":"","pinged":"","post_modified":"2025-04-22 09:20:14","post_modified_gmt":"2025-04-22 07:20:14","post_content_filtered":"","post_parent":"11326","guid":"https:\/\/spainfilmcommission.com\/wp-content\/uploads\/2025\/03\/selva-del-irati_261_10.jpg","menu_order":"0","post_type":"attachment","post_mime_type":"image\/jpeg","comment_count":"0","pod_item_id":"31693"},{"ID":"31695","post_author":"2","post_date":"2025-03-08 14:04:03","post_date_gmt":"2025-03-08 13:04:03","post_content":"","post_title":"selva-del-irati_261_11","post_excerpt":"","post_status":"inherit","comment_status":"closed","ping_status":"closed","post_password":"","post_name":"selva-del-irati_261_11","to_ping":"","pinged":"","post_modified":"2025-04-22 09:20:14","post_modified_gmt":"2025-04-22 07:20:14","post_content_filtered":"","post_parent":"11326","guid":"https:\/\/spainfilmcommission.com\/wp-content\/uploads\/2025\/03\/selva-del-irati_261_11.jpg","menu_order":"0","post_type":"attachment","post_mime_type":"image\/jpeg","comment_count":"0","pod_item_id":"31695"},{"ID":"31697","post_author":"2","post_date":"2025-03-08 14:04:07","post_date_gmt":"2025-03-08 13:04:07","post_content":"","post_title":"selva-del-irati_261_12","post_excerpt":"","post_status":"inherit","comment_status":"closed","ping_status":"closed","post_password":"","post_name":"selva-del-irati_261_12","to_ping":"","pinged":"","post_modified":"2025-04-22 09:20:14","post_modified_gmt":"2025-04-22 07:20:14","post_content_filtered":"","post_parent":"11326","guid":"https:\/\/spainfilmcommission.com\/wp-content\/uploads\/2025\/03\/selva-del-irati_261_12.jpg","menu_order":"0","post_type":"attachment","post_mime_type":"image\/jpeg","comment_count":"0","pod_item_id":"31697"},{"ID":"31699","post_author":"2","post_date":"2025-03-08 14:04:13","post_date_gmt":"2025-03-08 13:04:13","post_content":"","post_title":"selva-del-irati_261_13","post_excerpt":"","post_status":"inherit","comment_status":"closed","ping_status":"closed","post_password":"","post_name":"selva-del-irati_261_13","to_ping":"","pinged":"","post_modified":"2025-04-22 09:20:14","post_modified_gmt":"2025-04-22 07:20:14","post_content_filtered":"","post_parent":"11326","guid":"https:\/\/spainfilmcommission.com\/wp-content\/uploads\/2025\/03\/selva-del-irati_261_13.jpg","menu_order":"0","post_type":"attachment","post_mime_type":"image\/jpeg","comment_count":"0","pod_item_id":"31699"},{"ID":"31701","post_author":"2","post_date":"2025-03-08 14:04:17","post_date_gmt":"2025-03-08 13:04:17","post_content":"","post_title":"selva-del-irati_261_14","post_excerpt":"","post_status":"inherit","comment_status":"closed","ping_status":"closed","post_password":"","post_name":"selva-del-irati_261_14","to_ping":"","pinged":"","post_modified":"2025-04-22 09:20:14","post_modified_gmt":"2025-04-22 07:20:14","post_content_filtered":"","post_parent":"11326","guid":"https:\/\/spainfilmcommission.com\/wp-content\/uploads\/2025\/03\/selva-del-irati_261_14.jpg","menu_order":"0","post_type":"attachment","post_mime_type":"image\/jpeg","comment_count":"0","pod_item_id":"31701"},{"ID":"31703","post_author":"2","post_date":"2025-03-08 14:04:20","post_date_gmt":"2025-03-08 13:04:20","post_content":"","post_title":"selva-del-irati_261_15","post_excerpt":"","post_status":"inherit","comment_status":"closed","ping_status":"closed","post_password":"","post_name":"selva-del-irati_261_15","to_ping":"","pinged":"","post_modified":"2025-04-22 09:20:14","post_modified_gmt":"2025-04-22 07:20:14","post_content_filtered":"","post_parent":"11326","guid":"https:\/\/spainfilmcommission.com\/wp-content\/uploads\/2025\/03\/selva-del-irati_261_15.jpg","menu_order":"0","post_type":"attachment","post_mime_type":"image\/jpeg","comment_count":"0","pod_item_id":"31703"}],"nombrepaginaes":"la-selva-de-irati","nombrepaginaen":"the-irati-forest","latitud_gps":"42\u00b0 58' 59.9","longitud_gps":"1\u00b0 08' 12.5","adicionaleses":"http:\/\/www.turismo.navarra.es\/esp\/organice-viaje\/recurso\/Patrimonio\/3041\/Selva-de-Irati.htm http:\/\/www.irati.org\/es\/","adicionalesen":"http:\/\/www.turismo.navarra.es\/eng\/organice-viaje\/recurso.aspx?o=3041& http:\/\/www.irati.org\/es\/ \u00a0 \u00a0","videoes":"","videoen":"","video2es":"","video2en":"","_links":{"self":[{"href":"https:\/\/spainfilmcommission.com\/en\/wp-json\/wp\/v2\/localizaciones\/localizacion\/11326","targetHints":{"allow":["GET"]}}],"collection":[{"href":"https:\/\/spainfilmcommission.com\/en\/wp-json\/wp\/v2\/localizaciones\/localizacion"}],"about":[{"href":"https:\/\/spainfilmcommission.com\/en\/wp-json\/wp\/v2\/types\/localizacion"}],"author":[{"embeddable":true,"href":"https:\/\/spainfilmcommission.com\/en\/wp-json\/wp\/v2\/users\/2"}],"wp:attachment":[{"href":"https:\/\/spainfilmcommission.com\/en\/wp-json\/wp\/v2\/media?parent=11326"}],"curies":[{"name":"wp","href":"https:\/\/api.w.org\/{rel}","templated":true}]}}