{"id":11325,"date":"2025-02-27T18:23:12","date_gmt":"2025-02-27T17:23:12","guid":{"rendered":"https:\/\/spainfilmcommission.com\/?post_type=localizacion&#038;p=11325"},"modified":"2025-04-22T07:56:47","modified_gmt":"2025-04-22T05:56:47","slug":"parque-audiovisual-de-cataluna","status":"publish","type":"localizacion","link":"https:\/\/spainfilmcommission.com\/en\/ai-locations\/parque-audiovisual-de-cataluna\/","title":{"rendered":"Parque Audiovisual de Catalu\u00f1a"},"content":{"rendered":"","protected":false},"author":2,"template":"","meta":[],"class_list":["post-11325","localizacion","type-localizacion","status-publish","hentry"],"yoast_head":"<!-- This site is optimized with the Yoast SEO plugin v28.3 - https:\/\/yoast.com\/product\/yoast-seo-wordpress\/ -->\n<title>Rodar en Parque Audiovisual de Catalu\u00f1a - Spain Film Commission<\/title>\n<meta name=\"description\" content=\"En esta p\u00e1gina encontrar\u00e1s una peque\u00f1a descripci\u00f3n, m\u00e1genes e informaci\u00f3n relevante para que te hagas una idea de c\u00f3mo es rodar en Parque Audiovisual de Catalu\u00f1a\" \/>\n<meta name=\"robots\" content=\"index, follow, max-snippet:-1, max-image-preview:large, max-video-preview:-1\" \/>\n<link rel=\"canonical\" href=\"https:\/\/spainfilmcommission.com\/en\/ai-locations\/parque-audiovisual-de-cataluna\/\" \/>\n<meta property=\"og:locale\" content=\"en_US\" \/>\n<meta property=\"og:type\" content=\"article\" \/>\n<meta property=\"og:title\" content=\"Rodar en Parque Audiovisual de Catalu\u00f1a - Spain Film Commission\" \/>\n<meta property=\"og:description\" content=\"En esta p\u00e1gina encontrar\u00e1s una peque\u00f1a descripci\u00f3n, m\u00e1genes e informaci\u00f3n relevante para que te hagas una idea de c\u00f3mo es rodar en Parque Audiovisual de Catalu\u00f1a\" \/>\n<meta property=\"og:url\" content=\"https:\/\/spainfilmcommission.com\/en\/ai-locations\/parque-audiovisual-de-cataluna\/\" \/>\n<meta property=\"og:site_name\" content=\"Spain Film Commission\" \/>\n<meta property=\"article:modified_time\" content=\"2025-04-22T05:56:47+00:00\" \/>\n<meta name=\"twitter:card\" content=\"summary_large_image\" \/>\n<script type=\"application\/ld+json\" class=\"yoast-schema-graph\">{\"@context\":\"https:\\\/\\\/schema.org\",\"@graph\":[{\"@type\":\"WebPage\",\"@id\":\"https:\\\/\\\/spainfilmcommission.com\\\/en\\\/ai-locations\\\/parque-audiovisual-de-cataluna\\\/\",\"url\":\"https:\\\/\\\/spainfilmcommission.com\\\/en\\\/ai-locations\\\/parque-audiovisual-de-cataluna\\\/\",\"name\":\"Rodar en Parque Audiovisual de Catalu\u00f1a - Spain Film Commission\",\"isPartOf\":{\"@id\":\"https:\\\/\\\/spainfilmcommission.com\\\/en\\\/#website\"},\"datePublished\":\"2025-02-27T17:23:12+00:00\",\"dateModified\":\"2025-04-22T05:56:47+00:00\",\"description\":\"En esta p\u00e1gina encontrar\u00e1s una peque\u00f1a descripci\u00f3n, m\u00e1genes e informaci\u00f3n relevante para que te hagas una idea de c\u00f3mo es rodar en Parque Audiovisual de Catalu\u00f1a\",\"breadcrumb\":{\"@id\":\"https:\\\/\\\/spainfilmcommission.com\\\/en\\\/ai-locations\\\/parque-audiovisual-de-cataluna\\\/#breadcrumb\"},\"inLanguage\":\"en-US\",\"potentialAction\":[{\"@type\":\"ReadAction\",\"target\":[\"https:\\\/\\\/spainfilmcommission.com\\\/en\\\/ai-locations\\\/parque-audiovisual-de-cataluna\\\/\"]}]},{\"@type\":\"BreadcrumbList\",\"@id\":\"https:\\\/\\\/spainfilmcommission.com\\\/en\\\/ai-locations\\\/parque-audiovisual-de-cataluna\\\/#breadcrumb\",\"itemListElement\":[{\"@type\":\"ListItem\",\"position\":1,\"name\":\"Portada\",\"item\":\"https:\\\/\\\/spainfilmcommission.com\\\/en\\\/\"},{\"@type\":\"ListItem\",\"position\":2,\"name\":\"Parque Audiovisual de Catalu\u00f1a\"}]},{\"@type\":\"WebSite\",\"@id\":\"https:\\\/\\\/spainfilmcommission.com\\\/en\\\/#website\",\"url\":\"https:\\\/\\\/spainfilmcommission.com\\\/en\\\/\",\"name\":\"Spain Film Commission\",\"description\":\"\",\"publisher\":{\"@id\":\"https:\\\/\\\/spainfilmcommission.com\\\/en\\\/#organization\"},\"potentialAction\":[{\"@type\":\"SearchAction\",\"target\":{\"@type\":\"EntryPoint\",\"urlTemplate\":\"https:\\\/\\\/spainfilmcommission.com\\\/en\\\/?s={search_term_string}\"},\"query-input\":{\"@type\":\"PropertyValueSpecification\",\"valueRequired\":true,\"valueName\":\"search_term_string\"}}],\"inLanguage\":\"en-US\"},{\"@type\":\"Organization\",\"@id\":\"https:\\\/\\\/spainfilmcommission.com\\\/en\\\/#organization\",\"name\":\"Spain Film Commission\",\"url\":\"https:\\\/\\\/spainfilmcommission.com\\\/en\\\/\",\"logo\":{\"@type\":\"ImageObject\",\"inLanguage\":\"en-US\",\"@id\":\"https:\\\/\\\/spainfilmcommission.com\\\/en\\\/#\\\/schema\\\/logo\\\/image\\\/\",\"url\":\"https:\\\/\\\/spainfilmcommission.com\\\/wp-content\\\/uploads\\\/2024\\\/07\\\/SPC_COLOR.png\",\"contentUrl\":\"https:\\\/\\\/spainfilmcommission.com\\\/wp-content\\\/uploads\\\/2024\\\/07\\\/SPC_COLOR.png\",\"width\":1665,\"height\":1665,\"caption\":\"Spain Film Commission\"},\"image\":{\"@id\":\"https:\\\/\\\/spainfilmcommission.com\\\/en\\\/#\\\/schema\\\/logo\\\/image\\\/\"}}]}<\/script>\n<!-- \/ Yoast SEO plugin. -->","yoast_head_json":{"title":"Rodar en Parque Audiovisual de Catalu\u00f1a - Spain Film Commission","description":"En esta p\u00e1gina encontrar\u00e1s una peque\u00f1a descripci\u00f3n, m\u00e1genes e informaci\u00f3n relevante para que te hagas una idea de c\u00f3mo es rodar en Parque Audiovisual de Catalu\u00f1a","robots":{"index":"index","follow":"follow","max-snippet":"max-snippet:-1","max-image-preview":"max-image-preview:large","max-video-preview":"max-video-preview:-1"},"canonical":"https:\/\/spainfilmcommission.com\/en\/ai-locations\/parque-audiovisual-de-cataluna\/","og_locale":"en_US","og_type":"article","og_title":"Rodar en Parque Audiovisual de Catalu\u00f1a - Spain Film Commission","og_description":"En esta p\u00e1gina encontrar\u00e1s una peque\u00f1a descripci\u00f3n, m\u00e1genes e informaci\u00f3n relevante para que te hagas una idea de c\u00f3mo es rodar en Parque Audiovisual de Catalu\u00f1a","og_url":"https:\/\/spainfilmcommission.com\/en\/ai-locations\/parque-audiovisual-de-cataluna\/","og_site_name":"Spain Film Commission","article_modified_time":"2025-04-22T05:56:47+00:00","twitter_card":"summary_large_image","schema":{"@context":"https:\/\/schema.org","@graph":[{"@type":"WebPage","@id":"https:\/\/spainfilmcommission.com\/en\/ai-locations\/parque-audiovisual-de-cataluna\/","url":"https:\/\/spainfilmcommission.com\/en\/ai-locations\/parque-audiovisual-de-cataluna\/","name":"Rodar en Parque Audiovisual de Catalu\u00f1a - Spain Film Commission","isPartOf":{"@id":"https:\/\/spainfilmcommission.com\/en\/#website"},"datePublished":"2025-02-27T17:23:12+00:00","dateModified":"2025-04-22T05:56:47+00:00","description":"En esta p\u00e1gina encontrar\u00e1s una peque\u00f1a descripci\u00f3n, m\u00e1genes e informaci\u00f3n relevante para que te hagas una idea de c\u00f3mo es rodar en Parque Audiovisual de Catalu\u00f1a","breadcrumb":{"@id":"https:\/\/spainfilmcommission.com\/en\/ai-locations\/parque-audiovisual-de-cataluna\/#breadcrumb"},"inLanguage":"en-US","potentialAction":[{"@type":"ReadAction","target":["https:\/\/spainfilmcommission.com\/en\/ai-locations\/parque-audiovisual-de-cataluna\/"]}]},{"@type":"BreadcrumbList","@id":"https:\/\/spainfilmcommission.com\/en\/ai-locations\/parque-audiovisual-de-cataluna\/#breadcrumb","itemListElement":[{"@type":"ListItem","position":1,"name":"Portada","item":"https:\/\/spainfilmcommission.com\/en\/"},{"@type":"ListItem","position":2,"name":"Parque Audiovisual de Catalu\u00f1a"}]},{"@type":"WebSite","@id":"https:\/\/spainfilmcommission.com\/en\/#website","url":"https:\/\/spainfilmcommission.com\/en\/","name":"Spain Film Commission","description":"","publisher":{"@id":"https:\/\/spainfilmcommission.com\/en\/#organization"},"potentialAction":[{"@type":"SearchAction","target":{"@type":"EntryPoint","urlTemplate":"https:\/\/spainfilmcommission.com\/en\/?s={search_term_string}"},"query-input":{"@type":"PropertyValueSpecification","valueRequired":true,"valueName":"search_term_string"}}],"inLanguage":"en-US"},{"@type":"Organization","@id":"https:\/\/spainfilmcommission.com\/en\/#organization","name":"Spain Film Commission","url":"https:\/\/spainfilmcommission.com\/en\/","logo":{"@type":"ImageObject","inLanguage":"en-US","@id":"https:\/\/spainfilmcommission.com\/en\/#\/schema\/logo\/image\/","url":"https:\/\/spainfilmcommission.com\/wp-content\/uploads\/2024\/07\/SPC_COLOR.png","contentUrl":"https:\/\/spainfilmcommission.com\/wp-content\/uploads\/2024\/07\/SPC_COLOR.png","width":1665,"height":1665,"caption":"Spain Film Commission"},"image":{"@id":"https:\/\/spainfilmcommission.com\/en\/#\/schema\/logo\/image\/"}}]}},"socio":[{"ID":"21","user_login":"terrasa-film-office-parc-audiovisual-de-catalunya","user_nicename":"terrasa-film-office-parc-audiovisual-de-catalunya","display_name":"terrasa-film-office-parc-audiovisual-de-catalunya","user_pass":"****************","user_email":"lu.sanchez@parcaudiovisual.com","user_url":"","user_registered":"2024-12-19 13:56:33","id":21}],"nombrees":"Parque Audiovisual de Catalu\u00f1a","nombreen":"Parque Audiovisual de Catalu\u00f1a","localidad":"Terrassa","provincia":"Barcelona","coordenadas_maps":"41.5935, 2.0069","latitud":"41.593500000000","longitud":"2.006900000000","direcciones":"","direccionen":"","cod_postal":[],"telefono":"","fax":"","mail":"","web":"","descripciones":"El centro de producci\u00f3n comprende 4 plat\u00f3s de 1200, 600, 1260 y 305 metros cuadrados, insonorizados y con todas los servicios profesionales: camerinos, salas de maquillaje y peluquer\u00eda, vestuarios, salas de producci\u00f3n, amplios almacenes, etc. Las instalaciones, situadas en Terrassa (Barcelona, Catalu\u00f1a), est\u00e1n totalmente concebidas para el rodaje de pel\u00edculas, anuncios publicitarios, programas de TV, videoclips, sesiones de fotograf\u00eda, etc., con todas las facilidades y la m\u00e1xima comodidad.","descripcionen":"The production center contains 4 sets of 1200, 600, 1260 and 305 m, soundproofed and with all professional services: backstage, hair and makeup rooms, dressing rooms, production rooms, large stores, etc. The facilities, located in Terrassa (Barcelona, Catalonia), are fully designed for the shooting of films, commercials, TV shows, music videos, photo shoots, etc., with maximum comfort.","galeria":[{"ID":"30039","post_author":"2","post_date":"2025-03-08 13:16:27","post_date_gmt":"2025-03-08 12:16:27","post_content":"","post_title":"parque-audiovisual-de-catalu\u00f1a_260_1","post_excerpt":"","post_status":"inherit","comment_status":"closed","ping_status":"closed","post_password":"","post_name":"parque-audiovisual-de-cataluna_260_1","to_ping":"","pinged":"","post_modified":"2025-04-22 07:56:47","post_modified_gmt":"2025-04-22 05:56:47","post_content_filtered":"","post_parent":"11325","guid":"https:\/\/spainfilmcommission.com\/wp-content\/uploads\/2025\/03\/parque-audiovisual-de-cataluna_260_1.jpg","menu_order":"0","post_type":"attachment","post_mime_type":"image\/jpeg","comment_count":"0","pod_item_id":"30039"},{"ID":"30041","post_author":"2","post_date":"2025-03-08 13:16:32","post_date_gmt":"2025-03-08 12:16:32","post_content":"","post_title":"parque-audiovisual-de-catalu\u00f1a_260_2","post_excerpt":"","post_status":"inherit","comment_status":"closed","ping_status":"closed","post_password":"","post_name":"parque-audiovisual-de-cataluna_260_2","to_ping":"","pinged":"","post_modified":"2025-04-22 07:56:47","post_modified_gmt":"2025-04-22 05:56:47","post_content_filtered":"","post_parent":"11325","guid":"https:\/\/spainfilmcommission.com\/wp-content\/uploads\/2025\/03\/parque-audiovisual-de-cataluna_260_2.jpg","menu_order":"0","post_type":"attachment","post_mime_type":"image\/jpeg","comment_count":"0","pod_item_id":"30041"},{"ID":"30043","post_author":"2","post_date":"2025-03-08 13:16:37","post_date_gmt":"2025-03-08 12:16:37","post_content":"","post_title":"parque-audiovisual-de-catalu\u00f1a_260_3","post_excerpt":"","post_status":"inherit","comment_status":"closed","ping_status":"closed","post_password":"","post_name":"parque-audiovisual-de-cataluna_260_3","to_ping":"","pinged":"","post_modified":"2025-04-22 07:56:47","post_modified_gmt":"2025-04-22 05:56:47","post_content_filtered":"","post_parent":"11325","guid":"https:\/\/spainfilmcommission.com\/wp-content\/uploads\/2025\/03\/parque-audiovisual-de-cataluna_260_3.jpg","menu_order":"0","post_type":"attachment","post_mime_type":"image\/jpeg","comment_count":"0","pod_item_id":"30043"},{"ID":"30045","post_author":"2","post_date":"2025-03-08 13:16:41","post_date_gmt":"2025-03-08 12:16:41","post_content":"","post_title":"parque-audiovisual-de-catalu\u00f1a_260_4","post_excerpt":"","post_status":"inherit","comment_status":"closed","ping_status":"closed","post_password":"","post_name":"parque-audiovisual-de-cataluna_260_4","to_ping":"","pinged":"","post_modified":"2025-04-22 07:56:47","post_modified_gmt":"2025-04-22 05:56:47","post_content_filtered":"","post_parent":"11325","guid":"https:\/\/spainfilmcommission.com\/wp-content\/uploads\/2025\/03\/parque-audiovisual-de-cataluna_260_4.jpg","menu_order":"0","post_type":"attachment","post_mime_type":"image\/jpeg","comment_count":"0","pod_item_id":"30045"},{"ID":"30047","post_author":"2","post_date":"2025-03-08 13:16:45","post_date_gmt":"2025-03-08 12:16:45","post_content":"","post_title":"parque-audiovisual-de-catalu\u00f1a_260_5","post_excerpt":"","post_status":"inherit","comment_status":"closed","ping_status":"closed","post_password":"","post_name":"parque-audiovisual-de-cataluna_260_5","to_ping":"","pinged":"","post_modified":"2025-04-22 07:56:47","post_modified_gmt":"2025-04-22 05:56:47","post_content_filtered":"","post_parent":"11325","guid":"https:\/\/spainfilmcommission.com\/wp-content\/uploads\/2025\/03\/parque-audiovisual-de-cataluna_260_5.jpg","menu_order":"0","post_type":"attachment","post_mime_type":"image\/jpeg","comment_count":"0","pod_item_id":"30047"},{"ID":"30049","post_author":"2","post_date":"2025-03-08 13:16:49","post_date_gmt":"2025-03-08 12:16:49","post_content":"","post_title":"parque-audiovisual-de-catalu\u00f1a_260_6","post_excerpt":"","post_status":"inherit","comment_status":"closed","ping_status":"closed","post_password":"","post_name":"parque-audiovisual-de-cataluna_260_6","to_ping":"","pinged":"","post_modified":"2025-04-22 07:56:47","post_modified_gmt":"2025-04-22 05:56:47","post_content_filtered":"","post_parent":"11325","guid":"https:\/\/spainfilmcommission.com\/wp-content\/uploads\/2025\/03\/parque-audiovisual-de-cataluna_260_6.jpg","menu_order":"0","post_type":"attachment","post_mime_type":"image\/jpeg","comment_count":"0","pod_item_id":"30049"},{"ID":"30051","post_author":"2","post_date":"2025-03-08 13:16:54","post_date_gmt":"2025-03-08 12:16:54","post_content":"","post_title":"parque-audiovisual-de-catalu\u00f1a_260_7","post_excerpt":"","post_status":"inherit","comment_status":"closed","ping_status":"closed","post_password":"","post_name":"parque-audiovisual-de-cataluna_260_7","to_ping":"","pinged":"","post_modified":"2025-04-22 07:56:47","post_modified_gmt":"2025-04-22 05:56:47","post_content_filtered":"","post_parent":"11325","guid":"https:\/\/spainfilmcommission.com\/wp-content\/uploads\/2025\/03\/parque-audiovisual-de-cataluna_260_7.jpg","menu_order":"0","post_type":"attachment","post_mime_type":"image\/jpeg","comment_count":"0","pod_item_id":"30051"},{"ID":"30053","post_author":"2","post_date":"2025-03-08 13:16:58","post_date_gmt":"2025-03-08 12:16:58","post_content":"","post_title":"parque-audiovisual-de-catalu\u00f1a_260_8","post_excerpt":"","post_status":"inherit","comment_status":"closed","ping_status":"closed","post_password":"","post_name":"parque-audiovisual-de-cataluna_260_8","to_ping":"","pinged":"","post_modified":"2025-04-22 07:56:47","post_modified_gmt":"2025-04-22 05:56:47","post_content_filtered":"","post_parent":"11325","guid":"https:\/\/spainfilmcommission.com\/wp-content\/uploads\/2025\/03\/parque-audiovisual-de-cataluna_260_8.jpg","menu_order":"0","post_type":"attachment","post_mime_type":"image\/jpeg","comment_count":"0","pod_item_id":"30053"},{"ID":"30055","post_author":"2","post_date":"2025-03-08 13:17:01","post_date_gmt":"2025-03-08 12:17:01","post_content":"","post_title":"parque-audiovisual-de-catalu\u00f1a_260_9","post_excerpt":"","post_status":"inherit","comment_status":"closed","ping_status":"closed","post_password":"","post_name":"parque-audiovisual-de-cataluna_260_9","to_ping":"","pinged":"","post_modified":"2025-04-22 07:56:47","post_modified_gmt":"2025-04-22 05:56:47","post_content_filtered":"","post_parent":"11325","guid":"https:\/\/spainfilmcommission.com\/wp-content\/uploads\/2025\/03\/parque-audiovisual-de-cataluna_260_9.jpg","menu_order":"0","post_type":"attachment","post_mime_type":"image\/jpeg","comment_count":"0","pod_item_id":"30055"},{"ID":"30057","post_author":"2","post_date":"2025-03-08 13:17:05","post_date_gmt":"2025-03-08 12:17:05","post_content":"","post_title":"parque-audiovisual-de-catalu\u00f1a_260_10","post_excerpt":"","post_status":"inherit","comment_status":"closed","ping_status":"closed","post_password":"","post_name":"parque-audiovisual-de-cataluna_260_10","to_ping":"","pinged":"","post_modified":"2025-04-22 07:56:47","post_modified_gmt":"2025-04-22 05:56:47","post_content_filtered":"","post_parent":"11325","guid":"https:\/\/spainfilmcommission.com\/wp-content\/uploads\/2025\/03\/parque-audiovisual-de-cataluna_260_10.jpg","menu_order":"0","post_type":"attachment","post_mime_type":"image\/jpeg","comment_count":"0","pod_item_id":"30057"},{"ID":"30059","post_author":"2","post_date":"2025-03-08 13:17:10","post_date_gmt":"2025-03-08 12:17:10","post_content":"","post_title":"parque-audiovisual-de-catalu\u00f1a_260_11","post_excerpt":"","post_status":"inherit","comment_status":"closed","ping_status":"closed","post_password":"","post_name":"parque-audiovisual-de-cataluna_260_11","to_ping":"","pinged":"","post_modified":"2025-04-22 07:56:47","post_modified_gmt":"2025-04-22 05:56:47","post_content_filtered":"","post_parent":"11325","guid":"https:\/\/spainfilmcommission.com\/wp-content\/uploads\/2025\/03\/parque-audiovisual-de-cataluna_260_11.jpg","menu_order":"0","post_type":"attachment","post_mime_type":"image\/jpeg","comment_count":"0","pod_item_id":"30059"}],"nombrepaginaes":"parque-audiovisual-de-cataluna","nombrepaginaen":"parque-audiovisual-de-cataluna","latitud_gps":"","longitud_gps":"","adicionaleses":"","adicionalesen":"","videoes":"","videoen":"","video2es":"","video2en":"","_links":{"self":[{"href":"https:\/\/spainfilmcommission.com\/en\/wp-json\/wp\/v2\/localizaciones\/localizacion\/11325","targetHints":{"allow":["GET"]}}],"collection":[{"href":"https:\/\/spainfilmcommission.com\/en\/wp-json\/wp\/v2\/localizaciones\/localizacion"}],"about":[{"href":"https:\/\/spainfilmcommission.com\/en\/wp-json\/wp\/v2\/types\/localizacion"}],"author":[{"embeddable":true,"href":"https:\/\/spainfilmcommission.com\/en\/wp-json\/wp\/v2\/users\/2"}],"wp:attachment":[{"href":"https:\/\/spainfilmcommission.com\/en\/wp-json\/wp\/v2\/media?parent=11325"}],"curies":[{"name":"wp","href":"https:\/\/api.w.org\/{rel}","templated":true}]}}