{"id":11275,"date":"2025-02-27T18:19:58","date_gmt":"2025-02-27T17:19:58","guid":{"rendered":"https:\/\/spainfilmcommission.com\/?post_type=localizacion&#038;p=11275"},"modified":"2025-04-22T09:27:26","modified_gmt":"2025-04-22T07:27:26","slug":"jardines-del-palacio-real-de-la-granja-de-san-ildefonso","status":"publish","type":"localizacion","link":"https:\/\/spainfilmcommission.com\/en\/ai-locations\/jardines-del-palacio-real-de-la-granja-de-san-ildefonso\/","title":{"rendered":"Jardines del Palacio Real de La Granja de San Ildefonso"},"content":{"rendered":"","protected":false},"author":2,"template":"","meta":[],"class_list":["post-11275","localizacion","type-localizacion","status-publish","hentry"],"yoast_head":"<!-- This site is optimized with the Yoast SEO plugin v28.3 - https:\/\/yoast.com\/product\/yoast-seo-wordpress\/ -->\n<title>Rodar en Jardines del Palacio Real de La Granja de San Ildefonso - Spain Film Commission<\/title>\n<meta name=\"description\" content=\"En esta p\u00e1gina encontrar\u00e1s una peque\u00f1a descripci\u00f3n, m\u00e1genes e informaci\u00f3n relevante para que te hagas una idea de c\u00f3mo es rodar en Jardines del Palacio Real de La Granja de San Ildefonso\" \/>\n<meta name=\"robots\" content=\"index, follow, max-snippet:-1, max-image-preview:large, max-video-preview:-1\" \/>\n<link rel=\"canonical\" href=\"https:\/\/spainfilmcommission.com\/en\/ai-locations\/jardines-del-palacio-real-de-la-granja-de-san-ildefonso\/\" \/>\n<meta property=\"og:locale\" content=\"en_US\" \/>\n<meta property=\"og:type\" content=\"article\" \/>\n<meta property=\"og:title\" content=\"Rodar en Jardines del Palacio Real de La Granja de San Ildefonso - Spain Film Commission\" \/>\n<meta property=\"og:description\" content=\"En esta p\u00e1gina encontrar\u00e1s una peque\u00f1a descripci\u00f3n, m\u00e1genes e informaci\u00f3n relevante para que te hagas una idea de c\u00f3mo es rodar en Jardines del Palacio Real de La Granja de San Ildefonso\" \/>\n<meta property=\"og:url\" content=\"https:\/\/spainfilmcommission.com\/en\/ai-locations\/jardines-del-palacio-real-de-la-granja-de-san-ildefonso\/\" \/>\n<meta property=\"og:site_name\" content=\"Spain Film Commission\" \/>\n<meta property=\"article:modified_time\" content=\"2025-04-22T07:27:26+00:00\" \/>\n<meta name=\"twitter:card\" content=\"summary_large_image\" \/>\n<script type=\"application\/ld+json\" class=\"yoast-schema-graph\">{\"@context\":\"https:\\\/\\\/schema.org\",\"@graph\":[{\"@type\":\"WebPage\",\"@id\":\"https:\\\/\\\/spainfilmcommission.com\\\/en\\\/ai-locations\\\/jardines-del-palacio-real-de-la-granja-de-san-ildefonso\\\/\",\"url\":\"https:\\\/\\\/spainfilmcommission.com\\\/en\\\/ai-locations\\\/jardines-del-palacio-real-de-la-granja-de-san-ildefonso\\\/\",\"name\":\"Rodar en Jardines del Palacio Real de La Granja de San Ildefonso - Spain Film Commission\",\"isPartOf\":{\"@id\":\"https:\\\/\\\/spainfilmcommission.com\\\/en\\\/#website\"},\"datePublished\":\"2025-02-27T17:19:58+00:00\",\"dateModified\":\"2025-04-22T07:27:26+00:00\",\"description\":\"En esta p\u00e1gina encontrar\u00e1s una peque\u00f1a descripci\u00f3n, m\u00e1genes e informaci\u00f3n relevante para que te hagas una idea de c\u00f3mo es rodar en Jardines del Palacio Real de La Granja de San Ildefonso\",\"breadcrumb\":{\"@id\":\"https:\\\/\\\/spainfilmcommission.com\\\/en\\\/ai-locations\\\/jardines-del-palacio-real-de-la-granja-de-san-ildefonso\\\/#breadcrumb\"},\"inLanguage\":\"en-US\",\"potentialAction\":[{\"@type\":\"ReadAction\",\"target\":[\"https:\\\/\\\/spainfilmcommission.com\\\/en\\\/ai-locations\\\/jardines-del-palacio-real-de-la-granja-de-san-ildefonso\\\/\"]}]},{\"@type\":\"BreadcrumbList\",\"@id\":\"https:\\\/\\\/spainfilmcommission.com\\\/en\\\/ai-locations\\\/jardines-del-palacio-real-de-la-granja-de-san-ildefonso\\\/#breadcrumb\",\"itemListElement\":[{\"@type\":\"ListItem\",\"position\":1,\"name\":\"Portada\",\"item\":\"https:\\\/\\\/spainfilmcommission.com\\\/en\\\/\"},{\"@type\":\"ListItem\",\"position\":2,\"name\":\"Jardines del Palacio Real de La Granja de San Ildefonso\"}]},{\"@type\":\"WebSite\",\"@id\":\"https:\\\/\\\/spainfilmcommission.com\\\/en\\\/#website\",\"url\":\"https:\\\/\\\/spainfilmcommission.com\\\/en\\\/\",\"name\":\"Spain Film Commission\",\"description\":\"\",\"publisher\":{\"@id\":\"https:\\\/\\\/spainfilmcommission.com\\\/en\\\/#organization\"},\"potentialAction\":[{\"@type\":\"SearchAction\",\"target\":{\"@type\":\"EntryPoint\",\"urlTemplate\":\"https:\\\/\\\/spainfilmcommission.com\\\/en\\\/?s={search_term_string}\"},\"query-input\":{\"@type\":\"PropertyValueSpecification\",\"valueRequired\":true,\"valueName\":\"search_term_string\"}}],\"inLanguage\":\"en-US\"},{\"@type\":\"Organization\",\"@id\":\"https:\\\/\\\/spainfilmcommission.com\\\/en\\\/#organization\",\"name\":\"Spain Film Commission\",\"url\":\"https:\\\/\\\/spainfilmcommission.com\\\/en\\\/\",\"logo\":{\"@type\":\"ImageObject\",\"inLanguage\":\"en-US\",\"@id\":\"https:\\\/\\\/spainfilmcommission.com\\\/en\\\/#\\\/schema\\\/logo\\\/image\\\/\",\"url\":\"https:\\\/\\\/spainfilmcommission.com\\\/wp-content\\\/uploads\\\/2024\\\/07\\\/SPC_COLOR.png\",\"contentUrl\":\"https:\\\/\\\/spainfilmcommission.com\\\/wp-content\\\/uploads\\\/2024\\\/07\\\/SPC_COLOR.png\",\"width\":1665,\"height\":1665,\"caption\":\"Spain Film Commission\"},\"image\":{\"@id\":\"https:\\\/\\\/spainfilmcommission.com\\\/en\\\/#\\\/schema\\\/logo\\\/image\\\/\"}}]}<\/script>\n<!-- \/ Yoast SEO plugin. -->","yoast_head_json":{"title":"Rodar en Jardines del Palacio Real de La Granja de San Ildefonso - Spain Film Commission","description":"En esta p\u00e1gina encontrar\u00e1s una peque\u00f1a descripci\u00f3n, m\u00e1genes e informaci\u00f3n relevante para que te hagas una idea de c\u00f3mo es rodar en Jardines del Palacio Real de La Granja de San Ildefonso","robots":{"index":"index","follow":"follow","max-snippet":"max-snippet:-1","max-image-preview":"max-image-preview:large","max-video-preview":"max-video-preview:-1"},"canonical":"https:\/\/spainfilmcommission.com\/en\/ai-locations\/jardines-del-palacio-real-de-la-granja-de-san-ildefonso\/","og_locale":"en_US","og_type":"article","og_title":"Rodar en Jardines del Palacio Real de La Granja de San Ildefonso - Spain Film Commission","og_description":"En esta p\u00e1gina encontrar\u00e1s una peque\u00f1a descripci\u00f3n, m\u00e1genes e informaci\u00f3n relevante para que te hagas una idea de c\u00f3mo es rodar en Jardines del Palacio Real de La Granja de San Ildefonso","og_url":"https:\/\/spainfilmcommission.com\/en\/ai-locations\/jardines-del-palacio-real-de-la-granja-de-san-ildefonso\/","og_site_name":"Spain Film Commission","article_modified_time":"2025-04-22T07:27:26+00:00","twitter_card":"summary_large_image","schema":{"@context":"https:\/\/schema.org","@graph":[{"@type":"WebPage","@id":"https:\/\/spainfilmcommission.com\/en\/ai-locations\/jardines-del-palacio-real-de-la-granja-de-san-ildefonso\/","url":"https:\/\/spainfilmcommission.com\/en\/ai-locations\/jardines-del-palacio-real-de-la-granja-de-san-ildefonso\/","name":"Rodar en Jardines del Palacio Real de La Granja de San Ildefonso - Spain Film Commission","isPartOf":{"@id":"https:\/\/spainfilmcommission.com\/en\/#website"},"datePublished":"2025-02-27T17:19:58+00:00","dateModified":"2025-04-22T07:27:26+00:00","description":"En esta p\u00e1gina encontrar\u00e1s una peque\u00f1a descripci\u00f3n, m\u00e1genes e informaci\u00f3n relevante para que te hagas una idea de c\u00f3mo es rodar en Jardines del Palacio Real de La Granja de San Ildefonso","breadcrumb":{"@id":"https:\/\/spainfilmcommission.com\/en\/ai-locations\/jardines-del-palacio-real-de-la-granja-de-san-ildefonso\/#breadcrumb"},"inLanguage":"en-US","potentialAction":[{"@type":"ReadAction","target":["https:\/\/spainfilmcommission.com\/en\/ai-locations\/jardines-del-palacio-real-de-la-granja-de-san-ildefonso\/"]}]},{"@type":"BreadcrumbList","@id":"https:\/\/spainfilmcommission.com\/en\/ai-locations\/jardines-del-palacio-real-de-la-granja-de-san-ildefonso\/#breadcrumb","itemListElement":[{"@type":"ListItem","position":1,"name":"Portada","item":"https:\/\/spainfilmcommission.com\/en\/"},{"@type":"ListItem","position":2,"name":"Jardines del Palacio Real de La Granja de San Ildefonso"}]},{"@type":"WebSite","@id":"https:\/\/spainfilmcommission.com\/en\/#website","url":"https:\/\/spainfilmcommission.com\/en\/","name":"Spain Film Commission","description":"","publisher":{"@id":"https:\/\/spainfilmcommission.com\/en\/#organization"},"potentialAction":[{"@type":"SearchAction","target":{"@type":"EntryPoint","urlTemplate":"https:\/\/spainfilmcommission.com\/en\/?s={search_term_string}"},"query-input":{"@type":"PropertyValueSpecification","valueRequired":true,"valueName":"search_term_string"}}],"inLanguage":"en-US"},{"@type":"Organization","@id":"https:\/\/spainfilmcommission.com\/en\/#organization","name":"Spain Film Commission","url":"https:\/\/spainfilmcommission.com\/en\/","logo":{"@type":"ImageObject","inLanguage":"en-US","@id":"https:\/\/spainfilmcommission.com\/en\/#\/schema\/logo\/image\/","url":"https:\/\/spainfilmcommission.com\/wp-content\/uploads\/2024\/07\/SPC_COLOR.png","contentUrl":"https:\/\/spainfilmcommission.com\/wp-content\/uploads\/2024\/07\/SPC_COLOR.png","width":1665,"height":1665,"caption":"Spain Film Commission"},"image":{"@id":"https:\/\/spainfilmcommission.com\/en\/#\/schema\/logo\/image\/"}}]}},"socio":[{"ID":"28","user_login":"castilla-y-leon-film-commission","user_nicename":"castilla-y-leon-film-commission","display_name":"castilla-y-leon-film-commission","user_pass":"****************","user_email":"kristine.guzman@jcyl.es","user_url":"","user_registered":"2024-12-19 15:53:09","id":28}],"nombrees":"Jardines del Palacio Real de La Granja de San Ildefonso","nombreen":"Jardines del Palacio Real de La Granja de San Ildefonso","localidad":"Segovia","provincia":"Segovia","coordenadas_maps":"40.8977, -4.00479","latitud":"40.897700000000","longitud":"-4.004790000000","direcciones":"","direccionen":"","cod_postal":[],"telefono":"","fax":"","mail":"","web":"http:\/\/www.patrimonionacional.es\/","descripciones":"Los jardines son uno de los mejores ejemplos que hoy se conservan de los jardines del siglo XVIII, realizado por el arquitecto franc\u00e9s Ren\u00e9 Carlier; est\u00e1 formado con parterres y bosquetes delimitados con paredes de vegetaci\u00f3n formadas con carpe, y alineaciones de \u00e1rboles, en especial tilos y casta\u00f1os de Indias. En el siglo XIX se introdujeron nuevas especies, sobre todo con\u00edferas como las monumentales secuoyas, plantadas ante la Real Colegiata, en los jardines del Medio Punto. Estatuas de m\u00e1rmol blanco, y jarrones del siglo XVIII, decoran los parterres y avenidas del jard\u00edn en La Granja de San Ildefonso (Segovia, Castilla y Le\u00f3n), completadas con grandiosas esculturas en las fuentes, en plomo pintado imitando bronce.","descripcionen":"The gardens are one of the best examples of 18th century gardens, made by the French architect Ren\u00e9 Carlier. The gardens are organized in flowerbeds and small groves delimited by hornbeam and trees, especially limes and horse chestnuts. In the 19th century new species were introduced, in particular conifers as the monumental sequoias, planted in front of the Collegiate Church, in the gardens of Medio Punto. White marble statues and vases of the 18th century decorate the flowerbeds and avenues in La Granja de San Ildefonso (Segovia, Castile y Le\u00f3n), and lead sculptures, imitating bronze, decorate the fountains.","galeria":[{"ID":"28479","post_author":"2","post_date":"2025-03-08 12:33:44","post_date_gmt":"2025-03-08 11:33:44","post_content":"","post_title":"jardines-del-palacio-real-de-la-granja-de-san-ildefonso_205_1","post_excerpt":"","post_status":"inherit","comment_status":"closed","ping_status":"closed","post_password":"","post_name":"jardines-del-palacio-real-de-la-granja-de-san-ildefonso_205_1","to_ping":"","pinged":"","post_modified":"2025-04-22 09:27:26","post_modified_gmt":"2025-04-22 07:27:26","post_content_filtered":"","post_parent":"11275","guid":"https:\/\/spainfilmcommission.com\/wp-content\/uploads\/2025\/03\/jardines-del-palacio-real-de-la-granja-de-san-ildefonso_205_1.jpg","menu_order":"0","post_type":"attachment","post_mime_type":"image\/jpeg","comment_count":"0","pod_item_id":"28479"},{"ID":"28481","post_author":"2","post_date":"2025-03-08 12:33:46","post_date_gmt":"2025-03-08 11:33:46","post_content":"","post_title":"jardines-del-palacio-real-de-la-granja-de-san-ildefonso_205_2","post_excerpt":"","post_status":"inherit","comment_status":"closed","ping_status":"closed","post_password":"","post_name":"jardines-del-palacio-real-de-la-granja-de-san-ildefonso_205_2","to_ping":"","pinged":"","post_modified":"2025-04-22 09:27:26","post_modified_gmt":"2025-04-22 07:27:26","post_content_filtered":"","post_parent":"11275","guid":"https:\/\/spainfilmcommission.com\/wp-content\/uploads\/2025\/03\/jardines-del-palacio-real-de-la-granja-de-san-ildefonso_205_2.jpg","menu_order":"0","post_type":"attachment","post_mime_type":"image\/jpeg","comment_count":"0","pod_item_id":"28481"},{"ID":"28483","post_author":"2","post_date":"2025-03-08 12:33:48","post_date_gmt":"2025-03-08 11:33:48","post_content":"","post_title":"jardines-del-palacio-real-de-la-granja-de-san-ildefonso_205_3","post_excerpt":"","post_status":"inherit","comment_status":"closed","ping_status":"closed","post_password":"","post_name":"jardines-del-palacio-real-de-la-granja-de-san-ildefonso_205_3","to_ping":"","pinged":"","post_modified":"2025-04-22 09:27:26","post_modified_gmt":"2025-04-22 07:27:26","post_content_filtered":"","post_parent":"11275","guid":"https:\/\/spainfilmcommission.com\/wp-content\/uploads\/2025\/03\/jardines-del-palacio-real-de-la-granja-de-san-ildefonso_205_3.jpg","menu_order":"0","post_type":"attachment","post_mime_type":"image\/jpeg","comment_count":"0","pod_item_id":"28483"},{"ID":"28485","post_author":"2","post_date":"2025-03-08 12:33:50","post_date_gmt":"2025-03-08 11:33:50","post_content":"","post_title":"jardines-del-palacio-real-de-la-granja-de-san-ildefonso_205_4","post_excerpt":"","post_status":"inherit","comment_status":"closed","ping_status":"closed","post_password":"","post_name":"jardines-del-palacio-real-de-la-granja-de-san-ildefonso_205_4","to_ping":"","pinged":"","post_modified":"2025-04-22 09:27:26","post_modified_gmt":"2025-04-22 07:27:26","post_content_filtered":"","post_parent":"11275","guid":"https:\/\/spainfilmcommission.com\/wp-content\/uploads\/2025\/03\/jardines-del-palacio-real-de-la-granja-de-san-ildefonso_205_4.jpg","menu_order":"0","post_type":"attachment","post_mime_type":"image\/jpeg","comment_count":"0","pod_item_id":"28485"},{"ID":"28487","post_author":"2","post_date":"2025-03-08 12:33:52","post_date_gmt":"2025-03-08 11:33:52","post_content":"","post_title":"jardines-del-palacio-real-de-la-granja-de-san-ildefonso_205_5","post_excerpt":"","post_status":"inherit","comment_status":"closed","ping_status":"closed","post_password":"","post_name":"jardines-del-palacio-real-de-la-granja-de-san-ildefonso_205_5","to_ping":"","pinged":"","post_modified":"2025-04-22 09:27:26","post_modified_gmt":"2025-04-22 07:27:26","post_content_filtered":"","post_parent":"11275","guid":"https:\/\/spainfilmcommission.com\/wp-content\/uploads\/2025\/03\/jardines-del-palacio-real-de-la-granja-de-san-ildefonso_205_5.jpg","menu_order":"0","post_type":"attachment","post_mime_type":"image\/jpeg","comment_count":"0","pod_item_id":"28487"}],"nombrepaginaes":"jardines-del-palacio-real-de-la-granja-de-san-ildefonso","nombrepaginaen":"jardines-del-palacio-real-de-la-granja-de-san-ildefonso","latitud_gps":"","longitud_gps":"","adicionaleses":"","adicionalesen":"","videoes":"","videoen":"","video2es":"","video2en":"","_links":{"self":[{"href":"https:\/\/spainfilmcommission.com\/en\/wp-json\/wp\/v2\/localizaciones\/localizacion\/11275","targetHints":{"allow":["GET"]}}],"collection":[{"href":"https:\/\/spainfilmcommission.com\/en\/wp-json\/wp\/v2\/localizaciones\/localizacion"}],"about":[{"href":"https:\/\/spainfilmcommission.com\/en\/wp-json\/wp\/v2\/types\/localizacion"}],"author":[{"embeddable":true,"href":"https:\/\/spainfilmcommission.com\/en\/wp-json\/wp\/v2\/users\/2"}],"wp:attachment":[{"href":"https:\/\/spainfilmcommission.com\/en\/wp-json\/wp\/v2\/media?parent=11275"}],"curies":[{"name":"wp","href":"https:\/\/api.w.org\/{rel}","templated":true}]}}