{"id":11271,"date":"2025-02-27T18:19:58","date_gmt":"2025-02-27T17:19:58","guid":{"rendered":"https:\/\/spainfilmcommission.com\/?post_type=localizacion&#038;p=11271"},"modified":"2025-04-22T09:26:53","modified_gmt":"2025-04-22T07:26:53","slug":"jardines-del-turia","status":"publish","type":"localizacion","link":"https:\/\/spainfilmcommission.com\/en\/ai-locations\/jardines-del-turia\/","title":{"rendered":"Jardines del Turia"},"content":{"rendered":"","protected":false},"author":2,"template":"","meta":[],"class_list":["post-11271","localizacion","type-localizacion","status-publish","hentry"],"yoast_head":"<!-- This site is optimized with the Yoast SEO plugin v28.3 - https:\/\/yoast.com\/product\/yoast-seo-wordpress\/ -->\n<title>Rodar en Jardines del Turia - Spain Film Commission<\/title>\n<meta name=\"description\" content=\"En esta p\u00e1gina encontrar\u00e1s una peque\u00f1a descripci\u00f3n, m\u00e1genes e informaci\u00f3n relevante para que te hagas una idea de c\u00f3mo es rodar en Jardines del Turia\" \/>\n<meta name=\"robots\" content=\"index, follow, max-snippet:-1, max-image-preview:large, max-video-preview:-1\" \/>\n<link rel=\"canonical\" href=\"https:\/\/spainfilmcommission.com\/en\/ai-locations\/jardines-del-turia\/\" \/>\n<meta property=\"og:locale\" content=\"en_US\" \/>\n<meta property=\"og:type\" content=\"article\" \/>\n<meta property=\"og:title\" content=\"Rodar en Jardines del Turia - Spain Film Commission\" \/>\n<meta property=\"og:description\" content=\"En esta p\u00e1gina encontrar\u00e1s una peque\u00f1a descripci\u00f3n, m\u00e1genes e informaci\u00f3n relevante para que te hagas una idea de c\u00f3mo es rodar en Jardines del Turia\" \/>\n<meta property=\"og:url\" content=\"https:\/\/spainfilmcommission.com\/en\/ai-locations\/jardines-del-turia\/\" \/>\n<meta property=\"og:site_name\" content=\"Spain Film Commission\" \/>\n<meta property=\"article:modified_time\" content=\"2025-04-22T07:26:53+00:00\" \/>\n<meta name=\"twitter:card\" content=\"summary_large_image\" \/>\n<script type=\"application\/ld+json\" class=\"yoast-schema-graph\">{\"@context\":\"https:\\\/\\\/schema.org\",\"@graph\":[{\"@type\":\"WebPage\",\"@id\":\"https:\\\/\\\/spainfilmcommission.com\\\/en\\\/ai-locations\\\/jardines-del-turia\\\/\",\"url\":\"https:\\\/\\\/spainfilmcommission.com\\\/en\\\/ai-locations\\\/jardines-del-turia\\\/\",\"name\":\"Rodar en Jardines del Turia - Spain Film Commission\",\"isPartOf\":{\"@id\":\"https:\\\/\\\/spainfilmcommission.com\\\/en\\\/#website\"},\"datePublished\":\"2025-02-27T17:19:58+00:00\",\"dateModified\":\"2025-04-22T07:26:53+00:00\",\"description\":\"En esta p\u00e1gina encontrar\u00e1s una peque\u00f1a descripci\u00f3n, m\u00e1genes e informaci\u00f3n relevante para que te hagas una idea de c\u00f3mo es rodar en Jardines del Turia\",\"breadcrumb\":{\"@id\":\"https:\\\/\\\/spainfilmcommission.com\\\/en\\\/ai-locations\\\/jardines-del-turia\\\/#breadcrumb\"},\"inLanguage\":\"en-US\",\"potentialAction\":[{\"@type\":\"ReadAction\",\"target\":[\"https:\\\/\\\/spainfilmcommission.com\\\/en\\\/ai-locations\\\/jardines-del-turia\\\/\"]}]},{\"@type\":\"BreadcrumbList\",\"@id\":\"https:\\\/\\\/spainfilmcommission.com\\\/en\\\/ai-locations\\\/jardines-del-turia\\\/#breadcrumb\",\"itemListElement\":[{\"@type\":\"ListItem\",\"position\":1,\"name\":\"Portada\",\"item\":\"https:\\\/\\\/spainfilmcommission.com\\\/en\\\/\"},{\"@type\":\"ListItem\",\"position\":2,\"name\":\"Jardines del Turia\"}]},{\"@type\":\"WebSite\",\"@id\":\"https:\\\/\\\/spainfilmcommission.com\\\/en\\\/#website\",\"url\":\"https:\\\/\\\/spainfilmcommission.com\\\/en\\\/\",\"name\":\"Spain Film Commission\",\"description\":\"\",\"publisher\":{\"@id\":\"https:\\\/\\\/spainfilmcommission.com\\\/en\\\/#organization\"},\"potentialAction\":[{\"@type\":\"SearchAction\",\"target\":{\"@type\":\"EntryPoint\",\"urlTemplate\":\"https:\\\/\\\/spainfilmcommission.com\\\/en\\\/?s={search_term_string}\"},\"query-input\":{\"@type\":\"PropertyValueSpecification\",\"valueRequired\":true,\"valueName\":\"search_term_string\"}}],\"inLanguage\":\"en-US\"},{\"@type\":\"Organization\",\"@id\":\"https:\\\/\\\/spainfilmcommission.com\\\/en\\\/#organization\",\"name\":\"Spain Film Commission\",\"url\":\"https:\\\/\\\/spainfilmcommission.com\\\/en\\\/\",\"logo\":{\"@type\":\"ImageObject\",\"inLanguage\":\"en-US\",\"@id\":\"https:\\\/\\\/spainfilmcommission.com\\\/en\\\/#\\\/schema\\\/logo\\\/image\\\/\",\"url\":\"https:\\\/\\\/spainfilmcommission.com\\\/wp-content\\\/uploads\\\/2024\\\/07\\\/SPC_COLOR.png\",\"contentUrl\":\"https:\\\/\\\/spainfilmcommission.com\\\/wp-content\\\/uploads\\\/2024\\\/07\\\/SPC_COLOR.png\",\"width\":1665,\"height\":1665,\"caption\":\"Spain Film Commission\"},\"image\":{\"@id\":\"https:\\\/\\\/spainfilmcommission.com\\\/en\\\/#\\\/schema\\\/logo\\\/image\\\/\"}}]}<\/script>\n<!-- \/ Yoast SEO plugin. -->","yoast_head_json":{"title":"Rodar en Jardines del Turia - Spain Film Commission","description":"En esta p\u00e1gina encontrar\u00e1s una peque\u00f1a descripci\u00f3n, m\u00e1genes e informaci\u00f3n relevante para que te hagas una idea de c\u00f3mo es rodar en Jardines del Turia","robots":{"index":"index","follow":"follow","max-snippet":"max-snippet:-1","max-image-preview":"max-image-preview:large","max-video-preview":"max-video-preview:-1"},"canonical":"https:\/\/spainfilmcommission.com\/en\/ai-locations\/jardines-del-turia\/","og_locale":"en_US","og_type":"article","og_title":"Rodar en Jardines del Turia - Spain Film Commission","og_description":"En esta p\u00e1gina encontrar\u00e1s una peque\u00f1a descripci\u00f3n, m\u00e1genes e informaci\u00f3n relevante para que te hagas una idea de c\u00f3mo es rodar en Jardines del Turia","og_url":"https:\/\/spainfilmcommission.com\/en\/ai-locations\/jardines-del-turia\/","og_site_name":"Spain Film Commission","article_modified_time":"2025-04-22T07:26:53+00:00","twitter_card":"summary_large_image","schema":{"@context":"https:\/\/schema.org","@graph":[{"@type":"WebPage","@id":"https:\/\/spainfilmcommission.com\/en\/ai-locations\/jardines-del-turia\/","url":"https:\/\/spainfilmcommission.com\/en\/ai-locations\/jardines-del-turia\/","name":"Rodar en Jardines del Turia - Spain Film Commission","isPartOf":{"@id":"https:\/\/spainfilmcommission.com\/en\/#website"},"datePublished":"2025-02-27T17:19:58+00:00","dateModified":"2025-04-22T07:26:53+00:00","description":"En esta p\u00e1gina encontrar\u00e1s una peque\u00f1a descripci\u00f3n, m\u00e1genes e informaci\u00f3n relevante para que te hagas una idea de c\u00f3mo es rodar en Jardines del Turia","breadcrumb":{"@id":"https:\/\/spainfilmcommission.com\/en\/ai-locations\/jardines-del-turia\/#breadcrumb"},"inLanguage":"en-US","potentialAction":[{"@type":"ReadAction","target":["https:\/\/spainfilmcommission.com\/en\/ai-locations\/jardines-del-turia\/"]}]},{"@type":"BreadcrumbList","@id":"https:\/\/spainfilmcommission.com\/en\/ai-locations\/jardines-del-turia\/#breadcrumb","itemListElement":[{"@type":"ListItem","position":1,"name":"Portada","item":"https:\/\/spainfilmcommission.com\/en\/"},{"@type":"ListItem","position":2,"name":"Jardines del Turia"}]},{"@type":"WebSite","@id":"https:\/\/spainfilmcommission.com\/en\/#website","url":"https:\/\/spainfilmcommission.com\/en\/","name":"Spain Film Commission","description":"","publisher":{"@id":"https:\/\/spainfilmcommission.com\/en\/#organization"},"potentialAction":[{"@type":"SearchAction","target":{"@type":"EntryPoint","urlTemplate":"https:\/\/spainfilmcommission.com\/en\/?s={search_term_string}"},"query-input":{"@type":"PropertyValueSpecification","valueRequired":true,"valueName":"search_term_string"}}],"inLanguage":"en-US"},{"@type":"Organization","@id":"https:\/\/spainfilmcommission.com\/en\/#organization","name":"Spain Film Commission","url":"https:\/\/spainfilmcommission.com\/en\/","logo":{"@type":"ImageObject","inLanguage":"en-US","@id":"https:\/\/spainfilmcommission.com\/en\/#\/schema\/logo\/image\/","url":"https:\/\/spainfilmcommission.com\/wp-content\/uploads\/2024\/07\/SPC_COLOR.png","contentUrl":"https:\/\/spainfilmcommission.com\/wp-content\/uploads\/2024\/07\/SPC_COLOR.png","width":1665,"height":1665,"caption":"Spain Film Commission"},"image":{"@id":"https:\/\/spainfilmcommission.com\/en\/#\/schema\/logo\/image\/"}}]}},"socio":[{"ID":"19","user_login":"valencia-film-office","user_nicename":"valencia-film-office","display_name":"valencia-film-office","user_pass":"****************","user_email":"valenciafilmoffice@visitvalencia.com","user_url":"","user_registered":"2024-12-19 13:52:04","id":19}],"nombrees":"Jardines del Turia","nombreen":"Jardines del Turia","localidad":"Valencia","provincia":"Valencia","coordenadas_maps":"39.472, -0.364597","latitud":"39.472000000000","longitud":"-0.364597000000","direcciones":"Jardines del Turia","direccionen":"Jardines del Turia","cod_postal":[],"telefono":"","fax":"","mail":"","web":"","descripciones":"Un jard\u00edn de 9 kil\u00f3metros ubicado en el antiguo cauce del R\u00edo Turia, constituye un aut\u00e9ntico espacio verde en Valencia (Comunidad Valenciana) que atraviesa la ciudad de oeste a este hasta alcanzar la Ciudad de las Artes y las Ciencias. Rec\u00f3rrelo en bici o viajando en tren. Adem\u00e1s ser\u00e1 imprescindible hacer una parada en el Palau de la M\u00fasica y disfrutar de los puentes m\u00e1s singulares que lo cruzan de norte a sur.","descripcionen":"A garden covering 9 km and situated on the old bed of the River Turia, is a beautiful green area in Valencia (Valencian Community), stretching from the west of the city to the east, reaching as far as the City of Arts and Sciences. It can be explored by bicycle or train. The Palau de la M\u00fasica it is an absolute must, where one can stop and enjoy the unique bridges which cross it from north to south.","galeria":[{"ID":"15099","post_author":"2","post_date":"2025-03-07 23:26:50","post_date_gmt":"2025-03-07 22:26:50","post_content":"","post_title":"foto-201_5647","post_excerpt":"","post_status":"inherit","comment_status":"closed","ping_status":"closed","post_password":"","post_name":"foto-201_5647","to_ping":"","pinged":"","post_modified":"2025-04-22 09:26:53","post_modified_gmt":"2025-04-22 07:26:53","post_content_filtered":"","post_parent":"11271","guid":"https:\/\/spainfilmcommission.com\/wp-content\/uploads\/2025\/03\/foto-201_5647.jpg","menu_order":"0","post_type":"attachment","post_mime_type":"image\/jpeg","comment_count":"0","pod_item_id":"15099"},{"ID":"15101","post_author":"2","post_date":"2025-03-07 23:26:52","post_date_gmt":"2025-03-07 22:26:52","post_content":"","post_title":"foto-201_5648","post_excerpt":"","post_status":"inherit","comment_status":"closed","ping_status":"closed","post_password":"","post_name":"foto-201_5648","to_ping":"","pinged":"","post_modified":"2025-04-22 09:26:53","post_modified_gmt":"2025-04-22 07:26:53","post_content_filtered":"","post_parent":"11271","guid":"https:\/\/spainfilmcommission.com\/wp-content\/uploads\/2025\/03\/foto-201_5648.jpg","menu_order":"0","post_type":"attachment","post_mime_type":"image\/jpeg","comment_count":"0","pod_item_id":"15101"},{"ID":"15103","post_author":"2","post_date":"2025-03-07 23:26:54","post_date_gmt":"2025-03-07 22:26:54","post_content":"","post_title":"foto-201_5649","post_excerpt":"","post_status":"inherit","comment_status":"closed","ping_status":"closed","post_password":"","post_name":"foto-201_5649","to_ping":"","pinged":"","post_modified":"2025-04-22 09:26:53","post_modified_gmt":"2025-04-22 07:26:53","post_content_filtered":"","post_parent":"11271","guid":"https:\/\/spainfilmcommission.com\/wp-content\/uploads\/2025\/03\/foto-201_5649.jpg","menu_order":"0","post_type":"attachment","post_mime_type":"image\/jpeg","comment_count":"0","pod_item_id":"15103"},{"ID":"15105","post_author":"2","post_date":"2025-03-07 23:26:58","post_date_gmt":"2025-03-07 22:26:58","post_content":"","post_title":"foto-201_5650","post_excerpt":"","post_status":"inherit","comment_status":"closed","ping_status":"closed","post_password":"","post_name":"foto-201_5650","to_ping":"","pinged":"","post_modified":"2025-04-22 09:26:53","post_modified_gmt":"2025-04-22 07:26:53","post_content_filtered":"","post_parent":"11271","guid":"https:\/\/spainfilmcommission.com\/wp-content\/uploads\/2025\/03\/foto-201_5650.jpg","menu_order":"0","post_type":"attachment","post_mime_type":"image\/jpeg","comment_count":"0","pod_item_id":"15105"},{"ID":"15107","post_author":"2","post_date":"2025-03-07 23:27:00","post_date_gmt":"2025-03-07 22:27:00","post_content":"","post_title":"foto-201_5651","post_excerpt":"","post_status":"inherit","comment_status":"closed","ping_status":"closed","post_password":"","post_name":"foto-201_5651","to_ping":"","pinged":"","post_modified":"2025-04-22 09:26:53","post_modified_gmt":"2025-04-22 07:26:53","post_content_filtered":"","post_parent":"11271","guid":"https:\/\/spainfilmcommission.com\/wp-content\/uploads\/2025\/03\/foto-201_5651.jpg","menu_order":"0","post_type":"attachment","post_mime_type":"image\/jpeg","comment_count":"0","pod_item_id":"15107"},{"ID":"15109","post_author":"2","post_date":"2025-03-07 23:27:02","post_date_gmt":"2025-03-07 22:27:02","post_content":"","post_title":"foto-201_5652","post_excerpt":"","post_status":"inherit","comment_status":"closed","ping_status":"closed","post_password":"","post_name":"foto-201_5652","to_ping":"","pinged":"","post_modified":"2025-04-22 09:26:53","post_modified_gmt":"2025-04-22 07:26:53","post_content_filtered":"","post_parent":"11271","guid":"https:\/\/spainfilmcommission.com\/wp-content\/uploads\/2025\/03\/foto-201_5652.jpg","menu_order":"0","post_type":"attachment","post_mime_type":"image\/jpeg","comment_count":"0","pod_item_id":"15109"},{"ID":"28489","post_author":"2","post_date":"2025-03-08 12:33:54","post_date_gmt":"2025-03-08 11:33:54","post_content":"","post_title":"jardines-del-turia_201_1","post_excerpt":"","post_status":"inherit","comment_status":"closed","ping_status":"closed","post_password":"","post_name":"jardines-del-turia_201_1","to_ping":"","pinged":"","post_modified":"2025-04-22 09:26:53","post_modified_gmt":"2025-04-22 07:26:53","post_content_filtered":"","post_parent":"11271","guid":"https:\/\/spainfilmcommission.com\/wp-content\/uploads\/2025\/03\/jardines-del-turia_201_1.jpg","menu_order":"0","post_type":"attachment","post_mime_type":"image\/jpeg","comment_count":"0","pod_item_id":"28489"},{"ID":"28491","post_author":"2","post_date":"2025-03-08 12:33:56","post_date_gmt":"2025-03-08 11:33:56","post_content":"","post_title":"jardines-del-turia_201_2","post_excerpt":"","post_status":"inherit","comment_status":"closed","ping_status":"closed","post_password":"","post_name":"jardines-del-turia_201_2","to_ping":"","pinged":"","post_modified":"2025-04-22 09:26:53","post_modified_gmt":"2025-04-22 07:26:53","post_content_filtered":"","post_parent":"11271","guid":"https:\/\/spainfilmcommission.com\/wp-content\/uploads\/2025\/03\/jardines-del-turia_201_2.jpg","menu_order":"0","post_type":"attachment","post_mime_type":"image\/jpeg","comment_count":"0","pod_item_id":"28491"},{"ID":"28493","post_author":"2","post_date":"2025-03-08 12:33:58","post_date_gmt":"2025-03-08 11:33:58","post_content":"","post_title":"jardines-del-turia_201_3","post_excerpt":"","post_status":"inherit","comment_status":"closed","ping_status":"closed","post_password":"","post_name":"jardines-del-turia_201_3","to_ping":"","pinged":"","post_modified":"2025-04-22 09:26:53","post_modified_gmt":"2025-04-22 07:26:53","post_content_filtered":"","post_parent":"11271","guid":"https:\/\/spainfilmcommission.com\/wp-content\/uploads\/2025\/03\/jardines-del-turia_201_3.jpg","menu_order":"0","post_type":"attachment","post_mime_type":"image\/jpeg","comment_count":"0","pod_item_id":"28493"},{"ID":"28495","post_author":"2","post_date":"2025-03-08 12:34:01","post_date_gmt":"2025-03-08 11:34:01","post_content":"","post_title":"jardines-del-turia_201_4","post_excerpt":"","post_status":"inherit","comment_status":"closed","ping_status":"closed","post_password":"","post_name":"jardines-del-turia_201_4","to_ping":"","pinged":"","post_modified":"2025-04-22 09:26:53","post_modified_gmt":"2025-04-22 07:26:53","post_content_filtered":"","post_parent":"11271","guid":"https:\/\/spainfilmcommission.com\/wp-content\/uploads\/2025\/03\/jardines-del-turia_201_4.jpg","menu_order":"0","post_type":"attachment","post_mime_type":"image\/jpeg","comment_count":"0","pod_item_id":"28495"},{"ID":"28497","post_author":"2","post_date":"2025-03-08 12:34:05","post_date_gmt":"2025-03-08 11:34:05","post_content":"","post_title":"jardines-del-turia_201_5","post_excerpt":"","post_status":"inherit","comment_status":"closed","ping_status":"closed","post_password":"","post_name":"jardines-del-turia_201_5","to_ping":"","pinged":"","post_modified":"2025-04-22 09:26:53","post_modified_gmt":"2025-04-22 07:26:53","post_content_filtered":"","post_parent":"11271","guid":"https:\/\/spainfilmcommission.com\/wp-content\/uploads\/2025\/03\/jardines-del-turia_201_5.jpg","menu_order":"0","post_type":"attachment","post_mime_type":"image\/jpeg","comment_count":"0","pod_item_id":"28497"},{"ID":"28499","post_author":"2","post_date":"2025-03-08 12:34:07","post_date_gmt":"2025-03-08 11:34:07","post_content":"","post_title":"jardines-del-turia_201_6","post_excerpt":"","post_status":"inherit","comment_status":"closed","ping_status":"closed","post_password":"","post_name":"jardines-del-turia_201_6","to_ping":"","pinged":"","post_modified":"2025-04-22 09:26:53","post_modified_gmt":"2025-04-22 07:26:53","post_content_filtered":"","post_parent":"11271","guid":"https:\/\/spainfilmcommission.com\/wp-content\/uploads\/2025\/03\/jardines-del-turia_201_6.jpg","menu_order":"0","post_type":"attachment","post_mime_type":"image\/jpeg","comment_count":"0","pod_item_id":"28499"}],"nombrepaginaes":"jardines-del-turia","nombrepaginaen":"jardines-del-turia","latitud_gps":"","longitud_gps":"","adicionaleses":"","adicionalesen":"","videoes":"","videoen":"","video2es":"","video2en":"","_links":{"self":[{"href":"https:\/\/spainfilmcommission.com\/en\/wp-json\/wp\/v2\/localizaciones\/localizacion\/11271","targetHints":{"allow":["GET"]}}],"collection":[{"href":"https:\/\/spainfilmcommission.com\/en\/wp-json\/wp\/v2\/localizaciones\/localizacion"}],"about":[{"href":"https:\/\/spainfilmcommission.com\/en\/wp-json\/wp\/v2\/types\/localizacion"}],"author":[{"embeddable":true,"href":"https:\/\/spainfilmcommission.com\/en\/wp-json\/wp\/v2\/users\/2"}],"wp:attachment":[{"href":"https:\/\/spainfilmcommission.com\/en\/wp-json\/wp\/v2\/media?parent=11271"}],"curies":[{"name":"wp","href":"https:\/\/api.w.org\/{rel}","templated":true}]}}