{"id":11269,"date":"2025-02-27T18:19:58","date_gmt":"2025-02-27T17:19:58","guid":{"rendered":"https:\/\/spainfilmcommission.com\/?post_type=localizacion&#038;p=11269"},"modified":"2025-04-21T20:36:33","modified_gmt":"2025-04-21T18:36:33","slug":"conjunto-arqueologico-de-carmona","status":"publish","type":"localizacion","link":"https:\/\/spainfilmcommission.com\/en\/ai-locations\/conjunto-arqueologico-de-carmona\/","title":{"rendered":"Conjunto Arqueol\u00f3gico de Carmona"},"content":{"rendered":"","protected":false},"author":2,"template":"","meta":[],"class_list":["post-11269","localizacion","type-localizacion","status-publish","hentry"],"yoast_head":"<!-- This site is optimized with the Yoast SEO plugin v28.3 - https:\/\/yoast.com\/product\/yoast-seo-wordpress\/ -->\n<title>Rodar en Conjunto Arqueol\u00f3gico de Carmona - Spain Film Commission<\/title>\n<meta name=\"description\" content=\"En esta p\u00e1gina encontrar\u00e1s una peque\u00f1a descripci\u00f3n, m\u00e1genes e informaci\u00f3n relevante para que te hagas una idea de c\u00f3mo es rodar en Conjunto Arqueol\u00f3gico de Carmona\" \/>\n<meta name=\"robots\" content=\"index, follow, max-snippet:-1, max-image-preview:large, max-video-preview:-1\" \/>\n<link rel=\"canonical\" href=\"https:\/\/spainfilmcommission.com\/en\/ai-locations\/conjunto-arqueologico-de-carmona\/\" \/>\n<meta property=\"og:locale\" content=\"en_US\" \/>\n<meta property=\"og:type\" content=\"article\" \/>\n<meta property=\"og:title\" content=\"Rodar en Conjunto Arqueol\u00f3gico de Carmona - Spain Film Commission\" \/>\n<meta property=\"og:description\" content=\"En esta p\u00e1gina encontrar\u00e1s una peque\u00f1a descripci\u00f3n, m\u00e1genes e informaci\u00f3n relevante para que te hagas una idea de c\u00f3mo es rodar en Conjunto Arqueol\u00f3gico de Carmona\" \/>\n<meta property=\"og:url\" content=\"https:\/\/spainfilmcommission.com\/en\/ai-locations\/conjunto-arqueologico-de-carmona\/\" \/>\n<meta property=\"og:site_name\" content=\"Spain Film Commission\" \/>\n<meta property=\"article:modified_time\" content=\"2025-04-21T18:36:33+00:00\" \/>\n<meta name=\"twitter:card\" content=\"summary_large_image\" \/>\n<script type=\"application\/ld+json\" class=\"yoast-schema-graph\">{\"@context\":\"https:\\\/\\\/schema.org\",\"@graph\":[{\"@type\":\"WebPage\",\"@id\":\"https:\\\/\\\/spainfilmcommission.com\\\/en\\\/ai-locations\\\/conjunto-arqueologico-de-carmona\\\/\",\"url\":\"https:\\\/\\\/spainfilmcommission.com\\\/en\\\/ai-locations\\\/conjunto-arqueologico-de-carmona\\\/\",\"name\":\"Rodar en Conjunto Arqueol\u00f3gico de Carmona - Spain Film Commission\",\"isPartOf\":{\"@id\":\"https:\\\/\\\/spainfilmcommission.com\\\/en\\\/#website\"},\"datePublished\":\"2025-02-27T17:19:58+00:00\",\"dateModified\":\"2025-04-21T18:36:33+00:00\",\"description\":\"En esta p\u00e1gina encontrar\u00e1s una peque\u00f1a descripci\u00f3n, m\u00e1genes e informaci\u00f3n relevante para que te hagas una idea de c\u00f3mo es rodar en Conjunto Arqueol\u00f3gico de Carmona\",\"breadcrumb\":{\"@id\":\"https:\\\/\\\/spainfilmcommission.com\\\/en\\\/ai-locations\\\/conjunto-arqueologico-de-carmona\\\/#breadcrumb\"},\"inLanguage\":\"en-US\",\"potentialAction\":[{\"@type\":\"ReadAction\",\"target\":[\"https:\\\/\\\/spainfilmcommission.com\\\/en\\\/ai-locations\\\/conjunto-arqueologico-de-carmona\\\/\"]}]},{\"@type\":\"BreadcrumbList\",\"@id\":\"https:\\\/\\\/spainfilmcommission.com\\\/en\\\/ai-locations\\\/conjunto-arqueologico-de-carmona\\\/#breadcrumb\",\"itemListElement\":[{\"@type\":\"ListItem\",\"position\":1,\"name\":\"Portada\",\"item\":\"https:\\\/\\\/spainfilmcommission.com\\\/en\\\/\"},{\"@type\":\"ListItem\",\"position\":2,\"name\":\"Conjunto Arqueol\u00f3gico de Carmona\"}]},{\"@type\":\"WebSite\",\"@id\":\"https:\\\/\\\/spainfilmcommission.com\\\/en\\\/#website\",\"url\":\"https:\\\/\\\/spainfilmcommission.com\\\/en\\\/\",\"name\":\"Spain Film Commission\",\"description\":\"\",\"publisher\":{\"@id\":\"https:\\\/\\\/spainfilmcommission.com\\\/en\\\/#organization\"},\"potentialAction\":[{\"@type\":\"SearchAction\",\"target\":{\"@type\":\"EntryPoint\",\"urlTemplate\":\"https:\\\/\\\/spainfilmcommission.com\\\/en\\\/?s={search_term_string}\"},\"query-input\":{\"@type\":\"PropertyValueSpecification\",\"valueRequired\":true,\"valueName\":\"search_term_string\"}}],\"inLanguage\":\"en-US\"},{\"@type\":\"Organization\",\"@id\":\"https:\\\/\\\/spainfilmcommission.com\\\/en\\\/#organization\",\"name\":\"Spain Film Commission\",\"url\":\"https:\\\/\\\/spainfilmcommission.com\\\/en\\\/\",\"logo\":{\"@type\":\"ImageObject\",\"inLanguage\":\"en-US\",\"@id\":\"https:\\\/\\\/spainfilmcommission.com\\\/en\\\/#\\\/schema\\\/logo\\\/image\\\/\",\"url\":\"https:\\\/\\\/spainfilmcommission.com\\\/wp-content\\\/uploads\\\/2024\\\/07\\\/SPC_COLOR.png\",\"contentUrl\":\"https:\\\/\\\/spainfilmcommission.com\\\/wp-content\\\/uploads\\\/2024\\\/07\\\/SPC_COLOR.png\",\"width\":1665,\"height\":1665,\"caption\":\"Spain Film Commission\"},\"image\":{\"@id\":\"https:\\\/\\\/spainfilmcommission.com\\\/en\\\/#\\\/schema\\\/logo\\\/image\\\/\"}}]}<\/script>\n<!-- \/ Yoast SEO plugin. -->","yoast_head_json":{"title":"Rodar en Conjunto Arqueol\u00f3gico de Carmona - Spain Film Commission","description":"En esta p\u00e1gina encontrar\u00e1s una peque\u00f1a descripci\u00f3n, m\u00e1genes e informaci\u00f3n relevante para que te hagas una idea de c\u00f3mo es rodar en Conjunto Arqueol\u00f3gico de Carmona","robots":{"index":"index","follow":"follow","max-snippet":"max-snippet:-1","max-image-preview":"max-image-preview:large","max-video-preview":"max-video-preview:-1"},"canonical":"https:\/\/spainfilmcommission.com\/en\/ai-locations\/conjunto-arqueologico-de-carmona\/","og_locale":"en_US","og_type":"article","og_title":"Rodar en Conjunto Arqueol\u00f3gico de Carmona - Spain Film Commission","og_description":"En esta p\u00e1gina encontrar\u00e1s una peque\u00f1a descripci\u00f3n, m\u00e1genes e informaci\u00f3n relevante para que te hagas una idea de c\u00f3mo es rodar en Conjunto Arqueol\u00f3gico de Carmona","og_url":"https:\/\/spainfilmcommission.com\/en\/ai-locations\/conjunto-arqueologico-de-carmona\/","og_site_name":"Spain Film Commission","article_modified_time":"2025-04-21T18:36:33+00:00","twitter_card":"summary_large_image","schema":{"@context":"https:\/\/schema.org","@graph":[{"@type":"WebPage","@id":"https:\/\/spainfilmcommission.com\/en\/ai-locations\/conjunto-arqueologico-de-carmona\/","url":"https:\/\/spainfilmcommission.com\/en\/ai-locations\/conjunto-arqueologico-de-carmona\/","name":"Rodar en Conjunto Arqueol\u00f3gico de Carmona - Spain Film Commission","isPartOf":{"@id":"https:\/\/spainfilmcommission.com\/en\/#website"},"datePublished":"2025-02-27T17:19:58+00:00","dateModified":"2025-04-21T18:36:33+00:00","description":"En esta p\u00e1gina encontrar\u00e1s una peque\u00f1a descripci\u00f3n, m\u00e1genes e informaci\u00f3n relevante para que te hagas una idea de c\u00f3mo es rodar en Conjunto Arqueol\u00f3gico de Carmona","breadcrumb":{"@id":"https:\/\/spainfilmcommission.com\/en\/ai-locations\/conjunto-arqueologico-de-carmona\/#breadcrumb"},"inLanguage":"en-US","potentialAction":[{"@type":"ReadAction","target":["https:\/\/spainfilmcommission.com\/en\/ai-locations\/conjunto-arqueologico-de-carmona\/"]}]},{"@type":"BreadcrumbList","@id":"https:\/\/spainfilmcommission.com\/en\/ai-locations\/conjunto-arqueologico-de-carmona\/#breadcrumb","itemListElement":[{"@type":"ListItem","position":1,"name":"Portada","item":"https:\/\/spainfilmcommission.com\/en\/"},{"@type":"ListItem","position":2,"name":"Conjunto Arqueol\u00f3gico de Carmona"}]},{"@type":"WebSite","@id":"https:\/\/spainfilmcommission.com\/en\/#website","url":"https:\/\/spainfilmcommission.com\/en\/","name":"Spain Film Commission","description":"","publisher":{"@id":"https:\/\/spainfilmcommission.com\/en\/#organization"},"potentialAction":[{"@type":"SearchAction","target":{"@type":"EntryPoint","urlTemplate":"https:\/\/spainfilmcommission.com\/en\/?s={search_term_string}"},"query-input":{"@type":"PropertyValueSpecification","valueRequired":true,"valueName":"search_term_string"}}],"inLanguage":"en-US"},{"@type":"Organization","@id":"https:\/\/spainfilmcommission.com\/en\/#organization","name":"Spain Film Commission","url":"https:\/\/spainfilmcommission.com\/en\/","logo":{"@type":"ImageObject","inLanguage":"en-US","@id":"https:\/\/spainfilmcommission.com\/en\/#\/schema\/logo\/image\/","url":"https:\/\/spainfilmcommission.com\/wp-content\/uploads\/2024\/07\/SPC_COLOR.png","contentUrl":"https:\/\/spainfilmcommission.com\/wp-content\/uploads\/2024\/07\/SPC_COLOR.png","width":1665,"height":1665,"caption":"Spain Film Commission"},"image":{"@id":"https:\/\/spainfilmcommission.com\/en\/#\/schema\/logo\/image\/"}}]}},"socio":[{"ID":"38","user_login":"carmona-film-office","user_nicename":"carmona-film-office","display_name":"carmona-film-office","user_pass":"****************","user_email":"pmoreno@carmona.org","user_url":"","user_registered":"2024-12-19 16:40:55","id":38}],"nombrees":"Conjunto Arqueol\u00f3gico de Carmona","nombreen":"Conjunto Arqueol\u00f3gico de Carmona","localidad":"Carmona","provincia":"Sevilla","coordenadas_maps":"37.4683, -5.65137","latitud":"37.468300000000","longitud":"-5.651370000000","direcciones":"Avda. Jorge Bonsor, 9","direccionen":"Avda. Jorge Bonsor, 9","cod_postal":"41410","telefono":"","fax":"","mail":"","web":"http:\/\/juntadeandalucia.es\/cultura\/museos\/CAC","descripciones":"Cementerio romano que estuvo en uso en torno a los siglo I y II. El ritual de enterramiento m\u00e1s generalizado era la incineraci\u00f3n en tumbas familiares, excavadas en la roca, con nichos y bancos donde se colocaban las urnas y las ofrendas. Destacan la Tumba de Servilia (enterramiento excepcional, consistente en un amplio patio porticado al que se abren las estancias de las dos plantas que pose\u00eda en su origen) y la Tumba del elefante (dedicada a los dioses frigios Atis y Cibeles, dioses del sol y de la fecundidad, respectivamente). Situado en Carmona (Sevilla, Andaluc\u00eda), en el Museo se exponen piezas arqueol\u00f3gicas fundamentalmente de la propia Necr\u00f3polis y relacionadas con los cultos funerarios.","descripcionen":"Roman cemetery which was in use around the 1st and 2nd centuries. The most common ritual burial was incineration within family tombs excavated in the rock, with niches and benches where the urns and offerings were placed. Highlights include the Tomb of Servilia (an exceptional burial consisting of a wide arcaded courtyard from which you could access the different chambers of two different heights that it originally had) and the Tomb of the Elephant (dedicated to the Phrygian Gods Attis and Cybele, the gods of the sun and fertility, respectively). Located in Carmona (Seville, Andalusia), in the archaeological museum there is an exhibition with the site's pieces, mainly those from the Necropolis and related funerary cults.","galeria":[{"ID":"13965","post_author":"2","post_date":"2025-03-07 22:55:08","post_date_gmt":"2025-03-07 21:55:08","post_content":"","post_title":"conjunto-arqueol\u00f3gico-de-carmona_199_1","post_excerpt":"","post_status":"inherit","comment_status":"closed","ping_status":"closed","post_password":"","post_name":"conjunto-arqueologico-de-carmona_199_1","to_ping":"","pinged":"","post_modified":"2025-04-21 20:36:33","post_modified_gmt":"2025-04-21 18:36:33","post_content_filtered":"","post_parent":"11269","guid":"https:\/\/spainfilmcommission.com\/wp-content\/uploads\/2025\/03\/conjunto-arqueologico-de-carmona_199_1.jpg","menu_order":"0","post_type":"attachment","post_mime_type":"image\/jpeg","comment_count":"0","pod_item_id":"13965"},{"ID":"13967","post_author":"2","post_date":"2025-03-07 22:55:10","post_date_gmt":"2025-03-07 21:55:10","post_content":"","post_title":"conjunto-arqueol\u00f3gico-de-carmona_199_2","post_excerpt":"","post_status":"inherit","comment_status":"closed","ping_status":"closed","post_password":"","post_name":"conjunto-arqueologico-de-carmona_199_2","to_ping":"","pinged":"","post_modified":"2025-04-21 20:36:33","post_modified_gmt":"2025-04-21 18:36:33","post_content_filtered":"","post_parent":"11269","guid":"https:\/\/spainfilmcommission.com\/wp-content\/uploads\/2025\/03\/conjunto-arqueologico-de-carmona_199_2.jpg","menu_order":"0","post_type":"attachment","post_mime_type":"image\/jpeg","comment_count":"0","pod_item_id":"13967"},{"ID":"13969","post_author":"2","post_date":"2025-03-07 22:55:12","post_date_gmt":"2025-03-07 21:55:12","post_content":"","post_title":"conjunto-arqueol\u00f3gico-de-carmona_199_3","post_excerpt":"","post_status":"inherit","comment_status":"closed","ping_status":"closed","post_password":"","post_name":"conjunto-arqueologico-de-carmona_199_3","to_ping":"","pinged":"","post_modified":"2025-04-21 20:36:33","post_modified_gmt":"2025-04-21 18:36:33","post_content_filtered":"","post_parent":"11269","guid":"https:\/\/spainfilmcommission.com\/wp-content\/uploads\/2025\/03\/conjunto-arqueologico-de-carmona_199_3.jpg","menu_order":"0","post_type":"attachment","post_mime_type":"image\/jpeg","comment_count":"0","pod_item_id":"13969"},{"ID":"13971","post_author":"2","post_date":"2025-03-07 22:55:14","post_date_gmt":"2025-03-07 21:55:14","post_content":"","post_title":"conjunto-arqueol\u00f3gico-de-carmona_199_4","post_excerpt":"","post_status":"inherit","comment_status":"closed","ping_status":"closed","post_password":"","post_name":"conjunto-arqueologico-de-carmona_199_4","to_ping":"","pinged":"","post_modified":"2025-04-21 20:36:33","post_modified_gmt":"2025-04-21 18:36:33","post_content_filtered":"","post_parent":"11269","guid":"https:\/\/spainfilmcommission.com\/wp-content\/uploads\/2025\/03\/conjunto-arqueologico-de-carmona_199_4.jpg","menu_order":"0","post_type":"attachment","post_mime_type":"image\/jpeg","comment_count":"0","pod_item_id":"13971"},{"ID":"13973","post_author":"2","post_date":"2025-03-07 22:55:16","post_date_gmt":"2025-03-07 21:55:16","post_content":"","post_title":"conjunto-arqueol\u00f3gico-de-carmona_199_6","post_excerpt":"","post_status":"inherit","comment_status":"closed","ping_status":"closed","post_password":"","post_name":"conjunto-arqueologico-de-carmona_199_6","to_ping":"","pinged":"","post_modified":"2025-04-21 20:36:33","post_modified_gmt":"2025-04-21 18:36:33","post_content_filtered":"","post_parent":"11269","guid":"https:\/\/spainfilmcommission.com\/wp-content\/uploads\/2025\/03\/conjunto-arqueologico-de-carmona_199_6.jpg","menu_order":"0","post_type":"attachment","post_mime_type":"image\/jpeg","comment_count":"0","pod_item_id":"13973"},{"ID":"13975","post_author":"2","post_date":"2025-03-07 22:55:18","post_date_gmt":"2025-03-07 21:55:18","post_content":"","post_title":"conjunto-arqueol\u00f3gico-de-carmona_199_7","post_excerpt":"","post_status":"inherit","comment_status":"closed","ping_status":"closed","post_password":"","post_name":"conjunto-arqueologico-de-carmona_199_7","to_ping":"","pinged":"","post_modified":"2025-04-21 20:36:33","post_modified_gmt":"2025-04-21 18:36:33","post_content_filtered":"","post_parent":"11269","guid":"https:\/\/spainfilmcommission.com\/wp-content\/uploads\/2025\/03\/conjunto-arqueologico-de-carmona_199_7.jpg","menu_order":"0","post_type":"attachment","post_mime_type":"image\/jpeg","comment_count":"0","pod_item_id":"13975"},{"ID":"13977","post_author":"2","post_date":"2025-03-07 22:55:20","post_date_gmt":"2025-03-07 21:55:20","post_content":"","post_title":"conjunto-arqueol\u00f3gico-de-carmona_199_8","post_excerpt":"","post_status":"inherit","comment_status":"closed","ping_status":"closed","post_password":"","post_name":"conjunto-arqueologico-de-carmona_199_8","to_ping":"","pinged":"","post_modified":"2025-04-21 20:36:33","post_modified_gmt":"2025-04-21 18:36:33","post_content_filtered":"","post_parent":"11269","guid":"https:\/\/spainfilmcommission.com\/wp-content\/uploads\/2025\/03\/conjunto-arqueologico-de-carmona_199_8.jpg","menu_order":"0","post_type":"attachment","post_mime_type":"image\/jpeg","comment_count":"0","pod_item_id":"13977"},{"ID":"13979","post_author":"2","post_date":"2025-03-07 22:55:23","post_date_gmt":"2025-03-07 21:55:23","post_content":"","post_title":"conjunto-arqueol\u00f3gico-de-carmona_199_9","post_excerpt":"","post_status":"inherit","comment_status":"closed","ping_status":"closed","post_password":"","post_name":"conjunto-arqueologico-de-carmona_199_9","to_ping":"","pinged":"","post_modified":"2025-04-21 20:36:33","post_modified_gmt":"2025-04-21 18:36:33","post_content_filtered":"","post_parent":"11269","guid":"https:\/\/spainfilmcommission.com\/wp-content\/uploads\/2025\/03\/conjunto-arqueologico-de-carmona_199_9.jpg","menu_order":"0","post_type":"attachment","post_mime_type":"image\/jpeg","comment_count":"0","pod_item_id":"13979"},{"ID":"13981","post_author":"2","post_date":"2025-03-07 22:55:25","post_date_gmt":"2025-03-07 21:55:25","post_content":"","post_title":"conjunto-arqueol\u00f3gico-de-carmona_199_10","post_excerpt":"","post_status":"inherit","comment_status":"closed","ping_status":"closed","post_password":"","post_name":"conjunto-arqueologico-de-carmona_199_10","to_ping":"","pinged":"","post_modified":"2025-04-21 20:36:33","post_modified_gmt":"2025-04-21 18:36:33","post_content_filtered":"","post_parent":"11269","guid":"https:\/\/spainfilmcommission.com\/wp-content\/uploads\/2025\/03\/conjunto-arqueologico-de-carmona_199_10.jpg","menu_order":"0","post_type":"attachment","post_mime_type":"image\/jpeg","comment_count":"0","pod_item_id":"13981"},{"ID":"13983","post_author":"2","post_date":"2025-03-07 22:55:27","post_date_gmt":"2025-03-07 21:55:27","post_content":"","post_title":"conjunto-arqueol\u00f3gico-de-carmona_199_11","post_excerpt":"","post_status":"inherit","comment_status":"closed","ping_status":"closed","post_password":"","post_name":"conjunto-arqueologico-de-carmona_199_11","to_ping":"","pinged":"","post_modified":"2025-04-21 20:36:33","post_modified_gmt":"2025-04-21 18:36:33","post_content_filtered":"","post_parent":"11269","guid":"https:\/\/spainfilmcommission.com\/wp-content\/uploads\/2025\/03\/conjunto-arqueologico-de-carmona_199_11.jpg","menu_order":"0","post_type":"attachment","post_mime_type":"image\/jpeg","comment_count":"0","pod_item_id":"13983"},{"ID":"13985","post_author":"2","post_date":"2025-03-07 22:55:29","post_date_gmt":"2025-03-07 21:55:29","post_content":"","post_title":"conjunto-arqueol\u00f3gico-de-carmona_199_12","post_excerpt":"","post_status":"inherit","comment_status":"closed","ping_status":"closed","post_password":"","post_name":"conjunto-arqueologico-de-carmona_199_12","to_ping":"","pinged":"","post_modified":"2025-04-21 20:36:33","post_modified_gmt":"2025-04-21 18:36:33","post_content_filtered":"","post_parent":"11269","guid":"https:\/\/spainfilmcommission.com\/wp-content\/uploads\/2025\/03\/conjunto-arqueologico-de-carmona_199_12.jpg","menu_order":"0","post_type":"attachment","post_mime_type":"image\/jpeg","comment_count":"0","pod_item_id":"13985"},{"ID":"13987","post_author":"2","post_date":"2025-03-07 22:55:31","post_date_gmt":"2025-03-07 21:55:31","post_content":"","post_title":"conjunto-arqueol\u00f3gico-de-carmona_199_13","post_excerpt":"","post_status":"inherit","comment_status":"closed","ping_status":"closed","post_password":"","post_name":"conjunto-arqueologico-de-carmona_199_13","to_ping":"","pinged":"","post_modified":"2025-04-21 20:36:33","post_modified_gmt":"2025-04-21 18:36:33","post_content_filtered":"","post_parent":"11269","guid":"https:\/\/spainfilmcommission.com\/wp-content\/uploads\/2025\/03\/conjunto-arqueologico-de-carmona_199_13.jpg","menu_order":"0","post_type":"attachment","post_mime_type":"image\/jpeg","comment_count":"0","pod_item_id":"13987"},{"ID":"13989","post_author":"2","post_date":"2025-03-07 22:55:33","post_date_gmt":"2025-03-07 21:55:33","post_content":"","post_title":"conjunto-arqueol\u00f3gico-de-carmona_199_14","post_excerpt":"","post_status":"inherit","comment_status":"closed","ping_status":"closed","post_password":"","post_name":"conjunto-arqueologico-de-carmona_199_14","to_ping":"","pinged":"","post_modified":"2025-04-21 20:36:33","post_modified_gmt":"2025-04-21 18:36:33","post_content_filtered":"","post_parent":"11269","guid":"https:\/\/spainfilmcommission.com\/wp-content\/uploads\/2025\/03\/conjunto-arqueologico-de-carmona_199_14.jpg","menu_order":"0","post_type":"attachment","post_mime_type":"image\/jpeg","comment_count":"0","pod_item_id":"13989"},{"ID":"13991","post_author":"2","post_date":"2025-03-07 22:55:35","post_date_gmt":"2025-03-07 21:55:35","post_content":"","post_title":"conjunto-arqueol\u00f3gico-de-carmona_199_15","post_excerpt":"","post_status":"inherit","comment_status":"closed","ping_status":"closed","post_password":"","post_name":"conjunto-arqueologico-de-carmona_199_15","to_ping":"","pinged":"","post_modified":"2025-04-21 20:36:33","post_modified_gmt":"2025-04-21 18:36:33","post_content_filtered":"","post_parent":"11269","guid":"https:\/\/spainfilmcommission.com\/wp-content\/uploads\/2025\/03\/conjunto-arqueologico-de-carmona_199_15.jpg","menu_order":"0","post_type":"attachment","post_mime_type":"image\/jpeg","comment_count":"0","pod_item_id":"13991"},{"ID":"15053","post_author":"2","post_date":"2025-03-07 23:26:05","post_date_gmt":"2025-03-07 22:26:05","post_content":"","post_title":"foto-199_4631","post_excerpt":"","post_status":"inherit","comment_status":"closed","ping_status":"closed","post_password":"","post_name":"foto-199_4631","to_ping":"","pinged":"","post_modified":"2025-04-21 20:36:33","post_modified_gmt":"2025-04-21 18:36:33","post_content_filtered":"","post_parent":"11269","guid":"https:\/\/spainfilmcommission.com\/wp-content\/uploads\/2025\/03\/foto-199_4631.jpg","menu_order":"0","post_type":"attachment","post_mime_type":"image\/jpeg","comment_count":"0","pod_item_id":"15053"},{"ID":"15055","post_author":"2","post_date":"2025-03-07 23:26:07","post_date_gmt":"2025-03-07 22:26:07","post_content":"","post_title":"foto-199_4632","post_excerpt":"","post_status":"inherit","comment_status":"closed","ping_status":"closed","post_password":"","post_name":"foto-199_4632","to_ping":"","pinged":"","post_modified":"2025-04-21 20:36:33","post_modified_gmt":"2025-04-21 18:36:33","post_content_filtered":"","post_parent":"11269","guid":"https:\/\/spainfilmcommission.com\/wp-content\/uploads\/2025\/03\/foto-199_4632.jpg","menu_order":"0","post_type":"attachment","post_mime_type":"image\/jpeg","comment_count":"0","pod_item_id":"15055"},{"ID":"15057","post_author":"2","post_date":"2025-03-07 23:26:09","post_date_gmt":"2025-03-07 22:26:09","post_content":"","post_title":"foto-199_4633","post_excerpt":"","post_status":"inherit","comment_status":"closed","ping_status":"closed","post_password":"","post_name":"foto-199_4633","to_ping":"","pinged":"","post_modified":"2025-04-21 20:36:33","post_modified_gmt":"2025-04-21 18:36:33","post_content_filtered":"","post_parent":"11269","guid":"https:\/\/spainfilmcommission.com\/wp-content\/uploads\/2025\/03\/foto-199_4633.jpg","menu_order":"0","post_type":"attachment","post_mime_type":"image\/jpeg","comment_count":"0","pod_item_id":"15057"},{"ID":"15059","post_author":"2","post_date":"2025-03-07 23:26:11","post_date_gmt":"2025-03-07 22:26:11","post_content":"","post_title":"foto-199_4636","post_excerpt":"","post_status":"inherit","comment_status":"closed","ping_status":"closed","post_password":"","post_name":"foto-199_4636","to_ping":"","pinged":"","post_modified":"2025-04-21 20:36:33","post_modified_gmt":"2025-04-21 18:36:33","post_content_filtered":"","post_parent":"11269","guid":"https:\/\/spainfilmcommission.com\/wp-content\/uploads\/2025\/03\/foto-199_4636.jpg","menu_order":"0","post_type":"attachment","post_mime_type":"image\/jpeg","comment_count":"0","pod_item_id":"15059"},{"ID":"15061","post_author":"2","post_date":"2025-03-07 23:26:13","post_date_gmt":"2025-03-07 22:26:13","post_content":"","post_title":"foto-199_4637","post_excerpt":"","post_status":"inherit","comment_status":"closed","ping_status":"closed","post_password":"","post_name":"foto-199_4637","to_ping":"","pinged":"","post_modified":"2025-04-21 20:36:33","post_modified_gmt":"2025-04-21 18:36:33","post_content_filtered":"","post_parent":"11269","guid":"https:\/\/spainfilmcommission.com\/wp-content\/uploads\/2025\/03\/foto-199_4637.jpg","menu_order":"0","post_type":"attachment","post_mime_type":"image\/jpeg","comment_count":"0","pod_item_id":"15061"},{"ID":"15063","post_author":"2","post_date":"2025-03-07 23:26:15","post_date_gmt":"2025-03-07 22:26:15","post_content":"","post_title":"foto-199_4638","post_excerpt":"","post_status":"inherit","comment_status":"closed","ping_status":"closed","post_password":"","post_name":"foto-199_4638","to_ping":"","pinged":"","post_modified":"2025-04-21 20:36:33","post_modified_gmt":"2025-04-21 18:36:33","post_content_filtered":"","post_parent":"11269","guid":"https:\/\/spainfilmcommission.com\/wp-content\/uploads\/2025\/03\/foto-199_4638.jpg","menu_order":"0","post_type":"attachment","post_mime_type":"image\/jpeg","comment_count":"0","pod_item_id":"15063"},{"ID":"15065","post_author":"2","post_date":"2025-03-07 23:26:17","post_date_gmt":"2025-03-07 22:26:17","post_content":"","post_title":"foto-199_4639","post_excerpt":"","post_status":"inherit","comment_status":"closed","ping_status":"closed","post_password":"","post_name":"foto-199_4639","to_ping":"","pinged":"","post_modified":"2025-04-21 20:36:33","post_modified_gmt":"2025-04-21 18:36:33","post_content_filtered":"","post_parent":"11269","guid":"https:\/\/spainfilmcommission.com\/wp-content\/uploads\/2025\/03\/foto-199_4639.jpg","menu_order":"0","post_type":"attachment","post_mime_type":"image\/jpeg","comment_count":"0","pod_item_id":"15065"},{"ID":"15067","post_author":"2","post_date":"2025-03-07 23:26:19","post_date_gmt":"2025-03-07 22:26:19","post_content":"","post_title":"foto-199_4640","post_excerpt":"","post_status":"inherit","comment_status":"closed","ping_status":"closed","post_password":"","post_name":"foto-199_4640","to_ping":"","pinged":"","post_modified":"2025-04-21 20:36:33","post_modified_gmt":"2025-04-21 18:36:33","post_content_filtered":"","post_parent":"11269","guid":"https:\/\/spainfilmcommission.com\/wp-content\/uploads\/2025\/03\/foto-199_4640.jpg","menu_order":"0","post_type":"attachment","post_mime_type":"image\/jpeg","comment_count":"0","pod_item_id":"15067"},{"ID":"15069","post_author":"2","post_date":"2025-03-07 23:26:21","post_date_gmt":"2025-03-07 22:26:21","post_content":"","post_title":"foto-199_4641","post_excerpt":"","post_status":"inherit","comment_status":"closed","ping_status":"closed","post_password":"","post_name":"foto-199_4641","to_ping":"","pinged":"","post_modified":"2025-04-21 20:36:33","post_modified_gmt":"2025-04-21 18:36:33","post_content_filtered":"","post_parent":"11269","guid":"https:\/\/spainfilmcommission.com\/wp-content\/uploads\/2025\/03\/foto-199_4641.jpg","menu_order":"0","post_type":"attachment","post_mime_type":"image\/jpeg","comment_count":"0","pod_item_id":"15069"},{"ID":"15071","post_author":"2","post_date":"2025-03-07 23:26:23","post_date_gmt":"2025-03-07 22:26:23","post_content":"","post_title":"foto-199_4642","post_excerpt":"","post_status":"inherit","comment_status":"closed","ping_status":"closed","post_password":"","post_name":"foto-199_4642","to_ping":"","pinged":"","post_modified":"2025-04-21 20:36:33","post_modified_gmt":"2025-04-21 18:36:33","post_content_filtered":"","post_parent":"11269","guid":"https:\/\/spainfilmcommission.com\/wp-content\/uploads\/2025\/03\/foto-199_4642.jpg","menu_order":"0","post_type":"attachment","post_mime_type":"image\/jpeg","comment_count":"0","pod_item_id":"15071"},{"ID":"15073","post_author":"2","post_date":"2025-03-07 23:26:25","post_date_gmt":"2025-03-07 22:26:25","post_content":"","post_title":"foto-199_4643","post_excerpt":"","post_status":"inherit","comment_status":"closed","ping_status":"closed","post_password":"","post_name":"foto-199_4643","to_ping":"","pinged":"","post_modified":"2025-04-21 20:36:33","post_modified_gmt":"2025-04-21 18:36:33","post_content_filtered":"","post_parent":"11269","guid":"https:\/\/spainfilmcommission.com\/wp-content\/uploads\/2025\/03\/foto-199_4643.jpg","menu_order":"0","post_type":"attachment","post_mime_type":"image\/jpeg","comment_count":"0","pod_item_id":"15073"},{"ID":"15075","post_author":"2","post_date":"2025-03-07 23:26:27","post_date_gmt":"2025-03-07 22:26:27","post_content":"","post_title":"foto-199_4646","post_excerpt":"","post_status":"inherit","comment_status":"closed","ping_status":"closed","post_password":"","post_name":"foto-199_4646","to_ping":"","pinged":"","post_modified":"2025-04-21 20:36:33","post_modified_gmt":"2025-04-21 18:36:33","post_content_filtered":"","post_parent":"11269","guid":"https:\/\/spainfilmcommission.com\/wp-content\/uploads\/2025\/03\/foto-199_4646.jpg","menu_order":"0","post_type":"attachment","post_mime_type":"image\/jpeg","comment_count":"0","pod_item_id":"15075"},{"ID":"15077","post_author":"2","post_date":"2025-03-07 23:26:29","post_date_gmt":"2025-03-07 22:26:29","post_content":"","post_title":"foto-199_4647","post_excerpt":"","post_status":"inherit","comment_status":"closed","ping_status":"closed","post_password":"","post_name":"foto-199_4647","to_ping":"","pinged":"","post_modified":"2025-04-21 20:36:33","post_modified_gmt":"2025-04-21 18:36:33","post_content_filtered":"","post_parent":"11269","guid":"https:\/\/spainfilmcommission.com\/wp-content\/uploads\/2025\/03\/foto-199_4647.jpg","menu_order":"0","post_type":"attachment","post_mime_type":"image\/jpeg","comment_count":"0","pod_item_id":"15077"}],"nombrepaginaes":"conjunto-arqueologico-de-carmona","nombrepaginaen":"conjunto-arqueologico-de-carmona","latitud_gps":"37\u00ba 28' 7.55","longitud_gps":"5\u00ba 39' 3","adicionaleses":"","adicionalesen":"","videoes":"","videoen":"","video2es":"","video2en":"","_links":{"self":[{"href":"https:\/\/spainfilmcommission.com\/en\/wp-json\/wp\/v2\/localizaciones\/localizacion\/11269","targetHints":{"allow":["GET"]}}],"collection":[{"href":"https:\/\/spainfilmcommission.com\/en\/wp-json\/wp\/v2\/localizaciones\/localizacion"}],"about":[{"href":"https:\/\/spainfilmcommission.com\/en\/wp-json\/wp\/v2\/types\/localizacion"}],"author":[{"embeddable":true,"href":"https:\/\/spainfilmcommission.com\/en\/wp-json\/wp\/v2\/users\/2"}],"wp:attachment":[{"href":"https:\/\/spainfilmcommission.com\/en\/wp-json\/wp\/v2\/media?parent=11269"}],"curies":[{"name":"wp","href":"https:\/\/api.w.org\/{rel}","templated":true}]}}