{"id":11242,"date":"2025-02-27T17:40:53","date_gmt":"2025-02-27T16:40:53","guid":{"rendered":"https:\/\/spainfilmcommission.com\/?post_type=localizacion&#038;p=11242"},"modified":"2025-04-22T08:24:19","modified_gmt":"2025-04-22T06:24:19","slug":"museo-guggenheim","status":"publish","type":"localizacion","link":"https:\/\/spainfilmcommission.com\/en\/ai-locations\/museo-guggenheim\/","title":{"rendered":"Museo Guggenheim"},"content":{"rendered":"","protected":false},"author":2,"template":"","meta":[],"class_list":["post-11242","localizacion","type-localizacion","status-publish","hentry"],"yoast_head":"<!-- This site is optimized with the Yoast SEO plugin v28.3 - https:\/\/yoast.com\/product\/yoast-seo-wordpress\/ -->\n<title>Rodar en Museo Guggenheim - Spain Film Commission<\/title>\n<meta name=\"description\" content=\"En esta p\u00e1gina encontrar\u00e1s una peque\u00f1a descripci\u00f3n, m\u00e1genes e informaci\u00f3n relevante para que te hagas una idea de c\u00f3mo es rodar en Museo Guggenheim\" \/>\n<meta name=\"robots\" content=\"index, follow, max-snippet:-1, max-image-preview:large, max-video-preview:-1\" \/>\n<link rel=\"canonical\" href=\"https:\/\/spainfilmcommission.com\/en\/ai-locations\/museo-guggenheim\/\" \/>\n<meta property=\"og:locale\" content=\"en_US\" \/>\n<meta property=\"og:type\" content=\"article\" \/>\n<meta property=\"og:title\" content=\"Rodar en Museo Guggenheim - Spain Film Commission\" \/>\n<meta property=\"og:description\" content=\"En esta p\u00e1gina encontrar\u00e1s una peque\u00f1a descripci\u00f3n, m\u00e1genes e informaci\u00f3n relevante para que te hagas una idea de c\u00f3mo es rodar en Museo Guggenheim\" \/>\n<meta property=\"og:url\" content=\"https:\/\/spainfilmcommission.com\/en\/ai-locations\/museo-guggenheim\/\" \/>\n<meta property=\"og:site_name\" content=\"Spain Film Commission\" \/>\n<meta property=\"article:modified_time\" content=\"2025-04-22T06:24:19+00:00\" \/>\n<meta name=\"twitter:card\" content=\"summary_large_image\" \/>\n<script type=\"application\/ld+json\" class=\"yoast-schema-graph\">{\"@context\":\"https:\\\/\\\/schema.org\",\"@graph\":[{\"@type\":\"WebPage\",\"@id\":\"https:\\\/\\\/spainfilmcommission.com\\\/en\\\/ai-locations\\\/museo-guggenheim\\\/\",\"url\":\"https:\\\/\\\/spainfilmcommission.com\\\/en\\\/ai-locations\\\/museo-guggenheim\\\/\",\"name\":\"Rodar en Museo Guggenheim - Spain Film Commission\",\"isPartOf\":{\"@id\":\"https:\\\/\\\/spainfilmcommission.com\\\/en\\\/#website\"},\"datePublished\":\"2025-02-27T16:40:53+00:00\",\"dateModified\":\"2025-04-22T06:24:19+00:00\",\"description\":\"En esta p\u00e1gina encontrar\u00e1s una peque\u00f1a descripci\u00f3n, m\u00e1genes e informaci\u00f3n relevante para que te hagas una idea de c\u00f3mo es rodar en Museo Guggenheim\",\"breadcrumb\":{\"@id\":\"https:\\\/\\\/spainfilmcommission.com\\\/en\\\/ai-locations\\\/museo-guggenheim\\\/#breadcrumb\"},\"inLanguage\":\"en-US\",\"potentialAction\":[{\"@type\":\"ReadAction\",\"target\":[\"https:\\\/\\\/spainfilmcommission.com\\\/en\\\/ai-locations\\\/museo-guggenheim\\\/\"]}]},{\"@type\":\"BreadcrumbList\",\"@id\":\"https:\\\/\\\/spainfilmcommission.com\\\/en\\\/ai-locations\\\/museo-guggenheim\\\/#breadcrumb\",\"itemListElement\":[{\"@type\":\"ListItem\",\"position\":1,\"name\":\"Portada\",\"item\":\"https:\\\/\\\/spainfilmcommission.com\\\/en\\\/\"},{\"@type\":\"ListItem\",\"position\":2,\"name\":\"Museo Guggenheim\"}]},{\"@type\":\"WebSite\",\"@id\":\"https:\\\/\\\/spainfilmcommission.com\\\/en\\\/#website\",\"url\":\"https:\\\/\\\/spainfilmcommission.com\\\/en\\\/\",\"name\":\"Spain Film Commission\",\"description\":\"\",\"publisher\":{\"@id\":\"https:\\\/\\\/spainfilmcommission.com\\\/en\\\/#organization\"},\"potentialAction\":[{\"@type\":\"SearchAction\",\"target\":{\"@type\":\"EntryPoint\",\"urlTemplate\":\"https:\\\/\\\/spainfilmcommission.com\\\/en\\\/?s={search_term_string}\"},\"query-input\":{\"@type\":\"PropertyValueSpecification\",\"valueRequired\":true,\"valueName\":\"search_term_string\"}}],\"inLanguage\":\"en-US\"},{\"@type\":\"Organization\",\"@id\":\"https:\\\/\\\/spainfilmcommission.com\\\/en\\\/#organization\",\"name\":\"Spain Film Commission\",\"url\":\"https:\\\/\\\/spainfilmcommission.com\\\/en\\\/\",\"logo\":{\"@type\":\"ImageObject\",\"inLanguage\":\"en-US\",\"@id\":\"https:\\\/\\\/spainfilmcommission.com\\\/en\\\/#\\\/schema\\\/logo\\\/image\\\/\",\"url\":\"https:\\\/\\\/spainfilmcommission.com\\\/wp-content\\\/uploads\\\/2024\\\/07\\\/SPC_COLOR.png\",\"contentUrl\":\"https:\\\/\\\/spainfilmcommission.com\\\/wp-content\\\/uploads\\\/2024\\\/07\\\/SPC_COLOR.png\",\"width\":1665,\"height\":1665,\"caption\":\"Spain Film Commission\"},\"image\":{\"@id\":\"https:\\\/\\\/spainfilmcommission.com\\\/en\\\/#\\\/schema\\\/logo\\\/image\\\/\"}}]}<\/script>\n<!-- \/ Yoast SEO plugin. -->","yoast_head_json":{"title":"Rodar en Museo Guggenheim - Spain Film Commission","description":"En esta p\u00e1gina encontrar\u00e1s una peque\u00f1a descripci\u00f3n, m\u00e1genes e informaci\u00f3n relevante para que te hagas una idea de c\u00f3mo es rodar en Museo Guggenheim","robots":{"index":"index","follow":"follow","max-snippet":"max-snippet:-1","max-image-preview":"max-image-preview:large","max-video-preview":"max-video-preview:-1"},"canonical":"https:\/\/spainfilmcommission.com\/en\/ai-locations\/museo-guggenheim\/","og_locale":"en_US","og_type":"article","og_title":"Rodar en Museo Guggenheim - Spain Film Commission","og_description":"En esta p\u00e1gina encontrar\u00e1s una peque\u00f1a descripci\u00f3n, m\u00e1genes e informaci\u00f3n relevante para que te hagas una idea de c\u00f3mo es rodar en Museo Guggenheim","og_url":"https:\/\/spainfilmcommission.com\/en\/ai-locations\/museo-guggenheim\/","og_site_name":"Spain Film Commission","article_modified_time":"2025-04-22T06:24:19+00:00","twitter_card":"summary_large_image","schema":{"@context":"https:\/\/schema.org","@graph":[{"@type":"WebPage","@id":"https:\/\/spainfilmcommission.com\/en\/ai-locations\/museo-guggenheim\/","url":"https:\/\/spainfilmcommission.com\/en\/ai-locations\/museo-guggenheim\/","name":"Rodar en Museo Guggenheim - Spain Film Commission","isPartOf":{"@id":"https:\/\/spainfilmcommission.com\/en\/#website"},"datePublished":"2025-02-27T16:40:53+00:00","dateModified":"2025-04-22T06:24:19+00:00","description":"En esta p\u00e1gina encontrar\u00e1s una peque\u00f1a descripci\u00f3n, m\u00e1genes e informaci\u00f3n relevante para que te hagas una idea de c\u00f3mo es rodar en Museo Guggenheim","breadcrumb":{"@id":"https:\/\/spainfilmcommission.com\/en\/ai-locations\/museo-guggenheim\/#breadcrumb"},"inLanguage":"en-US","potentialAction":[{"@type":"ReadAction","target":["https:\/\/spainfilmcommission.com\/en\/ai-locations\/museo-guggenheim\/"]}]},{"@type":"BreadcrumbList","@id":"https:\/\/spainfilmcommission.com\/en\/ai-locations\/museo-guggenheim\/#breadcrumb","itemListElement":[{"@type":"ListItem","position":1,"name":"Portada","item":"https:\/\/spainfilmcommission.com\/en\/"},{"@type":"ListItem","position":2,"name":"Museo Guggenheim"}]},{"@type":"WebSite","@id":"https:\/\/spainfilmcommission.com\/en\/#website","url":"https:\/\/spainfilmcommission.com\/en\/","name":"Spain Film Commission","description":"","publisher":{"@id":"https:\/\/spainfilmcommission.com\/en\/#organization"},"potentialAction":[{"@type":"SearchAction","target":{"@type":"EntryPoint","urlTemplate":"https:\/\/spainfilmcommission.com\/en\/?s={search_term_string}"},"query-input":{"@type":"PropertyValueSpecification","valueRequired":true,"valueName":"search_term_string"}}],"inLanguage":"en-US"},{"@type":"Organization","@id":"https:\/\/spainfilmcommission.com\/en\/#organization","name":"Spain Film Commission","url":"https:\/\/spainfilmcommission.com\/en\/","logo":{"@type":"ImageObject","inLanguage":"en-US","@id":"https:\/\/spainfilmcommission.com\/en\/#\/schema\/logo\/image\/","url":"https:\/\/spainfilmcommission.com\/wp-content\/uploads\/2024\/07\/SPC_COLOR.png","contentUrl":"https:\/\/spainfilmcommission.com\/wp-content\/uploads\/2024\/07\/SPC_COLOR.png","width":1665,"height":1665,"caption":"Spain Film Commission"},"image":{"@id":"https:\/\/spainfilmcommission.com\/en\/#\/schema\/logo\/image\/"}}]}},"socio":[{"ID":"39","user_login":"bilbao-bizkaia-film-commission","user_nicename":"bilbao-bizkaia-film-commission","display_name":"bilbao-bizkaia-film-commission","user_pass":"****************","user_email":"info@bifilmcommission.com","user_url":"","user_registered":"2024-12-19 17:33:51","id":39}],"nombrees":"Museo Guggenheim","nombreen":"Guggenheim Museum","localidad":"Bilbao","provincia":"Vizcaya","coordenadas_maps":"43.2687, -2.93401","latitud":"43.268700000000","longitud":"-2.934010000000","direcciones":"Avenida Abandoibarra, 3","direccionen":"Avenida Abandoibarra, 3","cod_postal":"48009","telefono":"","fax":"","mail":"","web":"http:\/\/www.guggenheim-bilbao.es\/","descripciones":"Est\u00e1 constituido por formas curvil\u00edneas y retorcidas, recubiertas de piedra caliza, cortinas de cristal y planchas de titanio. El Museo Guggenheim de Bilbao (Vizcaya, Pa\u00eds Vasco), dise\u00f1ado por Frank O. Gehry, cuenta con una superficie total de 24.000 m\u00b2, de los cuales 10.540 m\u00b2 est\u00e1n reservados para las exposiciones de arte contempor\u00e1neo, distribuidos en 19 galer\u00edas. Desde 2007 est\u00e1 considerado como uno de los 12 Tesoros de Espa\u00f1a.","descripcionen":"It consists of curved and twisted shapes, coated limestone, glass curtains and titanium plates. The Guggenheim Museum Bilbao (Vizcaya, Basque Country), designed by Frank O. Gehry, has a total area of ??24,000 m\u00b2, of which 10,540 m\u00b2 are reserved for exhibitions of Contemporary Art, divided into 19 galleries. Since 2007 it is considered one of the 12 Treasures of Spain.","galeria":[{"ID":"14909","post_author":"2","post_date":"2025-03-07 23:22:52","post_date_gmt":"2025-03-07 22:22:52","post_content":"","post_title":"foto-161_3813","post_excerpt":"","post_status":"inherit","comment_status":"closed","ping_status":"closed","post_password":"","post_name":"foto-161_3813","to_ping":"","pinged":"","post_modified":"2025-04-22 08:24:19","post_modified_gmt":"2025-04-22 06:24:19","post_content_filtered":"","post_parent":"11242","guid":"https:\/\/spainfilmcommission.com\/wp-content\/uploads\/2025\/03\/foto-161_3813.jpg","menu_order":"0","post_type":"attachment","post_mime_type":"image\/jpeg","comment_count":"0","pod_item_id":"14909"},{"ID":"14911","post_author":"2","post_date":"2025-03-07 23:22:54","post_date_gmt":"2025-03-07 22:22:54","post_content":"","post_title":"foto-161_3814","post_excerpt":"","post_status":"inherit","comment_status":"closed","ping_status":"closed","post_password":"","post_name":"foto-161_3814","to_ping":"","pinged":"","post_modified":"2025-04-22 08:24:19","post_modified_gmt":"2025-04-22 06:24:19","post_content_filtered":"","post_parent":"11242","guid":"https:\/\/spainfilmcommission.com\/wp-content\/uploads\/2025\/03\/foto-161_3814.jpg","menu_order":"0","post_type":"attachment","post_mime_type":"image\/jpeg","comment_count":"0","pod_item_id":"14911"},{"ID":"14913","post_author":"2","post_date":"2025-03-07 23:22:55","post_date_gmt":"2025-03-07 22:22:55","post_content":"","post_title":"foto-161_3815","post_excerpt":"","post_status":"inherit","comment_status":"closed","ping_status":"closed","post_password":"","post_name":"foto-161_3815","to_ping":"","pinged":"","post_modified":"2025-04-22 08:24:19","post_modified_gmt":"2025-04-22 06:24:19","post_content_filtered":"","post_parent":"11242","guid":"https:\/\/spainfilmcommission.com\/wp-content\/uploads\/2025\/03\/foto-161_3815.jpg","menu_order":"0","post_type":"attachment","post_mime_type":"image\/jpeg","comment_count":"0","pod_item_id":"14913"},{"ID":"14915","post_author":"2","post_date":"2025-03-07 23:22:57","post_date_gmt":"2025-03-07 22:22:57","post_content":"","post_title":"foto-161_3816","post_excerpt":"","post_status":"inherit","comment_status":"closed","ping_status":"closed","post_password":"","post_name":"foto-161_3816","to_ping":"","pinged":"","post_modified":"2025-04-22 08:24:19","post_modified_gmt":"2025-04-22 06:24:19","post_content_filtered":"","post_parent":"11242","guid":"https:\/\/spainfilmcommission.com\/wp-content\/uploads\/2025\/03\/foto-161_3816.jpg","menu_order":"0","post_type":"attachment","post_mime_type":"image\/jpeg","comment_count":"0","pod_item_id":"14915"},{"ID":"14917","post_author":"2","post_date":"2025-03-07 23:22:59","post_date_gmt":"2025-03-07 22:22:59","post_content":"","post_title":"foto-161_3817","post_excerpt":"","post_status":"inherit","comment_status":"closed","ping_status":"closed","post_password":"","post_name":"foto-161_3817","to_ping":"","pinged":"","post_modified":"2025-04-22 08:24:19","post_modified_gmt":"2025-04-22 06:24:19","post_content_filtered":"","post_parent":"11242","guid":"https:\/\/spainfilmcommission.com\/wp-content\/uploads\/2025\/03\/foto-161_3817.jpg","menu_order":"0","post_type":"attachment","post_mime_type":"image\/jpeg","comment_count":"0","pod_item_id":"14917"},{"ID":"14919","post_author":"2","post_date":"2025-03-07 23:23:01","post_date_gmt":"2025-03-07 22:23:01","post_content":"","post_title":"foto-161_3818","post_excerpt":"","post_status":"inherit","comment_status":"closed","ping_status":"closed","post_password":"","post_name":"foto-161_3818","to_ping":"","pinged":"","post_modified":"2025-04-22 08:24:19","post_modified_gmt":"2025-04-22 06:24:19","post_content_filtered":"","post_parent":"11242","guid":"https:\/\/spainfilmcommission.com\/wp-content\/uploads\/2025\/03\/foto-161_3818.jpg","menu_order":"0","post_type":"attachment","post_mime_type":"image\/jpeg","comment_count":"0","pod_item_id":"14919"},{"ID":"14921","post_author":"2","post_date":"2025-03-07 23:23:05","post_date_gmt":"2025-03-07 22:23:05","post_content":"","post_title":"foto-161_3819","post_excerpt":"","post_status":"inherit","comment_status":"closed","ping_status":"closed","post_password":"","post_name":"foto-161_3819","to_ping":"","pinged":"","post_modified":"2025-04-22 08:24:19","post_modified_gmt":"2025-04-22 06:24:19","post_content_filtered":"","post_parent":"11242","guid":"https:\/\/spainfilmcommission.com\/wp-content\/uploads\/2025\/03\/foto-161_3819.jpg","menu_order":"0","post_type":"attachment","post_mime_type":"image\/jpeg","comment_count":"0","pod_item_id":"14921"},{"ID":"14923","post_author":"2","post_date":"2025-03-07 23:23:06","post_date_gmt":"2025-03-07 22:23:06","post_content":"","post_title":"foto-161_3820","post_excerpt":"","post_status":"inherit","comment_status":"closed","ping_status":"closed","post_password":"","post_name":"foto-161_3820","to_ping":"","pinged":"","post_modified":"2025-04-22 08:24:19","post_modified_gmt":"2025-04-22 06:24:19","post_content_filtered":"","post_parent":"11242","guid":"https:\/\/spainfilmcommission.com\/wp-content\/uploads\/2025\/03\/foto-161_3820.jpg","menu_order":"0","post_type":"attachment","post_mime_type":"image\/jpeg","comment_count":"0","pod_item_id":"14923"},{"ID":"14925","post_author":"2","post_date":"2025-03-07 23:23:08","post_date_gmt":"2025-03-07 22:23:08","post_content":"","post_title":"foto-161_3821","post_excerpt":"","post_status":"inherit","comment_status":"closed","ping_status":"closed","post_password":"","post_name":"foto-161_3821","to_ping":"","pinged":"","post_modified":"2025-04-22 08:24:19","post_modified_gmt":"2025-04-22 06:24:19","post_content_filtered":"","post_parent":"11242","guid":"https:\/\/spainfilmcommission.com\/wp-content\/uploads\/2025\/03\/foto-161_3821.jpg","menu_order":"0","post_type":"attachment","post_mime_type":"image\/jpeg","comment_count":"0","pod_item_id":"14925"},{"ID":"14927","post_author":"2","post_date":"2025-03-07 23:23:11","post_date_gmt":"2025-03-07 22:23:11","post_content":"","post_title":"foto-161_3822","post_excerpt":"26-03-2012  . PAIS VASCO . El alcalde Juan Karlos Izagirre, con el concejal de Urbanismo Ricardo Burutaran y el director de obras y proyectos del ayuntamiento, Alfonso Vazquez, junto a la maqueta de la Estaci\u00dbn Intermodal San+Sebasti\u00b7n+Donostia , Guip\u02d9zcoa+Gipuzkoa .\rFoto: Manuel+D\u00ccaz+de+Rada","post_status":"inherit","comment_status":"closed","ping_status":"closed","post_password":"","post_name":"foto-161_3822","to_ping":"","pinged":"","post_modified":"2025-04-22 08:24:19","post_modified_gmt":"2025-04-22 06:24:19","post_content_filtered":"","post_parent":"11242","guid":"https:\/\/spainfilmcommission.com\/wp-content\/uploads\/2025\/03\/foto-161_3822.jpg","menu_order":"0","post_type":"attachment","post_mime_type":"image\/jpeg","comment_count":"0","pod_item_id":"14927"},{"ID":"14929","post_author":"2","post_date":"2025-03-07 23:23:18","post_date_gmt":"2025-03-07 22:23:18","post_content":"","post_title":"foto-161_3823","post_excerpt":"26-03-2012  . PAIS VASCO . El alcalde Juan Karlos Izagirre, con el concejal de Urbanismo Ricardo Burutaran y el director de obras y proyectos del ayuntamiento, Alfonso Vazquez, junto a la maqueta de la Estaci\u00dbn Intermodal San+Sebasti\u00b7n+Donostia , Guip\u02d9zcoa+Gipuzkoa .\rFoto: Manuel+D\u00ccaz+de+Rada","post_status":"inherit","comment_status":"closed","ping_status":"closed","post_password":"","post_name":"foto-161_3823","to_ping":"","pinged":"","post_modified":"2025-04-22 08:24:19","post_modified_gmt":"2025-04-22 06:24:19","post_content_filtered":"","post_parent":"11242","guid":"https:\/\/spainfilmcommission.com\/wp-content\/uploads\/2025\/03\/foto-161_3823.jpg","menu_order":"0","post_type":"attachment","post_mime_type":"image\/jpeg","comment_count":"0","pod_item_id":"14929"},{"ID":"14931","post_author":"2","post_date":"2025-03-07 23:23:24","post_date_gmt":"2025-03-07 22:23:24","post_content":"","post_title":"foto-161_3824","post_excerpt":"27-03-2012  . PAIS VASCO . El alcalde Juan Karlos Izagirre, con el concejal de Urbanismo Ricardo Burutaran y el director de obras y proyectos del ayuntamiento, Alfonso Vazquez, junto a la maqueta de la Estaci\u00dbn Intermodal San+Sebasti\u00b7n+Donostia , Guip\u02d9zcoa+Gipuzkoa .\rFoto: Manuel+D\u00ccaz+de+Rada","post_status":"inherit","comment_status":"closed","ping_status":"closed","post_password":"","post_name":"foto-161_3824","to_ping":"","pinged":"","post_modified":"2025-04-22 08:24:19","post_modified_gmt":"2025-04-22 06:24:19","post_content_filtered":"","post_parent":"11242","guid":"https:\/\/spainfilmcommission.com\/wp-content\/uploads\/2025\/03\/foto-161_3824.jpg","menu_order":"0","post_type":"attachment","post_mime_type":"image\/jpeg","comment_count":"0","pod_item_id":"14931"},{"ID":"14933","post_author":"2","post_date":"2025-03-07 23:23:30","post_date_gmt":"2025-03-07 22:23:30","post_content":"","post_title":"foto-161_3825","post_excerpt":"27-03-2012  . PAIS VASCO . El alcalde Juan Karlos Izagirre, con el concejal de Urbanismo Ricardo Burutaran y el director de obras y proyectos del ayuntamiento, Alfonso Vazquez, junto a la maqueta de la Estaci\u00dbn Intermodal San+Sebasti\u00b7n+Donostia , Guip\u02d9zcoa+Gipuzkoa .\rFoto: Manuel+D\u00ccaz+de+Rada","post_status":"inherit","comment_status":"closed","ping_status":"closed","post_password":"","post_name":"foto-161_3825","to_ping":"","pinged":"","post_modified":"2025-04-22 08:24:19","post_modified_gmt":"2025-04-22 06:24:19","post_content_filtered":"","post_parent":"11242","guid":"https:\/\/spainfilmcommission.com\/wp-content\/uploads\/2025\/03\/foto-161_3825.jpg","menu_order":"0","post_type":"attachment","post_mime_type":"image\/jpeg","comment_count":"0","pod_item_id":"14933"},{"ID":"14935","post_author":"2","post_date":"2025-03-07 23:23:37","post_date_gmt":"2025-03-07 22:23:37","post_content":"","post_title":"foto-161_3826","post_excerpt":"28-03-2012  . PAIS VASCO . El alcalde Juan Karlos Izagirre, con el concejal de Urbanismo Ricardo Burutaran y el director de obras y proyectos del ayuntamiento, Alfonso Vazquez, junto a la maqueta de la Estaci\u00dbn Intermodal San+Sebasti\u00b7n+Donostia , Guip\u02d9zcoa+Gipuzkoa .\rFoto: Manuel+D\u00ccaz+de+Rada","post_status":"inherit","comment_status":"closed","ping_status":"closed","post_password":"","post_name":"foto-161_3826","to_ping":"","pinged":"","post_modified":"2025-04-22 08:24:19","post_modified_gmt":"2025-04-22 06:24:19","post_content_filtered":"","post_parent":"11242","guid":"https:\/\/spainfilmcommission.com\/wp-content\/uploads\/2025\/03\/foto-161_3826.jpg","menu_order":"0","post_type":"attachment","post_mime_type":"image\/jpeg","comment_count":"0","pod_item_id":"14935"},{"ID":"14937","post_author":"2","post_date":"2025-03-07 23:23:43","post_date_gmt":"2025-03-07 22:23:43","post_content":"","post_title":"foto-161_3827","post_excerpt":"28-03-2012  . PAIS VASCO . El alcalde Juan Karlos Izagirre, con el concejal de Urbanismo Ricardo Burutaran y el director de obras y proyectos del ayuntamiento, Alfonso Vazquez, junto a la maqueta de la Estaci\u00dbn Intermodal San+Sebasti\u00b7n+Donostia , Guip\u02d9zcoa+Gipuzkoa .\rFoto: Manuel+D\u00ccaz+de+Rada","post_status":"inherit","comment_status":"closed","ping_status":"closed","post_password":"","post_name":"foto-161_3827","to_ping":"","pinged":"","post_modified":"2025-04-22 08:24:19","post_modified_gmt":"2025-04-22 06:24:19","post_content_filtered":"","post_parent":"11242","guid":"https:\/\/spainfilmcommission.com\/wp-content\/uploads\/2025\/03\/foto-161_3827.jpg","menu_order":"0","post_type":"attachment","post_mime_type":"image\/jpeg","comment_count":"0","pod_item_id":"14937"},{"ID":"14939","post_author":"2","post_date":"2025-03-07 23:23:50","post_date_gmt":"2025-03-07 22:23:50","post_content":"","post_title":"foto-161_3828","post_excerpt":"28-03-2012  . PAIS VASCO . El alcalde Juan Karlos Izagirre, con el concejal de Urbanismo Ricardo Burutaran y el director de obras y proyectos del ayuntamiento, Alfonso Vazquez, junto a la maqueta de la Estaci\u00dbn Intermodal San+Sebasti\u00b7n+Donostia , Guip\u02d9zcoa+Gipuzkoa .\rFoto: Manuel+D\u00ccaz+de+Rada","post_status":"inherit","comment_status":"closed","ping_status":"closed","post_password":"","post_name":"foto-161_3828","to_ping":"","pinged":"","post_modified":"2025-04-22 08:24:19","post_modified_gmt":"2025-04-22 06:24:19","post_content_filtered":"","post_parent":"11242","guid":"https:\/\/spainfilmcommission.com\/wp-content\/uploads\/2025\/03\/foto-161_3828.jpg","menu_order":"0","post_type":"attachment","post_mime_type":"image\/jpeg","comment_count":"0","pod_item_id":"14939"},{"ID":"14941","post_author":"2","post_date":"2025-03-07 23:23:56","post_date_gmt":"2025-03-07 22:23:56","post_content":"","post_title":"foto-161_3829","post_excerpt":"28-03-2012  . PAIS VASCO . El alcalde Juan Karlos Izagirre, con el concejal de Urbanismo Ricardo Burutaran y el director de obras y proyectos del ayuntamiento, Alfonso Vazquez, junto a la maqueta de la Estaci\u00dbn Intermodal San+Sebasti\u00b7n+Donostia , Guip\u02d9zcoa+Gipuzkoa .\rFoto: Manuel+D\u00ccaz+de+Rada","post_status":"inherit","comment_status":"closed","ping_status":"closed","post_password":"","post_name":"foto-161_3829","to_ping":"","pinged":"","post_modified":"2025-04-22 08:24:19","post_modified_gmt":"2025-04-22 06:24:19","post_content_filtered":"","post_parent":"11242","guid":"https:\/\/spainfilmcommission.com\/wp-content\/uploads\/2025\/03\/foto-161_3829.jpg","menu_order":"0","post_type":"attachment","post_mime_type":"image\/jpeg","comment_count":"0","pod_item_id":"14941"},{"ID":"14943","post_author":"2","post_date":"2025-03-07 23:24:03","post_date_gmt":"2025-03-07 22:24:03","post_content":"","post_title":"foto-161_3830","post_excerpt":"28-03-2012  . PAIS VASCO . El alcalde Juan Karlos Izagirre, con el concejal de Urbanismo Ricardo Burutaran y el director de obras y proyectos del ayuntamiento, Alfonso Vazquez, junto a la maqueta de la Estaci\u00dbn Intermodal San+Sebasti\u00b7n+Donostia , Guip\u02d9zcoa+Gipuzkoa .\rFoto: Manuel+D\u00ccaz+de+Rada","post_status":"inherit","comment_status":"closed","ping_status":"closed","post_password":"","post_name":"foto-161_3830","to_ping":"","pinged":"","post_modified":"2025-04-22 08:24:19","post_modified_gmt":"2025-04-22 06:24:19","post_content_filtered":"","post_parent":"11242","guid":"https:\/\/spainfilmcommission.com\/wp-content\/uploads\/2025\/03\/foto-161_3830.jpg","menu_order":"0","post_type":"attachment","post_mime_type":"image\/jpeg","comment_count":"0","pod_item_id":"14943"},{"ID":"14945","post_author":"2","post_date":"2025-03-07 23:24:10","post_date_gmt":"2025-03-07 22:24:10","post_content":"","post_title":"foto-161_3831","post_excerpt":"28-03-2012  . PAIS VASCO . El alcalde Juan Karlos Izagirre, con el concejal de Urbanismo Ricardo Burutaran y el director de obras y proyectos del ayuntamiento, Alfonso Vazquez, junto a la maqueta de la Estaci\u00dbn Intermodal San+Sebasti\u00b7n+Donostia , Guip\u02d9zcoa+Gipuzkoa .\rFoto: Manuel+D\u00ccaz+de+Rada","post_status":"inherit","comment_status":"closed","ping_status":"closed","post_password":"","post_name":"foto-161_3831","to_ping":"","pinged":"","post_modified":"2025-04-22 08:24:19","post_modified_gmt":"2025-04-22 06:24:19","post_content_filtered":"","post_parent":"11242","guid":"https:\/\/spainfilmcommission.com\/wp-content\/uploads\/2025\/03\/foto-161_3831.jpg","menu_order":"0","post_type":"attachment","post_mime_type":"image\/jpeg","comment_count":"0","pod_item_id":"14945"},{"ID":"14947","post_author":"2","post_date":"2025-03-07 23:24:15","post_date_gmt":"2025-03-07 22:24:15","post_content":"","post_title":"foto-161_3832","post_excerpt":"","post_status":"inherit","comment_status":"closed","ping_status":"closed","post_password":"","post_name":"foto-161_3832","to_ping":"","pinged":"","post_modified":"2025-04-22 08:24:19","post_modified_gmt":"2025-04-22 06:24:19","post_content_filtered":"","post_parent":"11242","guid":"https:\/\/spainfilmcommission.com\/wp-content\/uploads\/2025\/03\/foto-161_3832.jpg","menu_order":"0","post_type":"attachment","post_mime_type":"image\/jpeg","comment_count":"0","pod_item_id":"14947"}],"nombrepaginaes":"museo-guggenheim","nombrepaginaen":"guggenheim-museum","latitud_gps":"43\u00b0 16&quot; 6.98&quot;","longitud_gps":"2\u00b0 56&quot; 3.43&quot;","adicionaleses":"","adicionalesen":"","videoes":"","videoen":"","video2es":"","video2en":"","_links":{"self":[{"href":"https:\/\/spainfilmcommission.com\/en\/wp-json\/wp\/v2\/localizaciones\/localizacion\/11242","targetHints":{"allow":["GET"]}}],"collection":[{"href":"https:\/\/spainfilmcommission.com\/en\/wp-json\/wp\/v2\/localizaciones\/localizacion"}],"about":[{"href":"https:\/\/spainfilmcommission.com\/en\/wp-json\/wp\/v2\/types\/localizacion"}],"author":[{"embeddable":true,"href":"https:\/\/spainfilmcommission.com\/en\/wp-json\/wp\/v2\/users\/2"}],"wp:attachment":[{"href":"https:\/\/spainfilmcommission.com\/en\/wp-json\/wp\/v2\/media?parent=11242"}],"curies":[{"name":"wp","href":"https:\/\/api.w.org\/{rel}","templated":true}]}}