{"id":11231,"date":"2025-02-27T17:31:23","date_gmt":"2025-02-27T16:31:23","guid":{"rendered":"https:\/\/spainfilmcommission.com\/?post_type=localizacion&p=11231"},"modified":"-0001-11-30T00:00:00","modified_gmt":"-0001-11-29T22:00:00","slug":"cala-moraig","status":"publish","type":"localizacion","link":"https:\/\/spainfilmcommission.com\/en\/ai-locations\/cala-moraig\/","title":{"rendered":"Cala Moraig"},"content":{"rendered":"","protected":false},"author":2,"template":"","meta":[],"class_list":["post-11231","localizacion","type-localizacion","status-publish","hentry"],"yoast_head":"<!-- This site is optimized with the Yoast SEO plugin v28.3 - https:\/\/yoast.com\/product\/yoast-seo-wordpress\/ -->\n<title>Rodar en Cala Moraig - Spain Film Commission<\/title>\n<meta name=\"description\" content=\"En esta p\u00e1gina encontrar\u00e1s una peque\u00f1a descripci\u00f3n, m\u00e1genes e informaci\u00f3n relevante para que te hagas una idea de c\u00f3mo es rodar en Cala Moraig\" \/>\n<meta name=\"robots\" content=\"index, follow, max-snippet:-1, max-image-preview:large, max-video-preview:-1\" \/>\n<link rel=\"canonical\" href=\"https:\/\/spainfilmcommission.com\/en\/ai-locations\/cala-moraig\/\" \/>\n<meta property=\"og:locale\" content=\"en_US\" \/>\n<meta property=\"og:type\" content=\"article\" \/>\n<meta property=\"og:title\" content=\"Rodar en Cala Moraig - Spain Film Commission\" \/>\n<meta property=\"og:description\" content=\"En esta p\u00e1gina encontrar\u00e1s una peque\u00f1a descripci\u00f3n, m\u00e1genes e informaci\u00f3n relevante para que te hagas una idea de c\u00f3mo es rodar en Cala Moraig\" \/>\n<meta property=\"og:url\" content=\"https:\/\/spainfilmcommission.com\/en\/ai-locations\/cala-moraig\/\" \/>\n<meta property=\"og:site_name\" content=\"Spain Film Commission\" \/>\n<meta name=\"twitter:card\" content=\"summary_large_image\" \/>\n<script type=\"application\/ld+json\" class=\"yoast-schema-graph\">{\"@context\":\"https:\\\/\\\/schema.org\",\"@graph\":[{\"@type\":\"WebPage\",\"@id\":\"https:\\\/\\\/spainfilmcommission.com\\\/en\\\/ai-locations\\\/cala-moraig\\\/\",\"url\":\"https:\\\/\\\/spainfilmcommission.com\\\/en\\\/ai-locations\\\/cala-moraig\\\/\",\"name\":\"Rodar en Cala Moraig - Spain Film Commission\",\"isPartOf\":{\"@id\":\"https:\\\/\\\/spainfilmcommission.com\\\/en\\\/#website\"},\"datePublished\":\"2025-02-27T16:31:23+00:00\",\"description\":\"En esta p\u00e1gina encontrar\u00e1s una peque\u00f1a descripci\u00f3n, m\u00e1genes e informaci\u00f3n relevante para que te hagas una idea de c\u00f3mo es rodar en Cala Moraig\",\"breadcrumb\":{\"@id\":\"https:\\\/\\\/spainfilmcommission.com\\\/en\\\/ai-locations\\\/cala-moraig\\\/#breadcrumb\"},\"inLanguage\":\"en-US\",\"potentialAction\":[{\"@type\":\"ReadAction\",\"target\":[\"https:\\\/\\\/spainfilmcommission.com\\\/en\\\/ai-locations\\\/cala-moraig\\\/\"]}]},{\"@type\":\"BreadcrumbList\",\"@id\":\"https:\\\/\\\/spainfilmcommission.com\\\/en\\\/ai-locations\\\/cala-moraig\\\/#breadcrumb\",\"itemListElement\":[{\"@type\":\"ListItem\",\"position\":1,\"name\":\"Portada\",\"item\":\"https:\\\/\\\/spainfilmcommission.com\\\/en\\\/\"},{\"@type\":\"ListItem\",\"position\":2,\"name\":\"Cala Moraig\"}]},{\"@type\":\"WebSite\",\"@id\":\"https:\\\/\\\/spainfilmcommission.com\\\/en\\\/#website\",\"url\":\"https:\\\/\\\/spainfilmcommission.com\\\/en\\\/\",\"name\":\"Spain Film Commission\",\"description\":\"\",\"publisher\":{\"@id\":\"https:\\\/\\\/spainfilmcommission.com\\\/en\\\/#organization\"},\"potentialAction\":[{\"@type\":\"SearchAction\",\"target\":{\"@type\":\"EntryPoint\",\"urlTemplate\":\"https:\\\/\\\/spainfilmcommission.com\\\/en\\\/?s={search_term_string}\"},\"query-input\":{\"@type\":\"PropertyValueSpecification\",\"valueRequired\":true,\"valueName\":\"search_term_string\"}}],\"inLanguage\":\"en-US\"},{\"@type\":\"Organization\",\"@id\":\"https:\\\/\\\/spainfilmcommission.com\\\/en\\\/#organization\",\"name\":\"Spain Film Commission\",\"url\":\"https:\\\/\\\/spainfilmcommission.com\\\/en\\\/\",\"logo\":{\"@type\":\"ImageObject\",\"inLanguage\":\"en-US\",\"@id\":\"https:\\\/\\\/spainfilmcommission.com\\\/en\\\/#\\\/schema\\\/logo\\\/image\\\/\",\"url\":\"https:\\\/\\\/spainfilmcommission.com\\\/wp-content\\\/uploads\\\/2024\\\/07\\\/SPC_COLOR.png\",\"contentUrl\":\"https:\\\/\\\/spainfilmcommission.com\\\/wp-content\\\/uploads\\\/2024\\\/07\\\/SPC_COLOR.png\",\"width\":1665,\"height\":1665,\"caption\":\"Spain Film Commission\"},\"image\":{\"@id\":\"https:\\\/\\\/spainfilmcommission.com\\\/en\\\/#\\\/schema\\\/logo\\\/image\\\/\"}}]}<\/script>\n<!-- \/ Yoast SEO plugin. -->","yoast_head_json":{"title":"Rodar en Cala Moraig - Spain Film Commission","description":"En esta p\u00e1gina encontrar\u00e1s una peque\u00f1a descripci\u00f3n, m\u00e1genes e informaci\u00f3n relevante para que te hagas una idea de c\u00f3mo es rodar en Cala Moraig","robots":{"index":"index","follow":"follow","max-snippet":"max-snippet:-1","max-image-preview":"max-image-preview:large","max-video-preview":"max-video-preview:-1"},"canonical":"https:\/\/spainfilmcommission.com\/en\/ai-locations\/cala-moraig\/","og_locale":"en_US","og_type":"article","og_title":"Rodar en Cala Moraig - Spain Film Commission","og_description":"En esta p\u00e1gina encontrar\u00e1s una peque\u00f1a descripci\u00f3n, m\u00e1genes e informaci\u00f3n relevante para que te hagas una idea de c\u00f3mo es rodar en Cala Moraig","og_url":"https:\/\/spainfilmcommission.com\/en\/ai-locations\/cala-moraig\/","og_site_name":"Spain Film Commission","twitter_card":"summary_large_image","schema":{"@context":"https:\/\/schema.org","@graph":[{"@type":"WebPage","@id":"https:\/\/spainfilmcommission.com\/en\/ai-locations\/cala-moraig\/","url":"https:\/\/spainfilmcommission.com\/en\/ai-locations\/cala-moraig\/","name":"Rodar en Cala Moraig - Spain Film Commission","isPartOf":{"@id":"https:\/\/spainfilmcommission.com\/en\/#website"},"datePublished":"2025-02-27T16:31:23+00:00","description":"En esta p\u00e1gina encontrar\u00e1s una peque\u00f1a descripci\u00f3n, m\u00e1genes e informaci\u00f3n relevante para que te hagas una idea de c\u00f3mo es rodar en Cala Moraig","breadcrumb":{"@id":"https:\/\/spainfilmcommission.com\/en\/ai-locations\/cala-moraig\/#breadcrumb"},"inLanguage":"en-US","potentialAction":[{"@type":"ReadAction","target":["https:\/\/spainfilmcommission.com\/en\/ai-locations\/cala-moraig\/"]}]},{"@type":"BreadcrumbList","@id":"https:\/\/spainfilmcommission.com\/en\/ai-locations\/cala-moraig\/#breadcrumb","itemListElement":[{"@type":"ListItem","position":1,"name":"Portada","item":"https:\/\/spainfilmcommission.com\/en\/"},{"@type":"ListItem","position":2,"name":"Cala Moraig"}]},{"@type":"WebSite","@id":"https:\/\/spainfilmcommission.com\/en\/#website","url":"https:\/\/spainfilmcommission.com\/en\/","name":"Spain Film Commission","description":"","publisher":{"@id":"https:\/\/spainfilmcommission.com\/en\/#organization"},"potentialAction":[{"@type":"SearchAction","target":{"@type":"EntryPoint","urlTemplate":"https:\/\/spainfilmcommission.com\/en\/?s={search_term_string}"},"query-input":{"@type":"PropertyValueSpecification","valueRequired":true,"valueName":"search_term_string"}}],"inLanguage":"en-US"},{"@type":"Organization","@id":"https:\/\/spainfilmcommission.com\/en\/#organization","name":"Spain Film Commission","url":"https:\/\/spainfilmcommission.com\/en\/","logo":{"@type":"ImageObject","inLanguage":"en-US","@id":"https:\/\/spainfilmcommission.com\/en\/#\/schema\/logo\/image\/","url":"https:\/\/spainfilmcommission.com\/wp-content\/uploads\/2024\/07\/SPC_COLOR.png","contentUrl":"https:\/\/spainfilmcommission.com\/wp-content\/uploads\/2024\/07\/SPC_COLOR.png","width":1665,"height":1665,"caption":"Spain Film Commission"},"image":{"@id":"https:\/\/spainfilmcommission.com\/en\/#\/schema\/logo\/image\/"}}]}},"socio":false,"nombrees":"Cala Moraig","nombreen":"Cala Moraig","localidad":"Poble Nou de Benitatxell","provincia":"Alicante","coordenadas_maps":"38.7088, 0.166261","latitud":"38.7088","longitud":"0.166261","direcciones":"","direccionen":"","cod_postal":"","telefono":"","fax":"","mail":"coordinacion@spainfilmcommission.org","web":"www.elpoblenoudebenitatxell.org","descripciones":"Es una tranquila cala de grava y aguas transparentes en Poble Nou de Benitatxell (Alicante, Comunidad Valenciana) que se encuentra a los pies de un impresionante acantilado. Adem\u00e1s de su atractivo para el ba\u00f1o, en esta playa se encuentra la Cova dels Arcs, una bell\u00edsima cueva acu\u00e1tica que es la salida al mar de un r\u00edo subterr\u00e1neo. Un tesoro para los amantes del submarinismo.","descripcionen":"It is a peaceful cove with stone beach and clear water located in Poble Nou de Benitatxell (Alicante, Valencian Community) at the foot of an impressive cliff. In addition to its appeal for swimmers, at this beach we can also find the Cova dels Arcs, a beautiful aquatic cave where the waters of the see and an underground river converge. A treasure for divers.","galeria":[{"ID":"13155","post_author":"2","post_date":"2025-03-07 22:40:56","post_date_gmt":"2025-03-07 21:40:56","post_content":"","post_title":"cala-moraig_149_1","post_excerpt":"","post_status":"inherit","comment_status":"","ping_status":"closed","post_password":"","post_name":"cala-moraig_149_1","to_ping":"","pinged":"","post_modified":"2025-03-07 22:40:56","post_modified_gmt":"2025-03-07 21:40:56","post_content_filtered":"","post_parent":"0","guid":"https:\/\/spainfilmcommission.com\/wp-content\/uploads\/2025\/03\/cala-moraig_149_1.jpg","menu_order":"0","post_type":"attachment","post_mime_type":"image\/jpeg","comment_count":"0","pod_item_id":"13155"},{"ID":"13157","post_author":"2","post_date":"2025-03-07 22:40:58","post_date_gmt":"2025-03-07 21:40:58","post_content":"","post_title":"cala-moraig_149_3","post_excerpt":"","post_status":"inherit","comment_status":"","ping_status":"closed","post_password":"","post_name":"cala-moraig_149_3","to_ping":"","pinged":"","post_modified":"2025-03-07 22:40:58","post_modified_gmt":"2025-03-07 21:40:58","post_content_filtered":"","post_parent":"0","guid":"https:\/\/spainfilmcommission.com\/wp-content\/uploads\/2025\/03\/cala-moraig_149_3.jpg","menu_order":"0","post_type":"attachment","post_mime_type":"image\/jpeg","comment_count":"0","pod_item_id":"13157"},{"ID":"13159","post_author":"2","post_date":"2025-03-07 22:41:00","post_date_gmt":"2025-03-07 21:41:00","post_content":"","post_title":"cala-moraig_149_4","post_excerpt":"","post_status":"inherit","comment_status":"","ping_status":"closed","post_password":"","post_name":"cala-moraig_149_4","to_ping":"","pinged":"","post_modified":"2025-03-07 22:41:00","post_modified_gmt":"2025-03-07 21:41:00","post_content_filtered":"","post_parent":"0","guid":"https:\/\/spainfilmcommission.com\/wp-content\/uploads\/2025\/03\/cala-moraig_149_4.jpg","menu_order":"0","post_type":"attachment","post_mime_type":"image\/jpeg","comment_count":"0","pod_item_id":"13159"},{"ID":"13161","post_author":"2","post_date":"2025-03-07 22:41:02","post_date_gmt":"2025-03-07 21:41:02","post_content":"","post_title":"cala-moraig_149_5","post_excerpt":"","post_status":"inherit","comment_status":"","ping_status":"closed","post_password":"","post_name":"cala-moraig_149_5","to_ping":"","pinged":"","post_modified":"2025-03-07 22:41:02","post_modified_gmt":"2025-03-07 21:41:02","post_content_filtered":"","post_parent":"0","guid":"https:\/\/spainfilmcommission.com\/wp-content\/uploads\/2025\/03\/cala-moraig_149_5.jpg","menu_order":"0","post_type":"attachment","post_mime_type":"image\/jpeg","comment_count":"0","pod_item_id":"13161"},{"ID":"13163","post_author":"2","post_date":"2025-03-07 22:41:04","post_date_gmt":"2025-03-07 21:41:04","post_content":"","post_title":"cala-moraig_149_6","post_excerpt":"","post_status":"inherit","comment_status":"","ping_status":"closed","post_password":"","post_name":"cala-moraig_149_6","to_ping":"","pinged":"","post_modified":"2025-03-07 22:41:04","post_modified_gmt":"2025-03-07 21:41:04","post_content_filtered":"","post_parent":"0","guid":"https:\/\/spainfilmcommission.com\/wp-content\/uploads\/2025\/03\/cala-moraig_149_6.jpg","menu_order":"0","post_type":"attachment","post_mime_type":"image\/jpeg","comment_count":"0","pod_item_id":"13163"},{"ID":"13165","post_author":"2","post_date":"2025-03-07 22:41:07","post_date_gmt":"2025-03-07 21:41:07","post_content":"","post_title":"cala-moraig_149_7","post_excerpt":"","post_status":"inherit","comment_status":"","ping_status":"closed","post_password":"","post_name":"cala-moraig_149_7","to_ping":"","pinged":"","post_modified":"2025-03-07 22:41:07","post_modified_gmt":"2025-03-07 21:41:07","post_content_filtered":"","post_parent":"0","guid":"https:\/\/spainfilmcommission.com\/wp-content\/uploads\/2025\/03\/cala-moraig_149_7.jpg","menu_order":"0","post_type":"attachment","post_mime_type":"image\/jpeg","comment_count":"0","pod_item_id":"13165"},{"ID":"13167","post_author":"2","post_date":"2025-03-07 22:41:09","post_date_gmt":"2025-03-07 21:41:09","post_content":"","post_title":"cala-moraig_149_8","post_excerpt":"","post_status":"inherit","comment_status":"","ping_status":"closed","post_password":"","post_name":"cala-moraig_149_8","to_ping":"","pinged":"","post_modified":"2025-03-07 22:41:09","post_modified_gmt":"2025-03-07 21:41:09","post_content_filtered":"","post_parent":"0","guid":"https:\/\/spainfilmcommission.com\/wp-content\/uploads\/2025\/03\/cala-moraig_149_8.jpg","menu_order":"0","post_type":"attachment","post_mime_type":"image\/jpeg","comment_count":"0","pod_item_id":"13167"},{"ID":"13169","post_author":"2","post_date":"2025-03-07 22:41:10","post_date_gmt":"2025-03-07 21:41:10","post_content":"","post_title":"cala-moraig_149_9","post_excerpt":"","post_status":"inherit","comment_status":"","ping_status":"closed","post_password":"","post_name":"cala-moraig_149_9","to_ping":"","pinged":"","post_modified":"2025-03-07 22:41:10","post_modified_gmt":"2025-03-07 21:41:10","post_content_filtered":"","post_parent":"0","guid":"https:\/\/spainfilmcommission.com\/wp-content\/uploads\/2025\/03\/cala-moraig_149_9.jpg","menu_order":"0","post_type":"attachment","post_mime_type":"image\/jpeg","comment_count":"0","pod_item_id":"13169"},{"ID":"13171","post_author":"2","post_date":"2025-03-07 22:41:12","post_date_gmt":"2025-03-07 21:41:12","post_content":"","post_title":"cala-moraig_149_10","post_excerpt":"","post_status":"inherit","comment_status":"","ping_status":"closed","post_password":"","post_name":"cala-moraig_149_10","to_ping":"","pinged":"","post_modified":"2025-03-07 22:41:12","post_modified_gmt":"2025-03-07 21:41:12","post_content_filtered":"","post_parent":"0","guid":"https:\/\/spainfilmcommission.com\/wp-content\/uploads\/2025\/03\/cala-moraig_149_10.jpg","menu_order":"0","post_type":"attachment","post_mime_type":"image\/jpeg","comment_count":"0","pod_item_id":"13171"},{"ID":"13173","post_author":"2","post_date":"2025-03-07 22:41:15","post_date_gmt":"2025-03-07 21:41:15","post_content":"","post_title":"cala-moraig_149_11","post_excerpt":"","post_status":"inherit","comment_status":"","ping_status":"closed","post_password":"","post_name":"cala-moraig_149_11","to_ping":"","pinged":"","post_modified":"2025-03-07 22:41:15","post_modified_gmt":"2025-03-07 21:41:15","post_content_filtered":"","post_parent":"0","guid":"https:\/\/spainfilmcommission.com\/wp-content\/uploads\/2025\/03\/cala-moraig_149_11.jpg","menu_order":"0","post_type":"attachment","post_mime_type":"image\/jpeg","comment_count":"0","pod_item_id":"13173"}],"nombrepaginaes":"cala-moraig","nombrepaginaen":"cala-moraig","latitud_gps":"38\u00ba 42'31.9'' N","longitud_gps":"0\u00ba 0,9' 58.6'' E","adicionaleses":"","adicionalesen":"","videoes":"","videoen":"","video2es":"","video2en":"","_links":{"self":[{"href":"https:\/\/spainfilmcommission.com\/en\/wp-json\/wp\/v2\/localizaciones\/localizacion\/11231","targetHints":{"allow":["GET"]}}],"collection":[{"href":"https:\/\/spainfilmcommission.com\/en\/wp-json\/wp\/v2\/localizaciones\/localizacion"}],"about":[{"href":"https:\/\/spainfilmcommission.com\/en\/wp-json\/wp\/v2\/types\/localizacion"}],"author":[{"embeddable":true,"href":"https:\/\/spainfilmcommission.com\/en\/wp-json\/wp\/v2\/users\/2"}],"wp:attachment":[{"href":"https:\/\/spainfilmcommission.com\/en\/wp-json\/wp\/v2\/media?parent=11231"}],"curies":[{"name":"wp","href":"https:\/\/api.w.org\/{rel}","templated":true}]}}