{"id":11202,"date":"2025-02-27T17:28:10","date_gmt":"2025-02-27T16:28:10","guid":{"rendered":"https:\/\/spainfilmcommission.com\/?post_type=localizacion&#038;p=11202"},"modified":"2025-04-22T09:28:45","modified_gmt":"2025-04-22T07:28:45","slug":"jardines-de-short-del-rei","status":"publish","type":"localizacion","link":"https:\/\/spainfilmcommission.com\/en\/ai-locations\/jardines-de-short-del-rei\/","title":{"rendered":"Jardines de S&#8217;Hort del Rei"},"content":{"rendered":"","protected":false},"author":2,"template":"","meta":[],"class_list":["post-11202","localizacion","type-localizacion","status-publish","hentry"],"yoast_head":"<!-- This site is optimized with the Yoast SEO plugin v28.3 - https:\/\/yoast.com\/product\/yoast-seo-wordpress\/ -->\n<title>Rodar en Jardines de S&#039;Hort del Rei - Spain Film Commission<\/title>\n<meta name=\"description\" content=\"En esta p\u00e1gina encontrar\u00e1s una peque\u00f1a descripci\u00f3n, m\u00e1genes e informaci\u00f3n relevante para que te hagas una idea de c\u00f3mo es rodar en Jardines de S&#039;Hort del Rei\" \/>\n<meta name=\"robots\" content=\"index, follow, max-snippet:-1, max-image-preview:large, max-video-preview:-1\" \/>\n<link rel=\"canonical\" href=\"https:\/\/spainfilmcommission.com\/en\/ai-locations\/jardines-de-short-del-rei\/\" \/>\n<meta property=\"og:locale\" content=\"en_US\" \/>\n<meta property=\"og:type\" content=\"article\" \/>\n<meta property=\"og:title\" content=\"Rodar en Jardines de S&#039;Hort del Rei - Spain Film Commission\" \/>\n<meta property=\"og:description\" content=\"En esta p\u00e1gina encontrar\u00e1s una peque\u00f1a descripci\u00f3n, m\u00e1genes e informaci\u00f3n relevante para que te hagas una idea de c\u00f3mo es rodar en Jardines de S&#039;Hort del Rei\" \/>\n<meta property=\"og:url\" content=\"https:\/\/spainfilmcommission.com\/en\/ai-locations\/jardines-de-short-del-rei\/\" \/>\n<meta property=\"og:site_name\" content=\"Spain Film Commission\" \/>\n<meta property=\"article:modified_time\" content=\"2025-04-22T07:28:45+00:00\" \/>\n<meta name=\"twitter:card\" content=\"summary_large_image\" \/>\n<script type=\"application\/ld+json\" class=\"yoast-schema-graph\">{\"@context\":\"https:\\\/\\\/schema.org\",\"@graph\":[{\"@type\":\"WebPage\",\"@id\":\"https:\\\/\\\/spainfilmcommission.com\\\/en\\\/ai-locations\\\/jardines-de-short-del-rei\\\/\",\"url\":\"https:\\\/\\\/spainfilmcommission.com\\\/en\\\/ai-locations\\\/jardines-de-short-del-rei\\\/\",\"name\":\"Rodar en Jardines de S'Hort del Rei - Spain Film Commission\",\"isPartOf\":{\"@id\":\"https:\\\/\\\/spainfilmcommission.com\\\/en\\\/#website\"},\"datePublished\":\"2025-02-27T16:28:10+00:00\",\"dateModified\":\"2025-04-22T07:28:45+00:00\",\"description\":\"En esta p\u00e1gina encontrar\u00e1s una peque\u00f1a descripci\u00f3n, m\u00e1genes e informaci\u00f3n relevante para que te hagas una idea de c\u00f3mo es rodar en Jardines de S'Hort del Rei\",\"breadcrumb\":{\"@id\":\"https:\\\/\\\/spainfilmcommission.com\\\/en\\\/ai-locations\\\/jardines-de-short-del-rei\\\/#breadcrumb\"},\"inLanguage\":\"en-US\",\"potentialAction\":[{\"@type\":\"ReadAction\",\"target\":[\"https:\\\/\\\/spainfilmcommission.com\\\/en\\\/ai-locations\\\/jardines-de-short-del-rei\\\/\"]}]},{\"@type\":\"BreadcrumbList\",\"@id\":\"https:\\\/\\\/spainfilmcommission.com\\\/en\\\/ai-locations\\\/jardines-de-short-del-rei\\\/#breadcrumb\",\"itemListElement\":[{\"@type\":\"ListItem\",\"position\":1,\"name\":\"Portada\",\"item\":\"https:\\\/\\\/spainfilmcommission.com\\\/en\\\/\"},{\"@type\":\"ListItem\",\"position\":2,\"name\":\"Jardines de S&#8217;Hort del Rei\"}]},{\"@type\":\"WebSite\",\"@id\":\"https:\\\/\\\/spainfilmcommission.com\\\/en\\\/#website\",\"url\":\"https:\\\/\\\/spainfilmcommission.com\\\/en\\\/\",\"name\":\"Spain Film Commission\",\"description\":\"\",\"publisher\":{\"@id\":\"https:\\\/\\\/spainfilmcommission.com\\\/en\\\/#organization\"},\"potentialAction\":[{\"@type\":\"SearchAction\",\"target\":{\"@type\":\"EntryPoint\",\"urlTemplate\":\"https:\\\/\\\/spainfilmcommission.com\\\/en\\\/?s={search_term_string}\"},\"query-input\":{\"@type\":\"PropertyValueSpecification\",\"valueRequired\":true,\"valueName\":\"search_term_string\"}}],\"inLanguage\":\"en-US\"},{\"@type\":\"Organization\",\"@id\":\"https:\\\/\\\/spainfilmcommission.com\\\/en\\\/#organization\",\"name\":\"Spain Film Commission\",\"url\":\"https:\\\/\\\/spainfilmcommission.com\\\/en\\\/\",\"logo\":{\"@type\":\"ImageObject\",\"inLanguage\":\"en-US\",\"@id\":\"https:\\\/\\\/spainfilmcommission.com\\\/en\\\/#\\\/schema\\\/logo\\\/image\\\/\",\"url\":\"https:\\\/\\\/spainfilmcommission.com\\\/wp-content\\\/uploads\\\/2024\\\/07\\\/SPC_COLOR.png\",\"contentUrl\":\"https:\\\/\\\/spainfilmcommission.com\\\/wp-content\\\/uploads\\\/2024\\\/07\\\/SPC_COLOR.png\",\"width\":1665,\"height\":1665,\"caption\":\"Spain Film Commission\"},\"image\":{\"@id\":\"https:\\\/\\\/spainfilmcommission.com\\\/en\\\/#\\\/schema\\\/logo\\\/image\\\/\"}}]}<\/script>\n<!-- \/ Yoast SEO plugin. -->","yoast_head_json":{"title":"Rodar en Jardines de S'Hort del Rei - Spain Film Commission","description":"En esta p\u00e1gina encontrar\u00e1s una peque\u00f1a descripci\u00f3n, m\u00e1genes e informaci\u00f3n relevante para que te hagas una idea de c\u00f3mo es rodar en Jardines de S'Hort del Rei","robots":{"index":"index","follow":"follow","max-snippet":"max-snippet:-1","max-image-preview":"max-image-preview:large","max-video-preview":"max-video-preview:-1"},"canonical":"https:\/\/spainfilmcommission.com\/en\/ai-locations\/jardines-de-short-del-rei\/","og_locale":"en_US","og_type":"article","og_title":"Rodar en Jardines de S'Hort del Rei - Spain Film Commission","og_description":"En esta p\u00e1gina encontrar\u00e1s una peque\u00f1a descripci\u00f3n, m\u00e1genes e informaci\u00f3n relevante para que te hagas una idea de c\u00f3mo es rodar en Jardines de S'Hort del Rei","og_url":"https:\/\/spainfilmcommission.com\/en\/ai-locations\/jardines-de-short-del-rei\/","og_site_name":"Spain Film Commission","article_modified_time":"2025-04-22T07:28:45+00:00","twitter_card":"summary_large_image","schema":{"@context":"https:\/\/schema.org","@graph":[{"@type":"WebPage","@id":"https:\/\/spainfilmcommission.com\/en\/ai-locations\/jardines-de-short-del-rei\/","url":"https:\/\/spainfilmcommission.com\/en\/ai-locations\/jardines-de-short-del-rei\/","name":"Rodar en Jardines de S'Hort del Rei - Spain Film Commission","isPartOf":{"@id":"https:\/\/spainfilmcommission.com\/en\/#website"},"datePublished":"2025-02-27T16:28:10+00:00","dateModified":"2025-04-22T07:28:45+00:00","description":"En esta p\u00e1gina encontrar\u00e1s una peque\u00f1a descripci\u00f3n, m\u00e1genes e informaci\u00f3n relevante para que te hagas una idea de c\u00f3mo es rodar en Jardines de S'Hort del Rei","breadcrumb":{"@id":"https:\/\/spainfilmcommission.com\/en\/ai-locations\/jardines-de-short-del-rei\/#breadcrumb"},"inLanguage":"en-US","potentialAction":[{"@type":"ReadAction","target":["https:\/\/spainfilmcommission.com\/en\/ai-locations\/jardines-de-short-del-rei\/"]}]},{"@type":"BreadcrumbList","@id":"https:\/\/spainfilmcommission.com\/en\/ai-locations\/jardines-de-short-del-rei\/#breadcrumb","itemListElement":[{"@type":"ListItem","position":1,"name":"Portada","item":"https:\/\/spainfilmcommission.com\/en\/"},{"@type":"ListItem","position":2,"name":"Jardines de S&#8217;Hort del Rei"}]},{"@type":"WebSite","@id":"https:\/\/spainfilmcommission.com\/en\/#website","url":"https:\/\/spainfilmcommission.com\/en\/","name":"Spain Film Commission","description":"","publisher":{"@id":"https:\/\/spainfilmcommission.com\/en\/#organization"},"potentialAction":[{"@type":"SearchAction","target":{"@type":"EntryPoint","urlTemplate":"https:\/\/spainfilmcommission.com\/en\/?s={search_term_string}"},"query-input":{"@type":"PropertyValueSpecification","valueRequired":true,"valueName":"search_term_string"}}],"inLanguage":"en-US"},{"@type":"Organization","@id":"https:\/\/spainfilmcommission.com\/en\/#organization","name":"Spain Film Commission","url":"https:\/\/spainfilmcommission.com\/en\/","logo":{"@type":"ImageObject","inLanguage":"en-US","@id":"https:\/\/spainfilmcommission.com\/en\/#\/schema\/logo\/image\/","url":"https:\/\/spainfilmcommission.com\/wp-content\/uploads\/2024\/07\/SPC_COLOR.png","contentUrl":"https:\/\/spainfilmcommission.com\/wp-content\/uploads\/2024\/07\/SPC_COLOR.png","width":1665,"height":1665,"caption":"Spain Film Commission"},"image":{"@id":"https:\/\/spainfilmcommission.com\/en\/#\/schema\/logo\/image\/"}}]}},"socio":[{"ID":"51","user_login":"mallorca-film-commission","user_nicename":"mallorca-film-commission","display_name":"mallorca-film-commission","user_pass":"****************","user_email":"psegui@conselldemallorca.net","user_url":"","user_registered":"2024-12-19 18:41:58","id":51}],"nombrees":"Jardines de S'Hort del Rei","nombreen":"Jardines de S'Hort del Rei","localidad":"Palma de Mallorca","provincia":"Islas Baleares","coordenadas_maps":"39.5673, 2.64557","latitud":"39.567300000000","longitud":"2.645570000000","direcciones":"","direccionen":"","cod_postal":[],"telefono":"(+34) 971","fax":"","mail":"xfebrer@palmaactiva.com","web":"http:\/\/www.palmafilmoffice.es\/","descripciones":"Peque\u00f1o pulm\u00f3n verde en la ciudad donde conviven fuentes, numerosas especies vegetales y un conjunto escult\u00f3rico, siendo una de las figuras m\u00e1s representativas la del hondero balear. De estilo historicista a la manera de los jardines \u00e1rabes. Destaca el arco que sobrevuela el estanco y que probablemente conduc\u00eda desde la fortaleza hasta el mar. Es una agradable zona de paseo y de descanso en Palma de Mallorca (Baleares) que recoge toda la luz que proviene de la fachada mar\u00edtima y permite disponer de vistas sobre el mar y hacia el castillo de Bellver.","descripcionen":"Small green lung of the city, where numerous plant species share space with fountains and sculptures, among these we find one of the most representative local figures that of the Balearic Slinger. Its styles is Historicist, in the manner of the Arabs gardens. One of its highlights is the arch over the pond and that probably led the way from the fort to the sea. It's a nice resting and walking area in Palma de Mallorca (Balearic Islands), full of light from the sea front, and views to the sea and towards the castle of Bellver.","galeria":[{"ID":"28513","post_author":"2","post_date":"2025-03-08 12:34:24","post_date_gmt":"2025-03-08 11:34:24","post_content":"","post_title":"jardines-de-s-hort-del-rei_116_1","post_excerpt":"","post_status":"inherit","comment_status":"closed","ping_status":"closed","post_password":"","post_name":"jardines-de-s-hort-del-rei_116_1","to_ping":"","pinged":"","post_modified":"2025-04-22 09:28:45","post_modified_gmt":"2025-04-22 07:28:45","post_content_filtered":"","post_parent":"11202","guid":"https:\/\/spainfilmcommission.com\/wp-content\/uploads\/2025\/03\/jardines-de-s-hort-del-rei_116_1.jpg","menu_order":"0","post_type":"attachment","post_mime_type":"image\/jpeg","comment_count":"0","pod_item_id":"28513"},{"ID":"28515","post_author":"2","post_date":"2025-03-08 12:34:32","post_date_gmt":"2025-03-08 11:34:32","post_content":"","post_title":"jardines-de-s-hort-del-rei_116_2","post_excerpt":"","post_status":"inherit","comment_status":"closed","ping_status":"closed","post_password":"","post_name":"jardines-de-s-hort-del-rei_116_2","to_ping":"","pinged":"","post_modified":"2025-04-22 09:28:45","post_modified_gmt":"2025-04-22 07:28:45","post_content_filtered":"","post_parent":"11202","guid":"https:\/\/spainfilmcommission.com\/wp-content\/uploads\/2025\/03\/jardines-de-s-hort-del-rei_116_2.jpg","menu_order":"0","post_type":"attachment","post_mime_type":"image\/jpeg","comment_count":"0","pod_item_id":"28515"},{"ID":"28517","post_author":"2","post_date":"2025-03-08 12:34:34","post_date_gmt":"2025-03-08 11:34:34","post_content":"","post_title":"jardines-de-s-hort-del-rei_116_3","post_excerpt":"","post_status":"inherit","comment_status":"closed","ping_status":"closed","post_password":"","post_name":"jardines-de-s-hort-del-rei_116_3","to_ping":"","pinged":"","post_modified":"2025-04-22 09:28:45","post_modified_gmt":"2025-04-22 07:28:45","post_content_filtered":"","post_parent":"11202","guid":"https:\/\/spainfilmcommission.com\/wp-content\/uploads\/2025\/03\/jardines-de-s-hort-del-rei_116_3.jpg","menu_order":"0","post_type":"attachment","post_mime_type":"image\/jpeg","comment_count":"0","pod_item_id":"28517"},{"ID":"28519","post_author":"2","post_date":"2025-03-08 12:34:37","post_date_gmt":"2025-03-08 11:34:37","post_content":"","post_title":"jardines-de-s-hort-del-rei_116_4","post_excerpt":"","post_status":"inherit","comment_status":"closed","ping_status":"closed","post_password":"","post_name":"jardines-de-s-hort-del-rei_116_4","to_ping":"","pinged":"","post_modified":"2025-04-22 09:28:45","post_modified_gmt":"2025-04-22 07:28:45","post_content_filtered":"","post_parent":"11202","guid":"https:\/\/spainfilmcommission.com\/wp-content\/uploads\/2025\/03\/jardines-de-s-hort-del-rei_116_4.jpg","menu_order":"0","post_type":"attachment","post_mime_type":"image\/jpeg","comment_count":"0","pod_item_id":"28519"},{"ID":"28521","post_author":"2","post_date":"2025-03-08 12:34:39","post_date_gmt":"2025-03-08 11:34:39","post_content":"","post_title":"jardines-de-s-hort-del-rei_116_5","post_excerpt":"","post_status":"inherit","comment_status":"closed","ping_status":"closed","post_password":"","post_name":"jardines-de-s-hort-del-rei_116_5","to_ping":"","pinged":"","post_modified":"2025-04-22 09:28:45","post_modified_gmt":"2025-04-22 07:28:45","post_content_filtered":"","post_parent":"11202","guid":"https:\/\/spainfilmcommission.com\/wp-content\/uploads\/2025\/03\/jardines-de-s-hort-del-rei_116_5.jpg","menu_order":"0","post_type":"attachment","post_mime_type":"image\/jpeg","comment_count":"0","pod_item_id":"28521"},{"ID":"28523","post_author":"2","post_date":"2025-03-08 12:34:41","post_date_gmt":"2025-03-08 11:34:41","post_content":"","post_title":"jardines-de-s-hort-del-rei_116_6","post_excerpt":"","post_status":"inherit","comment_status":"closed","ping_status":"closed","post_password":"","post_name":"jardines-de-s-hort-del-rei_116_6","to_ping":"","pinged":"","post_modified":"2025-04-22 09:28:45","post_modified_gmt":"2025-04-22 07:28:45","post_content_filtered":"","post_parent":"11202","guid":"https:\/\/spainfilmcommission.com\/wp-content\/uploads\/2025\/03\/jardines-de-s-hort-del-rei_116_6.jpg","menu_order":"0","post_type":"attachment","post_mime_type":"image\/jpeg","comment_count":"0","pod_item_id":"28523"},{"ID":"28525","post_author":"2","post_date":"2025-03-08 12:34:44","post_date_gmt":"2025-03-08 11:34:44","post_content":"","post_title":"jardines-de-s-hort-del-rei_116_7","post_excerpt":"","post_status":"inherit","comment_status":"closed","ping_status":"closed","post_password":"","post_name":"jardines-de-s-hort-del-rei_116_7","to_ping":"","pinged":"","post_modified":"2025-04-22 09:28:45","post_modified_gmt":"2025-04-22 07:28:45","post_content_filtered":"","post_parent":"11202","guid":"https:\/\/spainfilmcommission.com\/wp-content\/uploads\/2025\/03\/jardines-de-s-hort-del-rei_116_7.jpg","menu_order":"0","post_type":"attachment","post_mime_type":"image\/jpeg","comment_count":"0","pod_item_id":"28525"},{"ID":"28527","post_author":"2","post_date":"2025-03-08 12:34:47","post_date_gmt":"2025-03-08 11:34:47","post_content":"","post_title":"jardines-de-s-hort-del-rei_116_8","post_excerpt":"","post_status":"inherit","comment_status":"closed","ping_status":"closed","post_password":"","post_name":"jardines-de-s-hort-del-rei_116_8","to_ping":"","pinged":"","post_modified":"2025-04-22 09:28:45","post_modified_gmt":"2025-04-22 07:28:45","post_content_filtered":"","post_parent":"11202","guid":"https:\/\/spainfilmcommission.com\/wp-content\/uploads\/2025\/03\/jardines-de-s-hort-del-rei_116_8.jpg","menu_order":"0","post_type":"attachment","post_mime_type":"image\/jpeg","comment_count":"0","pod_item_id":"28527"},{"ID":"28529","post_author":"2","post_date":"2025-03-08 12:34:51","post_date_gmt":"2025-03-08 11:34:51","post_content":"","post_title":"jardines-de-s-hort-del-rei_116_9","post_excerpt":"","post_status":"inherit","comment_status":"closed","ping_status":"closed","post_password":"","post_name":"jardines-de-s-hort-del-rei_116_9","to_ping":"","pinged":"","post_modified":"2025-04-22 09:28:45","post_modified_gmt":"2025-04-22 07:28:45","post_content_filtered":"","post_parent":"11202","guid":"https:\/\/spainfilmcommission.com\/wp-content\/uploads\/2025\/03\/jardines-de-s-hort-del-rei_116_9.jpg","menu_order":"0","post_type":"attachment","post_mime_type":"image\/jpeg","comment_count":"0","pod_item_id":"28529"}],"nombrepaginaes":"jardines-de-short-del-rei","nombrepaginaen":"jardines-de-short-del-rei","latitud_gps":"","longitud_gps":"","adicionaleses":"","adicionalesen":"","videoes":"","videoen":"","video2es":"","video2en":"","_links":{"self":[{"href":"https:\/\/spainfilmcommission.com\/en\/wp-json\/wp\/v2\/localizaciones\/localizacion\/11202","targetHints":{"allow":["GET"]}}],"collection":[{"href":"https:\/\/spainfilmcommission.com\/en\/wp-json\/wp\/v2\/localizaciones\/localizacion"}],"about":[{"href":"https:\/\/spainfilmcommission.com\/en\/wp-json\/wp\/v2\/types\/localizacion"}],"author":[{"embeddable":true,"href":"https:\/\/spainfilmcommission.com\/en\/wp-json\/wp\/v2\/users\/2"}],"wp:attachment":[{"href":"https:\/\/spainfilmcommission.com\/en\/wp-json\/wp\/v2\/media?parent=11202"}],"curies":[{"name":"wp","href":"https:\/\/api.w.org\/{rel}","templated":true}]}}