{"id":11200,"date":"2025-02-27T17:28:10","date_gmt":"2025-02-27T16:28:10","guid":{"rendered":"https:\/\/spainfilmcommission.com\/?post_type=localizacion&#038;p=11200"},"modified":"2025-04-22T08:48:08","modified_gmt":"2025-04-22T06:48:08","slug":"embalse-de-cuber-i-gorg-blau","status":"publish","type":"localizacion","link":"https:\/\/spainfilmcommission.com\/en\/ai-locations\/embalse-de-cuber-i-gorg-blau\/","title":{"rendered":"Embalse de C\u00faber i Gorg Blau"},"content":{"rendered":"","protected":false},"author":2,"template":"","meta":[],"class_list":["post-11200","localizacion","type-localizacion","status-publish","hentry"],"yoast_head":"<!-- This site is optimized with the Yoast SEO plugin v28.3 - https:\/\/yoast.com\/product\/yoast-seo-wordpress\/ -->\n<title>Rodar en Embalse de C\u00faber i Gorg Blau - Spain Film Commission<\/title>\n<meta name=\"description\" content=\"En esta p\u00e1gina encontrar\u00e1s una peque\u00f1a descripci\u00f3n, m\u00e1genes e informaci\u00f3n relevante para que te hagas una idea de c\u00f3mo es rodar en Embalse de C\u00faber i Gorg Blau\" \/>\n<meta name=\"robots\" content=\"index, follow, max-snippet:-1, max-image-preview:large, max-video-preview:-1\" \/>\n<link rel=\"canonical\" href=\"https:\/\/spainfilmcommission.com\/en\/ai-locations\/embalse-de-cuber-i-gorg-blau\/\" \/>\n<meta property=\"og:locale\" content=\"en_US\" \/>\n<meta property=\"og:type\" content=\"article\" \/>\n<meta property=\"og:title\" content=\"Rodar en Embalse de C\u00faber i Gorg Blau - Spain Film Commission\" \/>\n<meta property=\"og:description\" content=\"En esta p\u00e1gina encontrar\u00e1s una peque\u00f1a descripci\u00f3n, m\u00e1genes e informaci\u00f3n relevante para que te hagas una idea de c\u00f3mo es rodar en Embalse de C\u00faber i Gorg Blau\" \/>\n<meta property=\"og:url\" content=\"https:\/\/spainfilmcommission.com\/en\/ai-locations\/embalse-de-cuber-i-gorg-blau\/\" \/>\n<meta property=\"og:site_name\" content=\"Spain Film Commission\" \/>\n<meta property=\"article:modified_time\" content=\"2025-04-22T06:48:08+00:00\" \/>\n<meta name=\"twitter:card\" content=\"summary_large_image\" \/>\n<script type=\"application\/ld+json\" class=\"yoast-schema-graph\">{\"@context\":\"https:\\\/\\\/schema.org\",\"@graph\":[{\"@type\":\"WebPage\",\"@id\":\"https:\\\/\\\/spainfilmcommission.com\\\/en\\\/ai-locations\\\/embalse-de-cuber-i-gorg-blau\\\/\",\"url\":\"https:\\\/\\\/spainfilmcommission.com\\\/en\\\/ai-locations\\\/embalse-de-cuber-i-gorg-blau\\\/\",\"name\":\"Rodar en Embalse de C\u00faber i Gorg Blau - Spain Film Commission\",\"isPartOf\":{\"@id\":\"https:\\\/\\\/spainfilmcommission.com\\\/en\\\/#website\"},\"datePublished\":\"2025-02-27T16:28:10+00:00\",\"dateModified\":\"2025-04-22T06:48:08+00:00\",\"description\":\"En esta p\u00e1gina encontrar\u00e1s una peque\u00f1a descripci\u00f3n, m\u00e1genes e informaci\u00f3n relevante para que te hagas una idea de c\u00f3mo es rodar en Embalse de C\u00faber i Gorg Blau\",\"breadcrumb\":{\"@id\":\"https:\\\/\\\/spainfilmcommission.com\\\/en\\\/ai-locations\\\/embalse-de-cuber-i-gorg-blau\\\/#breadcrumb\"},\"inLanguage\":\"en-US\",\"potentialAction\":[{\"@type\":\"ReadAction\",\"target\":[\"https:\\\/\\\/spainfilmcommission.com\\\/en\\\/ai-locations\\\/embalse-de-cuber-i-gorg-blau\\\/\"]}]},{\"@type\":\"BreadcrumbList\",\"@id\":\"https:\\\/\\\/spainfilmcommission.com\\\/en\\\/ai-locations\\\/embalse-de-cuber-i-gorg-blau\\\/#breadcrumb\",\"itemListElement\":[{\"@type\":\"ListItem\",\"position\":1,\"name\":\"Portada\",\"item\":\"https:\\\/\\\/spainfilmcommission.com\\\/en\\\/\"},{\"@type\":\"ListItem\",\"position\":2,\"name\":\"Embalse de C\u00faber i Gorg Blau\"}]},{\"@type\":\"WebSite\",\"@id\":\"https:\\\/\\\/spainfilmcommission.com\\\/en\\\/#website\",\"url\":\"https:\\\/\\\/spainfilmcommission.com\\\/en\\\/\",\"name\":\"Spain Film Commission\",\"description\":\"\",\"publisher\":{\"@id\":\"https:\\\/\\\/spainfilmcommission.com\\\/en\\\/#organization\"},\"potentialAction\":[{\"@type\":\"SearchAction\",\"target\":{\"@type\":\"EntryPoint\",\"urlTemplate\":\"https:\\\/\\\/spainfilmcommission.com\\\/en\\\/?s={search_term_string}\"},\"query-input\":{\"@type\":\"PropertyValueSpecification\",\"valueRequired\":true,\"valueName\":\"search_term_string\"}}],\"inLanguage\":\"en-US\"},{\"@type\":\"Organization\",\"@id\":\"https:\\\/\\\/spainfilmcommission.com\\\/en\\\/#organization\",\"name\":\"Spain Film Commission\",\"url\":\"https:\\\/\\\/spainfilmcommission.com\\\/en\\\/\",\"logo\":{\"@type\":\"ImageObject\",\"inLanguage\":\"en-US\",\"@id\":\"https:\\\/\\\/spainfilmcommission.com\\\/en\\\/#\\\/schema\\\/logo\\\/image\\\/\",\"url\":\"https:\\\/\\\/spainfilmcommission.com\\\/wp-content\\\/uploads\\\/2024\\\/07\\\/SPC_COLOR.png\",\"contentUrl\":\"https:\\\/\\\/spainfilmcommission.com\\\/wp-content\\\/uploads\\\/2024\\\/07\\\/SPC_COLOR.png\",\"width\":1665,\"height\":1665,\"caption\":\"Spain Film Commission\"},\"image\":{\"@id\":\"https:\\\/\\\/spainfilmcommission.com\\\/en\\\/#\\\/schema\\\/logo\\\/image\\\/\"}}]}<\/script>\n<!-- \/ Yoast SEO plugin. -->","yoast_head_json":{"title":"Rodar en Embalse de C\u00faber i Gorg Blau - Spain Film Commission","description":"En esta p\u00e1gina encontrar\u00e1s una peque\u00f1a descripci\u00f3n, m\u00e1genes e informaci\u00f3n relevante para que te hagas una idea de c\u00f3mo es rodar en Embalse de C\u00faber i Gorg Blau","robots":{"index":"index","follow":"follow","max-snippet":"max-snippet:-1","max-image-preview":"max-image-preview:large","max-video-preview":"max-video-preview:-1"},"canonical":"https:\/\/spainfilmcommission.com\/en\/ai-locations\/embalse-de-cuber-i-gorg-blau\/","og_locale":"en_US","og_type":"article","og_title":"Rodar en Embalse de C\u00faber i Gorg Blau - Spain Film Commission","og_description":"En esta p\u00e1gina encontrar\u00e1s una peque\u00f1a descripci\u00f3n, m\u00e1genes e informaci\u00f3n relevante para que te hagas una idea de c\u00f3mo es rodar en Embalse de C\u00faber i Gorg Blau","og_url":"https:\/\/spainfilmcommission.com\/en\/ai-locations\/embalse-de-cuber-i-gorg-blau\/","og_site_name":"Spain Film Commission","article_modified_time":"2025-04-22T06:48:08+00:00","twitter_card":"summary_large_image","schema":{"@context":"https:\/\/schema.org","@graph":[{"@type":"WebPage","@id":"https:\/\/spainfilmcommission.com\/en\/ai-locations\/embalse-de-cuber-i-gorg-blau\/","url":"https:\/\/spainfilmcommission.com\/en\/ai-locations\/embalse-de-cuber-i-gorg-blau\/","name":"Rodar en Embalse de C\u00faber i Gorg Blau - Spain Film Commission","isPartOf":{"@id":"https:\/\/spainfilmcommission.com\/en\/#website"},"datePublished":"2025-02-27T16:28:10+00:00","dateModified":"2025-04-22T06:48:08+00:00","description":"En esta p\u00e1gina encontrar\u00e1s una peque\u00f1a descripci\u00f3n, m\u00e1genes e informaci\u00f3n relevante para que te hagas una idea de c\u00f3mo es rodar en Embalse de C\u00faber i Gorg Blau","breadcrumb":{"@id":"https:\/\/spainfilmcommission.com\/en\/ai-locations\/embalse-de-cuber-i-gorg-blau\/#breadcrumb"},"inLanguage":"en-US","potentialAction":[{"@type":"ReadAction","target":["https:\/\/spainfilmcommission.com\/en\/ai-locations\/embalse-de-cuber-i-gorg-blau\/"]}]},{"@type":"BreadcrumbList","@id":"https:\/\/spainfilmcommission.com\/en\/ai-locations\/embalse-de-cuber-i-gorg-blau\/#breadcrumb","itemListElement":[{"@type":"ListItem","position":1,"name":"Portada","item":"https:\/\/spainfilmcommission.com\/en\/"},{"@type":"ListItem","position":2,"name":"Embalse de C\u00faber i Gorg Blau"}]},{"@type":"WebSite","@id":"https:\/\/spainfilmcommission.com\/en\/#website","url":"https:\/\/spainfilmcommission.com\/en\/","name":"Spain Film Commission","description":"","publisher":{"@id":"https:\/\/spainfilmcommission.com\/en\/#organization"},"potentialAction":[{"@type":"SearchAction","target":{"@type":"EntryPoint","urlTemplate":"https:\/\/spainfilmcommission.com\/en\/?s={search_term_string}"},"query-input":{"@type":"PropertyValueSpecification","valueRequired":true,"valueName":"search_term_string"}}],"inLanguage":"en-US"},{"@type":"Organization","@id":"https:\/\/spainfilmcommission.com\/en\/#organization","name":"Spain Film Commission","url":"https:\/\/spainfilmcommission.com\/en\/","logo":{"@type":"ImageObject","inLanguage":"en-US","@id":"https:\/\/spainfilmcommission.com\/en\/#\/schema\/logo\/image\/","url":"https:\/\/spainfilmcommission.com\/wp-content\/uploads\/2024\/07\/SPC_COLOR.png","contentUrl":"https:\/\/spainfilmcommission.com\/wp-content\/uploads\/2024\/07\/SPC_COLOR.png","width":1665,"height":1665,"caption":"Spain Film Commission"},"image":{"@id":"https:\/\/spainfilmcommission.com\/en\/#\/schema\/logo\/image\/"}}]}},"socio":[{"ID":"51","user_login":"mallorca-film-commission","user_nicename":"mallorca-film-commission","display_name":"mallorca-film-commission","user_pass":"****************","user_email":"psegui@conselldemallorca.net","user_url":"","user_registered":"2024-12-19 18:41:58","id":51}],"nombrees":"Embalse de C\u00faber i Gorg Blau","nombreen":"Embalse de C\u00faber i Gorg Blau","localidad":"Escorca","provincia":"Islas Baleares","coordenadas_maps":"39.7846, 2.78919","latitud":"39.784600000000","longitud":"2.789190000000","direcciones":"","direccionen":"","cod_postal":[],"telefono":"","fax":"","mail":"","web":"http:\/\/www.palmafilmoffice.es\/","descripciones":"El embalse del Gorg Blau fue construido el a\u00f1o 1972, junto con el de C\u00faber. Funciona como reserva de agua de lluvia para el abastecimiento de la ciudad de Palma. Lo gestiona la empresa de aguas de Palma EMAYA. Se encuentra en un enclave privilegiado, en el entrono de La Serra de Tramuntana (Patrimonio de la Humanidad) uno de los espacios de mayor riqueza paisaj\u00edstica y natural de Mallorca","descripcionen":"The Gorg Blau reservoir was built in 1972, with Cuber. It works as a store of rainwater to supply the city of Palma. The company EMAYA manages the waters of Palma. Located in a privileged natural area in the Serra de Tramuntana (Worl Heritage) one of the most natural beauty landscapes of Mallorca","galeria":[{"ID":"14311","post_author":"2","post_date":"2025-03-07 23:01:02","post_date_gmt":"2025-03-07 22:01:02","post_content":"","post_title":"embalse-de-c\u00faber-i-gorg-blau_114_1","post_excerpt":"","post_status":"inherit","comment_status":"closed","ping_status":"closed","post_password":"","post_name":"embalse-de-cuber-i-gorg-blau_114_1","to_ping":"","pinged":"","post_modified":"2025-04-22 08:48:08","post_modified_gmt":"2025-04-22 06:48:08","post_content_filtered":"","post_parent":"11200","guid":"https:\/\/spainfilmcommission.com\/wp-content\/uploads\/2025\/03\/embalse-de-cuber-i-gorg-blau_114_1.jpg","menu_order":"0","post_type":"attachment","post_mime_type":"image\/jpeg","comment_count":"0","pod_item_id":"14311"},{"ID":"14313","post_author":"2","post_date":"2025-03-07 23:01:04","post_date_gmt":"2025-03-07 22:01:04","post_content":"","post_title":"embalse-de-c\u00faber-i-gorg-blau_114_2","post_excerpt":"","post_status":"inherit","comment_status":"closed","ping_status":"closed","post_password":"","post_name":"embalse-de-cuber-i-gorg-blau_114_2","to_ping":"","pinged":"","post_modified":"2025-04-22 08:48:08","post_modified_gmt":"2025-04-22 06:48:08","post_content_filtered":"","post_parent":"11200","guid":"https:\/\/spainfilmcommission.com\/wp-content\/uploads\/2025\/03\/embalse-de-cuber-i-gorg-blau_114_2.jpg","menu_order":"0","post_type":"attachment","post_mime_type":"image\/jpeg","comment_count":"0","pod_item_id":"14313"},{"ID":"14315","post_author":"2","post_date":"2025-03-07 23:01:06","post_date_gmt":"2025-03-07 22:01:06","post_content":"","post_title":"embalse-de-c\u00faber-i-gorg-blau_114_3","post_excerpt":"","post_status":"inherit","comment_status":"closed","ping_status":"closed","post_password":"","post_name":"embalse-de-cuber-i-gorg-blau_114_3","to_ping":"","pinged":"","post_modified":"2025-04-22 08:48:08","post_modified_gmt":"2025-04-22 06:48:08","post_content_filtered":"","post_parent":"11200","guid":"https:\/\/spainfilmcommission.com\/wp-content\/uploads\/2025\/03\/embalse-de-cuber-i-gorg-blau_114_3.jpg","menu_order":"0","post_type":"attachment","post_mime_type":"image\/jpeg","comment_count":"0","pod_item_id":"14315"},{"ID":"14317","post_author":"2","post_date":"2025-03-07 23:01:08","post_date_gmt":"2025-03-07 22:01:08","post_content":"","post_title":"embalse-de-c\u00faber-i-gorg-blau_114_4","post_excerpt":"","post_status":"inherit","comment_status":"closed","ping_status":"closed","post_password":"","post_name":"embalse-de-cuber-i-gorg-blau_114_4","to_ping":"","pinged":"","post_modified":"2025-04-22 08:48:08","post_modified_gmt":"2025-04-22 06:48:08","post_content_filtered":"","post_parent":"11200","guid":"https:\/\/spainfilmcommission.com\/wp-content\/uploads\/2025\/03\/embalse-de-cuber-i-gorg-blau_114_4.jpg","menu_order":"0","post_type":"attachment","post_mime_type":"image\/jpeg","comment_count":"0","pod_item_id":"14317"},{"ID":"14319","post_author":"2","post_date":"2025-03-07 23:01:10","post_date_gmt":"2025-03-07 22:01:10","post_content":"","post_title":"embalse-de-c\u00faber-i-gorg-blau_114_5","post_excerpt":"","post_status":"inherit","comment_status":"closed","ping_status":"closed","post_password":"","post_name":"embalse-de-cuber-i-gorg-blau_114_5","to_ping":"","pinged":"","post_modified":"2025-04-22 08:48:08","post_modified_gmt":"2025-04-22 06:48:08","post_content_filtered":"","post_parent":"11200","guid":"https:\/\/spainfilmcommission.com\/wp-content\/uploads\/2025\/03\/embalse-de-cuber-i-gorg-blau_114_5.jpg","menu_order":"0","post_type":"attachment","post_mime_type":"image\/jpeg","comment_count":"0","pod_item_id":"14319"}],"nombrepaginaes":"embalse-de-cuber-i-gorg-blau","nombrepaginaen":"embalse-de-cuber-i-gorg-blau","latitud_gps":"","longitud_gps":"","adicionaleses":"","adicionalesen":"","videoes":"","videoen":"","video2es":"","video2en":"","_links":{"self":[{"href":"https:\/\/spainfilmcommission.com\/en\/wp-json\/wp\/v2\/localizaciones\/localizacion\/11200","targetHints":{"allow":["GET"]}}],"collection":[{"href":"https:\/\/spainfilmcommission.com\/en\/wp-json\/wp\/v2\/localizaciones\/localizacion"}],"about":[{"href":"https:\/\/spainfilmcommission.com\/en\/wp-json\/wp\/v2\/types\/localizacion"}],"author":[{"embeddable":true,"href":"https:\/\/spainfilmcommission.com\/en\/wp-json\/wp\/v2\/users\/2"}],"wp:attachment":[{"href":"https:\/\/spainfilmcommission.com\/en\/wp-json\/wp\/v2\/media?parent=11200"}],"curies":[{"name":"wp","href":"https:\/\/api.w.org\/{rel}","templated":true}]}}