{"id":11196,"date":"2025-02-27T17:28:10","date_gmt":"2025-02-27T16:28:10","guid":{"rendered":"https:\/\/spainfilmcommission.com\/?post_type=localizacion&#038;p=11196"},"modified":"2025-04-21T12:57:23","modified_gmt":"2025-04-21T10:57:23","slug":"basilica-de-santa-maria-de-la-victoria-y-catedral","status":"publish","type":"localizacion","link":"https:\/\/spainfilmcommission.com\/en\/ai-locations\/basilica-de-santa-maria-de-la-victoria-y-catedral\/","title":{"rendered":"Bas\u00edlica de Santa Mar\u00eda de la Victoria y Catedral"},"content":{"rendered":"","protected":false},"author":2,"template":"","meta":[],"class_list":["post-11196","localizacion","type-localizacion","status-publish","hentry"],"yoast_head":"<!-- This site is optimized with the Yoast SEO plugin v28.3 - https:\/\/yoast.com\/product\/yoast-seo-wordpress\/ -->\n<title>Rodar en Bas\u00edlica de Santa Mar\u00eda de la Victoria y Catedral - Spain Film Commission<\/title>\n<meta name=\"description\" content=\"En esta p\u00e1gina encontrar\u00e1s una peque\u00f1a descripci\u00f3n, m\u00e1genes e informaci\u00f3n relevante para que te hagas una idea de c\u00f3mo es rodar en Bas\u00edlica de Santa Mar\u00eda de la Victoria y Catedral\" \/>\n<meta name=\"robots\" content=\"index, follow, max-snippet:-1, max-image-preview:large, max-video-preview:-1\" \/>\n<link rel=\"canonical\" href=\"https:\/\/spainfilmcommission.com\/en\/ai-locations\/basilica-de-santa-maria-de-la-victoria-y-catedral\/\" \/>\n<meta property=\"og:locale\" content=\"en_US\" \/>\n<meta property=\"og:type\" content=\"article\" \/>\n<meta property=\"og:title\" content=\"Rodar en Bas\u00edlica de Santa Mar\u00eda de la Victoria y Catedral - Spain Film Commission\" \/>\n<meta property=\"og:description\" content=\"En esta p\u00e1gina encontrar\u00e1s una peque\u00f1a descripci\u00f3n, m\u00e1genes e informaci\u00f3n relevante para que te hagas una idea de c\u00f3mo es rodar en Bas\u00edlica de Santa Mar\u00eda de la Victoria y Catedral\" \/>\n<meta property=\"og:url\" content=\"https:\/\/spainfilmcommission.com\/en\/ai-locations\/basilica-de-santa-maria-de-la-victoria-y-catedral\/\" \/>\n<meta property=\"og:site_name\" content=\"Spain Film Commission\" \/>\n<meta property=\"article:modified_time\" content=\"2025-04-21T10:57:23+00:00\" \/>\n<meta name=\"twitter:card\" content=\"summary_large_image\" \/>\n<script type=\"application\/ld+json\" class=\"yoast-schema-graph\">{\"@context\":\"https:\\\/\\\/schema.org\",\"@graph\":[{\"@type\":\"WebPage\",\"@id\":\"https:\\\/\\\/spainfilmcommission.com\\\/en\\\/ai-locations\\\/basilica-de-santa-maria-de-la-victoria-y-catedral\\\/\",\"url\":\"https:\\\/\\\/spainfilmcommission.com\\\/en\\\/ai-locations\\\/basilica-de-santa-maria-de-la-victoria-y-catedral\\\/\",\"name\":\"Rodar en Bas\u00edlica de Santa Mar\u00eda de la Victoria y Catedral - Spain Film Commission\",\"isPartOf\":{\"@id\":\"https:\\\/\\\/spainfilmcommission.com\\\/en\\\/#website\"},\"datePublished\":\"2025-02-27T16:28:10+00:00\",\"dateModified\":\"2025-04-21T10:57:23+00:00\",\"description\":\"En esta p\u00e1gina encontrar\u00e1s una peque\u00f1a descripci\u00f3n, m\u00e1genes e informaci\u00f3n relevante para que te hagas una idea de c\u00f3mo es rodar en Bas\u00edlica de Santa Mar\u00eda de la Victoria y Catedral\",\"breadcrumb\":{\"@id\":\"https:\\\/\\\/spainfilmcommission.com\\\/en\\\/ai-locations\\\/basilica-de-santa-maria-de-la-victoria-y-catedral\\\/#breadcrumb\"},\"inLanguage\":\"en-US\",\"potentialAction\":[{\"@type\":\"ReadAction\",\"target\":[\"https:\\\/\\\/spainfilmcommission.com\\\/en\\\/ai-locations\\\/basilica-de-santa-maria-de-la-victoria-y-catedral\\\/\"]}]},{\"@type\":\"BreadcrumbList\",\"@id\":\"https:\\\/\\\/spainfilmcommission.com\\\/en\\\/ai-locations\\\/basilica-de-santa-maria-de-la-victoria-y-catedral\\\/#breadcrumb\",\"itemListElement\":[{\"@type\":\"ListItem\",\"position\":1,\"name\":\"Portada\",\"item\":\"https:\\\/\\\/spainfilmcommission.com\\\/en\\\/\"},{\"@type\":\"ListItem\",\"position\":2,\"name\":\"Bas\u00edlica de Santa Mar\u00eda de la Victoria y Catedral\"}]},{\"@type\":\"WebSite\",\"@id\":\"https:\\\/\\\/spainfilmcommission.com\\\/en\\\/#website\",\"url\":\"https:\\\/\\\/spainfilmcommission.com\\\/en\\\/\",\"name\":\"Spain Film Commission\",\"description\":\"\",\"publisher\":{\"@id\":\"https:\\\/\\\/spainfilmcommission.com\\\/en\\\/#organization\"},\"potentialAction\":[{\"@type\":\"SearchAction\",\"target\":{\"@type\":\"EntryPoint\",\"urlTemplate\":\"https:\\\/\\\/spainfilmcommission.com\\\/en\\\/?s={search_term_string}\"},\"query-input\":{\"@type\":\"PropertyValueSpecification\",\"valueRequired\":true,\"valueName\":\"search_term_string\"}}],\"inLanguage\":\"en-US\"},{\"@type\":\"Organization\",\"@id\":\"https:\\\/\\\/spainfilmcommission.com\\\/en\\\/#organization\",\"name\":\"Spain Film Commission\",\"url\":\"https:\\\/\\\/spainfilmcommission.com\\\/en\\\/\",\"logo\":{\"@type\":\"ImageObject\",\"inLanguage\":\"en-US\",\"@id\":\"https:\\\/\\\/spainfilmcommission.com\\\/en\\\/#\\\/schema\\\/logo\\\/image\\\/\",\"url\":\"https:\\\/\\\/spainfilmcommission.com\\\/wp-content\\\/uploads\\\/2024\\\/07\\\/SPC_COLOR.png\",\"contentUrl\":\"https:\\\/\\\/spainfilmcommission.com\\\/wp-content\\\/uploads\\\/2024\\\/07\\\/SPC_COLOR.png\",\"width\":1665,\"height\":1665,\"caption\":\"Spain Film Commission\"},\"image\":{\"@id\":\"https:\\\/\\\/spainfilmcommission.com\\\/en\\\/#\\\/schema\\\/logo\\\/image\\\/\"}}]}<\/script>\n<!-- \/ Yoast SEO plugin. -->","yoast_head_json":{"title":"Rodar en Bas\u00edlica de Santa Mar\u00eda de la Victoria y Catedral - Spain Film Commission","description":"En esta p\u00e1gina encontrar\u00e1s una peque\u00f1a descripci\u00f3n, m\u00e1genes e informaci\u00f3n relevante para que te hagas una idea de c\u00f3mo es rodar en Bas\u00edlica de Santa Mar\u00eda de la Victoria y Catedral","robots":{"index":"index","follow":"follow","max-snippet":"max-snippet:-1","max-image-preview":"max-image-preview:large","max-video-preview":"max-video-preview:-1"},"canonical":"https:\/\/spainfilmcommission.com\/en\/ai-locations\/basilica-de-santa-maria-de-la-victoria-y-catedral\/","og_locale":"en_US","og_type":"article","og_title":"Rodar en Bas\u00edlica de Santa Mar\u00eda de la Victoria y Catedral - Spain Film Commission","og_description":"En esta p\u00e1gina encontrar\u00e1s una peque\u00f1a descripci\u00f3n, m\u00e1genes e informaci\u00f3n relevante para que te hagas una idea de c\u00f3mo es rodar en Bas\u00edlica de Santa Mar\u00eda de la Victoria y Catedral","og_url":"https:\/\/spainfilmcommission.com\/en\/ai-locations\/basilica-de-santa-maria-de-la-victoria-y-catedral\/","og_site_name":"Spain Film Commission","article_modified_time":"2025-04-21T10:57:23+00:00","twitter_card":"summary_large_image","schema":{"@context":"https:\/\/schema.org","@graph":[{"@type":"WebPage","@id":"https:\/\/spainfilmcommission.com\/en\/ai-locations\/basilica-de-santa-maria-de-la-victoria-y-catedral\/","url":"https:\/\/spainfilmcommission.com\/en\/ai-locations\/basilica-de-santa-maria-de-la-victoria-y-catedral\/","name":"Rodar en Bas\u00edlica de Santa Mar\u00eda de la Victoria y Catedral - Spain Film Commission","isPartOf":{"@id":"https:\/\/spainfilmcommission.com\/en\/#website"},"datePublished":"2025-02-27T16:28:10+00:00","dateModified":"2025-04-21T10:57:23+00:00","description":"En esta p\u00e1gina encontrar\u00e1s una peque\u00f1a descripci\u00f3n, m\u00e1genes e informaci\u00f3n relevante para que te hagas una idea de c\u00f3mo es rodar en Bas\u00edlica de Santa Mar\u00eda de la Victoria y Catedral","breadcrumb":{"@id":"https:\/\/spainfilmcommission.com\/en\/ai-locations\/basilica-de-santa-maria-de-la-victoria-y-catedral\/#breadcrumb"},"inLanguage":"en-US","potentialAction":[{"@type":"ReadAction","target":["https:\/\/spainfilmcommission.com\/en\/ai-locations\/basilica-de-santa-maria-de-la-victoria-y-catedral\/"]}]},{"@type":"BreadcrumbList","@id":"https:\/\/spainfilmcommission.com\/en\/ai-locations\/basilica-de-santa-maria-de-la-victoria-y-catedral\/#breadcrumb","itemListElement":[{"@type":"ListItem","position":1,"name":"Portada","item":"https:\/\/spainfilmcommission.com\/en\/"},{"@type":"ListItem","position":2,"name":"Bas\u00edlica de Santa Mar\u00eda de la Victoria y Catedral"}]},{"@type":"WebSite","@id":"https:\/\/spainfilmcommission.com\/en\/#website","url":"https:\/\/spainfilmcommission.com\/en\/","name":"Spain Film Commission","description":"","publisher":{"@id":"https:\/\/spainfilmcommission.com\/en\/#organization"},"potentialAction":[{"@type":"SearchAction","target":{"@type":"EntryPoint","urlTemplate":"https:\/\/spainfilmcommission.com\/en\/?s={search_term_string}"},"query-input":{"@type":"PropertyValueSpecification","valueRequired":true,"valueName":"search_term_string"}}],"inLanguage":"en-US"},{"@type":"Organization","@id":"https:\/\/spainfilmcommission.com\/en\/#organization","name":"Spain Film Commission","url":"https:\/\/spainfilmcommission.com\/en\/","logo":{"@type":"ImageObject","inLanguage":"en-US","@id":"https:\/\/spainfilmcommission.com\/en\/#\/schema\/logo\/image\/","url":"https:\/\/spainfilmcommission.com\/wp-content\/uploads\/2024\/07\/SPC_COLOR.png","contentUrl":"https:\/\/spainfilmcommission.com\/wp-content\/uploads\/2024\/07\/SPC_COLOR.png","width":1665,"height":1665,"caption":"Spain Film Commission"},"image":{"@id":"https:\/\/spainfilmcommission.com\/en\/#\/schema\/logo\/image\/"}}]}},"socio":[{"ID":"24","user_login":"malaga-film-office","user_nicename":"malaga-film-office","display_name":"malaga-film-office","user_pass":"****************","user_email":"malagafilmoffice@malagaprocultura.com","user_url":"","user_registered":"2024-12-19 15:38:41","id":24}],"nombrees":"Bas\u00edlica de Santa Mar\u00eda de la Victoria y Catedral","nombreen":"Bas\u00edlica de Santa Mar\u00eda de la Victoria y Catedral","localidad":"M\u00e1laga","provincia":"M\u00e1laga","coordenadas_maps":"36.727, -4.41401","latitud":"36.727000000000","longitud":"-4.414010000000","direcciones":"Plaza de la Victoria 19","direccionen":"Plaza de la Victoria 19","cod_postal":"29012","telefono":"","fax":"","mail":"","web":"","descripciones":"En la Bas\u00edlica de Santa Mar\u00eda de la Victoria, que es una de las principales iglesias de la ciudad de M\u00e1laga (Andaluc\u00eda), destaca especialmente el Pante\u00f3n de los Condes de Buenavista, una cripta de las m\u00e1s t\u00e9tricas de Espa\u00f1a con su decoraci\u00f3n de fondo negro sobre el que sobresalen esqueletos y figuras de la muerte en escayola blanca. Recuerda el conjunto a las danzas de la muerte medievales. Debe interpretarse como exposici\u00f3n del discurso barroco sobre la muerte.","descripcionen":"Inside the Basilica of Santa Maria de la Victoria, which is one of the main churches in Malaga (Andalusia), one can find one of the darkest Pantheons in Spain, belonging to the Counts of Buenavista. Its decorations with a black background, skeletons and death figures in white plaster is a reminder of the Medieval death dances. It should be interpreted as a statement of the Baroque's discourse on death.","galeria":[{"ID":"12969","post_author":"2","post_date":"2025-03-07 22:36:30","post_date_gmt":"2025-03-07 21:36:30","post_content":"","post_title":"bas\u00edlica-de-santa-mar\u00eda-de-la-victoria-y-catedral_110_9","post_excerpt":"","post_status":"inherit","comment_status":"closed","ping_status":"closed","post_password":"","post_name":"basilica-de-santa-maria-de-la-victoria-y-catedral_110_9","to_ping":"","pinged":"","post_modified":"2025-04-21 12:57:24","post_modified_gmt":"2025-04-21 10:57:24","post_content_filtered":"","post_parent":"11196","guid":"https:\/\/spainfilmcommission.com\/wp-content\/uploads\/2025\/03\/basilica-de-santa-maria-de-la-victoria-y-catedral_110_9.jpg","menu_order":"0","post_type":"attachment","post_mime_type":"image\/jpeg","comment_count":"0","pod_item_id":"12969"},{"ID":"12971","post_author":"2","post_date":"2025-03-07 22:36:32","post_date_gmt":"2025-03-07 21:36:32","post_content":"","post_title":"bas\u00edlica-de-santa-mar\u00eda-de-la-victoria-y-catedral_110_10","post_excerpt":"","post_status":"inherit","comment_status":"closed","ping_status":"closed","post_password":"","post_name":"basilica-de-santa-maria-de-la-victoria-y-catedral_110_10","to_ping":"","pinged":"","post_modified":"2025-04-21 12:57:24","post_modified_gmt":"2025-04-21 10:57:24","post_content_filtered":"","post_parent":"11196","guid":"https:\/\/spainfilmcommission.com\/wp-content\/uploads\/2025\/03\/basilica-de-santa-maria-de-la-victoria-y-catedral_110_10.jpg","menu_order":"0","post_type":"attachment","post_mime_type":"image\/jpeg","comment_count":"0","pod_item_id":"12971"},{"ID":"12973","post_author":"2","post_date":"2025-03-07 22:36:36","post_date_gmt":"2025-03-07 21:36:36","post_content":"","post_title":"bas\u00edlica-de-santa-mar\u00eda-de-la-victoria-y-catedral_110_11","post_excerpt":"","post_status":"inherit","comment_status":"closed","ping_status":"closed","post_password":"","post_name":"basilica-de-santa-maria-de-la-victoria-y-catedral_110_11","to_ping":"","pinged":"","post_modified":"2025-04-21 12:57:24","post_modified_gmt":"2025-04-21 10:57:24","post_content_filtered":"","post_parent":"11196","guid":"https:\/\/spainfilmcommission.com\/wp-content\/uploads\/2025\/03\/basilica-de-santa-maria-de-la-victoria-y-catedral_110_11.jpg","menu_order":"0","post_type":"attachment","post_mime_type":"image\/jpeg","comment_count":"0","pod_item_id":"12973"},{"ID":"12975","post_author":"2","post_date":"2025-03-07 22:36:38","post_date_gmt":"2025-03-07 21:36:38","post_content":"","post_title":"bas\u00edlica-de-santa-mar\u00eda-de-la-victoria-y-catedral_110_12","post_excerpt":"","post_status":"inherit","comment_status":"closed","ping_status":"closed","post_password":"","post_name":"basilica-de-santa-maria-de-la-victoria-y-catedral_110_12","to_ping":"","pinged":"","post_modified":"2025-04-21 12:57:24","post_modified_gmt":"2025-04-21 10:57:24","post_content_filtered":"","post_parent":"11196","guid":"https:\/\/spainfilmcommission.com\/wp-content\/uploads\/2025\/03\/basilica-de-santa-maria-de-la-victoria-y-catedral_110_12.jpg","menu_order":"0","post_type":"attachment","post_mime_type":"image\/jpeg","comment_count":"0","pod_item_id":"12975"},{"ID":"14067","post_author":"2","post_date":"2025-03-07 22:56:55","post_date_gmt":"2025-03-07 21:56:55","post_content":"","post_title":"cripta-la-victoria-y-la-catedral-de-malaga_110_1","post_excerpt":"","post_status":"inherit","comment_status":"closed","ping_status":"closed","post_password":"","post_name":"cripta-la-victoria-y-la-catedral-de-malaga_110_1","to_ping":"","pinged":"","post_modified":"2025-04-21 12:57:24","post_modified_gmt":"2025-04-21 10:57:24","post_content_filtered":"","post_parent":"11196","guid":"https:\/\/spainfilmcommission.com\/wp-content\/uploads\/2025\/03\/cripta-la-victoria-y-la-catedral-de-malaga_110_1.jpg","menu_order":"0","post_type":"attachment","post_mime_type":"image\/jpeg","comment_count":"0","pod_item_id":"14067"},{"ID":"14071","post_author":"2","post_date":"2025-03-07 22:57:00","post_date_gmt":"2025-03-07 21:57:00","post_content":"","post_title":"cripta-la-victoria-y-la-catedral-de-malaga_110_2","post_excerpt":"","post_status":"inherit","comment_status":"closed","ping_status":"closed","post_password":"","post_name":"cripta-la-victoria-y-la-catedral-de-malaga_110_2","to_ping":"","pinged":"","post_modified":"2025-04-21 12:57:24","post_modified_gmt":"2025-04-21 10:57:24","post_content_filtered":"","post_parent":"11196","guid":"https:\/\/spainfilmcommission.com\/wp-content\/uploads\/2025\/03\/cripta-la-victoria-y-la-catedral-de-malaga_110_2.jpg","menu_order":"0","post_type":"attachment","post_mime_type":"image\/jpeg","comment_count":"0","pod_item_id":"14071"},{"ID":"14075","post_author":"2","post_date":"2025-03-07 22:57:05","post_date_gmt":"2025-03-07 21:57:05","post_content":"","post_title":"cripta-la-victoria-y-la-catedral-de-malaga_110_3","post_excerpt":"","post_status":"inherit","comment_status":"closed","ping_status":"closed","post_password":"","post_name":"cripta-la-victoria-y-la-catedral-de-malaga_110_3","to_ping":"","pinged":"","post_modified":"2025-04-21 12:57:24","post_modified_gmt":"2025-04-21 10:57:24","post_content_filtered":"","post_parent":"11196","guid":"https:\/\/spainfilmcommission.com\/wp-content\/uploads\/2025\/03\/cripta-la-victoria-y-la-catedral-de-malaga_110_3.jpg","menu_order":"0","post_type":"attachment","post_mime_type":"image\/jpeg","comment_count":"0","pod_item_id":"14075"},{"ID":"14079","post_author":"2","post_date":"2025-03-07 22:57:09","post_date_gmt":"2025-03-07 21:57:09","post_content":"","post_title":"cripta-la-victoria-y-la-catedral-de-malaga_110_4","post_excerpt":"","post_status":"inherit","comment_status":"closed","ping_status":"closed","post_password":"","post_name":"cripta-la-victoria-y-la-catedral-de-malaga_110_4","to_ping":"","pinged":"","post_modified":"2025-04-21 12:57:24","post_modified_gmt":"2025-04-21 10:57:24","post_content_filtered":"","post_parent":"11196","guid":"https:\/\/spainfilmcommission.com\/wp-content\/uploads\/2025\/03\/cripta-la-victoria-y-la-catedral-de-malaga_110_4.jpg","menu_order":"0","post_type":"attachment","post_mime_type":"image\/jpeg","comment_count":"0","pod_item_id":"14079"},{"ID":"14083","post_author":"2","post_date":"2025-03-07 22:57:14","post_date_gmt":"2025-03-07 21:57:14","post_content":"","post_title":"cripta-la-victoria-y-la-catedral-de-malaga_110_5","post_excerpt":"","post_status":"inherit","comment_status":"closed","ping_status":"closed","post_password":"","post_name":"cripta-la-victoria-y-la-catedral-de-malaga_110_5","to_ping":"","pinged":"","post_modified":"2025-04-21 12:57:24","post_modified_gmt":"2025-04-21 10:57:24","post_content_filtered":"","post_parent":"11196","guid":"https:\/\/spainfilmcommission.com\/wp-content\/uploads\/2025\/03\/cripta-la-victoria-y-la-catedral-de-malaga_110_5.jpg","menu_order":"0","post_type":"attachment","post_mime_type":"image\/jpeg","comment_count":"0","pod_item_id":"14083"},{"ID":"14087","post_author":"2","post_date":"2025-03-07 22:57:18","post_date_gmt":"2025-03-07 21:57:18","post_content":"","post_title":"cripta-la-victoria-y-la-catedral-de-malaga_110_6","post_excerpt":"","post_status":"inherit","comment_status":"closed","ping_status":"closed","post_password":"","post_name":"cripta-la-victoria-y-la-catedral-de-malaga_110_6","to_ping":"","pinged":"","post_modified":"2025-04-21 12:57:24","post_modified_gmt":"2025-04-21 10:57:24","post_content_filtered":"","post_parent":"11196","guid":"https:\/\/spainfilmcommission.com\/wp-content\/uploads\/2025\/03\/cripta-la-victoria-y-la-catedral-de-malaga_110_6.jpg","menu_order":"0","post_type":"attachment","post_mime_type":"image\/jpeg","comment_count":"0","pod_item_id":"14087"},{"ID":"14091","post_author":"2","post_date":"2025-03-07 22:57:23","post_date_gmt":"2025-03-07 21:57:23","post_content":"","post_title":"cripta-la-victoria-y-la-catedral-de-malaga_110_7","post_excerpt":"","post_status":"inherit","comment_status":"closed","ping_status":"closed","post_password":"","post_name":"cripta-la-victoria-y-la-catedral-de-malaga_110_7","to_ping":"","pinged":"","post_modified":"2025-04-21 12:57:24","post_modified_gmt":"2025-04-21 10:57:24","post_content_filtered":"","post_parent":"11196","guid":"https:\/\/spainfilmcommission.com\/wp-content\/uploads\/2025\/03\/cripta-la-victoria-y-la-catedral-de-malaga_110_7.jpg","menu_order":"0","post_type":"attachment","post_mime_type":"image\/jpeg","comment_count":"0","pod_item_id":"14091"}],"nombrepaginaes":"basilica-de-santa-maria-de-la-victoria-y-catedral","nombrepaginaen":"basilica-de-santa-maria-de-la-victoria-y-catedral","latitud_gps":"","longitud_gps":"","adicionaleses":"","adicionalesen":"","videoes":"","videoen":"","video2es":"","video2en":"","_links":{"self":[{"href":"https:\/\/spainfilmcommission.com\/en\/wp-json\/wp\/v2\/localizaciones\/localizacion\/11196","targetHints":{"allow":["GET"]}}],"collection":[{"href":"https:\/\/spainfilmcommission.com\/en\/wp-json\/wp\/v2\/localizaciones\/localizacion"}],"about":[{"href":"https:\/\/spainfilmcommission.com\/en\/wp-json\/wp\/v2\/types\/localizacion"}],"author":[{"embeddable":true,"href":"https:\/\/spainfilmcommission.com\/en\/wp-json\/wp\/v2\/users\/2"}],"wp:attachment":[{"href":"https:\/\/spainfilmcommission.com\/en\/wp-json\/wp\/v2\/media?parent=11196"}],"curies":[{"name":"wp","href":"https:\/\/api.w.org\/{rel}","templated":true}]}}