{"id":11186,"date":"2025-02-27T17:25:10","date_gmt":"2025-02-27T16:25:10","guid":{"rendered":"https:\/\/spainfilmcommission.com\/?post_type=localizacion&#038;p=11186"},"modified":"2025-04-22T07:45:36","modified_gmt":"2025-04-22T05:45:36","slug":"parque-natural","status":"publish","type":"localizacion","link":"https:\/\/spainfilmcommission.com\/en\/ai-locations\/parque-natural\/","title":{"rendered":"Parque Natural"},"content":{"rendered":"","protected":false},"author":2,"template":"","meta":[],"class_list":["post-11186","localizacion","type-localizacion","status-publish","hentry"],"yoast_head":"<!-- This site is optimized with the Yoast SEO plugin v28.3 - https:\/\/yoast.com\/product\/yoast-seo-wordpress\/ -->\n<title>Rodar en Parque Natural - Spain Film Commission<\/title>\n<meta name=\"description\" content=\"En esta p\u00e1gina encontrar\u00e1s una peque\u00f1a descripci\u00f3n, m\u00e1genes e informaci\u00f3n relevante para que te hagas una idea de c\u00f3mo es rodar en Parque Natural\" \/>\n<meta name=\"robots\" content=\"index, follow, max-snippet:-1, max-image-preview:large, max-video-preview:-1\" \/>\n<link rel=\"canonical\" href=\"https:\/\/spainfilmcommission.com\/en\/ai-locations\/parque-natural\/\" \/>\n<meta property=\"og:locale\" content=\"en_US\" \/>\n<meta property=\"og:type\" content=\"article\" \/>\n<meta property=\"og:title\" content=\"Rodar en Parque Natural - Spain Film Commission\" \/>\n<meta property=\"og:description\" content=\"En esta p\u00e1gina encontrar\u00e1s una peque\u00f1a descripci\u00f3n, m\u00e1genes e informaci\u00f3n relevante para que te hagas una idea de c\u00f3mo es rodar en Parque Natural\" \/>\n<meta property=\"og:url\" content=\"https:\/\/spainfilmcommission.com\/en\/ai-locations\/parque-natural\/\" \/>\n<meta property=\"og:site_name\" content=\"Spain Film Commission\" \/>\n<meta property=\"article:modified_time\" content=\"2025-04-22T05:45:36+00:00\" \/>\n<meta name=\"twitter:card\" content=\"summary_large_image\" \/>\n<script type=\"application\/ld+json\" class=\"yoast-schema-graph\">{\"@context\":\"https:\\\/\\\/schema.org\",\"@graph\":[{\"@type\":\"WebPage\",\"@id\":\"https:\\\/\\\/spainfilmcommission.com\\\/en\\\/ai-locations\\\/parque-natural\\\/\",\"url\":\"https:\\\/\\\/spainfilmcommission.com\\\/en\\\/ai-locations\\\/parque-natural\\\/\",\"name\":\"Rodar en Parque Natural - Spain Film Commission\",\"isPartOf\":{\"@id\":\"https:\\\/\\\/spainfilmcommission.com\\\/en\\\/#website\"},\"datePublished\":\"2025-02-27T16:25:10+00:00\",\"dateModified\":\"2025-04-22T05:45:36+00:00\",\"description\":\"En esta p\u00e1gina encontrar\u00e1s una peque\u00f1a descripci\u00f3n, m\u00e1genes e informaci\u00f3n relevante para que te hagas una idea de c\u00f3mo es rodar en Parque Natural\",\"breadcrumb\":{\"@id\":\"https:\\\/\\\/spainfilmcommission.com\\\/en\\\/ai-locations\\\/parque-natural\\\/#breadcrumb\"},\"inLanguage\":\"en-US\",\"potentialAction\":[{\"@type\":\"ReadAction\",\"target\":[\"https:\\\/\\\/spainfilmcommission.com\\\/en\\\/ai-locations\\\/parque-natural\\\/\"]}]},{\"@type\":\"BreadcrumbList\",\"@id\":\"https:\\\/\\\/spainfilmcommission.com\\\/en\\\/ai-locations\\\/parque-natural\\\/#breadcrumb\",\"itemListElement\":[{\"@type\":\"ListItem\",\"position\":1,\"name\":\"Portada\",\"item\":\"https:\\\/\\\/spainfilmcommission.com\\\/en\\\/\"},{\"@type\":\"ListItem\",\"position\":2,\"name\":\"Parque Natural\"}]},{\"@type\":\"WebSite\",\"@id\":\"https:\\\/\\\/spainfilmcommission.com\\\/en\\\/#website\",\"url\":\"https:\\\/\\\/spainfilmcommission.com\\\/en\\\/\",\"name\":\"Spain Film Commission\",\"description\":\"\",\"publisher\":{\"@id\":\"https:\\\/\\\/spainfilmcommission.com\\\/en\\\/#organization\"},\"potentialAction\":[{\"@type\":\"SearchAction\",\"target\":{\"@type\":\"EntryPoint\",\"urlTemplate\":\"https:\\\/\\\/spainfilmcommission.com\\\/en\\\/?s={search_term_string}\"},\"query-input\":{\"@type\":\"PropertyValueSpecification\",\"valueRequired\":true,\"valueName\":\"search_term_string\"}}],\"inLanguage\":\"en-US\"},{\"@type\":\"Organization\",\"@id\":\"https:\\\/\\\/spainfilmcommission.com\\\/en\\\/#organization\",\"name\":\"Spain Film Commission\",\"url\":\"https:\\\/\\\/spainfilmcommission.com\\\/en\\\/\",\"logo\":{\"@type\":\"ImageObject\",\"inLanguage\":\"en-US\",\"@id\":\"https:\\\/\\\/spainfilmcommission.com\\\/en\\\/#\\\/schema\\\/logo\\\/image\\\/\",\"url\":\"https:\\\/\\\/spainfilmcommission.com\\\/wp-content\\\/uploads\\\/2024\\\/07\\\/SPC_COLOR.png\",\"contentUrl\":\"https:\\\/\\\/spainfilmcommission.com\\\/wp-content\\\/uploads\\\/2024\\\/07\\\/SPC_COLOR.png\",\"width\":1665,\"height\":1665,\"caption\":\"Spain Film Commission\"},\"image\":{\"@id\":\"https:\\\/\\\/spainfilmcommission.com\\\/en\\\/#\\\/schema\\\/logo\\\/image\\\/\"}}]}<\/script>\n<!-- \/ Yoast SEO plugin. -->","yoast_head_json":{"title":"Rodar en Parque Natural - Spain Film Commission","description":"En esta p\u00e1gina encontrar\u00e1s una peque\u00f1a descripci\u00f3n, m\u00e1genes e informaci\u00f3n relevante para que te hagas una idea de c\u00f3mo es rodar en Parque Natural","robots":{"index":"index","follow":"follow","max-snippet":"max-snippet:-1","max-image-preview":"max-image-preview:large","max-video-preview":"max-video-preview:-1"},"canonical":"https:\/\/spainfilmcommission.com\/en\/ai-locations\/parque-natural\/","og_locale":"en_US","og_type":"article","og_title":"Rodar en Parque Natural - Spain Film Commission","og_description":"En esta p\u00e1gina encontrar\u00e1s una peque\u00f1a descripci\u00f3n, m\u00e1genes e informaci\u00f3n relevante para que te hagas una idea de c\u00f3mo es rodar en Parque Natural","og_url":"https:\/\/spainfilmcommission.com\/en\/ai-locations\/parque-natural\/","og_site_name":"Spain Film Commission","article_modified_time":"2025-04-22T05:45:36+00:00","twitter_card":"summary_large_image","schema":{"@context":"https:\/\/schema.org","@graph":[{"@type":"WebPage","@id":"https:\/\/spainfilmcommission.com\/en\/ai-locations\/parque-natural\/","url":"https:\/\/spainfilmcommission.com\/en\/ai-locations\/parque-natural\/","name":"Rodar en Parque Natural - Spain Film Commission","isPartOf":{"@id":"https:\/\/spainfilmcommission.com\/en\/#website"},"datePublished":"2025-02-27T16:25:10+00:00","dateModified":"2025-04-22T05:45:36+00:00","description":"En esta p\u00e1gina encontrar\u00e1s una peque\u00f1a descripci\u00f3n, m\u00e1genes e informaci\u00f3n relevante para que te hagas una idea de c\u00f3mo es rodar en Parque Natural","breadcrumb":{"@id":"https:\/\/spainfilmcommission.com\/en\/ai-locations\/parque-natural\/#breadcrumb"},"inLanguage":"en-US","potentialAction":[{"@type":"ReadAction","target":["https:\/\/spainfilmcommission.com\/en\/ai-locations\/parque-natural\/"]}]},{"@type":"BreadcrumbList","@id":"https:\/\/spainfilmcommission.com\/en\/ai-locations\/parque-natural\/#breadcrumb","itemListElement":[{"@type":"ListItem","position":1,"name":"Portada","item":"https:\/\/spainfilmcommission.com\/en\/"},{"@type":"ListItem","position":2,"name":"Parque Natural"}]},{"@type":"WebSite","@id":"https:\/\/spainfilmcommission.com\/en\/#website","url":"https:\/\/spainfilmcommission.com\/en\/","name":"Spain Film Commission","description":"","publisher":{"@id":"https:\/\/spainfilmcommission.com\/en\/#organization"},"potentialAction":[{"@type":"SearchAction","target":{"@type":"EntryPoint","urlTemplate":"https:\/\/spainfilmcommission.com\/en\/?s={search_term_string}"},"query-input":{"@type":"PropertyValueSpecification","valueRequired":true,"valueName":"search_term_string"}}],"inLanguage":"en-US"},{"@type":"Organization","@id":"https:\/\/spainfilmcommission.com\/en\/#organization","name":"Spain Film Commission","url":"https:\/\/spainfilmcommission.com\/en\/","logo":{"@type":"ImageObject","inLanguage":"en-US","@id":"https:\/\/spainfilmcommission.com\/en\/#\/schema\/logo\/image\/","url":"https:\/\/spainfilmcommission.com\/wp-content\/uploads\/2024\/07\/SPC_COLOR.png","contentUrl":"https:\/\/spainfilmcommission.com\/wp-content\/uploads\/2024\/07\/SPC_COLOR.png","width":1665,"height":1665,"caption":"Spain Film Commission"},"image":{"@id":"https:\/\/spainfilmcommission.com\/en\/#\/schema\/logo\/image\/"}}]}},"socio":[{"ID":"43","user_login":"navarra-film-commission","user_nicename":"navarra-film-commission","display_name":"Navarra Film Commission","user_pass":"****************","user_email":"s.sevilla@nicdo.es","user_url":"","user_registered":"2024-12-19 17:48:02","id":43}],"nombrees":"Parque Natural","nombreen":"Natural Park","localidad":"Urbasa y And\u00eda","provincia":"Navarra","coordenadas_maps":"42.8188, -2.15823","latitud":"42.818800000000","longitud":"-2.158230000000","direcciones":"","direccionen":"","cod_postal":[],"telefono":"","fax":"","mail":"","web":"http:\/\/www.parquedeurbasa.es\/","descripciones":"Prados y frondosos hayedos alternan este espacio protegido de paisaje id\u00edlico en la provincia de Navarra. Su borde sur cae bruscamente sobre el Valle de las Am\u00e9scoas formando el impresionante mirador natural del circo del nacedero del Urederra.","descripcionen":"Meadows and lush beech woodlands can be found in this protected idyllic landscape in the province of Navarre. Its southern edge falls brusquely onto the Valley of the Am\u00e9scoas, forming an impressive natural viewpoint over the source of the Urederra RIver.","galeria":[{"ID":"30311","post_author":"2","post_date":"2025-03-08 13:25:01","post_date_gmt":"2025-03-08 12:25:01","post_content":"","post_title":"parque-natural-de-urbasa-y-and\u00eda_99_1","post_excerpt":"","post_status":"inherit","comment_status":"closed","ping_status":"closed","post_password":"","post_name":"parque-natural-de-urbasa-y-andia_99_1","to_ping":"","pinged":"","post_modified":"2025-04-21 14:55:32","post_modified_gmt":"2025-04-21 12:55:32","post_content_filtered":"","post_parent":"11186","guid":"https:\/\/spainfilmcommission.com\/wp-content\/uploads\/2025\/03\/parque-natural-de-urbasa-y-andia_99_1.jpg","menu_order":"0","post_type":"attachment","post_mime_type":"image\/jpeg","comment_count":"0","pod_item_id":"30311"},{"ID":"30313","post_author":"2","post_date":"2025-03-08 13:25:04","post_date_gmt":"2025-03-08 12:25:04","post_content":"","post_title":"parque-natural-de-urbasa-y-and\u00eda_99_2","post_excerpt":"","post_status":"inherit","comment_status":"closed","ping_status":"closed","post_password":"","post_name":"parque-natural-de-urbasa-y-andia_99_2","to_ping":"","pinged":"","post_modified":"2025-04-21 14:55:32","post_modified_gmt":"2025-04-21 12:55:32","post_content_filtered":"","post_parent":"11186","guid":"https:\/\/spainfilmcommission.com\/wp-content\/uploads\/2025\/03\/parque-natural-de-urbasa-y-andia_99_2.jpg","menu_order":"0","post_type":"attachment","post_mime_type":"image\/jpeg","comment_count":"0","pod_item_id":"30313"},{"ID":"30315","post_author":"2","post_date":"2025-03-08 13:25:09","post_date_gmt":"2025-03-08 12:25:09","post_content":"","post_title":"parque-natural-de-urbasa-y-and\u00eda_99_3","post_excerpt":"","post_status":"inherit","comment_status":"closed","ping_status":"closed","post_password":"","post_name":"parque-natural-de-urbasa-y-andia_99_3","to_ping":"","pinged":"","post_modified":"2025-04-21 14:55:32","post_modified_gmt":"2025-04-21 12:55:32","post_content_filtered":"","post_parent":"11186","guid":"https:\/\/spainfilmcommission.com\/wp-content\/uploads\/2025\/03\/parque-natural-de-urbasa-y-andia_99_3.jpg","menu_order":"0","post_type":"attachment","post_mime_type":"image\/jpeg","comment_count":"0","pod_item_id":"30315"},{"ID":"30317","post_author":"2","post_date":"2025-03-08 13:25:13","post_date_gmt":"2025-03-08 12:25:13","post_content":"","post_title":"parque-natural-de-urbasa-y-and\u00eda_99_4","post_excerpt":"","post_status":"inherit","comment_status":"closed","ping_status":"closed","post_password":"","post_name":"parque-natural-de-urbasa-y-andia_99_4","to_ping":"","pinged":"","post_modified":"2025-04-21 14:55:32","post_modified_gmt":"2025-04-21 12:55:32","post_content_filtered":"","post_parent":"11186","guid":"https:\/\/spainfilmcommission.com\/wp-content\/uploads\/2025\/03\/parque-natural-de-urbasa-y-andia_99_4.jpg","menu_order":"0","post_type":"attachment","post_mime_type":"image\/jpeg","comment_count":"0","pod_item_id":"30317"},{"ID":"30319","post_author":"2","post_date":"2025-03-08 13:25:16","post_date_gmt":"2025-03-08 12:25:16","post_content":"","post_title":"parque-natural-de-urbasa-y-and\u00eda_99_5","post_excerpt":"","post_status":"inherit","comment_status":"closed","ping_status":"closed","post_password":"","post_name":"parque-natural-de-urbasa-y-andia_99_5","to_ping":"","pinged":"","post_modified":"2025-04-21 14:55:32","post_modified_gmt":"2025-04-21 12:55:32","post_content_filtered":"","post_parent":"11186","guid":"https:\/\/spainfilmcommission.com\/wp-content\/uploads\/2025\/03\/parque-natural-de-urbasa-y-andia_99_5.jpg","menu_order":"0","post_type":"attachment","post_mime_type":"image\/jpeg","comment_count":"0","pod_item_id":"30319"},{"ID":"30321","post_author":"2","post_date":"2025-03-08 13:25:20","post_date_gmt":"2025-03-08 12:25:20","post_content":"","post_title":"parque-natural-de-urbasa-y-and\u00eda_99_6","post_excerpt":"","post_status":"inherit","comment_status":"closed","ping_status":"closed","post_password":"","post_name":"parque-natural-de-urbasa-y-andia_99_6","to_ping":"","pinged":"","post_modified":"2025-04-21 14:55:32","post_modified_gmt":"2025-04-21 12:55:32","post_content_filtered":"","post_parent":"11186","guid":"https:\/\/spainfilmcommission.com\/wp-content\/uploads\/2025\/03\/parque-natural-de-urbasa-y-andia_99_6.jpg","menu_order":"0","post_type":"attachment","post_mime_type":"image\/jpeg","comment_count":"0","pod_item_id":"30321"},{"ID":"30323","post_author":"2","post_date":"2025-03-08 13:25:26","post_date_gmt":"2025-03-08 12:25:26","post_content":"","post_title":"parque-natural-de-urbasa-y-and\u00eda_99_7","post_excerpt":"","post_status":"inherit","comment_status":"closed","ping_status":"closed","post_password":"","post_name":"parque-natural-de-urbasa-y-andia_99_7","to_ping":"","pinged":"","post_modified":"2025-04-21 14:55:32","post_modified_gmt":"2025-04-21 12:55:32","post_content_filtered":"","post_parent":"11186","guid":"https:\/\/spainfilmcommission.com\/wp-content\/uploads\/2025\/03\/parque-natural-de-urbasa-y-andia_99_7.jpg","menu_order":"0","post_type":"attachment","post_mime_type":"image\/jpeg","comment_count":"0","pod_item_id":"30323"},{"ID":"30325","post_author":"2","post_date":"2025-03-08 13:25:30","post_date_gmt":"2025-03-08 12:25:30","post_content":"","post_title":"parque-natural-de-urbasa-y-and\u00eda_99_8","post_excerpt":"","post_status":"inherit","comment_status":"closed","ping_status":"closed","post_password":"","post_name":"parque-natural-de-urbasa-y-andia_99_8","to_ping":"","pinged":"","post_modified":"2025-04-21 14:55:32","post_modified_gmt":"2025-04-21 12:55:32","post_content_filtered":"","post_parent":"11186","guid":"https:\/\/spainfilmcommission.com\/wp-content\/uploads\/2025\/03\/parque-natural-de-urbasa-y-andia_99_8.jpg","menu_order":"0","post_type":"attachment","post_mime_type":"image\/jpeg","comment_count":"0","pod_item_id":"30325"},{"ID":"30327","post_author":"2","post_date":"2025-03-08 13:25:36","post_date_gmt":"2025-03-08 12:25:36","post_content":"","post_title":"parque-natural-de-urbasa-y-and\u00eda_99_9","post_excerpt":"","post_status":"inherit","comment_status":"closed","ping_status":"closed","post_password":"","post_name":"parque-natural-de-urbasa-y-andia_99_9","to_ping":"","pinged":"","post_modified":"2025-04-21 14:55:32","post_modified_gmt":"2025-04-21 12:55:32","post_content_filtered":"","post_parent":"11186","guid":"https:\/\/spainfilmcommission.com\/wp-content\/uploads\/2025\/03\/parque-natural-de-urbasa-y-andia_99_9.jpg","menu_order":"0","post_type":"attachment","post_mime_type":"image\/jpeg","comment_count":"0","pod_item_id":"30327"},{"ID":"30329","post_author":"2","post_date":"2025-03-08 13:25:41","post_date_gmt":"2025-03-08 12:25:41","post_content":"","post_title":"parque-natural-de-urbasa-y-and\u00eda_99_10","post_excerpt":"","post_status":"inherit","comment_status":"closed","ping_status":"closed","post_password":"","post_name":"parque-natural-de-urbasa-y-andia_99_10","to_ping":"","pinged":"","post_modified":"2025-04-21 14:55:32","post_modified_gmt":"2025-04-21 12:55:32","post_content_filtered":"","post_parent":"11186","guid":"https:\/\/spainfilmcommission.com\/wp-content\/uploads\/2025\/03\/parque-natural-de-urbasa-y-andia_99_10.jpg","menu_order":"0","post_type":"attachment","post_mime_type":"image\/jpeg","comment_count":"0","pod_item_id":"30329"},{"ID":"30331","post_author":"2","post_date":"2025-03-08 13:25:46","post_date_gmt":"2025-03-08 12:25:46","post_content":"","post_title":"parque-natural-de-urbasa-y-and\u00eda_99_11","post_excerpt":"","post_status":"inherit","comment_status":"closed","ping_status":"closed","post_password":"","post_name":"parque-natural-de-urbasa-y-andia_99_11","to_ping":"","pinged":"","post_modified":"2025-04-21 14:55:32","post_modified_gmt":"2025-04-21 12:55:32","post_content_filtered":"","post_parent":"11186","guid":"https:\/\/spainfilmcommission.com\/wp-content\/uploads\/2025\/03\/parque-natural-de-urbasa-y-andia_99_11.jpg","menu_order":"0","post_type":"attachment","post_mime_type":"image\/jpeg","comment_count":"0","pod_item_id":"30331"},{"ID":"30333","post_author":"2","post_date":"2025-03-08 13:25:48","post_date_gmt":"2025-03-08 12:25:48","post_content":"","post_title":"parque-natural-de-urbasa-y-and\u00eda_99_12","post_excerpt":"","post_status":"inherit","comment_status":"closed","ping_status":"closed","post_password":"","post_name":"parque-natural-de-urbasa-y-andia_99_12","to_ping":"","pinged":"","post_modified":"2025-04-21 14:55:32","post_modified_gmt":"2025-04-21 12:55:32","post_content_filtered":"","post_parent":"11186","guid":"https:\/\/spainfilmcommission.com\/wp-content\/uploads\/2025\/03\/parque-natural-de-urbasa-y-andia_99_12.jpg","menu_order":"0","post_type":"attachment","post_mime_type":"image\/jpeg","comment_count":"0","pod_item_id":"30333"}],"nombrepaginaes":"parque-natural","nombrepaginaen":"natural-park","latitud_gps":"42\u00b0 49' 37.7","longitud_gps":"2\u00b0 05' 12.6","adicionaleses":"","adicionalesen":"","videoes":"","videoen":"","video2es":"","video2en":"","_links":{"self":[{"href":"https:\/\/spainfilmcommission.com\/en\/wp-json\/wp\/v2\/localizaciones\/localizacion\/11186","targetHints":{"allow":["GET"]}}],"collection":[{"href":"https:\/\/spainfilmcommission.com\/en\/wp-json\/wp\/v2\/localizaciones\/localizacion"}],"about":[{"href":"https:\/\/spainfilmcommission.com\/en\/wp-json\/wp\/v2\/types\/localizacion"}],"author":[{"embeddable":true,"href":"https:\/\/spainfilmcommission.com\/en\/wp-json\/wp\/v2\/users\/2"}],"wp:attachment":[{"href":"https:\/\/spainfilmcommission.com\/en\/wp-json\/wp\/v2\/media?parent=11186"}],"curies":[{"name":"wp","href":"https:\/\/api.w.org\/{rel}","templated":true}]}}