{"id":11178,"date":"2025-02-27T17:25:10","date_gmt":"2025-02-27T16:25:10","guid":{"rendered":"https:\/\/spainfilmcommission.com\/?post_type=localizacion&#038;p=11178"},"modified":"2025-04-22T09:30:31","modified_gmt":"2025-04-22T07:30:31","slug":"jardin-botanico-la-concepcion","status":"publish","type":"localizacion","link":"https:\/\/spainfilmcommission.com\/en\/ai-locations\/jardin-botanico-la-concepcion\/","title":{"rendered":"Jard\u00edn Bot\u00e1nico La Concepci\u00f3n"},"content":{"rendered":"","protected":false},"author":2,"template":"","meta":[],"class_list":["post-11178","localizacion","type-localizacion","status-publish","hentry"],"yoast_head":"<!-- This site is optimized with the Yoast SEO plugin v28.3 - https:\/\/yoast.com\/product\/yoast-seo-wordpress\/ -->\n<title>Rodar en Jard\u00edn Bot\u00e1nico La Concepci\u00f3n - Spain Film Commission<\/title>\n<meta name=\"description\" content=\"En esta p\u00e1gina encontrar\u00e1s una peque\u00f1a descripci\u00f3n, m\u00e1genes e informaci\u00f3n relevante para que te hagas una idea de c\u00f3mo es rodar en Jard\u00edn Bot\u00e1nico La Concepci\u00f3n\" \/>\n<meta name=\"robots\" content=\"index, follow, max-snippet:-1, max-image-preview:large, max-video-preview:-1\" \/>\n<link rel=\"canonical\" href=\"https:\/\/spainfilmcommission.com\/en\/ai-locations\/jardin-botanico-la-concepcion\/\" \/>\n<meta property=\"og:locale\" content=\"en_US\" \/>\n<meta property=\"og:type\" content=\"article\" \/>\n<meta property=\"og:title\" content=\"Rodar en Jard\u00edn Bot\u00e1nico La Concepci\u00f3n - Spain Film Commission\" \/>\n<meta property=\"og:description\" content=\"En esta p\u00e1gina encontrar\u00e1s una peque\u00f1a descripci\u00f3n, m\u00e1genes e informaci\u00f3n relevante para que te hagas una idea de c\u00f3mo es rodar en Jard\u00edn Bot\u00e1nico La Concepci\u00f3n\" \/>\n<meta property=\"og:url\" content=\"https:\/\/spainfilmcommission.com\/en\/ai-locations\/jardin-botanico-la-concepcion\/\" \/>\n<meta property=\"og:site_name\" content=\"Spain Film Commission\" \/>\n<meta property=\"article:modified_time\" content=\"2025-04-22T07:30:31+00:00\" \/>\n<meta name=\"twitter:card\" content=\"summary_large_image\" \/>\n<script type=\"application\/ld+json\" class=\"yoast-schema-graph\">{\"@context\":\"https:\\\/\\\/schema.org\",\"@graph\":[{\"@type\":\"WebPage\",\"@id\":\"https:\\\/\\\/spainfilmcommission.com\\\/en\\\/ai-locations\\\/jardin-botanico-la-concepcion\\\/\",\"url\":\"https:\\\/\\\/spainfilmcommission.com\\\/en\\\/ai-locations\\\/jardin-botanico-la-concepcion\\\/\",\"name\":\"Rodar en Jard\u00edn Bot\u00e1nico La Concepci\u00f3n - Spain Film Commission\",\"isPartOf\":{\"@id\":\"https:\\\/\\\/spainfilmcommission.com\\\/en\\\/#website\"},\"datePublished\":\"2025-02-27T16:25:10+00:00\",\"dateModified\":\"2025-04-22T07:30:31+00:00\",\"description\":\"En esta p\u00e1gina encontrar\u00e1s una peque\u00f1a descripci\u00f3n, m\u00e1genes e informaci\u00f3n relevante para que te hagas una idea de c\u00f3mo es rodar en Jard\u00edn Bot\u00e1nico La Concepci\u00f3n\",\"breadcrumb\":{\"@id\":\"https:\\\/\\\/spainfilmcommission.com\\\/en\\\/ai-locations\\\/jardin-botanico-la-concepcion\\\/#breadcrumb\"},\"inLanguage\":\"en-US\",\"potentialAction\":[{\"@type\":\"ReadAction\",\"target\":[\"https:\\\/\\\/spainfilmcommission.com\\\/en\\\/ai-locations\\\/jardin-botanico-la-concepcion\\\/\"]}]},{\"@type\":\"BreadcrumbList\",\"@id\":\"https:\\\/\\\/spainfilmcommission.com\\\/en\\\/ai-locations\\\/jardin-botanico-la-concepcion\\\/#breadcrumb\",\"itemListElement\":[{\"@type\":\"ListItem\",\"position\":1,\"name\":\"Portada\",\"item\":\"https:\\\/\\\/spainfilmcommission.com\\\/en\\\/\"},{\"@type\":\"ListItem\",\"position\":2,\"name\":\"Jard\u00edn Bot\u00e1nico La Concepci\u00f3n\"}]},{\"@type\":\"WebSite\",\"@id\":\"https:\\\/\\\/spainfilmcommission.com\\\/en\\\/#website\",\"url\":\"https:\\\/\\\/spainfilmcommission.com\\\/en\\\/\",\"name\":\"Spain Film Commission\",\"description\":\"\",\"publisher\":{\"@id\":\"https:\\\/\\\/spainfilmcommission.com\\\/en\\\/#organization\"},\"potentialAction\":[{\"@type\":\"SearchAction\",\"target\":{\"@type\":\"EntryPoint\",\"urlTemplate\":\"https:\\\/\\\/spainfilmcommission.com\\\/en\\\/?s={search_term_string}\"},\"query-input\":{\"@type\":\"PropertyValueSpecification\",\"valueRequired\":true,\"valueName\":\"search_term_string\"}}],\"inLanguage\":\"en-US\"},{\"@type\":\"Organization\",\"@id\":\"https:\\\/\\\/spainfilmcommission.com\\\/en\\\/#organization\",\"name\":\"Spain Film Commission\",\"url\":\"https:\\\/\\\/spainfilmcommission.com\\\/en\\\/\",\"logo\":{\"@type\":\"ImageObject\",\"inLanguage\":\"en-US\",\"@id\":\"https:\\\/\\\/spainfilmcommission.com\\\/en\\\/#\\\/schema\\\/logo\\\/image\\\/\",\"url\":\"https:\\\/\\\/spainfilmcommission.com\\\/wp-content\\\/uploads\\\/2024\\\/07\\\/SPC_COLOR.png\",\"contentUrl\":\"https:\\\/\\\/spainfilmcommission.com\\\/wp-content\\\/uploads\\\/2024\\\/07\\\/SPC_COLOR.png\",\"width\":1665,\"height\":1665,\"caption\":\"Spain Film Commission\"},\"image\":{\"@id\":\"https:\\\/\\\/spainfilmcommission.com\\\/en\\\/#\\\/schema\\\/logo\\\/image\\\/\"}}]}<\/script>\n<!-- \/ Yoast SEO plugin. -->","yoast_head_json":{"title":"Rodar en Jard\u00edn Bot\u00e1nico La Concepci\u00f3n - Spain Film Commission","description":"En esta p\u00e1gina encontrar\u00e1s una peque\u00f1a descripci\u00f3n, m\u00e1genes e informaci\u00f3n relevante para que te hagas una idea de c\u00f3mo es rodar en Jard\u00edn Bot\u00e1nico La Concepci\u00f3n","robots":{"index":"index","follow":"follow","max-snippet":"max-snippet:-1","max-image-preview":"max-image-preview:large","max-video-preview":"max-video-preview:-1"},"canonical":"https:\/\/spainfilmcommission.com\/en\/ai-locations\/jardin-botanico-la-concepcion\/","og_locale":"en_US","og_type":"article","og_title":"Rodar en Jard\u00edn Bot\u00e1nico La Concepci\u00f3n - Spain Film Commission","og_description":"En esta p\u00e1gina encontrar\u00e1s una peque\u00f1a descripci\u00f3n, m\u00e1genes e informaci\u00f3n relevante para que te hagas una idea de c\u00f3mo es rodar en Jard\u00edn Bot\u00e1nico La Concepci\u00f3n","og_url":"https:\/\/spainfilmcommission.com\/en\/ai-locations\/jardin-botanico-la-concepcion\/","og_site_name":"Spain Film Commission","article_modified_time":"2025-04-22T07:30:31+00:00","twitter_card":"summary_large_image","schema":{"@context":"https:\/\/schema.org","@graph":[{"@type":"WebPage","@id":"https:\/\/spainfilmcommission.com\/en\/ai-locations\/jardin-botanico-la-concepcion\/","url":"https:\/\/spainfilmcommission.com\/en\/ai-locations\/jardin-botanico-la-concepcion\/","name":"Rodar en Jard\u00edn Bot\u00e1nico La Concepci\u00f3n - Spain Film Commission","isPartOf":{"@id":"https:\/\/spainfilmcommission.com\/en\/#website"},"datePublished":"2025-02-27T16:25:10+00:00","dateModified":"2025-04-22T07:30:31+00:00","description":"En esta p\u00e1gina encontrar\u00e1s una peque\u00f1a descripci\u00f3n, m\u00e1genes e informaci\u00f3n relevante para que te hagas una idea de c\u00f3mo es rodar en Jard\u00edn Bot\u00e1nico La Concepci\u00f3n","breadcrumb":{"@id":"https:\/\/spainfilmcommission.com\/en\/ai-locations\/jardin-botanico-la-concepcion\/#breadcrumb"},"inLanguage":"en-US","potentialAction":[{"@type":"ReadAction","target":["https:\/\/spainfilmcommission.com\/en\/ai-locations\/jardin-botanico-la-concepcion\/"]}]},{"@type":"BreadcrumbList","@id":"https:\/\/spainfilmcommission.com\/en\/ai-locations\/jardin-botanico-la-concepcion\/#breadcrumb","itemListElement":[{"@type":"ListItem","position":1,"name":"Portada","item":"https:\/\/spainfilmcommission.com\/en\/"},{"@type":"ListItem","position":2,"name":"Jard\u00edn Bot\u00e1nico La Concepci\u00f3n"}]},{"@type":"WebSite","@id":"https:\/\/spainfilmcommission.com\/en\/#website","url":"https:\/\/spainfilmcommission.com\/en\/","name":"Spain Film Commission","description":"","publisher":{"@id":"https:\/\/spainfilmcommission.com\/en\/#organization"},"potentialAction":[{"@type":"SearchAction","target":{"@type":"EntryPoint","urlTemplate":"https:\/\/spainfilmcommission.com\/en\/?s={search_term_string}"},"query-input":{"@type":"PropertyValueSpecification","valueRequired":true,"valueName":"search_term_string"}}],"inLanguage":"en-US"},{"@type":"Organization","@id":"https:\/\/spainfilmcommission.com\/en\/#organization","name":"Spain Film Commission","url":"https:\/\/spainfilmcommission.com\/en\/","logo":{"@type":"ImageObject","inLanguage":"en-US","@id":"https:\/\/spainfilmcommission.com\/en\/#\/schema\/logo\/image\/","url":"https:\/\/spainfilmcommission.com\/wp-content\/uploads\/2024\/07\/SPC_COLOR.png","contentUrl":"https:\/\/spainfilmcommission.com\/wp-content\/uploads\/2024\/07\/SPC_COLOR.png","width":1665,"height":1665,"caption":"Spain Film Commission"},"image":{"@id":"https:\/\/spainfilmcommission.com\/en\/#\/schema\/logo\/image\/"}}]}},"socio":[{"ID":"24","user_login":"malaga-film-office","user_nicename":"malaga-film-office","display_name":"malaga-film-office","user_pass":"****************","user_email":"malagafilmoffice@malagaprocultura.com","user_url":"","user_registered":"2024-12-19 15:38:41","id":24}],"nombrees":"Jard\u00edn Bot\u00e1nico La Concepci\u00f3n","nombreen":"Jard\u00edn Bot\u00e1nico La Concepci\u00f3n","localidad":"M\u00e1laga","provincia":"M\u00e1laga","coordenadas_maps":"36.7594, -4.42701","latitud":"36.759400000000","longitud":"-4.427010000000","direcciones":"","direccionen":"","cod_postal":[],"telefono":"","fax":"","mail":"","web":"http:\/\/laconcepcion.malaga.eu\/","descripciones":"Es la \u00fanica selva h\u00fameda al sur de Europa. Un jard\u00edn rom\u00e1ntico con m\u00e1s de 2.000 especies, una arboleda monumental y centenaria, ficus, araucarias, casuarinas, magnolios, pinos, cipreses y cedros, entre destacables especies de origen subtropical y 100 especies de palmeras en la ciudad de M\u00e1laga (Andaluc\u00eda). La magn\u00edfica Casa-Palacio, la casita de los cipreses, invernaderos en hierro; un gran cenador; fuentes, puentecitos, escalinatas, un mirador y el Museo Loringiano, un templete d\u00f3rico.","descripcionen":"This is the only rain forest in southern Europe. A romantic garden with over 2000 species; century-old trees, ficus, pine, casuarinas, magnolias, pines, cypresses and cedars, among notable subtropical species and 100 species of palm trees in the city of M\u00e1laga (Andalusia). The magnificent palatial residence, the house amongst the cypresses, iron greenhouses; a large gazebo; fountains, bridges, stairs, a gazebo and the Loringian Museum, a Doric temple.","galeria":[{"ID":"28419","post_author":"2","post_date":"2025-03-08 12:32:28","post_date_gmt":"2025-03-08 11:32:28","post_content":"","post_title":"jard\u00edn-bot\u00e1nico-la-concepci\u00f3n_90_1","post_excerpt":"","post_status":"inherit","comment_status":"closed","ping_status":"closed","post_password":"","post_name":"jardin-botanico-la-concepcion_90_1","to_ping":"","pinged":"","post_modified":"2025-04-22 09:30:31","post_modified_gmt":"2025-04-22 07:30:31","post_content_filtered":"","post_parent":"11178","guid":"https:\/\/spainfilmcommission.com\/wp-content\/uploads\/2025\/03\/jardin-botanico-la-concepcion_90_1.jpg","menu_order":"0","post_type":"attachment","post_mime_type":"image\/jpeg","comment_count":"0","pod_item_id":"28419"},{"ID":"28421","post_author":"2","post_date":"2025-03-08 12:32:31","post_date_gmt":"2025-03-08 11:32:31","post_content":"","post_title":"jard\u00edn-bot\u00e1nico-la-concepci\u00f3n_90_2","post_excerpt":"","post_status":"inherit","comment_status":"closed","ping_status":"closed","post_password":"","post_name":"jardin-botanico-la-concepcion_90_2","to_ping":"","pinged":"","post_modified":"2025-04-22 09:30:31","post_modified_gmt":"2025-04-22 07:30:31","post_content_filtered":"","post_parent":"11178","guid":"https:\/\/spainfilmcommission.com\/wp-content\/uploads\/2025\/03\/jardin-botanico-la-concepcion_90_2.jpg","menu_order":"0","post_type":"attachment","post_mime_type":"image\/jpeg","comment_count":"0","pod_item_id":"28421"},{"ID":"28423","post_author":"2","post_date":"2025-03-08 12:32:35","post_date_gmt":"2025-03-08 11:32:35","post_content":"","post_title":"jard\u00edn-bot\u00e1nico-la-concepci\u00f3n_90_3","post_excerpt":"","post_status":"inherit","comment_status":"closed","ping_status":"closed","post_password":"","post_name":"jardin-botanico-la-concepcion_90_3","to_ping":"","pinged":"","post_modified":"2025-04-22 09:30:31","post_modified_gmt":"2025-04-22 07:30:31","post_content_filtered":"","post_parent":"11178","guid":"https:\/\/spainfilmcommission.com\/wp-content\/uploads\/2025\/03\/jardin-botanico-la-concepcion_90_3.jpg","menu_order":"0","post_type":"attachment","post_mime_type":"image\/jpeg","comment_count":"0","pod_item_id":"28423"},{"ID":"28425","post_author":"2","post_date":"2025-03-08 12:32:38","post_date_gmt":"2025-03-08 11:32:38","post_content":"","post_title":"jard\u00edn-bot\u00e1nico-la-concepci\u00f3n_90_4","post_excerpt":"","post_status":"inherit","comment_status":"closed","ping_status":"closed","post_password":"","post_name":"jardin-botanico-la-concepcion_90_4","to_ping":"","pinged":"","post_modified":"2025-04-22 09:30:31","post_modified_gmt":"2025-04-22 07:30:31","post_content_filtered":"","post_parent":"11178","guid":"https:\/\/spainfilmcommission.com\/wp-content\/uploads\/2025\/03\/jardin-botanico-la-concepcion_90_4.jpg","menu_order":"0","post_type":"attachment","post_mime_type":"image\/jpeg","comment_count":"0","pod_item_id":"28425"},{"ID":"28427","post_author":"2","post_date":"2025-03-08 12:32:41","post_date_gmt":"2025-03-08 11:32:41","post_content":"","post_title":"jard\u00edn-bot\u00e1nico-la-concepci\u00f3n_90_5","post_excerpt":"","post_status":"inherit","comment_status":"closed","ping_status":"closed","post_password":"","post_name":"jardin-botanico-la-concepcion_90_5","to_ping":"","pinged":"","post_modified":"2025-04-22 09:30:31","post_modified_gmt":"2025-04-22 07:30:31","post_content_filtered":"","post_parent":"11178","guid":"https:\/\/spainfilmcommission.com\/wp-content\/uploads\/2025\/03\/jardin-botanico-la-concepcion_90_5.jpg","menu_order":"0","post_type":"attachment","post_mime_type":"image\/jpeg","comment_count":"0","pod_item_id":"28427"},{"ID":"28429","post_author":"2","post_date":"2025-03-08 12:32:43","post_date_gmt":"2025-03-08 11:32:43","post_content":"","post_title":"jard\u00edn-bot\u00e1nico-la-concepci\u00f3n_90_6","post_excerpt":"","post_status":"inherit","comment_status":"closed","ping_status":"closed","post_password":"","post_name":"jardin-botanico-la-concepcion_90_6","to_ping":"","pinged":"","post_modified":"2025-04-22 09:30:31","post_modified_gmt":"2025-04-22 07:30:31","post_content_filtered":"","post_parent":"11178","guid":"https:\/\/spainfilmcommission.com\/wp-content\/uploads\/2025\/03\/jardin-botanico-la-concepcion_90_6.jpg","menu_order":"0","post_type":"attachment","post_mime_type":"image\/jpeg","comment_count":"0","pod_item_id":"28429"},{"ID":"28431","post_author":"2","post_date":"2025-03-08 12:32:46","post_date_gmt":"2025-03-08 11:32:46","post_content":"","post_title":"jard\u00edn-bot\u00e1nico-la-concepci\u00f3n_90_7","post_excerpt":"","post_status":"inherit","comment_status":"closed","ping_status":"closed","post_password":"","post_name":"jardin-botanico-la-concepcion_90_7","to_ping":"","pinged":"","post_modified":"2025-04-22 09:30:31","post_modified_gmt":"2025-04-22 07:30:31","post_content_filtered":"","post_parent":"11178","guid":"https:\/\/spainfilmcommission.com\/wp-content\/uploads\/2025\/03\/jardin-botanico-la-concepcion_90_7.jpg","menu_order":"0","post_type":"attachment","post_mime_type":"image\/jpeg","comment_count":"0","pod_item_id":"28431"},{"ID":"28433","post_author":"2","post_date":"2025-03-08 12:32:48","post_date_gmt":"2025-03-08 11:32:48","post_content":"","post_title":"jard\u00edn-bot\u00e1nico-la-concepci\u00f3n_90_8","post_excerpt":"","post_status":"inherit","comment_status":"closed","ping_status":"closed","post_password":"","post_name":"jardin-botanico-la-concepcion_90_8","to_ping":"","pinged":"","post_modified":"2025-04-22 09:30:31","post_modified_gmt":"2025-04-22 07:30:31","post_content_filtered":"","post_parent":"11178","guid":"https:\/\/spainfilmcommission.com\/wp-content\/uploads\/2025\/03\/jardin-botanico-la-concepcion_90_8.jpg","menu_order":"0","post_type":"attachment","post_mime_type":"image\/jpeg","comment_count":"0","pod_item_id":"28433"},{"ID":"28435","post_author":"2","post_date":"2025-03-08 12:32:50","post_date_gmt":"2025-03-08 11:32:50","post_content":"","post_title":"jard\u00edn-bot\u00e1nico-la-concepci\u00f3n_90_9","post_excerpt":"","post_status":"inherit","comment_status":"closed","ping_status":"closed","post_password":"","post_name":"jardin-botanico-la-concepcion_90_9","to_ping":"","pinged":"","post_modified":"2025-04-22 09:30:31","post_modified_gmt":"2025-04-22 07:30:31","post_content_filtered":"","post_parent":"11178","guid":"https:\/\/spainfilmcommission.com\/wp-content\/uploads\/2025\/03\/jardin-botanico-la-concepcion_90_9.jpg","menu_order":"0","post_type":"attachment","post_mime_type":"image\/jpeg","comment_count":"0","pod_item_id":"28435"},{"ID":"28437","post_author":"2","post_date":"2025-03-08 12:32:52","post_date_gmt":"2025-03-08 11:32:52","post_content":"","post_title":"jard\u00edn-bot\u00e1nico-la-concepci\u00f3n_90_10","post_excerpt":"","post_status":"inherit","comment_status":"closed","ping_status":"closed","post_password":"","post_name":"jardin-botanico-la-concepcion_90_10","to_ping":"","pinged":"","post_modified":"2025-04-22 09:30:31","post_modified_gmt":"2025-04-22 07:30:31","post_content_filtered":"","post_parent":"11178","guid":"https:\/\/spainfilmcommission.com\/wp-content\/uploads\/2025\/03\/jardin-botanico-la-concepcion_90_10.jpg","menu_order":"0","post_type":"attachment","post_mime_type":"image\/jpeg","comment_count":"0","pod_item_id":"28437"},{"ID":"28439","post_author":"2","post_date":"2025-03-08 12:32:55","post_date_gmt":"2025-03-08 11:32:55","post_content":"","post_title":"jard\u00edn-bot\u00e1nico-la-concepci\u00f3n_90_11","post_excerpt":"","post_status":"inherit","comment_status":"closed","ping_status":"closed","post_password":"","post_name":"jardin-botanico-la-concepcion_90_11","to_ping":"","pinged":"","post_modified":"2025-04-22 09:30:31","post_modified_gmt":"2025-04-22 07:30:31","post_content_filtered":"","post_parent":"11178","guid":"https:\/\/spainfilmcommission.com\/wp-content\/uploads\/2025\/03\/jardin-botanico-la-concepcion_90_11.jpg","menu_order":"0","post_type":"attachment","post_mime_type":"image\/jpeg","comment_count":"0","pod_item_id":"28439"},{"ID":"28441","post_author":"2","post_date":"2025-03-08 12:32:59","post_date_gmt":"2025-03-08 11:32:59","post_content":"","post_title":"jard\u00edn-bot\u00e1nico-la-concepci\u00f3n_90_13","post_excerpt":"","post_status":"inherit","comment_status":"closed","ping_status":"closed","post_password":"","post_name":"jardin-botanico-la-concepcion_90_13","to_ping":"","pinged":"","post_modified":"2025-04-22 09:30:31","post_modified_gmt":"2025-04-22 07:30:31","post_content_filtered":"","post_parent":"11178","guid":"https:\/\/spainfilmcommission.com\/wp-content\/uploads\/2025\/03\/jardin-botanico-la-concepcion_90_13.jpg","menu_order":"0","post_type":"attachment","post_mime_type":"image\/jpeg","comment_count":"0","pod_item_id":"28441"},{"ID":"28443","post_author":"2","post_date":"2025-03-08 12:33:02","post_date_gmt":"2025-03-08 11:33:02","post_content":"","post_title":"jard\u00edn-bot\u00e1nico-la-concepci\u00f3n_90_14","post_excerpt":"","post_status":"inherit","comment_status":"closed","ping_status":"closed","post_password":"","post_name":"jardin-botanico-la-concepcion_90_14","to_ping":"","pinged":"","post_modified":"2025-04-22 09:30:31","post_modified_gmt":"2025-04-22 07:30:31","post_content_filtered":"","post_parent":"11178","guid":"https:\/\/spainfilmcommission.com\/wp-content\/uploads\/2025\/03\/jardin-botanico-la-concepcion_90_14.jpg","menu_order":"0","post_type":"attachment","post_mime_type":"image\/jpeg","comment_count":"0","pod_item_id":"28443"}],"nombrepaginaes":"jardin-botanico-la-concepcion","nombrepaginaen":"jardin-botanico-la-concepcion","latitud_gps":"","longitud_gps":"","adicionaleses":"","adicionalesen":"","videoes":"","videoen":"","video2es":"","video2en":"","_links":{"self":[{"href":"https:\/\/spainfilmcommission.com\/en\/wp-json\/wp\/v2\/localizaciones\/localizacion\/11178","targetHints":{"allow":["GET"]}}],"collection":[{"href":"https:\/\/spainfilmcommission.com\/en\/wp-json\/wp\/v2\/localizaciones\/localizacion"}],"about":[{"href":"https:\/\/spainfilmcommission.com\/en\/wp-json\/wp\/v2\/types\/localizacion"}],"author":[{"embeddable":true,"href":"https:\/\/spainfilmcommission.com\/en\/wp-json\/wp\/v2\/users\/2"}],"wp:attachment":[{"href":"https:\/\/spainfilmcommission.com\/en\/wp-json\/wp\/v2\/media?parent=11178"}],"curies":[{"name":"wp","href":"https:\/\/api.w.org\/{rel}","templated":true}]}}