{"id":11171,"date":"2025-02-27T17:23:32","date_gmt":"2025-02-27T16:23:32","guid":{"rendered":"https:\/\/spainfilmcommission.com\/?post_type=localizacion&#038;p=11171"},"modified":"2025-04-22T09:50:38","modified_gmt":"2025-04-22T07:50:38","slug":"feria-valencia","status":"publish","type":"localizacion","link":"https:\/\/spainfilmcommission.com\/en\/ai-locations\/feria-valencia\/","title":{"rendered":"Feria Valencia"},"content":{"rendered":"","protected":false},"author":2,"template":"","meta":[],"class_list":["post-11171","localizacion","type-localizacion","status-publish","hentry"],"yoast_head":"<!-- This site is optimized with the Yoast SEO plugin v28.3 - https:\/\/yoast.com\/product\/yoast-seo-wordpress\/ -->\n<title>Rodar en Feria Valencia - Spain Film Commission<\/title>\n<meta name=\"description\" content=\"En esta p\u00e1gina encontrar\u00e1s una peque\u00f1a descripci\u00f3n, m\u00e1genes e informaci\u00f3n relevante para que te hagas una idea de c\u00f3mo es rodar en Feria Valencia\" \/>\n<meta name=\"robots\" content=\"index, follow, max-snippet:-1, max-image-preview:large, max-video-preview:-1\" \/>\n<link rel=\"canonical\" href=\"https:\/\/spainfilmcommission.com\/en\/ai-locations\/feria-valencia\/\" \/>\n<meta property=\"og:locale\" content=\"en_US\" \/>\n<meta property=\"og:type\" content=\"article\" \/>\n<meta property=\"og:title\" content=\"Rodar en Feria Valencia - Spain Film Commission\" \/>\n<meta property=\"og:description\" content=\"En esta p\u00e1gina encontrar\u00e1s una peque\u00f1a descripci\u00f3n, m\u00e1genes e informaci\u00f3n relevante para que te hagas una idea de c\u00f3mo es rodar en Feria Valencia\" \/>\n<meta property=\"og:url\" content=\"https:\/\/spainfilmcommission.com\/en\/ai-locations\/feria-valencia\/\" \/>\n<meta property=\"og:site_name\" content=\"Spain Film Commission\" \/>\n<meta property=\"article:modified_time\" content=\"2025-04-22T07:50:38+00:00\" \/>\n<meta name=\"twitter:card\" content=\"summary_large_image\" \/>\n<script type=\"application\/ld+json\" class=\"yoast-schema-graph\">{\"@context\":\"https:\\\/\\\/schema.org\",\"@graph\":[{\"@type\":\"WebPage\",\"@id\":\"https:\\\/\\\/spainfilmcommission.com\\\/en\\\/ai-locations\\\/feria-valencia\\\/\",\"url\":\"https:\\\/\\\/spainfilmcommission.com\\\/en\\\/ai-locations\\\/feria-valencia\\\/\",\"name\":\"Rodar en Feria Valencia - Spain Film Commission\",\"isPartOf\":{\"@id\":\"https:\\\/\\\/spainfilmcommission.com\\\/en\\\/#website\"},\"datePublished\":\"2025-02-27T16:23:32+00:00\",\"dateModified\":\"2025-04-22T07:50:38+00:00\",\"description\":\"En esta p\u00e1gina encontrar\u00e1s una peque\u00f1a descripci\u00f3n, m\u00e1genes e informaci\u00f3n relevante para que te hagas una idea de c\u00f3mo es rodar en Feria Valencia\",\"breadcrumb\":{\"@id\":\"https:\\\/\\\/spainfilmcommission.com\\\/en\\\/ai-locations\\\/feria-valencia\\\/#breadcrumb\"},\"inLanguage\":\"en-US\",\"potentialAction\":[{\"@type\":\"ReadAction\",\"target\":[\"https:\\\/\\\/spainfilmcommission.com\\\/en\\\/ai-locations\\\/feria-valencia\\\/\"]}]},{\"@type\":\"BreadcrumbList\",\"@id\":\"https:\\\/\\\/spainfilmcommission.com\\\/en\\\/ai-locations\\\/feria-valencia\\\/#breadcrumb\",\"itemListElement\":[{\"@type\":\"ListItem\",\"position\":1,\"name\":\"Portada\",\"item\":\"https:\\\/\\\/spainfilmcommission.com\\\/en\\\/\"},{\"@type\":\"ListItem\",\"position\":2,\"name\":\"Feria Valencia\"}]},{\"@type\":\"WebSite\",\"@id\":\"https:\\\/\\\/spainfilmcommission.com\\\/en\\\/#website\",\"url\":\"https:\\\/\\\/spainfilmcommission.com\\\/en\\\/\",\"name\":\"Spain Film Commission\",\"description\":\"\",\"publisher\":{\"@id\":\"https:\\\/\\\/spainfilmcommission.com\\\/en\\\/#organization\"},\"potentialAction\":[{\"@type\":\"SearchAction\",\"target\":{\"@type\":\"EntryPoint\",\"urlTemplate\":\"https:\\\/\\\/spainfilmcommission.com\\\/en\\\/?s={search_term_string}\"},\"query-input\":{\"@type\":\"PropertyValueSpecification\",\"valueRequired\":true,\"valueName\":\"search_term_string\"}}],\"inLanguage\":\"en-US\"},{\"@type\":\"Organization\",\"@id\":\"https:\\\/\\\/spainfilmcommission.com\\\/en\\\/#organization\",\"name\":\"Spain Film Commission\",\"url\":\"https:\\\/\\\/spainfilmcommission.com\\\/en\\\/\",\"logo\":{\"@type\":\"ImageObject\",\"inLanguage\":\"en-US\",\"@id\":\"https:\\\/\\\/spainfilmcommission.com\\\/en\\\/#\\\/schema\\\/logo\\\/image\\\/\",\"url\":\"https:\\\/\\\/spainfilmcommission.com\\\/wp-content\\\/uploads\\\/2024\\\/07\\\/SPC_COLOR.png\",\"contentUrl\":\"https:\\\/\\\/spainfilmcommission.com\\\/wp-content\\\/uploads\\\/2024\\\/07\\\/SPC_COLOR.png\",\"width\":1665,\"height\":1665,\"caption\":\"Spain Film Commission\"},\"image\":{\"@id\":\"https:\\\/\\\/spainfilmcommission.com\\\/en\\\/#\\\/schema\\\/logo\\\/image\\\/\"}}]}<\/script>\n<!-- \/ Yoast SEO plugin. -->","yoast_head_json":{"title":"Rodar en Feria Valencia - Spain Film Commission","description":"En esta p\u00e1gina encontrar\u00e1s una peque\u00f1a descripci\u00f3n, m\u00e1genes e informaci\u00f3n relevante para que te hagas una idea de c\u00f3mo es rodar en Feria Valencia","robots":{"index":"index","follow":"follow","max-snippet":"max-snippet:-1","max-image-preview":"max-image-preview:large","max-video-preview":"max-video-preview:-1"},"canonical":"https:\/\/spainfilmcommission.com\/en\/ai-locations\/feria-valencia\/","og_locale":"en_US","og_type":"article","og_title":"Rodar en Feria Valencia - Spain Film Commission","og_description":"En esta p\u00e1gina encontrar\u00e1s una peque\u00f1a descripci\u00f3n, m\u00e1genes e informaci\u00f3n relevante para que te hagas una idea de c\u00f3mo es rodar en Feria Valencia","og_url":"https:\/\/spainfilmcommission.com\/en\/ai-locations\/feria-valencia\/","og_site_name":"Spain Film Commission","article_modified_time":"2025-04-22T07:50:38+00:00","twitter_card":"summary_large_image","schema":{"@context":"https:\/\/schema.org","@graph":[{"@type":"WebPage","@id":"https:\/\/spainfilmcommission.com\/en\/ai-locations\/feria-valencia\/","url":"https:\/\/spainfilmcommission.com\/en\/ai-locations\/feria-valencia\/","name":"Rodar en Feria Valencia - Spain Film Commission","isPartOf":{"@id":"https:\/\/spainfilmcommission.com\/en\/#website"},"datePublished":"2025-02-27T16:23:32+00:00","dateModified":"2025-04-22T07:50:38+00:00","description":"En esta p\u00e1gina encontrar\u00e1s una peque\u00f1a descripci\u00f3n, m\u00e1genes e informaci\u00f3n relevante para que te hagas una idea de c\u00f3mo es rodar en Feria Valencia","breadcrumb":{"@id":"https:\/\/spainfilmcommission.com\/en\/ai-locations\/feria-valencia\/#breadcrumb"},"inLanguage":"en-US","potentialAction":[{"@type":"ReadAction","target":["https:\/\/spainfilmcommission.com\/en\/ai-locations\/feria-valencia\/"]}]},{"@type":"BreadcrumbList","@id":"https:\/\/spainfilmcommission.com\/en\/ai-locations\/feria-valencia\/#breadcrumb","itemListElement":[{"@type":"ListItem","position":1,"name":"Portada","item":"https:\/\/spainfilmcommission.com\/en\/"},{"@type":"ListItem","position":2,"name":"Feria Valencia"}]},{"@type":"WebSite","@id":"https:\/\/spainfilmcommission.com\/en\/#website","url":"https:\/\/spainfilmcommission.com\/en\/","name":"Spain Film Commission","description":"","publisher":{"@id":"https:\/\/spainfilmcommission.com\/en\/#organization"},"potentialAction":[{"@type":"SearchAction","target":{"@type":"EntryPoint","urlTemplate":"https:\/\/spainfilmcommission.com\/en\/?s={search_term_string}"},"query-input":{"@type":"PropertyValueSpecification","valueRequired":true,"valueName":"search_term_string"}}],"inLanguage":"en-US"},{"@type":"Organization","@id":"https:\/\/spainfilmcommission.com\/en\/#organization","name":"Spain Film Commission","url":"https:\/\/spainfilmcommission.com\/en\/","logo":{"@type":"ImageObject","inLanguage":"en-US","@id":"https:\/\/spainfilmcommission.com\/en\/#\/schema\/logo\/image\/","url":"https:\/\/spainfilmcommission.com\/wp-content\/uploads\/2024\/07\/SPC_COLOR.png","contentUrl":"https:\/\/spainfilmcommission.com\/wp-content\/uploads\/2024\/07\/SPC_COLOR.png","width":1665,"height":1665,"caption":"Spain Film Commission"},"image":{"@id":"https:\/\/spainfilmcommission.com\/en\/#\/schema\/logo\/image\/"}}]}},"socio":[{"ID":"19","user_login":"valencia-film-office","user_nicename":"valencia-film-office","display_name":"valencia-film-office","user_pass":"****************","user_email":"valenciafilmoffice@visitvalencia.com","user_url":"","user_registered":"2024-12-19 13:52:04","id":19}],"nombrees":"Feria Valencia","nombreen":"Feria Valencia","localidad":"Valencia","provincia":"Valencia","coordenadas_maps":"39.5038, -0.426464","latitud":"39.503800000000","longitud":"-0.426464000000","direcciones":"Avenida de las Ferias s\/n","direccionen":"Avenida de las Ferias s\/n","cod_postal":"46035","telefono":"","fax":"","mail":"","web":"http:\/\/centroeventos.feriavalencia.com\/","descripciones":"El recinto de Feria Valencia cuenta con la mayor superficie de exposici\u00f3n de Espa\u00f1a y es uno de los diez mayores del mundo. Situadas en la Comunidad Valenciana e inauguradas las nuevas instalaciones en 2006, es uno de los espacios feriales m\u00e1s modernos y vers\u00e1tiles con una superficie total superior a los 230.000 metros cuadrados.","descripcionen":"Feria Valencia's fairground is the largest exhibition facility in ??Spain and one of the ten largest in the world. Located in the Valencian Community, the new facilities opened in 2006 make it is one of the most modern and versatile exhibitions spaces, with a total area of 230.000 square meters.","galeria":[{"ID":"13795","post_author":"2","post_date":"2025-03-07 22:52:18","post_date_gmt":"2025-03-07 21:52:18","post_content":"","post_title":"centro-de-eventos-feria-valencia_83_1","post_excerpt":"","post_status":"inherit","comment_status":"closed","ping_status":"closed","post_password":"","post_name":"centro-de-eventos-feria-valencia_83_1","to_ping":"","pinged":"","post_modified":"2025-04-22 09:50:38","post_modified_gmt":"2025-04-22 07:50:38","post_content_filtered":"","post_parent":"11171","guid":"https:\/\/spainfilmcommission.com\/wp-content\/uploads\/2025\/03\/centro-de-eventos-feria-valencia_83_1.jpg","menu_order":"0","post_type":"attachment","post_mime_type":"image\/jpeg","comment_count":"0","pod_item_id":"13795"},{"ID":"13797","post_author":"2","post_date":"2025-03-07 22:52:19","post_date_gmt":"2025-03-07 21:52:19","post_content":"","post_title":"centro-de-eventos-feria-valencia_83_2","post_excerpt":"","post_status":"inherit","comment_status":"closed","ping_status":"closed","post_password":"","post_name":"centro-de-eventos-feria-valencia_83_2","to_ping":"","pinged":"","post_modified":"2025-04-22 09:50:38","post_modified_gmt":"2025-04-22 07:50:38","post_content_filtered":"","post_parent":"11171","guid":"https:\/\/spainfilmcommission.com\/wp-content\/uploads\/2025\/03\/centro-de-eventos-feria-valencia_83_2.jpg","menu_order":"0","post_type":"attachment","post_mime_type":"image\/jpeg","comment_count":"0","pod_item_id":"13797"},{"ID":"13799","post_author":"2","post_date":"2025-03-07 22:52:21","post_date_gmt":"2025-03-07 21:52:21","post_content":"","post_title":"centro-de-eventos-feria-valencia_83_3","post_excerpt":"","post_status":"inherit","comment_status":"closed","ping_status":"closed","post_password":"","post_name":"centro-de-eventos-feria-valencia_83_3","to_ping":"","pinged":"","post_modified":"2025-04-22 09:50:38","post_modified_gmt":"2025-04-22 07:50:38","post_content_filtered":"","post_parent":"11171","guid":"https:\/\/spainfilmcommission.com\/wp-content\/uploads\/2025\/03\/centro-de-eventos-feria-valencia_83_3.jpg","menu_order":"0","post_type":"attachment","post_mime_type":"image\/jpeg","comment_count":"0","pod_item_id":"13799"},{"ID":"13801","post_author":"2","post_date":"2025-03-07 22:52:23","post_date_gmt":"2025-03-07 21:52:23","post_content":"","post_title":"centro-de-eventos-feria-valencia_83_4","post_excerpt":"","post_status":"inherit","comment_status":"closed","ping_status":"closed","post_password":"","post_name":"centro-de-eventos-feria-valencia_83_4","to_ping":"","pinged":"","post_modified":"2025-04-22 09:50:38","post_modified_gmt":"2025-04-22 07:50:38","post_content_filtered":"","post_parent":"11171","guid":"https:\/\/spainfilmcommission.com\/wp-content\/uploads\/2025\/03\/centro-de-eventos-feria-valencia_83_4.jpg","menu_order":"0","post_type":"attachment","post_mime_type":"image\/jpeg","comment_count":"0","pod_item_id":"13801"},{"ID":"13803","post_author":"2","post_date":"2025-03-07 22:52:24","post_date_gmt":"2025-03-07 21:52:24","post_content":"","post_title":"centro-de-eventos-feria-valencia_83_5","post_excerpt":"","post_status":"inherit","comment_status":"closed","ping_status":"closed","post_password":"","post_name":"centro-de-eventos-feria-valencia_83_5","to_ping":"","pinged":"","post_modified":"2025-04-22 09:50:38","post_modified_gmt":"2025-04-22 07:50:38","post_content_filtered":"","post_parent":"11171","guid":"https:\/\/spainfilmcommission.com\/wp-content\/uploads\/2025\/03\/centro-de-eventos-feria-valencia_83_5.jpg","menu_order":"0","post_type":"attachment","post_mime_type":"image\/jpeg","comment_count":"0","pod_item_id":"13803"},{"ID":"13805","post_author":"2","post_date":"2025-03-07 22:52:26","post_date_gmt":"2025-03-07 21:52:26","post_content":"","post_title":"centro-de-eventos-feria-valencia_83_6","post_excerpt":"","post_status":"inherit","comment_status":"closed","ping_status":"closed","post_password":"","post_name":"centro-de-eventos-feria-valencia_83_6","to_ping":"","pinged":"","post_modified":"2025-04-22 09:50:38","post_modified_gmt":"2025-04-22 07:50:38","post_content_filtered":"","post_parent":"11171","guid":"https:\/\/spainfilmcommission.com\/wp-content\/uploads\/2025\/03\/centro-de-eventos-feria-valencia_83_6.jpg","menu_order":"0","post_type":"attachment","post_mime_type":"image\/jpeg","comment_count":"0","pod_item_id":"13805"},{"ID":"13807","post_author":"2","post_date":"2025-03-07 22:52:28","post_date_gmt":"2025-03-07 21:52:28","post_content":"","post_title":"centro-de-eventos-feria-valencia_83_7","post_excerpt":"","post_status":"inherit","comment_status":"closed","ping_status":"closed","post_password":"","post_name":"centro-de-eventos-feria-valencia_83_7","to_ping":"","pinged":"","post_modified":"2025-04-22 09:50:38","post_modified_gmt":"2025-04-22 07:50:38","post_content_filtered":"","post_parent":"11171","guid":"https:\/\/spainfilmcommission.com\/wp-content\/uploads\/2025\/03\/centro-de-eventos-feria-valencia_83_7.jpg","menu_order":"0","post_type":"attachment","post_mime_type":"image\/jpeg","comment_count":"0","pod_item_id":"13807"},{"ID":"13809","post_author":"2","post_date":"2025-03-07 22:52:30","post_date_gmt":"2025-03-07 21:52:30","post_content":"","post_title":"centro-de-eventos-feria-valencia_83_8","post_excerpt":"","post_status":"inherit","comment_status":"closed","ping_status":"closed","post_password":"","post_name":"centro-de-eventos-feria-valencia_83_8","to_ping":"","pinged":"","post_modified":"2025-04-22 09:50:38","post_modified_gmt":"2025-04-22 07:50:38","post_content_filtered":"","post_parent":"11171","guid":"https:\/\/spainfilmcommission.com\/wp-content\/uploads\/2025\/03\/centro-de-eventos-feria-valencia_83_8.jpg","menu_order":"0","post_type":"attachment","post_mime_type":"image\/jpeg","comment_count":"0","pod_item_id":"13809"},{"ID":"13811","post_author":"2","post_date":"2025-03-07 22:52:31","post_date_gmt":"2025-03-07 21:52:31","post_content":"","post_title":"centro-de-eventos-feria-valencia_83_9","post_excerpt":"","post_status":"inherit","comment_status":"closed","ping_status":"closed","post_password":"","post_name":"centro-de-eventos-feria-valencia_83_9","to_ping":"","pinged":"","post_modified":"2025-04-22 09:50:38","post_modified_gmt":"2025-04-22 07:50:38","post_content_filtered":"","post_parent":"11171","guid":"https:\/\/spainfilmcommission.com\/wp-content\/uploads\/2025\/03\/centro-de-eventos-feria-valencia_83_9.jpg","menu_order":"0","post_type":"attachment","post_mime_type":"image\/jpeg","comment_count":"0","pod_item_id":"13811"},{"ID":"13813","post_author":"2","post_date":"2025-03-07 22:52:33","post_date_gmt":"2025-03-07 21:52:33","post_content":"","post_title":"centro-de-eventos-feria-valencia_83_10","post_excerpt":"","post_status":"inherit","comment_status":"closed","ping_status":"closed","post_password":"","post_name":"centro-de-eventos-feria-valencia_83_10","to_ping":"","pinged":"","post_modified":"2025-04-22 09:50:38","post_modified_gmt":"2025-04-22 07:50:38","post_content_filtered":"","post_parent":"11171","guid":"https:\/\/spainfilmcommission.com\/wp-content\/uploads\/2025\/03\/centro-de-eventos-feria-valencia_83_10.jpg","menu_order":"0","post_type":"attachment","post_mime_type":"image\/jpeg","comment_count":"0","pod_item_id":"13813"},{"ID":"13815","post_author":"2","post_date":"2025-03-07 22:52:35","post_date_gmt":"2025-03-07 21:52:35","post_content":"","post_title":"centro-de-eventos-feria-valencia_83_11","post_excerpt":"","post_status":"inherit","comment_status":"closed","ping_status":"closed","post_password":"","post_name":"centro-de-eventos-feria-valencia_83_11","to_ping":"","pinged":"","post_modified":"2025-04-22 09:50:38","post_modified_gmt":"2025-04-22 07:50:38","post_content_filtered":"","post_parent":"11171","guid":"https:\/\/spainfilmcommission.com\/wp-content\/uploads\/2025\/03\/centro-de-eventos-feria-valencia_83_11.jpg","menu_order":"0","post_type":"attachment","post_mime_type":"image\/jpeg","comment_count":"0","pod_item_id":"13815"},{"ID":"14771","post_author":"2","post_date":"2025-03-07 23:20:36","post_date_gmt":"2025-03-07 22:20:36","post_content":"","post_title":"foto-83_5631","post_excerpt":"","post_status":"inherit","comment_status":"closed","ping_status":"closed","post_password":"","post_name":"foto-83_5631","to_ping":"","pinged":"","post_modified":"2025-04-22 09:50:38","post_modified_gmt":"2025-04-22 07:50:38","post_content_filtered":"","post_parent":"11171","guid":"https:\/\/spainfilmcommission.com\/wp-content\/uploads\/2025\/03\/foto-83_5631.jpg","menu_order":"0","post_type":"attachment","post_mime_type":"image\/jpeg","comment_count":"0","pod_item_id":"14771"},{"ID":"14773","post_author":"2","post_date":"2025-03-07 23:20:38","post_date_gmt":"2025-03-07 22:20:38","post_content":"","post_title":"foto-83_5632","post_excerpt":"","post_status":"inherit","comment_status":"closed","ping_status":"closed","post_password":"","post_name":"foto-83_5632","to_ping":"","pinged":"","post_modified":"2025-04-22 09:50:38","post_modified_gmt":"2025-04-22 07:50:38","post_content_filtered":"","post_parent":"11171","guid":"https:\/\/spainfilmcommission.com\/wp-content\/uploads\/2025\/03\/foto-83_5632.jpg","menu_order":"0","post_type":"attachment","post_mime_type":"image\/jpeg","comment_count":"0","pod_item_id":"14773"},{"ID":"14775","post_author":"2","post_date":"2025-03-07 23:20:40","post_date_gmt":"2025-03-07 22:20:40","post_content":"","post_title":"foto-83_5633","post_excerpt":"","post_status":"inherit","comment_status":"closed","ping_status":"closed","post_password":"","post_name":"foto-83_5633","to_ping":"","pinged":"","post_modified":"2025-04-22 09:50:38","post_modified_gmt":"2025-04-22 07:50:38","post_content_filtered":"","post_parent":"11171","guid":"https:\/\/spainfilmcommission.com\/wp-content\/uploads\/2025\/03\/foto-83_5633.jpg","menu_order":"0","post_type":"attachment","post_mime_type":"image\/jpeg","comment_count":"0","pod_item_id":"14775"},{"ID":"14777","post_author":"2","post_date":"2025-03-07 23:20:42","post_date_gmt":"2025-03-07 22:20:42","post_content":"","post_title":"foto-83_5634","post_excerpt":"","post_status":"inherit","comment_status":"closed","ping_status":"closed","post_password":"","post_name":"foto-83_5634","to_ping":"","pinged":"","post_modified":"2025-04-22 09:50:38","post_modified_gmt":"2025-04-22 07:50:38","post_content_filtered":"","post_parent":"11171","guid":"https:\/\/spainfilmcommission.com\/wp-content\/uploads\/2025\/03\/foto-83_5634.jpg","menu_order":"0","post_type":"attachment","post_mime_type":"image\/jpeg","comment_count":"0","pod_item_id":"14777"},{"ID":"14779","post_author":"2","post_date":"2025-03-07 23:20:43","post_date_gmt":"2025-03-07 22:20:43","post_content":"","post_title":"foto-83_5635","post_excerpt":"","post_status":"inherit","comment_status":"closed","ping_status":"closed","post_password":"","post_name":"foto-83_5635","to_ping":"","pinged":"","post_modified":"2025-04-22 09:50:38","post_modified_gmt":"2025-04-22 07:50:38","post_content_filtered":"","post_parent":"11171","guid":"https:\/\/spainfilmcommission.com\/wp-content\/uploads\/2025\/03\/foto-83_5635.jpg","menu_order":"0","post_type":"attachment","post_mime_type":"image\/jpeg","comment_count":"0","pod_item_id":"14779"},{"ID":"14781","post_author":"2","post_date":"2025-03-07 23:20:45","post_date_gmt":"2025-03-07 22:20:45","post_content":"","post_title":"foto-83_5636","post_excerpt":"","post_status":"inherit","comment_status":"closed","ping_status":"closed","post_password":"","post_name":"foto-83_5636","to_ping":"","pinged":"","post_modified":"2025-04-22 09:50:38","post_modified_gmt":"2025-04-22 07:50:38","post_content_filtered":"","post_parent":"11171","guid":"https:\/\/spainfilmcommission.com\/wp-content\/uploads\/2025\/03\/foto-83_5636.jpg","menu_order":"0","post_type":"attachment","post_mime_type":"image\/jpeg","comment_count":"0","pod_item_id":"14781"},{"ID":"14783","post_author":"2","post_date":"2025-03-07 23:20:47","post_date_gmt":"2025-03-07 22:20:47","post_content":"","post_title":"foto-83_5639","post_excerpt":"","post_status":"inherit","comment_status":"closed","ping_status":"closed","post_password":"","post_name":"foto-83_5639","to_ping":"","pinged":"","post_modified":"2025-04-22 09:50:38","post_modified_gmt":"2025-04-22 07:50:38","post_content_filtered":"","post_parent":"11171","guid":"https:\/\/spainfilmcommission.com\/wp-content\/uploads\/2025\/03\/foto-83_5639.jpg","menu_order":"0","post_type":"attachment","post_mime_type":"image\/jpeg","comment_count":"0","pod_item_id":"14783"},{"ID":"14785","post_author":"2","post_date":"2025-03-07 23:20:49","post_date_gmt":"2025-03-07 22:20:49","post_content":"","post_title":"foto-83_5640","post_excerpt":"","post_status":"inherit","comment_status":"closed","ping_status":"closed","post_password":"","post_name":"foto-83_5640","to_ping":"","pinged":"","post_modified":"2025-04-22 09:50:38","post_modified_gmt":"2025-04-22 07:50:38","post_content_filtered":"","post_parent":"11171","guid":"https:\/\/spainfilmcommission.com\/wp-content\/uploads\/2025\/03\/foto-83_5640.jpg","menu_order":"0","post_type":"attachment","post_mime_type":"image\/jpeg","comment_count":"0","pod_item_id":"14785"},{"ID":"14787","post_author":"2","post_date":"2025-03-07 23:20:50","post_date_gmt":"2025-03-07 22:20:50","post_content":"","post_title":"foto-83_5684","post_excerpt":"","post_status":"inherit","comment_status":"closed","ping_status":"closed","post_password":"","post_name":"foto-83_5684","to_ping":"","pinged":"","post_modified":"2025-04-22 09:50:38","post_modified_gmt":"2025-04-22 07:50:38","post_content_filtered":"","post_parent":"11171","guid":"https:\/\/spainfilmcommission.com\/wp-content\/uploads\/2025\/03\/foto-83_5684.jpg","menu_order":"0","post_type":"attachment","post_mime_type":"image\/jpeg","comment_count":"0","pod_item_id":"14787"},{"ID":"14789","post_author":"2","post_date":"2025-03-07 23:20:52","post_date_gmt":"2025-03-07 22:20:52","post_content":"","post_title":"foto-83_5685","post_excerpt":"","post_status":"inherit","comment_status":"closed","ping_status":"closed","post_password":"","post_name":"foto-83_5685","to_ping":"","pinged":"","post_modified":"2025-04-22 09:50:38","post_modified_gmt":"2025-04-22 07:50:38","post_content_filtered":"","post_parent":"11171","guid":"https:\/\/spainfilmcommission.com\/wp-content\/uploads\/2025\/03\/foto-83_5685.jpg","menu_order":"0","post_type":"attachment","post_mime_type":"image\/jpeg","comment_count":"0","pod_item_id":"14789"},{"ID":"14791","post_author":"2","post_date":"2025-03-07 23:20:54","post_date_gmt":"2025-03-07 22:20:54","post_content":"","post_title":"foto-83_5686","post_excerpt":"","post_status":"inherit","comment_status":"closed","ping_status":"closed","post_password":"","post_name":"foto-83_5686","to_ping":"","pinged":"","post_modified":"2025-04-22 09:50:38","post_modified_gmt":"2025-04-22 07:50:38","post_content_filtered":"","post_parent":"11171","guid":"https:\/\/spainfilmcommission.com\/wp-content\/uploads\/2025\/03\/foto-83_5686.jpg","menu_order":"0","post_type":"attachment","post_mime_type":"image\/jpeg","comment_count":"0","pod_item_id":"14791"},{"ID":"14793","post_author":"2","post_date":"2025-03-07 23:20:56","post_date_gmt":"2025-03-07 22:20:56","post_content":"","post_title":"foto-83_5687","post_excerpt":"","post_status":"inherit","comment_status":"closed","ping_status":"closed","post_password":"","post_name":"foto-83_5687","to_ping":"","pinged":"","post_modified":"2025-04-22 09:50:38","post_modified_gmt":"2025-04-22 07:50:38","post_content_filtered":"","post_parent":"11171","guid":"https:\/\/spainfilmcommission.com\/wp-content\/uploads\/2025\/03\/foto-83_5687.jpg","menu_order":"0","post_type":"attachment","post_mime_type":"image\/jpeg","comment_count":"0","pod_item_id":"14793"}],"nombrepaginaes":"feria-valencia","nombrepaginaen":"feria-valencia","latitud_gps":"39\u00ba 30' 10.01' N","longitud_gps":"0\u00ba 25' 41.05' W","adicionaleses":"","adicionalesen":"","videoes":"https:\/\/www.youtube.com\/watch?v=7es3eUh63_Q","videoen":"","video2es":"","video2en":"","_links":{"self":[{"href":"https:\/\/spainfilmcommission.com\/en\/wp-json\/wp\/v2\/localizaciones\/localizacion\/11171","targetHints":{"allow":["GET"]}}],"collection":[{"href":"https:\/\/spainfilmcommission.com\/en\/wp-json\/wp\/v2\/localizaciones\/localizacion"}],"about":[{"href":"https:\/\/spainfilmcommission.com\/en\/wp-json\/wp\/v2\/types\/localizacion"}],"author":[{"embeddable":true,"href":"https:\/\/spainfilmcommission.com\/en\/wp-json\/wp\/v2\/users\/2"}],"wp:attachment":[{"href":"https:\/\/spainfilmcommission.com\/en\/wp-json\/wp\/v2\/media?parent=11171"}],"curies":[{"name":"wp","href":"https:\/\/api.w.org\/{rel}","templated":true}]}}