{"id":11169,"date":"2025-02-27T17:23:32","date_gmt":"2025-02-27T16:23:32","guid":{"rendered":"https:\/\/spainfilmcommission.com\/?post_type=localizacion&#038;p=11169"},"modified":"2025-04-22T08:51:40","modified_gmt":"2025-04-22T06:51:40","slug":"marina-de-valencia","status":"publish","type":"localizacion","link":"https:\/\/spainfilmcommission.com\/en\/ai-locations\/marina-de-valencia\/","title":{"rendered":"Marina de Valencia"},"content":{"rendered":"","protected":false},"author":2,"template":"","meta":[],"class_list":["post-11169","localizacion","type-localizacion","status-publish","hentry"],"yoast_head":"<!-- This site is optimized with the Yoast SEO plugin v28.3 - https:\/\/yoast.com\/product\/yoast-seo-wordpress\/ -->\n<title>Rodar en Marina de Valencia - Spain Film Commission<\/title>\n<meta name=\"description\" content=\"En esta p\u00e1gina encontrar\u00e1s una peque\u00f1a descripci\u00f3n, m\u00e1genes e informaci\u00f3n relevante para que te hagas una idea de c\u00f3mo es rodar en Marina de Valencia\" \/>\n<meta name=\"robots\" content=\"index, follow, max-snippet:-1, max-image-preview:large, max-video-preview:-1\" \/>\n<link rel=\"canonical\" href=\"https:\/\/spainfilmcommission.com\/en\/ai-locations\/marina-de-valencia\/\" \/>\n<meta property=\"og:locale\" content=\"en_US\" \/>\n<meta property=\"og:type\" content=\"article\" \/>\n<meta property=\"og:title\" content=\"Rodar en Marina de Valencia - Spain Film Commission\" \/>\n<meta property=\"og:description\" content=\"En esta p\u00e1gina encontrar\u00e1s una peque\u00f1a descripci\u00f3n, m\u00e1genes e informaci\u00f3n relevante para que te hagas una idea de c\u00f3mo es rodar en Marina de Valencia\" \/>\n<meta property=\"og:url\" content=\"https:\/\/spainfilmcommission.com\/en\/ai-locations\/marina-de-valencia\/\" \/>\n<meta property=\"og:site_name\" content=\"Spain Film Commission\" \/>\n<meta property=\"article:modified_time\" content=\"2025-04-22T06:51:40+00:00\" \/>\n<meta name=\"twitter:card\" content=\"summary_large_image\" \/>\n<script type=\"application\/ld+json\" class=\"yoast-schema-graph\">{\"@context\":\"https:\\\/\\\/schema.org\",\"@graph\":[{\"@type\":\"WebPage\",\"@id\":\"https:\\\/\\\/spainfilmcommission.com\\\/en\\\/ai-locations\\\/marina-de-valencia\\\/\",\"url\":\"https:\\\/\\\/spainfilmcommission.com\\\/en\\\/ai-locations\\\/marina-de-valencia\\\/\",\"name\":\"Rodar en Marina de Valencia - Spain Film Commission\",\"isPartOf\":{\"@id\":\"https:\\\/\\\/spainfilmcommission.com\\\/en\\\/#website\"},\"datePublished\":\"2025-02-27T16:23:32+00:00\",\"dateModified\":\"2025-04-22T06:51:40+00:00\",\"description\":\"En esta p\u00e1gina encontrar\u00e1s una peque\u00f1a descripci\u00f3n, m\u00e1genes e informaci\u00f3n relevante para que te hagas una idea de c\u00f3mo es rodar en Marina de Valencia\",\"breadcrumb\":{\"@id\":\"https:\\\/\\\/spainfilmcommission.com\\\/en\\\/ai-locations\\\/marina-de-valencia\\\/#breadcrumb\"},\"inLanguage\":\"en-US\",\"potentialAction\":[{\"@type\":\"ReadAction\",\"target\":[\"https:\\\/\\\/spainfilmcommission.com\\\/en\\\/ai-locations\\\/marina-de-valencia\\\/\"]}]},{\"@type\":\"BreadcrumbList\",\"@id\":\"https:\\\/\\\/spainfilmcommission.com\\\/en\\\/ai-locations\\\/marina-de-valencia\\\/#breadcrumb\",\"itemListElement\":[{\"@type\":\"ListItem\",\"position\":1,\"name\":\"Portada\",\"item\":\"https:\\\/\\\/spainfilmcommission.com\\\/en\\\/\"},{\"@type\":\"ListItem\",\"position\":2,\"name\":\"Marina de Valencia\"}]},{\"@type\":\"WebSite\",\"@id\":\"https:\\\/\\\/spainfilmcommission.com\\\/en\\\/#website\",\"url\":\"https:\\\/\\\/spainfilmcommission.com\\\/en\\\/\",\"name\":\"Spain Film Commission\",\"description\":\"\",\"publisher\":{\"@id\":\"https:\\\/\\\/spainfilmcommission.com\\\/en\\\/#organization\"},\"potentialAction\":[{\"@type\":\"SearchAction\",\"target\":{\"@type\":\"EntryPoint\",\"urlTemplate\":\"https:\\\/\\\/spainfilmcommission.com\\\/en\\\/?s={search_term_string}\"},\"query-input\":{\"@type\":\"PropertyValueSpecification\",\"valueRequired\":true,\"valueName\":\"search_term_string\"}}],\"inLanguage\":\"en-US\"},{\"@type\":\"Organization\",\"@id\":\"https:\\\/\\\/spainfilmcommission.com\\\/en\\\/#organization\",\"name\":\"Spain Film Commission\",\"url\":\"https:\\\/\\\/spainfilmcommission.com\\\/en\\\/\",\"logo\":{\"@type\":\"ImageObject\",\"inLanguage\":\"en-US\",\"@id\":\"https:\\\/\\\/spainfilmcommission.com\\\/en\\\/#\\\/schema\\\/logo\\\/image\\\/\",\"url\":\"https:\\\/\\\/spainfilmcommission.com\\\/wp-content\\\/uploads\\\/2024\\\/07\\\/SPC_COLOR.png\",\"contentUrl\":\"https:\\\/\\\/spainfilmcommission.com\\\/wp-content\\\/uploads\\\/2024\\\/07\\\/SPC_COLOR.png\",\"width\":1665,\"height\":1665,\"caption\":\"Spain Film Commission\"},\"image\":{\"@id\":\"https:\\\/\\\/spainfilmcommission.com\\\/en\\\/#\\\/schema\\\/logo\\\/image\\\/\"}}]}<\/script>\n<!-- \/ Yoast SEO plugin. -->","yoast_head_json":{"title":"Rodar en Marina de Valencia - Spain Film Commission","description":"En esta p\u00e1gina encontrar\u00e1s una peque\u00f1a descripci\u00f3n, m\u00e1genes e informaci\u00f3n relevante para que te hagas una idea de c\u00f3mo es rodar en Marina de Valencia","robots":{"index":"index","follow":"follow","max-snippet":"max-snippet:-1","max-image-preview":"max-image-preview:large","max-video-preview":"max-video-preview:-1"},"canonical":"https:\/\/spainfilmcommission.com\/en\/ai-locations\/marina-de-valencia\/","og_locale":"en_US","og_type":"article","og_title":"Rodar en Marina de Valencia - Spain Film Commission","og_description":"En esta p\u00e1gina encontrar\u00e1s una peque\u00f1a descripci\u00f3n, m\u00e1genes e informaci\u00f3n relevante para que te hagas una idea de c\u00f3mo es rodar en Marina de Valencia","og_url":"https:\/\/spainfilmcommission.com\/en\/ai-locations\/marina-de-valencia\/","og_site_name":"Spain Film Commission","article_modified_time":"2025-04-22T06:51:40+00:00","twitter_card":"summary_large_image","schema":{"@context":"https:\/\/schema.org","@graph":[{"@type":"WebPage","@id":"https:\/\/spainfilmcommission.com\/en\/ai-locations\/marina-de-valencia\/","url":"https:\/\/spainfilmcommission.com\/en\/ai-locations\/marina-de-valencia\/","name":"Rodar en Marina de Valencia - Spain Film Commission","isPartOf":{"@id":"https:\/\/spainfilmcommission.com\/en\/#website"},"datePublished":"2025-02-27T16:23:32+00:00","dateModified":"2025-04-22T06:51:40+00:00","description":"En esta p\u00e1gina encontrar\u00e1s una peque\u00f1a descripci\u00f3n, m\u00e1genes e informaci\u00f3n relevante para que te hagas una idea de c\u00f3mo es rodar en Marina de Valencia","breadcrumb":{"@id":"https:\/\/spainfilmcommission.com\/en\/ai-locations\/marina-de-valencia\/#breadcrumb"},"inLanguage":"en-US","potentialAction":[{"@type":"ReadAction","target":["https:\/\/spainfilmcommission.com\/en\/ai-locations\/marina-de-valencia\/"]}]},{"@type":"BreadcrumbList","@id":"https:\/\/spainfilmcommission.com\/en\/ai-locations\/marina-de-valencia\/#breadcrumb","itemListElement":[{"@type":"ListItem","position":1,"name":"Portada","item":"https:\/\/spainfilmcommission.com\/en\/"},{"@type":"ListItem","position":2,"name":"Marina de Valencia"}]},{"@type":"WebSite","@id":"https:\/\/spainfilmcommission.com\/en\/#website","url":"https:\/\/spainfilmcommission.com\/en\/","name":"Spain Film Commission","description":"","publisher":{"@id":"https:\/\/spainfilmcommission.com\/en\/#organization"},"potentialAction":[{"@type":"SearchAction","target":{"@type":"EntryPoint","urlTemplate":"https:\/\/spainfilmcommission.com\/en\/?s={search_term_string}"},"query-input":{"@type":"PropertyValueSpecification","valueRequired":true,"valueName":"search_term_string"}}],"inLanguage":"en-US"},{"@type":"Organization","@id":"https:\/\/spainfilmcommission.com\/en\/#organization","name":"Spain Film Commission","url":"https:\/\/spainfilmcommission.com\/en\/","logo":{"@type":"ImageObject","inLanguage":"en-US","@id":"https:\/\/spainfilmcommission.com\/en\/#\/schema\/logo\/image\/","url":"https:\/\/spainfilmcommission.com\/wp-content\/uploads\/2024\/07\/SPC_COLOR.png","contentUrl":"https:\/\/spainfilmcommission.com\/wp-content\/uploads\/2024\/07\/SPC_COLOR.png","width":1665,"height":1665,"caption":"Spain Film Commission"},"image":{"@id":"https:\/\/spainfilmcommission.com\/en\/#\/schema\/logo\/image\/"}}]}},"socio":[{"ID":"19","user_login":"valencia-film-office","user_nicename":"valencia-film-office","display_name":"valencia-film-office","user_pass":"****************","user_email":"valenciafilmoffice@visitvalencia.com","user_url":"","user_registered":"2024-12-19 13:52:04","id":19}],"nombrees":"Marina de Valencia","nombreen":"Marina de Valencia","localidad":"Valencia","provincia":"Valencia","coordenadas_maps":"39.4616, -0.313796","latitud":"39.461600000000","longitud":"-0.313796000000","direcciones":"Marina Real Juan Carlos I","direccionen":"Marina Real Juan Carlos I","cod_postal":"46024","telefono":"","fax":"","mail":"","web":"http:\/\/www.lamarinadevalencia.com\/","descripciones":"La remodelaci\u00f3n de la que ha gozado el Puerto con motivo de la celebraci\u00f3n de la 32nd y 33rd America's Cup, convertido ahora en Marina Real Juan Carlos I, es un buen ejemplo de proyecci\u00f3n de Valencia (Comunidad Valenciana) hacia el mar y estilo de vida mediterr\u00e1neo. Veles e Vents est\u00e1 dise\u00f1ado por David Chipperfield y el espa\u00f1ol Ferm\u00edn V\u00e1zquez. Tinglados del Puerto es el s\u00edmbolo del modernismo valenciano. El Edificio del Reloj, de estilo neocl\u00e1sico, preside la entrada al puerto.","descripcionen":"The Port's renovation, due to the celebration of the 32nd and 33rd edition of America's Cup, what is now the Juan Carlos I Royal Marina, is an excellent example of the potential of Valencia (Valencian Community) as a seaside destination and of how it embodies the quintessential Mediterranean lifestyle. Veles e Vents is designed by David Chipperfield and Spain's own Ferm\u00edn V\u00e1zquez. The Harbour Sheds is a symbol of Valencian Modernism. The Neoclassical Clock Building overlooks the port's entrance.","galeria":[{"ID":"28713","post_author":"2","post_date":"2025-03-08 12:38:31","post_date_gmt":"2025-03-08 11:38:31","post_content":"","post_title":"marina-real-juan-carlos-i_81_1","post_excerpt":"","post_status":"inherit","comment_status":"closed","ping_status":"closed","post_password":"","post_name":"marina-real-juan-carlos-i_81_1","to_ping":"","pinged":"","post_modified":"2025-04-22 08:51:40","post_modified_gmt":"2025-04-22 06:51:40","post_content_filtered":"","post_parent":"11169","guid":"https:\/\/spainfilmcommission.com\/wp-content\/uploads\/2025\/03\/marina-real-juan-carlos-i_81_1.jpg","menu_order":"0","post_type":"attachment","post_mime_type":"image\/jpeg","comment_count":"0","pod_item_id":"28713"},{"ID":"28715","post_author":"2","post_date":"2025-03-08 12:38:33","post_date_gmt":"2025-03-08 11:38:33","post_content":"","post_title":"marina-real-juan-carlos-i_81_2","post_excerpt":"","post_status":"inherit","comment_status":"closed","ping_status":"closed","post_password":"","post_name":"marina-real-juan-carlos-i_81_2","to_ping":"","pinged":"","post_modified":"2025-04-22 08:51:40","post_modified_gmt":"2025-04-22 06:51:40","post_content_filtered":"","post_parent":"11169","guid":"https:\/\/spainfilmcommission.com\/wp-content\/uploads\/2025\/03\/marina-real-juan-carlos-i_81_2.jpg","menu_order":"0","post_type":"attachment","post_mime_type":"image\/jpeg","comment_count":"0","pod_item_id":"28715"},{"ID":"28717","post_author":"2","post_date":"2025-03-08 12:38:36","post_date_gmt":"2025-03-08 11:38:36","post_content":"","post_title":"marina-real-juan-carlos-i_81_3","post_excerpt":"","post_status":"inherit","comment_status":"closed","ping_status":"closed","post_password":"","post_name":"marina-real-juan-carlos-i_81_3","to_ping":"","pinged":"","post_modified":"2025-04-22 08:51:40","post_modified_gmt":"2025-04-22 06:51:40","post_content_filtered":"","post_parent":"11169","guid":"https:\/\/spainfilmcommission.com\/wp-content\/uploads\/2025\/03\/marina-real-juan-carlos-i_81_3.jpg","menu_order":"0","post_type":"attachment","post_mime_type":"image\/jpeg","comment_count":"0","pod_item_id":"28717"},{"ID":"28719","post_author":"2","post_date":"2025-03-08 12:38:38","post_date_gmt":"2025-03-08 11:38:38","post_content":"","post_title":"marina-real-juan-carlos-i_81_4","post_excerpt":"","post_status":"inherit","comment_status":"closed","ping_status":"closed","post_password":"","post_name":"marina-real-juan-carlos-i_81_4","to_ping":"","pinged":"","post_modified":"2025-04-22 08:51:40","post_modified_gmt":"2025-04-22 06:51:40","post_content_filtered":"","post_parent":"11169","guid":"https:\/\/spainfilmcommission.com\/wp-content\/uploads\/2025\/03\/marina-real-juan-carlos-i_81_4.jpg","menu_order":"0","post_type":"attachment","post_mime_type":"image\/jpeg","comment_count":"0","pod_item_id":"28719"},{"ID":"28721","post_author":"2","post_date":"2025-03-08 12:38:40","post_date_gmt":"2025-03-08 11:38:40","post_content":"","post_title":"marina-real-juan-carlos-i_81_5","post_excerpt":"","post_status":"inherit","comment_status":"closed","ping_status":"closed","post_password":"","post_name":"marina-real-juan-carlos-i_81_5","to_ping":"","pinged":"","post_modified":"2025-04-22 08:51:40","post_modified_gmt":"2025-04-22 06:51:40","post_content_filtered":"","post_parent":"11169","guid":"https:\/\/spainfilmcommission.com\/wp-content\/uploads\/2025\/03\/marina-real-juan-carlos-i_81_5.jpg","menu_order":"0","post_type":"attachment","post_mime_type":"image\/jpeg","comment_count":"0","pod_item_id":"28721"},{"ID":"28723","post_author":"2","post_date":"2025-03-08 12:38:42","post_date_gmt":"2025-03-08 11:38:42","post_content":"","post_title":"marina-real-juan-carlos-i_81_6","post_excerpt":"","post_status":"inherit","comment_status":"closed","ping_status":"closed","post_password":"","post_name":"marina-real-juan-carlos-i_81_6","to_ping":"","pinged":"","post_modified":"2025-04-22 08:51:40","post_modified_gmt":"2025-04-22 06:51:40","post_content_filtered":"","post_parent":"11169","guid":"https:\/\/spainfilmcommission.com\/wp-content\/uploads\/2025\/03\/marina-real-juan-carlos-i_81_6.jpg","menu_order":"0","post_type":"attachment","post_mime_type":"image\/jpeg","comment_count":"0","pod_item_id":"28723"},{"ID":"28725","post_author":"2","post_date":"2025-03-08 12:38:46","post_date_gmt":"2025-03-08 11:38:46","post_content":"","post_title":"marina-real-juan-carlos-i_81_7","post_excerpt":"","post_status":"inherit","comment_status":"closed","ping_status":"closed","post_password":"","post_name":"marina-real-juan-carlos-i_81_7","to_ping":"","pinged":"","post_modified":"2025-04-22 08:51:40","post_modified_gmt":"2025-04-22 06:51:40","post_content_filtered":"","post_parent":"11169","guid":"https:\/\/spainfilmcommission.com\/wp-content\/uploads\/2025\/03\/marina-real-juan-carlos-i_81_7.jpg","menu_order":"0","post_type":"attachment","post_mime_type":"image\/jpeg","comment_count":"0","pod_item_id":"28725"},{"ID":"28727","post_author":"2","post_date":"2025-03-08 12:38:48","post_date_gmt":"2025-03-08 11:38:48","post_content":"","post_title":"marina-real-juan-carlos-i_81_8","post_excerpt":"","post_status":"inherit","comment_status":"closed","ping_status":"closed","post_password":"","post_name":"marina-real-juan-carlos-i_81_8","to_ping":"","pinged":"","post_modified":"2025-04-22 08:51:40","post_modified_gmt":"2025-04-22 06:51:40","post_content_filtered":"","post_parent":"11169","guid":"https:\/\/spainfilmcommission.com\/wp-content\/uploads\/2025\/03\/marina-real-juan-carlos-i_81_8.jpg","menu_order":"0","post_type":"attachment","post_mime_type":"image\/jpeg","comment_count":"0","pod_item_id":"28727"},{"ID":"28729","post_author":"2","post_date":"2025-03-08 12:38:50","post_date_gmt":"2025-03-08 11:38:50","post_content":"","post_title":"marina-real-juan-carlos-i_81_9","post_excerpt":"","post_status":"inherit","comment_status":"closed","ping_status":"closed","post_password":"","post_name":"marina-real-juan-carlos-i_81_9","to_ping":"","pinged":"","post_modified":"2025-04-22 08:51:40","post_modified_gmt":"2025-04-22 06:51:40","post_content_filtered":"","post_parent":"11169","guid":"https:\/\/spainfilmcommission.com\/wp-content\/uploads\/2025\/03\/marina-real-juan-carlos-i_81_9.jpg","menu_order":"0","post_type":"attachment","post_mime_type":"image\/jpeg","comment_count":"0","pod_item_id":"28729"},{"ID":"28731","post_author":"2","post_date":"2025-03-08 12:38:52","post_date_gmt":"2025-03-08 11:38:52","post_content":"","post_title":"marina-real-juan-carlos-i_81_10","post_excerpt":"","post_status":"inherit","comment_status":"closed","ping_status":"closed","post_password":"","post_name":"marina-real-juan-carlos-i_81_10","to_ping":"","pinged":"","post_modified":"2025-04-22 08:51:40","post_modified_gmt":"2025-04-22 06:51:40","post_content_filtered":"","post_parent":"11169","guid":"https:\/\/spainfilmcommission.com\/wp-content\/uploads\/2025\/03\/marina-real-juan-carlos-i_81_10.jpg","menu_order":"0","post_type":"attachment","post_mime_type":"image\/jpeg","comment_count":"0","pod_item_id":"28731"}],"nombrepaginaes":"marina-de-valencia","nombrepaginaen":"marina-de-valencia","latitud_gps":"39.461.227","longitud_gps":"-0.324575","adicionaleses":"","adicionalesen":"","videoes":"","videoen":"","video2es":"","video2en":"","_links":{"self":[{"href":"https:\/\/spainfilmcommission.com\/en\/wp-json\/wp\/v2\/localizaciones\/localizacion\/11169","targetHints":{"allow":["GET"]}}],"collection":[{"href":"https:\/\/spainfilmcommission.com\/en\/wp-json\/wp\/v2\/localizaciones\/localizacion"}],"about":[{"href":"https:\/\/spainfilmcommission.com\/en\/wp-json\/wp\/v2\/types\/localizacion"}],"author":[{"embeddable":true,"href":"https:\/\/spainfilmcommission.com\/en\/wp-json\/wp\/v2\/users\/2"}],"wp:attachment":[{"href":"https:\/\/spainfilmcommission.com\/en\/wp-json\/wp\/v2\/media?parent=11169"}],"curies":[{"name":"wp","href":"https:\/\/api.w.org\/{rel}","templated":true}]}}