{"id":11165,"date":"2025-02-27T17:23:32","date_gmt":"2025-02-27T16:23:32","guid":{"rendered":"https:\/\/spainfilmcommission.com\/?post_type=localizacion&#038;p=11165"},"modified":"2025-04-21T13:49:55","modified_gmt":"2025-04-21T11:49:55","slug":"plaza-del-concilio-de-trento","status":"publish","type":"localizacion","link":"https:\/\/spainfilmcommission.com\/en\/ai-locations\/plaza-del-concilio-de-trento\/","title":{"rendered":"Plaza del Concilio de Trento"},"content":{"rendered":"","protected":false},"author":2,"template":"","meta":[],"class_list":["post-11165","localizacion","type-localizacion","status-publish","hentry"],"yoast_head":"<!-- This site is optimized with the Yoast SEO plugin v28.3 - https:\/\/yoast.com\/product\/yoast-seo-wordpress\/ -->\n<title>Rodar en Plaza del Concilio de Trento - Spain Film Commission<\/title>\n<meta name=\"description\" content=\"En esta p\u00e1gina encontrar\u00e1s una peque\u00f1a descripci\u00f3n, m\u00e1genes e informaci\u00f3n relevante para que te hagas una idea de c\u00f3mo es rodar en Plaza del Concilio de Trento\" \/>\n<meta name=\"robots\" content=\"index, follow, max-snippet:-1, max-image-preview:large, max-video-preview:-1\" \/>\n<link rel=\"canonical\" href=\"https:\/\/spainfilmcommission.com\/en\/ai-locations\/plaza-del-concilio-de-trento\/\" \/>\n<meta property=\"og:locale\" content=\"en_US\" \/>\n<meta property=\"og:type\" content=\"article\" \/>\n<meta property=\"og:title\" content=\"Rodar en Plaza del Concilio de Trento - Spain Film Commission\" \/>\n<meta property=\"og:description\" content=\"En esta p\u00e1gina encontrar\u00e1s una peque\u00f1a descripci\u00f3n, m\u00e1genes e informaci\u00f3n relevante para que te hagas una idea de c\u00f3mo es rodar en Plaza del Concilio de Trento\" \/>\n<meta property=\"og:url\" content=\"https:\/\/spainfilmcommission.com\/en\/ai-locations\/plaza-del-concilio-de-trento\/\" \/>\n<meta property=\"og:site_name\" content=\"Spain Film Commission\" \/>\n<meta property=\"article:modified_time\" content=\"2025-04-21T11:49:55+00:00\" \/>\n<meta name=\"twitter:card\" content=\"summary_large_image\" \/>\n<script type=\"application\/ld+json\" class=\"yoast-schema-graph\">{\"@context\":\"https:\\\/\\\/schema.org\",\"@graph\":[{\"@type\":\"WebPage\",\"@id\":\"https:\\\/\\\/spainfilmcommission.com\\\/en\\\/ai-locations\\\/plaza-del-concilio-de-trento\\\/\",\"url\":\"https:\\\/\\\/spainfilmcommission.com\\\/en\\\/ai-locations\\\/plaza-del-concilio-de-trento\\\/\",\"name\":\"Rodar en Plaza del Concilio de Trento - Spain Film Commission\",\"isPartOf\":{\"@id\":\"https:\\\/\\\/spainfilmcommission.com\\\/en\\\/#website\"},\"datePublished\":\"2025-02-27T16:23:32+00:00\",\"dateModified\":\"2025-04-21T11:49:55+00:00\",\"description\":\"En esta p\u00e1gina encontrar\u00e1s una peque\u00f1a descripci\u00f3n, m\u00e1genes e informaci\u00f3n relevante para que te hagas una idea de c\u00f3mo es rodar en Plaza del Concilio de Trento\",\"breadcrumb\":{\"@id\":\"https:\\\/\\\/spainfilmcommission.com\\\/en\\\/ai-locations\\\/plaza-del-concilio-de-trento\\\/#breadcrumb\"},\"inLanguage\":\"en-US\",\"potentialAction\":[{\"@type\":\"ReadAction\",\"target\":[\"https:\\\/\\\/spainfilmcommission.com\\\/en\\\/ai-locations\\\/plaza-del-concilio-de-trento\\\/\"]}]},{\"@type\":\"BreadcrumbList\",\"@id\":\"https:\\\/\\\/spainfilmcommission.com\\\/en\\\/ai-locations\\\/plaza-del-concilio-de-trento\\\/#breadcrumb\",\"itemListElement\":[{\"@type\":\"ListItem\",\"position\":1,\"name\":\"Portada\",\"item\":\"https:\\\/\\\/spainfilmcommission.com\\\/en\\\/\"},{\"@type\":\"ListItem\",\"position\":2,\"name\":\"Plaza del Concilio de Trento\"}]},{\"@type\":\"WebSite\",\"@id\":\"https:\\\/\\\/spainfilmcommission.com\\\/en\\\/#website\",\"url\":\"https:\\\/\\\/spainfilmcommission.com\\\/en\\\/\",\"name\":\"Spain Film Commission\",\"description\":\"\",\"publisher\":{\"@id\":\"https:\\\/\\\/spainfilmcommission.com\\\/en\\\/#organization\"},\"potentialAction\":[{\"@type\":\"SearchAction\",\"target\":{\"@type\":\"EntryPoint\",\"urlTemplate\":\"https:\\\/\\\/spainfilmcommission.com\\\/en\\\/?s={search_term_string}\"},\"query-input\":{\"@type\":\"PropertyValueSpecification\",\"valueRequired\":true,\"valueName\":\"search_term_string\"}}],\"inLanguage\":\"en-US\"},{\"@type\":\"Organization\",\"@id\":\"https:\\\/\\\/spainfilmcommission.com\\\/en\\\/#organization\",\"name\":\"Spain Film Commission\",\"url\":\"https:\\\/\\\/spainfilmcommission.com\\\/en\\\/\",\"logo\":{\"@type\":\"ImageObject\",\"inLanguage\":\"en-US\",\"@id\":\"https:\\\/\\\/spainfilmcommission.com\\\/en\\\/#\\\/schema\\\/logo\\\/image\\\/\",\"url\":\"https:\\\/\\\/spainfilmcommission.com\\\/wp-content\\\/uploads\\\/2024\\\/07\\\/SPC_COLOR.png\",\"contentUrl\":\"https:\\\/\\\/spainfilmcommission.com\\\/wp-content\\\/uploads\\\/2024\\\/07\\\/SPC_COLOR.png\",\"width\":1665,\"height\":1665,\"caption\":\"Spain Film Commission\"},\"image\":{\"@id\":\"https:\\\/\\\/spainfilmcommission.com\\\/en\\\/#\\\/schema\\\/logo\\\/image\\\/\"}}]}<\/script>\n<!-- \/ Yoast SEO plugin. -->","yoast_head_json":{"title":"Rodar en Plaza del Concilio de Trento - Spain Film Commission","description":"En esta p\u00e1gina encontrar\u00e1s una peque\u00f1a descripci\u00f3n, m\u00e1genes e informaci\u00f3n relevante para que te hagas una idea de c\u00f3mo es rodar en Plaza del Concilio de Trento","robots":{"index":"index","follow":"follow","max-snippet":"max-snippet:-1","max-image-preview":"max-image-preview:large","max-video-preview":"max-video-preview:-1"},"canonical":"https:\/\/spainfilmcommission.com\/en\/ai-locations\/plaza-del-concilio-de-trento\/","og_locale":"en_US","og_type":"article","og_title":"Rodar en Plaza del Concilio de Trento - Spain Film Commission","og_description":"En esta p\u00e1gina encontrar\u00e1s una peque\u00f1a descripci\u00f3n, m\u00e1genes e informaci\u00f3n relevante para que te hagas una idea de c\u00f3mo es rodar en Plaza del Concilio de Trento","og_url":"https:\/\/spainfilmcommission.com\/en\/ai-locations\/plaza-del-concilio-de-trento\/","og_site_name":"Spain Film Commission","article_modified_time":"2025-04-21T11:49:55+00:00","twitter_card":"summary_large_image","schema":{"@context":"https:\/\/schema.org","@graph":[{"@type":"WebPage","@id":"https:\/\/spainfilmcommission.com\/en\/ai-locations\/plaza-del-concilio-de-trento\/","url":"https:\/\/spainfilmcommission.com\/en\/ai-locations\/plaza-del-concilio-de-trento\/","name":"Rodar en Plaza del Concilio de Trento - Spain Film Commission","isPartOf":{"@id":"https:\/\/spainfilmcommission.com\/en\/#website"},"datePublished":"2025-02-27T16:23:32+00:00","dateModified":"2025-04-21T11:49:55+00:00","description":"En esta p\u00e1gina encontrar\u00e1s una peque\u00f1a descripci\u00f3n, m\u00e1genes e informaci\u00f3n relevante para que te hagas una idea de c\u00f3mo es rodar en Plaza del Concilio de Trento","breadcrumb":{"@id":"https:\/\/spainfilmcommission.com\/en\/ai-locations\/plaza-del-concilio-de-trento\/#breadcrumb"},"inLanguage":"en-US","potentialAction":[{"@type":"ReadAction","target":["https:\/\/spainfilmcommission.com\/en\/ai-locations\/plaza-del-concilio-de-trento\/"]}]},{"@type":"BreadcrumbList","@id":"https:\/\/spainfilmcommission.com\/en\/ai-locations\/plaza-del-concilio-de-trento\/#breadcrumb","itemListElement":[{"@type":"ListItem","position":1,"name":"Portada","item":"https:\/\/spainfilmcommission.com\/en\/"},{"@type":"ListItem","position":2,"name":"Plaza del Concilio de Trento"}]},{"@type":"WebSite","@id":"https:\/\/spainfilmcommission.com\/en\/#website","url":"https:\/\/spainfilmcommission.com\/en\/","name":"Spain Film Commission","description":"","publisher":{"@id":"https:\/\/spainfilmcommission.com\/en\/#organization"},"potentialAction":[{"@type":"SearchAction","target":{"@type":"EntryPoint","urlTemplate":"https:\/\/spainfilmcommission.com\/en\/?s={search_term_string}"},"query-input":{"@type":"PropertyValueSpecification","valueRequired":true,"valueName":"search_term_string"}}],"inLanguage":"en-US"},{"@type":"Organization","@id":"https:\/\/spainfilmcommission.com\/en\/#organization","name":"Spain Film Commission","url":"https:\/\/spainfilmcommission.com\/en\/","logo":{"@type":"ImageObject","inLanguage":"en-US","@id":"https:\/\/spainfilmcommission.com\/en\/#\/schema\/logo\/image\/","url":"https:\/\/spainfilmcommission.com\/wp-content\/uploads\/2024\/07\/SPC_COLOR.png","contentUrl":"https:\/\/spainfilmcommission.com\/wp-content\/uploads\/2024\/07\/SPC_COLOR.png","width":1665,"height":1665,"caption":"Spain Film Commission"},"image":{"@id":"https:\/\/spainfilmcommission.com\/en\/#\/schema\/logo\/image\/"}}]}},"socio":[{"ID":"37","user_login":"salamanca-film-commission","user_nicename":"salamanca-film-commission","display_name":"salamanca-film-commission","user_pass":"****************","user_email":"sfc@salamancafilmcommission.com","user_url":"","user_registered":"2024-12-19 16:38:43","id":37}],"nombrees":"Plaza del Concilio de Trento","nombreen":"Plaza del Concilio de Trento","localidad":"Salamanca","provincia":"Salamanca","coordenadas_maps":"40.9611, -5.66224","latitud":"40.961100000000","longitud":"-5.662240000000","direcciones":"Plaza Concilio de Trento, 3","direccionen":"Plaza Concilio de Trento, 3","cod_postal":"37001","telefono":"","fax":"","mail":"","web":"http:\/\/www.aytosalamanca.es\/es\/index.html","descripciones":"La importancia de la plaza del Concilio de Trento (Salamanca, Castilla y Le\u00f3n)) se debe al convento de San Esteban. En este imponente monumento encontramos la huella de distintos estilos desde el siglo XV hasta el XVIII. Sobresale igualmente el enorme arco triunfal. El atrio est\u00e1 situado a la derecha de la fachada, encima del cual se encuentra la biblioteca. Desde el hermoso claustro se accede al corro que destacan la siller\u00eda, las pinturas y los murales. La iglesia es una obra g\u00f3tica de una sola nave en la que destaca el retablo mayor, obra de Jos\u00e9 Churriguera. La zona de clausura acoge lugares excepcionales como el sal\u00f3n de Profundidades, donde relat\u00f3 Crist\u00f3bal Col\u00f3n el motivo de su viaje.","descripcionen":"The importance of the Council of Trento Square (Salamanca, Castile and Leon) is due to the convent of San Esteban. Within this imposing monument we find traces of different styles, ranging from the 15th to the 18th centuries. Its huge triumphal arch is also noteworthy. The atrium is located to the right of the facade, and above it we find the library. The beautiful cloister leads to the chancel, where we find outstanding paintings and murals. The church is a Gothic building made of a single nave; its main altarpiece is an outstanding work of art by Joseph Churriguera. The cloister area holds exceptional places such as the Salon de Profundidades, where Christopher Columbus defended his initiative for travelling West to reach the Indies.","galeria":[{"ID":"31047","post_author":"2","post_date":"2025-03-08 13:42:17","post_date_gmt":"2025-03-08 12:42:17","post_content":"","post_title":"plaza-del-concilio-de-trento_74_1","post_excerpt":"","post_status":"inherit","comment_status":"closed","ping_status":"closed","post_password":"","post_name":"plaza-del-concilio-de-trento_74_1","to_ping":"","pinged":"","post_modified":"2025-04-21 13:49:55","post_modified_gmt":"2025-04-21 11:49:55","post_content_filtered":"","post_parent":"11165","guid":"https:\/\/spainfilmcommission.com\/wp-content\/uploads\/2025\/03\/plaza-del-concilio-de-trento_74_1.jpg","menu_order":"0","post_type":"attachment","post_mime_type":"image\/jpeg","comment_count":"0","pod_item_id":"31047"},{"ID":"31049","post_author":"2","post_date":"2025-03-08 13:42:20","post_date_gmt":"2025-03-08 12:42:20","post_content":"","post_title":"plaza-del-concilio-de-trento_74_2","post_excerpt":"","post_status":"inherit","comment_status":"closed","ping_status":"closed","post_password":"","post_name":"plaza-del-concilio-de-trento_74_2","to_ping":"","pinged":"","post_modified":"2025-04-21 13:49:55","post_modified_gmt":"2025-04-21 11:49:55","post_content_filtered":"","post_parent":"11165","guid":"https:\/\/spainfilmcommission.com\/wp-content\/uploads\/2025\/03\/plaza-del-concilio-de-trento_74_2.jpg","menu_order":"0","post_type":"attachment","post_mime_type":"image\/jpeg","comment_count":"0","pod_item_id":"31049"},{"ID":"31051","post_author":"2","post_date":"2025-03-08 13:42:25","post_date_gmt":"2025-03-08 12:42:25","post_content":"","post_title":"plaza-del-concilio-de-trento_74_3","post_excerpt":"","post_status":"inherit","comment_status":"closed","ping_status":"closed","post_password":"","post_name":"plaza-del-concilio-de-trento_74_3","to_ping":"","pinged":"","post_modified":"2025-04-21 13:49:55","post_modified_gmt":"2025-04-21 11:49:55","post_content_filtered":"","post_parent":"11165","guid":"https:\/\/spainfilmcommission.com\/wp-content\/uploads\/2025\/03\/plaza-del-concilio-de-trento_74_3.jpg","menu_order":"0","post_type":"attachment","post_mime_type":"image\/jpeg","comment_count":"0","pod_item_id":"31051"},{"ID":"31053","post_author":"2","post_date":"2025-03-08 13:42:30","post_date_gmt":"2025-03-08 12:42:30","post_content":"","post_title":"plaza-del-concilio-de-trento_74_4","post_excerpt":"","post_status":"inherit","comment_status":"closed","ping_status":"closed","post_password":"","post_name":"plaza-del-concilio-de-trento_74_4","to_ping":"","pinged":"","post_modified":"2025-04-21 13:49:55","post_modified_gmt":"2025-04-21 11:49:55","post_content_filtered":"","post_parent":"11165","guid":"https:\/\/spainfilmcommission.com\/wp-content\/uploads\/2025\/03\/plaza-del-concilio-de-trento_74_4.jpg","menu_order":"0","post_type":"attachment","post_mime_type":"image\/jpeg","comment_count":"0","pod_item_id":"31053"},{"ID":"31055","post_author":"2","post_date":"2025-03-08 13:42:37","post_date_gmt":"2025-03-08 12:42:37","post_content":"","post_title":"plaza-del-concilio-de-trento_74_5","post_excerpt":"","post_status":"inherit","comment_status":"closed","ping_status":"closed","post_password":"","post_name":"plaza-del-concilio-de-trento_74_5","to_ping":"","pinged":"","post_modified":"2025-04-21 13:49:55","post_modified_gmt":"2025-04-21 11:49:55","post_content_filtered":"","post_parent":"11165","guid":"https:\/\/spainfilmcommission.com\/wp-content\/uploads\/2025\/03\/plaza-del-concilio-de-trento_74_5.jpg","menu_order":"0","post_type":"attachment","post_mime_type":"image\/jpeg","comment_count":"0","pod_item_id":"31055"},{"ID":"31057","post_author":"2","post_date":"2025-03-08 13:42:39","post_date_gmt":"2025-03-08 12:42:39","post_content":"","post_title":"plaza-del-concilio-de-trento_74_6","post_excerpt":"","post_status":"inherit","comment_status":"closed","ping_status":"closed","post_password":"","post_name":"plaza-del-concilio-de-trento_74_6","to_ping":"","pinged":"","post_modified":"2025-04-21 13:49:55","post_modified_gmt":"2025-04-21 11:49:55","post_content_filtered":"","post_parent":"11165","guid":"https:\/\/spainfilmcommission.com\/wp-content\/uploads\/2025\/03\/plaza-del-concilio-de-trento_74_6.jpg","menu_order":"0","post_type":"attachment","post_mime_type":"image\/jpeg","comment_count":"0","pod_item_id":"31057"},{"ID":"31059","post_author":"2","post_date":"2025-03-08 13:42:43","post_date_gmt":"2025-03-08 12:42:43","post_content":"","post_title":"plaza-del-concilio-de-trento_74_7","post_excerpt":"","post_status":"inherit","comment_status":"closed","ping_status":"closed","post_password":"","post_name":"plaza-del-concilio-de-trento_74_7","to_ping":"","pinged":"","post_modified":"2025-04-21 13:49:55","post_modified_gmt":"2025-04-21 11:49:55","post_content_filtered":"","post_parent":"11165","guid":"https:\/\/spainfilmcommission.com\/wp-content\/uploads\/2025\/03\/plaza-del-concilio-de-trento_74_7.jpg","menu_order":"0","post_type":"attachment","post_mime_type":"image\/jpeg","comment_count":"0","pod_item_id":"31059"},{"ID":"31061","post_author":"2","post_date":"2025-03-08 13:42:48","post_date_gmt":"2025-03-08 12:42:48","post_content":"","post_title":"plaza-del-concilio-de-trento_74_8","post_excerpt":"","post_status":"inherit","comment_status":"closed","ping_status":"closed","post_password":"","post_name":"plaza-del-concilio-de-trento_74_8","to_ping":"","pinged":"","post_modified":"2025-04-21 13:49:55","post_modified_gmt":"2025-04-21 11:49:55","post_content_filtered":"","post_parent":"11165","guid":"https:\/\/spainfilmcommission.com\/wp-content\/uploads\/2025\/03\/plaza-del-concilio-de-trento_74_8.jpg","menu_order":"0","post_type":"attachment","post_mime_type":"image\/jpeg","comment_count":"0","pod_item_id":"31061"},{"ID":"31063","post_author":"2","post_date":"2025-03-08 13:42:52","post_date_gmt":"2025-03-08 12:42:52","post_content":"","post_title":"plaza-del-concilio-de-trento_74_9","post_excerpt":"","post_status":"inherit","comment_status":"closed","ping_status":"closed","post_password":"","post_name":"plaza-del-concilio-de-trento_74_9","to_ping":"","pinged":"","post_modified":"2025-04-21 13:49:55","post_modified_gmt":"2025-04-21 11:49:55","post_content_filtered":"","post_parent":"11165","guid":"https:\/\/spainfilmcommission.com\/wp-content\/uploads\/2025\/03\/plaza-del-concilio-de-trento_74_9.jpg","menu_order":"0","post_type":"attachment","post_mime_type":"image\/jpeg","comment_count":"0","pod_item_id":"31063"},{"ID":"31065","post_author":"2","post_date":"2025-03-08 13:42:55","post_date_gmt":"2025-03-08 12:42:55","post_content":"","post_title":"plaza-del-concilio-de-trento_74_10","post_excerpt":"","post_status":"inherit","comment_status":"closed","ping_status":"closed","post_password":"","post_name":"plaza-del-concilio-de-trento_74_10","to_ping":"","pinged":"","post_modified":"2025-04-21 13:49:55","post_modified_gmt":"2025-04-21 11:49:55","post_content_filtered":"","post_parent":"11165","guid":"https:\/\/spainfilmcommission.com\/wp-content\/uploads\/2025\/03\/plaza-del-concilio-de-trento_74_10.jpg","menu_order":"0","post_type":"attachment","post_mime_type":"image\/jpeg","comment_count":"0","pod_item_id":"31065"},{"ID":"31067","post_author":"2","post_date":"2025-03-08 13:43:00","post_date_gmt":"2025-03-08 12:43:00","post_content":"","post_title":"plaza-del-concilio-de-trento_74_11","post_excerpt":"","post_status":"inherit","comment_status":"closed","ping_status":"closed","post_password":"","post_name":"plaza-del-concilio-de-trento_74_11","to_ping":"","pinged":"","post_modified":"2025-04-21 13:49:55","post_modified_gmt":"2025-04-21 11:49:55","post_content_filtered":"","post_parent":"11165","guid":"https:\/\/spainfilmcommission.com\/wp-content\/uploads\/2025\/03\/plaza-del-concilio-de-trento_74_11.jpg","menu_order":"0","post_type":"attachment","post_mime_type":"image\/jpeg","comment_count":"0","pod_item_id":"31067"},{"ID":"31069","post_author":"2","post_date":"2025-03-08 13:43:06","post_date_gmt":"2025-03-08 12:43:06","post_content":"","post_title":"plaza-del-concilio-de-trento_74_12","post_excerpt":"","post_status":"inherit","comment_status":"closed","ping_status":"closed","post_password":"","post_name":"plaza-del-concilio-de-trento_74_12","to_ping":"","pinged":"","post_modified":"2025-04-21 13:49:55","post_modified_gmt":"2025-04-21 11:49:55","post_content_filtered":"","post_parent":"11165","guid":"https:\/\/spainfilmcommission.com\/wp-content\/uploads\/2025\/03\/plaza-del-concilio-de-trento_74_12.jpg","menu_order":"0","post_type":"attachment","post_mime_type":"image\/jpeg","comment_count":"0","pod_item_id":"31069"},{"ID":"31071","post_author":"2","post_date":"2025-03-08 13:43:08","post_date_gmt":"2025-03-08 12:43:08","post_content":"","post_title":"plaza-del-concilio-de-trento_74_13","post_excerpt":"","post_status":"inherit","comment_status":"closed","ping_status":"closed","post_password":"","post_name":"plaza-del-concilio-de-trento_74_13","to_ping":"","pinged":"","post_modified":"2025-04-21 13:49:55","post_modified_gmt":"2025-04-21 11:49:55","post_content_filtered":"","post_parent":"11165","guid":"https:\/\/spainfilmcommission.com\/wp-content\/uploads\/2025\/03\/plaza-del-concilio-de-trento_74_13.jpg","menu_order":"0","post_type":"attachment","post_mime_type":"image\/jpeg","comment_count":"0","pod_item_id":"31071"},{"ID":"31073","post_author":"2","post_date":"2025-03-08 13:43:12","post_date_gmt":"2025-03-08 12:43:12","post_content":"","post_title":"plaza-del-concilio-de-trento_74_14","post_excerpt":"","post_status":"inherit","comment_status":"closed","ping_status":"closed","post_password":"","post_name":"plaza-del-concilio-de-trento_74_14","to_ping":"","pinged":"","post_modified":"2025-04-21 13:49:55","post_modified_gmt":"2025-04-21 11:49:55","post_content_filtered":"","post_parent":"11165","guid":"https:\/\/spainfilmcommission.com\/wp-content\/uploads\/2025\/03\/plaza-del-concilio-de-trento_74_14.jpg","menu_order":"0","post_type":"attachment","post_mime_type":"image\/jpeg","comment_count":"0","pod_item_id":"31073"},{"ID":"31075","post_author":"2","post_date":"2025-03-08 13:43:18","post_date_gmt":"2025-03-08 12:43:18","post_content":"","post_title":"plaza-del-concilio-de-trento_74_15","post_excerpt":"","post_status":"inherit","comment_status":"closed","ping_status":"closed","post_password":"","post_name":"plaza-del-concilio-de-trento_74_15","to_ping":"","pinged":"","post_modified":"2025-04-21 13:49:55","post_modified_gmt":"2025-04-21 11:49:55","post_content_filtered":"","post_parent":"11165","guid":"https:\/\/spainfilmcommission.com\/wp-content\/uploads\/2025\/03\/plaza-del-concilio-de-trento_74_15.jpg","menu_order":"0","post_type":"attachment","post_mime_type":"image\/jpeg","comment_count":"0","pod_item_id":"31075"}],"nombrepaginaes":"plaza-del-concilio-de-trento","nombrepaginaen":"plaza-del-concilio-de-trento","latitud_gps":"40\u00b057'39.1\"","longitud_gps":"5\u00b039'49.5\"","adicionaleses":"","adicionalesen":"","videoes":"","videoen":"","video2es":"","video2en":"","_links":{"self":[{"href":"https:\/\/spainfilmcommission.com\/en\/wp-json\/wp\/v2\/localizaciones\/localizacion\/11165","targetHints":{"allow":["GET"]}}],"collection":[{"href":"https:\/\/spainfilmcommission.com\/en\/wp-json\/wp\/v2\/localizaciones\/localizacion"}],"about":[{"href":"https:\/\/spainfilmcommission.com\/en\/wp-json\/wp\/v2\/types\/localizacion"}],"author":[{"embeddable":true,"href":"https:\/\/spainfilmcommission.com\/en\/wp-json\/wp\/v2\/users\/2"}],"wp:attachment":[{"href":"https:\/\/spainfilmcommission.com\/en\/wp-json\/wp\/v2\/media?parent=11165"}],"curies":[{"name":"wp","href":"https:\/\/api.w.org\/{rel}","templated":true}]}}