{"id":11164,"date":"2025-02-27T17:23:32","date_gmt":"2025-02-27T16:23:32","guid":{"rendered":"https:\/\/spainfilmcommission.com\/?post_type=localizacion&#038;p=11164"},"modified":"2025-04-21T14:41:52","modified_gmt":"2025-04-21T12:41:52","slug":"patio-de-escuelas-menores-de-la-universidad-de-salamanca","status":"publish","type":"localizacion","link":"https:\/\/spainfilmcommission.com\/en\/ai-locations\/patio-de-escuelas-menores-de-la-universidad-de-salamanca\/","title":{"rendered":"Patio de Escuelas Menores de la Universidad de Salamanca"},"content":{"rendered":"","protected":false},"author":2,"template":"","meta":[],"class_list":["post-11164","localizacion","type-localizacion","status-publish","hentry"],"yoast_head":"<!-- This site is optimized with the Yoast SEO plugin v28.3 - https:\/\/yoast.com\/product\/yoast-seo-wordpress\/ -->\n<title>Rodar en Patio de Escuelas Menores de la Universidad de Salamanca - Spain Film Commission<\/title>\n<meta name=\"description\" content=\"En esta p\u00e1gina encontrar\u00e1s una peque\u00f1a descripci\u00f3n, m\u00e1genes e informaci\u00f3n relevante para que te hagas una idea de c\u00f3mo es rodar en Patio de Escuelas Menores de la Universidad de Salamanca\" \/>\n<meta name=\"robots\" content=\"index, follow, max-snippet:-1, max-image-preview:large, max-video-preview:-1\" \/>\n<link rel=\"canonical\" href=\"https:\/\/spainfilmcommission.com\/en\/ai-locations\/patio-de-escuelas-menores-de-la-universidad-de-salamanca\/\" \/>\n<meta property=\"og:locale\" content=\"en_US\" \/>\n<meta property=\"og:type\" content=\"article\" \/>\n<meta property=\"og:title\" content=\"Rodar en Patio de Escuelas Menores de la Universidad de Salamanca - Spain Film Commission\" \/>\n<meta property=\"og:description\" content=\"En esta p\u00e1gina encontrar\u00e1s una peque\u00f1a descripci\u00f3n, m\u00e1genes e informaci\u00f3n relevante para que te hagas una idea de c\u00f3mo es rodar en Patio de Escuelas Menores de la Universidad de Salamanca\" \/>\n<meta property=\"og:url\" content=\"https:\/\/spainfilmcommission.com\/en\/ai-locations\/patio-de-escuelas-menores-de-la-universidad-de-salamanca\/\" \/>\n<meta property=\"og:site_name\" content=\"Spain Film Commission\" \/>\n<meta property=\"article:modified_time\" content=\"2025-04-21T12:41:52+00:00\" \/>\n<meta name=\"twitter:card\" content=\"summary_large_image\" \/>\n<script type=\"application\/ld+json\" class=\"yoast-schema-graph\">{\"@context\":\"https:\\\/\\\/schema.org\",\"@graph\":[{\"@type\":\"WebPage\",\"@id\":\"https:\\\/\\\/spainfilmcommission.com\\\/en\\\/ai-locations\\\/patio-de-escuelas-menores-de-la-universidad-de-salamanca\\\/\",\"url\":\"https:\\\/\\\/spainfilmcommission.com\\\/en\\\/ai-locations\\\/patio-de-escuelas-menores-de-la-universidad-de-salamanca\\\/\",\"name\":\"Rodar en Patio de Escuelas Menores de la Universidad de Salamanca - Spain Film Commission\",\"isPartOf\":{\"@id\":\"https:\\\/\\\/spainfilmcommission.com\\\/en\\\/#website\"},\"datePublished\":\"2025-02-27T16:23:32+00:00\",\"dateModified\":\"2025-04-21T12:41:52+00:00\",\"description\":\"En esta p\u00e1gina encontrar\u00e1s una peque\u00f1a descripci\u00f3n, m\u00e1genes e informaci\u00f3n relevante para que te hagas una idea de c\u00f3mo es rodar en Patio de Escuelas Menores de la Universidad de Salamanca\",\"breadcrumb\":{\"@id\":\"https:\\\/\\\/spainfilmcommission.com\\\/en\\\/ai-locations\\\/patio-de-escuelas-menores-de-la-universidad-de-salamanca\\\/#breadcrumb\"},\"inLanguage\":\"en-US\",\"potentialAction\":[{\"@type\":\"ReadAction\",\"target\":[\"https:\\\/\\\/spainfilmcommission.com\\\/en\\\/ai-locations\\\/patio-de-escuelas-menores-de-la-universidad-de-salamanca\\\/\"]}]},{\"@type\":\"BreadcrumbList\",\"@id\":\"https:\\\/\\\/spainfilmcommission.com\\\/en\\\/ai-locations\\\/patio-de-escuelas-menores-de-la-universidad-de-salamanca\\\/#breadcrumb\",\"itemListElement\":[{\"@type\":\"ListItem\",\"position\":1,\"name\":\"Portada\",\"item\":\"https:\\\/\\\/spainfilmcommission.com\\\/en\\\/\"},{\"@type\":\"ListItem\",\"position\":2,\"name\":\"Patio de Escuelas Menores de la Universidad de Salamanca\"}]},{\"@type\":\"WebSite\",\"@id\":\"https:\\\/\\\/spainfilmcommission.com\\\/en\\\/#website\",\"url\":\"https:\\\/\\\/spainfilmcommission.com\\\/en\\\/\",\"name\":\"Spain Film Commission\",\"description\":\"\",\"publisher\":{\"@id\":\"https:\\\/\\\/spainfilmcommission.com\\\/en\\\/#organization\"},\"potentialAction\":[{\"@type\":\"SearchAction\",\"target\":{\"@type\":\"EntryPoint\",\"urlTemplate\":\"https:\\\/\\\/spainfilmcommission.com\\\/en\\\/?s={search_term_string}\"},\"query-input\":{\"@type\":\"PropertyValueSpecification\",\"valueRequired\":true,\"valueName\":\"search_term_string\"}}],\"inLanguage\":\"en-US\"},{\"@type\":\"Organization\",\"@id\":\"https:\\\/\\\/spainfilmcommission.com\\\/en\\\/#organization\",\"name\":\"Spain Film Commission\",\"url\":\"https:\\\/\\\/spainfilmcommission.com\\\/en\\\/\",\"logo\":{\"@type\":\"ImageObject\",\"inLanguage\":\"en-US\",\"@id\":\"https:\\\/\\\/spainfilmcommission.com\\\/en\\\/#\\\/schema\\\/logo\\\/image\\\/\",\"url\":\"https:\\\/\\\/spainfilmcommission.com\\\/wp-content\\\/uploads\\\/2024\\\/07\\\/SPC_COLOR.png\",\"contentUrl\":\"https:\\\/\\\/spainfilmcommission.com\\\/wp-content\\\/uploads\\\/2024\\\/07\\\/SPC_COLOR.png\",\"width\":1665,\"height\":1665,\"caption\":\"Spain Film Commission\"},\"image\":{\"@id\":\"https:\\\/\\\/spainfilmcommission.com\\\/en\\\/#\\\/schema\\\/logo\\\/image\\\/\"}}]}<\/script>\n<!-- \/ Yoast SEO plugin. -->","yoast_head_json":{"title":"Rodar en Patio de Escuelas Menores de la Universidad de Salamanca - Spain Film Commission","description":"En esta p\u00e1gina encontrar\u00e1s una peque\u00f1a descripci\u00f3n, m\u00e1genes e informaci\u00f3n relevante para que te hagas una idea de c\u00f3mo es rodar en Patio de Escuelas Menores de la Universidad de Salamanca","robots":{"index":"index","follow":"follow","max-snippet":"max-snippet:-1","max-image-preview":"max-image-preview:large","max-video-preview":"max-video-preview:-1"},"canonical":"https:\/\/spainfilmcommission.com\/en\/ai-locations\/patio-de-escuelas-menores-de-la-universidad-de-salamanca\/","og_locale":"en_US","og_type":"article","og_title":"Rodar en Patio de Escuelas Menores de la Universidad de Salamanca - Spain Film Commission","og_description":"En esta p\u00e1gina encontrar\u00e1s una peque\u00f1a descripci\u00f3n, m\u00e1genes e informaci\u00f3n relevante para que te hagas una idea de c\u00f3mo es rodar en Patio de Escuelas Menores de la Universidad de Salamanca","og_url":"https:\/\/spainfilmcommission.com\/en\/ai-locations\/patio-de-escuelas-menores-de-la-universidad-de-salamanca\/","og_site_name":"Spain Film Commission","article_modified_time":"2025-04-21T12:41:52+00:00","twitter_card":"summary_large_image","schema":{"@context":"https:\/\/schema.org","@graph":[{"@type":"WebPage","@id":"https:\/\/spainfilmcommission.com\/en\/ai-locations\/patio-de-escuelas-menores-de-la-universidad-de-salamanca\/","url":"https:\/\/spainfilmcommission.com\/en\/ai-locations\/patio-de-escuelas-menores-de-la-universidad-de-salamanca\/","name":"Rodar en Patio de Escuelas Menores de la Universidad de Salamanca - Spain Film Commission","isPartOf":{"@id":"https:\/\/spainfilmcommission.com\/en\/#website"},"datePublished":"2025-02-27T16:23:32+00:00","dateModified":"2025-04-21T12:41:52+00:00","description":"En esta p\u00e1gina encontrar\u00e1s una peque\u00f1a descripci\u00f3n, m\u00e1genes e informaci\u00f3n relevante para que te hagas una idea de c\u00f3mo es rodar en Patio de Escuelas Menores de la Universidad de Salamanca","breadcrumb":{"@id":"https:\/\/spainfilmcommission.com\/en\/ai-locations\/patio-de-escuelas-menores-de-la-universidad-de-salamanca\/#breadcrumb"},"inLanguage":"en-US","potentialAction":[{"@type":"ReadAction","target":["https:\/\/spainfilmcommission.com\/en\/ai-locations\/patio-de-escuelas-menores-de-la-universidad-de-salamanca\/"]}]},{"@type":"BreadcrumbList","@id":"https:\/\/spainfilmcommission.com\/en\/ai-locations\/patio-de-escuelas-menores-de-la-universidad-de-salamanca\/#breadcrumb","itemListElement":[{"@type":"ListItem","position":1,"name":"Portada","item":"https:\/\/spainfilmcommission.com\/en\/"},{"@type":"ListItem","position":2,"name":"Patio de Escuelas Menores de la Universidad de Salamanca"}]},{"@type":"WebSite","@id":"https:\/\/spainfilmcommission.com\/en\/#website","url":"https:\/\/spainfilmcommission.com\/en\/","name":"Spain Film Commission","description":"","publisher":{"@id":"https:\/\/spainfilmcommission.com\/en\/#organization"},"potentialAction":[{"@type":"SearchAction","target":{"@type":"EntryPoint","urlTemplate":"https:\/\/spainfilmcommission.com\/en\/?s={search_term_string}"},"query-input":{"@type":"PropertyValueSpecification","valueRequired":true,"valueName":"search_term_string"}}],"inLanguage":"en-US"},{"@type":"Organization","@id":"https:\/\/spainfilmcommission.com\/en\/#organization","name":"Spain Film Commission","url":"https:\/\/spainfilmcommission.com\/en\/","logo":{"@type":"ImageObject","inLanguage":"en-US","@id":"https:\/\/spainfilmcommission.com\/en\/#\/schema\/logo\/image\/","url":"https:\/\/spainfilmcommission.com\/wp-content\/uploads\/2024\/07\/SPC_COLOR.png","contentUrl":"https:\/\/spainfilmcommission.com\/wp-content\/uploads\/2024\/07\/SPC_COLOR.png","width":1665,"height":1665,"caption":"Spain Film Commission"},"image":{"@id":"https:\/\/spainfilmcommission.com\/en\/#\/schema\/logo\/image\/"}}]}},"socio":[{"ID":"37","user_login":"salamanca-film-commission","user_nicename":"salamanca-film-commission","display_name":"salamanca-film-commission","user_pass":"****************","user_email":"sfc@salamancafilmcommission.com","user_url":"","user_registered":"2024-12-19 16:38:43","id":37}],"nombrees":"Patio de Escuelas Menores de la Universidad de Salamanca","nombreen":"Patio de Escuelas Menores de la Universidad de Salamanca","localidad":"Salamanca","provincia":"Salamanca","coordenadas_maps":"40.9616, -5.66755","latitud":"40.961600000000","longitud":"-5.667550000000","direcciones":"Plaza Patio de Escuelas Menores","direccionen":"Plaza Patio de Escuelas Menores","cod_postal":"37008","telefono":"","fax":"","mail":"","web":"http:\/\/www.salamancaturistica.com\/salamanca\/monumentos_escuelasmenores.php","descripciones":"Es uno de los monumentos m\u00e1s t\u00edpicamente salmantinos. Esta bella construcci\u00f3n en Castilla y Le\u00f3n hereda en su fachada el estilo de la fachada de la Universidad, dos arcos de medio punto sobre una columna gran\u00edtica, en las enjuntas hermosas tallas de divinidades. Encima se dispone un cuerpo tripartito, en el centro del cual se encuentran el escudo imperial con el \u00e1guila bic\u00e9fala. Traspasando la portada se encuentra un zagu\u00e1n, en parte a cielo abierto y en parte con b\u00f3veda g\u00f3tica","descripcionen":"It is one of Salamanca\u2019s most typical monuments. The facade\u00b4s style of this beautiful building in Castile and Leon is indebted to the University\u2019s fa\u00e7ade, as can be seen in its two arches supported by a granite column, as well as in the spandrels\u2019 beautiful carvings. The arches support a tripartite body, in the center of which we find the shield with the double-headed imperial eagle. Crossing the threshold we arrive to a hall, which is partly open and partly covered by a Gothic vault.","galeria":[{"ID":"30423","post_author":"2","post_date":"2025-03-08 13:28:10","post_date_gmt":"2025-03-08 12:28:10","post_content":"","post_title":"patio-de-escuelas-menores-de-la-universidad-de-salamanca_73_1","post_excerpt":"","post_status":"inherit","comment_status":"closed","ping_status":"closed","post_password":"","post_name":"patio-de-escuelas-menores-de-la-universidad-de-salamanca_73_1","to_ping":"","pinged":"","post_modified":"2025-04-21 14:41:52","post_modified_gmt":"2025-04-21 12:41:52","post_content_filtered":"","post_parent":"11164","guid":"https:\/\/spainfilmcommission.com\/wp-content\/uploads\/2025\/03\/patio-de-escuelas-menores-de-la-universidad-de-salamanca_73_1.jpg","menu_order":"0","post_type":"attachment","post_mime_type":"image\/jpeg","comment_count":"0","pod_item_id":"30423"},{"ID":"30425","post_author":"2","post_date":"2025-03-08 13:28:12","post_date_gmt":"2025-03-08 12:28:12","post_content":"","post_title":"patio-de-escuelas-menores-de-la-universidad-de-salamanca_73_2","post_excerpt":"","post_status":"inherit","comment_status":"closed","ping_status":"closed","post_password":"","post_name":"patio-de-escuelas-menores-de-la-universidad-de-salamanca_73_2","to_ping":"","pinged":"","post_modified":"2025-04-21 14:41:52","post_modified_gmt":"2025-04-21 12:41:52","post_content_filtered":"","post_parent":"11164","guid":"https:\/\/spainfilmcommission.com\/wp-content\/uploads\/2025\/03\/patio-de-escuelas-menores-de-la-universidad-de-salamanca_73_2.jpg","menu_order":"0","post_type":"attachment","post_mime_type":"image\/jpeg","comment_count":"0","pod_item_id":"30425"},{"ID":"30427","post_author":"2","post_date":"2025-03-08 13:28:14","post_date_gmt":"2025-03-08 12:28:14","post_content":"","post_title":"patio-de-escuelas-menores-de-la-universidad-de-salamanca_73_3","post_excerpt":"","post_status":"inherit","comment_status":"closed","ping_status":"closed","post_password":"","post_name":"patio-de-escuelas-menores-de-la-universidad-de-salamanca_73_3","to_ping":"","pinged":"","post_modified":"2025-04-21 14:41:52","post_modified_gmt":"2025-04-21 12:41:52","post_content_filtered":"","post_parent":"11164","guid":"https:\/\/spainfilmcommission.com\/wp-content\/uploads\/2025\/03\/patio-de-escuelas-menores-de-la-universidad-de-salamanca_73_3.jpg","menu_order":"0","post_type":"attachment","post_mime_type":"image\/jpeg","comment_count":"0","pod_item_id":"30427"},{"ID":"30429","post_author":"2","post_date":"2025-03-08 13:28:16","post_date_gmt":"2025-03-08 12:28:16","post_content":"","post_title":"patio-de-escuelas-menores-de-la-universidad-de-salamanca_73_4","post_excerpt":"","post_status":"inherit","comment_status":"closed","ping_status":"closed","post_password":"","post_name":"patio-de-escuelas-menores-de-la-universidad-de-salamanca_73_4","to_ping":"","pinged":"","post_modified":"2025-04-21 14:41:52","post_modified_gmt":"2025-04-21 12:41:52","post_content_filtered":"","post_parent":"11164","guid":"https:\/\/spainfilmcommission.com\/wp-content\/uploads\/2025\/03\/patio-de-escuelas-menores-de-la-universidad-de-salamanca_73_4.jpg","menu_order":"0","post_type":"attachment","post_mime_type":"image\/jpeg","comment_count":"0","pod_item_id":"30429"},{"ID":"30431","post_author":"2","post_date":"2025-03-08 13:28:19","post_date_gmt":"2025-03-08 12:28:19","post_content":"","post_title":"patio-de-escuelas-menores-de-la-universidad-de-salamanca_73_5","post_excerpt":"","post_status":"inherit","comment_status":"closed","ping_status":"closed","post_password":"","post_name":"patio-de-escuelas-menores-de-la-universidad-de-salamanca_73_5","to_ping":"","pinged":"","post_modified":"2025-04-21 14:41:52","post_modified_gmt":"2025-04-21 12:41:52","post_content_filtered":"","post_parent":"11164","guid":"https:\/\/spainfilmcommission.com\/wp-content\/uploads\/2025\/03\/patio-de-escuelas-menores-de-la-universidad-de-salamanca_73_5.jpg","menu_order":"0","post_type":"attachment","post_mime_type":"image\/jpeg","comment_count":"0","pod_item_id":"30431"},{"ID":"30433","post_author":"2","post_date":"2025-03-08 13:28:21","post_date_gmt":"2025-03-08 12:28:21","post_content":"","post_title":"patio-de-escuelas-menores-de-la-universidad-de-salamanca_73_6","post_excerpt":"","post_status":"inherit","comment_status":"closed","ping_status":"closed","post_password":"","post_name":"patio-de-escuelas-menores-de-la-universidad-de-salamanca_73_6","to_ping":"","pinged":"","post_modified":"2025-04-21 14:41:52","post_modified_gmt":"2025-04-21 12:41:52","post_content_filtered":"","post_parent":"11164","guid":"https:\/\/spainfilmcommission.com\/wp-content\/uploads\/2025\/03\/patio-de-escuelas-menores-de-la-universidad-de-salamanca_73_6.jpg","menu_order":"0","post_type":"attachment","post_mime_type":"image\/jpeg","comment_count":"0","pod_item_id":"30433"},{"ID":"30435","post_author":"2","post_date":"2025-03-08 13:28:23","post_date_gmt":"2025-03-08 12:28:23","post_content":"","post_title":"patio-de-escuelas-menores-de-la-universidad-de-salamanca_73_7","post_excerpt":"","post_status":"inherit","comment_status":"closed","ping_status":"closed","post_password":"","post_name":"patio-de-escuelas-menores-de-la-universidad-de-salamanca_73_7","to_ping":"","pinged":"","post_modified":"2025-04-21 14:41:52","post_modified_gmt":"2025-04-21 12:41:52","post_content_filtered":"","post_parent":"11164","guid":"https:\/\/spainfilmcommission.com\/wp-content\/uploads\/2025\/03\/patio-de-escuelas-menores-de-la-universidad-de-salamanca_73_7.jpg","menu_order":"0","post_type":"attachment","post_mime_type":"image\/jpeg","comment_count":"0","pod_item_id":"30435"},{"ID":"30437","post_author":"2","post_date":"2025-03-08 13:28:27","post_date_gmt":"2025-03-08 12:28:27","post_content":"","post_title":"patio-de-escuelas-menores-de-la-universidad-de-salamanca_73_8","post_excerpt":"","post_status":"inherit","comment_status":"closed","ping_status":"closed","post_password":"","post_name":"patio-de-escuelas-menores-de-la-universidad-de-salamanca_73_8","to_ping":"","pinged":"","post_modified":"2025-04-21 14:41:52","post_modified_gmt":"2025-04-21 12:41:52","post_content_filtered":"","post_parent":"11164","guid":"https:\/\/spainfilmcommission.com\/wp-content\/uploads\/2025\/03\/patio-de-escuelas-menores-de-la-universidad-de-salamanca_73_8.jpg","menu_order":"0","post_type":"attachment","post_mime_type":"image\/jpeg","comment_count":"0","pod_item_id":"30437"},{"ID":"30439","post_author":"2","post_date":"2025-03-08 13:28:29","post_date_gmt":"2025-03-08 12:28:29","post_content":"","post_title":"patio-de-escuelas-menores-de-la-universidad-de-salamanca_73_9","post_excerpt":"","post_status":"inherit","comment_status":"closed","ping_status":"closed","post_password":"","post_name":"patio-de-escuelas-menores-de-la-universidad-de-salamanca_73_9","to_ping":"","pinged":"","post_modified":"2025-04-21 14:41:52","post_modified_gmt":"2025-04-21 12:41:52","post_content_filtered":"","post_parent":"11164","guid":"https:\/\/spainfilmcommission.com\/wp-content\/uploads\/2025\/03\/patio-de-escuelas-menores-de-la-universidad-de-salamanca_73_9.jpg","menu_order":"0","post_type":"attachment","post_mime_type":"image\/jpeg","comment_count":"0","pod_item_id":"30439"},{"ID":"30441","post_author":"2","post_date":"2025-03-08 13:28:31","post_date_gmt":"2025-03-08 12:28:31","post_content":"","post_title":"patio-de-escuelas-menores-de-la-universidad-de-salamanca_73_10","post_excerpt":"","post_status":"inherit","comment_status":"closed","ping_status":"closed","post_password":"","post_name":"patio-de-escuelas-menores-de-la-universidad-de-salamanca_73_10","to_ping":"","pinged":"","post_modified":"2025-04-21 14:41:52","post_modified_gmt":"2025-04-21 12:41:52","post_content_filtered":"","post_parent":"11164","guid":"https:\/\/spainfilmcommission.com\/wp-content\/uploads\/2025\/03\/patio-de-escuelas-menores-de-la-universidad-de-salamanca_73_10.jpg","menu_order":"0","post_type":"attachment","post_mime_type":"image\/jpeg","comment_count":"0","pod_item_id":"30441"},{"ID":"30443","post_author":"2","post_date":"2025-03-08 13:28:34","post_date_gmt":"2025-03-08 12:28:34","post_content":"","post_title":"patio-de-escuelas-menores-de-la-universidad-de-salamanca_73_11","post_excerpt":"","post_status":"inherit","comment_status":"closed","ping_status":"closed","post_password":"","post_name":"patio-de-escuelas-menores-de-la-universidad-de-salamanca_73_11","to_ping":"","pinged":"","post_modified":"2025-04-21 14:41:52","post_modified_gmt":"2025-04-21 12:41:52","post_content_filtered":"","post_parent":"11164","guid":"https:\/\/spainfilmcommission.com\/wp-content\/uploads\/2025\/03\/patio-de-escuelas-menores-de-la-universidad-de-salamanca_73_11.jpg","menu_order":"0","post_type":"attachment","post_mime_type":"image\/jpeg","comment_count":"0","pod_item_id":"30443"},{"ID":"30445","post_author":"2","post_date":"2025-03-08 13:28:36","post_date_gmt":"2025-03-08 12:28:36","post_content":"","post_title":"patio-de-escuelas-menores-de-la-universidad-de-salamanca_73_12","post_excerpt":"","post_status":"inherit","comment_status":"closed","ping_status":"closed","post_password":"","post_name":"patio-de-escuelas-menores-de-la-universidad-de-salamanca_73_12","to_ping":"","pinged":"","post_modified":"2025-04-21 14:41:52","post_modified_gmt":"2025-04-21 12:41:52","post_content_filtered":"","post_parent":"11164","guid":"https:\/\/spainfilmcommission.com\/wp-content\/uploads\/2025\/03\/patio-de-escuelas-menores-de-la-universidad-de-salamanca_73_12.jpg","menu_order":"0","post_type":"attachment","post_mime_type":"image\/jpeg","comment_count":"0","pod_item_id":"30445"}],"nombrepaginaes":"patio-de-escuelas-menores-de-la-universidad-de-salamanca","nombrepaginaen":"patio-de-escuelas-menores-de-la-universidad-de-salamanca","latitud_gps":"40\u00b057'41.8","longitud_gps":"5\u00b040'04.8","adicionaleses":"","adicionalesen":"","videoes":"https:\/\/www.youtube.com\/watch?v=QXYq0aSS4w0","videoen":"","video2es":"","video2en":"","_links":{"self":[{"href":"https:\/\/spainfilmcommission.com\/en\/wp-json\/wp\/v2\/localizaciones\/localizacion\/11164","targetHints":{"allow":["GET"]}}],"collection":[{"href":"https:\/\/spainfilmcommission.com\/en\/wp-json\/wp\/v2\/localizaciones\/localizacion"}],"about":[{"href":"https:\/\/spainfilmcommission.com\/en\/wp-json\/wp\/v2\/types\/localizacion"}],"author":[{"embeddable":true,"href":"https:\/\/spainfilmcommission.com\/en\/wp-json\/wp\/v2\/users\/2"}],"wp:attachment":[{"href":"https:\/\/spainfilmcommission.com\/en\/wp-json\/wp\/v2\/media?parent=11164"}],"curies":[{"name":"wp","href":"https:\/\/api.w.org\/{rel}","templated":true}]}}