{"id":11153,"date":"2025-02-27T17:22:17","date_gmt":"2025-02-27T16:22:17","guid":{"rendered":"https:\/\/spainfilmcommission.com\/?post_type=localizacion&#038;p=11153"},"modified":"2025-04-22T08:22:02","modified_gmt":"2025-04-22T06:22:02","slug":"catedral-de-salamanca","status":"publish","type":"localizacion","link":"https:\/\/spainfilmcommission.com\/en\/ai-locations\/catedral-de-salamanca\/","title":{"rendered":"Catedral de Salamanca"},"content":{"rendered":"","protected":false},"author":2,"template":"","meta":[],"class_list":["post-11153","localizacion","type-localizacion","status-publish","hentry"],"yoast_head":"<!-- This site is optimized with the Yoast SEO plugin v28.3 - https:\/\/yoast.com\/product\/yoast-seo-wordpress\/ -->\n<title>Rodar en Catedral de Salamanca - Spain Film Commission<\/title>\n<meta name=\"description\" content=\"En esta p\u00e1gina encontrar\u00e1s una peque\u00f1a descripci\u00f3n, m\u00e1genes e informaci\u00f3n relevante para que te hagas una idea de c\u00f3mo es rodar en Catedral de Salamanca\" \/>\n<meta name=\"robots\" content=\"index, follow, max-snippet:-1, max-image-preview:large, max-video-preview:-1\" \/>\n<link rel=\"canonical\" href=\"https:\/\/spainfilmcommission.com\/en\/ai-locations\/catedral-de-salamanca\/\" \/>\n<meta property=\"og:locale\" content=\"en_US\" \/>\n<meta property=\"og:type\" content=\"article\" \/>\n<meta property=\"og:title\" content=\"Rodar en Catedral de Salamanca - Spain Film Commission\" \/>\n<meta property=\"og:description\" content=\"En esta p\u00e1gina encontrar\u00e1s una peque\u00f1a descripci\u00f3n, m\u00e1genes e informaci\u00f3n relevante para que te hagas una idea de c\u00f3mo es rodar en Catedral de Salamanca\" \/>\n<meta property=\"og:url\" content=\"https:\/\/spainfilmcommission.com\/en\/ai-locations\/catedral-de-salamanca\/\" \/>\n<meta property=\"og:site_name\" content=\"Spain Film Commission\" \/>\n<meta property=\"article:modified_time\" content=\"2025-04-22T06:22:02+00:00\" \/>\n<meta name=\"twitter:card\" content=\"summary_large_image\" \/>\n<script type=\"application\/ld+json\" class=\"yoast-schema-graph\">{\"@context\":\"https:\\\/\\\/schema.org\",\"@graph\":[{\"@type\":\"WebPage\",\"@id\":\"https:\\\/\\\/spainfilmcommission.com\\\/en\\\/ai-locations\\\/catedral-de-salamanca\\\/\",\"url\":\"https:\\\/\\\/spainfilmcommission.com\\\/en\\\/ai-locations\\\/catedral-de-salamanca\\\/\",\"name\":\"Rodar en Catedral de Salamanca - Spain Film Commission\",\"isPartOf\":{\"@id\":\"https:\\\/\\\/spainfilmcommission.com\\\/en\\\/#website\"},\"datePublished\":\"2025-02-27T16:22:17+00:00\",\"dateModified\":\"2025-04-22T06:22:02+00:00\",\"description\":\"En esta p\u00e1gina encontrar\u00e1s una peque\u00f1a descripci\u00f3n, m\u00e1genes e informaci\u00f3n relevante para que te hagas una idea de c\u00f3mo es rodar en Catedral de Salamanca\",\"breadcrumb\":{\"@id\":\"https:\\\/\\\/spainfilmcommission.com\\\/en\\\/ai-locations\\\/catedral-de-salamanca\\\/#breadcrumb\"},\"inLanguage\":\"en-US\",\"potentialAction\":[{\"@type\":\"ReadAction\",\"target\":[\"https:\\\/\\\/spainfilmcommission.com\\\/en\\\/ai-locations\\\/catedral-de-salamanca\\\/\"]}]},{\"@type\":\"BreadcrumbList\",\"@id\":\"https:\\\/\\\/spainfilmcommission.com\\\/en\\\/ai-locations\\\/catedral-de-salamanca\\\/#breadcrumb\",\"itemListElement\":[{\"@type\":\"ListItem\",\"position\":1,\"name\":\"Portada\",\"item\":\"https:\\\/\\\/spainfilmcommission.com\\\/en\\\/\"},{\"@type\":\"ListItem\",\"position\":2,\"name\":\"Catedral de Salamanca\"}]},{\"@type\":\"WebSite\",\"@id\":\"https:\\\/\\\/spainfilmcommission.com\\\/en\\\/#website\",\"url\":\"https:\\\/\\\/spainfilmcommission.com\\\/en\\\/\",\"name\":\"Spain Film Commission\",\"description\":\"\",\"publisher\":{\"@id\":\"https:\\\/\\\/spainfilmcommission.com\\\/en\\\/#organization\"},\"potentialAction\":[{\"@type\":\"SearchAction\",\"target\":{\"@type\":\"EntryPoint\",\"urlTemplate\":\"https:\\\/\\\/spainfilmcommission.com\\\/en\\\/?s={search_term_string}\"},\"query-input\":{\"@type\":\"PropertyValueSpecification\",\"valueRequired\":true,\"valueName\":\"search_term_string\"}}],\"inLanguage\":\"en-US\"},{\"@type\":\"Organization\",\"@id\":\"https:\\\/\\\/spainfilmcommission.com\\\/en\\\/#organization\",\"name\":\"Spain Film Commission\",\"url\":\"https:\\\/\\\/spainfilmcommission.com\\\/en\\\/\",\"logo\":{\"@type\":\"ImageObject\",\"inLanguage\":\"en-US\",\"@id\":\"https:\\\/\\\/spainfilmcommission.com\\\/en\\\/#\\\/schema\\\/logo\\\/image\\\/\",\"url\":\"https:\\\/\\\/spainfilmcommission.com\\\/wp-content\\\/uploads\\\/2024\\\/07\\\/SPC_COLOR.png\",\"contentUrl\":\"https:\\\/\\\/spainfilmcommission.com\\\/wp-content\\\/uploads\\\/2024\\\/07\\\/SPC_COLOR.png\",\"width\":1665,\"height\":1665,\"caption\":\"Spain Film Commission\"},\"image\":{\"@id\":\"https:\\\/\\\/spainfilmcommission.com\\\/en\\\/#\\\/schema\\\/logo\\\/image\\\/\"}}]}<\/script>\n<!-- \/ Yoast SEO plugin. -->","yoast_head_json":{"title":"Rodar en Catedral de Salamanca - Spain Film Commission","description":"En esta p\u00e1gina encontrar\u00e1s una peque\u00f1a descripci\u00f3n, m\u00e1genes e informaci\u00f3n relevante para que te hagas una idea de c\u00f3mo es rodar en Catedral de Salamanca","robots":{"index":"index","follow":"follow","max-snippet":"max-snippet:-1","max-image-preview":"max-image-preview:large","max-video-preview":"max-video-preview:-1"},"canonical":"https:\/\/spainfilmcommission.com\/en\/ai-locations\/catedral-de-salamanca\/","og_locale":"en_US","og_type":"article","og_title":"Rodar en Catedral de Salamanca - Spain Film Commission","og_description":"En esta p\u00e1gina encontrar\u00e1s una peque\u00f1a descripci\u00f3n, m\u00e1genes e informaci\u00f3n relevante para que te hagas una idea de c\u00f3mo es rodar en Catedral de Salamanca","og_url":"https:\/\/spainfilmcommission.com\/en\/ai-locations\/catedral-de-salamanca\/","og_site_name":"Spain Film Commission","article_modified_time":"2025-04-22T06:22:02+00:00","twitter_card":"summary_large_image","schema":{"@context":"https:\/\/schema.org","@graph":[{"@type":"WebPage","@id":"https:\/\/spainfilmcommission.com\/en\/ai-locations\/catedral-de-salamanca\/","url":"https:\/\/spainfilmcommission.com\/en\/ai-locations\/catedral-de-salamanca\/","name":"Rodar en Catedral de Salamanca - Spain Film Commission","isPartOf":{"@id":"https:\/\/spainfilmcommission.com\/en\/#website"},"datePublished":"2025-02-27T16:22:17+00:00","dateModified":"2025-04-22T06:22:02+00:00","description":"En esta p\u00e1gina encontrar\u00e1s una peque\u00f1a descripci\u00f3n, m\u00e1genes e informaci\u00f3n relevante para que te hagas una idea de c\u00f3mo es rodar en Catedral de Salamanca","breadcrumb":{"@id":"https:\/\/spainfilmcommission.com\/en\/ai-locations\/catedral-de-salamanca\/#breadcrumb"},"inLanguage":"en-US","potentialAction":[{"@type":"ReadAction","target":["https:\/\/spainfilmcommission.com\/en\/ai-locations\/catedral-de-salamanca\/"]}]},{"@type":"BreadcrumbList","@id":"https:\/\/spainfilmcommission.com\/en\/ai-locations\/catedral-de-salamanca\/#breadcrumb","itemListElement":[{"@type":"ListItem","position":1,"name":"Portada","item":"https:\/\/spainfilmcommission.com\/en\/"},{"@type":"ListItem","position":2,"name":"Catedral de Salamanca"}]},{"@type":"WebSite","@id":"https:\/\/spainfilmcommission.com\/en\/#website","url":"https:\/\/spainfilmcommission.com\/en\/","name":"Spain Film Commission","description":"","publisher":{"@id":"https:\/\/spainfilmcommission.com\/en\/#organization"},"potentialAction":[{"@type":"SearchAction","target":{"@type":"EntryPoint","urlTemplate":"https:\/\/spainfilmcommission.com\/en\/?s={search_term_string}"},"query-input":{"@type":"PropertyValueSpecification","valueRequired":true,"valueName":"search_term_string"}}],"inLanguage":"en-US"},{"@type":"Organization","@id":"https:\/\/spainfilmcommission.com\/en\/#organization","name":"Spain Film Commission","url":"https:\/\/spainfilmcommission.com\/en\/","logo":{"@type":"ImageObject","inLanguage":"en-US","@id":"https:\/\/spainfilmcommission.com\/en\/#\/schema\/logo\/image\/","url":"https:\/\/spainfilmcommission.com\/wp-content\/uploads\/2024\/07\/SPC_COLOR.png","contentUrl":"https:\/\/spainfilmcommission.com\/wp-content\/uploads\/2024\/07\/SPC_COLOR.png","width":1665,"height":1665,"caption":"Spain Film Commission"},"image":{"@id":"https:\/\/spainfilmcommission.com\/en\/#\/schema\/logo\/image\/"}}]}},"socio":[{"ID":"37","user_login":"salamanca-film-commission","user_nicename":"salamanca-film-commission","display_name":"salamanca-film-commission","user_pass":"****************","user_email":"sfc@salamancafilmcommission.com","user_url":"","user_registered":"2024-12-19 16:38:43","id":37}],"nombrees":"Catedral de Salamanca","nombreen":"Catedral de Salamanca","localidad":"Saalamanca","provincia":"Salamanca","coordenadas_maps":"40.9608, -5.66592","latitud":"40.960800000000","longitud":"-5.665920000000","direcciones":"Plaza de Anaya","direccionen":"Plaza de Anaya","cod_postal":"37008","telefono":"","fax":"","mail":"","web":"http:\/\/catedralsalamanca.org\/","descripciones":"Salamanca es una de las pocas ciudades espa\u00f1olas que tiene dos catedrales: una rom\u00e1nica y otra g\u00f3tica. La primera, conocida como la \u201ccatedral vieja\u201d fue levantada entre los siglos XII y XIII. Es uno de los m\u00e1s hermosos monumentos rom\u00e1nicos de Europa. Destaca especialmente el retablo mayor del siglo XV y la puerta principal o \u201cdel perd\u00f3n\u201d, fue cubierta por otra barroca en 1680. La grandiosidad de la catedral de Salamanca (Castilla y Le\u00f3n) queda reforzada por los anchos pilares y la c\u00fapula barroca que se alza a 80 metros de altura. De la Catedral Nueva destaca especialmente la fachada principal decorada con motivos ornamentales y figuras diversas.","descripcionen":"Salamanca is one of the few Spanish cities that have two cathedrals: one Romanesque and the other Gothic. The former, known as the \"Old Cathedral\" was built between the 12th and 13th centuries, is one of the most beautiful Romanesque monuments in Europe. One of its highlights is the 15th century altarpiece and the main entrance, or as it is commonly known \"the door of forgiveness,\" which was later covered by a Baroque door in 1680, but two 13th century images depicting the Annunciation still can be seen in the hall. The grandeur of this cathedral in Castile and Leon is stressed by the wide pillars and Baroque dome rising 80 meters high. One if the new cathedral\u2019s highlights is the main facade decorated with ornamental motifs.","galeria":[{"ID":"13717","post_author":"2","post_date":"2025-03-07 22:50:56","post_date_gmt":"2025-03-07 21:50:56","post_content":"","post_title":"catedral-de-salamanca_59_1","post_excerpt":"","post_status":"inherit","comment_status":"closed","ping_status":"closed","post_password":"","post_name":"catedral-de-salamanca_59_1","to_ping":"","pinged":"","post_modified":"2025-04-22 08:22:02","post_modified_gmt":"2025-04-22 06:22:02","post_content_filtered":"","post_parent":"11153","guid":"https:\/\/spainfilmcommission.com\/wp-content\/uploads\/2025\/03\/catedral-de-salamanca_59_1.jpg","menu_order":"0","post_type":"attachment","post_mime_type":"image\/jpeg","comment_count":"0","pod_item_id":"13717"},{"ID":"13719","post_author":"2","post_date":"2025-03-07 22:50:58","post_date_gmt":"2025-03-07 21:50:58","post_content":"","post_title":"catedral-de-salamanca_59_2","post_excerpt":"","post_status":"inherit","comment_status":"closed","ping_status":"closed","post_password":"","post_name":"catedral-de-salamanca_59_2","to_ping":"","pinged":"","post_modified":"2025-04-22 08:22:02","post_modified_gmt":"2025-04-22 06:22:02","post_content_filtered":"","post_parent":"11153","guid":"https:\/\/spainfilmcommission.com\/wp-content\/uploads\/2025\/03\/catedral-de-salamanca_59_2.jpg","menu_order":"0","post_type":"attachment","post_mime_type":"image\/jpeg","comment_count":"0","pod_item_id":"13719"},{"ID":"13721","post_author":"2","post_date":"2025-03-07 22:51:00","post_date_gmt":"2025-03-07 21:51:00","post_content":"","post_title":"catedral-de-salamanca_59_3","post_excerpt":"","post_status":"inherit","comment_status":"closed","ping_status":"closed","post_password":"","post_name":"catedral-de-salamanca_59_3","to_ping":"","pinged":"","post_modified":"2025-04-22 08:22:02","post_modified_gmt":"2025-04-22 06:22:02","post_content_filtered":"","post_parent":"11153","guid":"https:\/\/spainfilmcommission.com\/wp-content\/uploads\/2025\/03\/catedral-de-salamanca_59_3.jpg","menu_order":"0","post_type":"attachment","post_mime_type":"image\/jpeg","comment_count":"0","pod_item_id":"13721"},{"ID":"13723","post_author":"2","post_date":"2025-03-07 22:51:02","post_date_gmt":"2025-03-07 21:51:02","post_content":"","post_title":"catedral-de-salamanca_59_4","post_excerpt":"","post_status":"inherit","comment_status":"closed","ping_status":"closed","post_password":"","post_name":"catedral-de-salamanca_59_4","to_ping":"","pinged":"","post_modified":"2025-04-22 08:22:02","post_modified_gmt":"2025-04-22 06:22:02","post_content_filtered":"","post_parent":"11153","guid":"https:\/\/spainfilmcommission.com\/wp-content\/uploads\/2025\/03\/catedral-de-salamanca_59_4.jpg","menu_order":"0","post_type":"attachment","post_mime_type":"image\/jpeg","comment_count":"0","pod_item_id":"13723"},{"ID":"13725","post_author":"2","post_date":"2025-03-07 22:51:04","post_date_gmt":"2025-03-07 21:51:04","post_content":"","post_title":"catedral-de-salamanca_59_5","post_excerpt":"","post_status":"inherit","comment_status":"closed","ping_status":"closed","post_password":"","post_name":"catedral-de-salamanca_59_5","to_ping":"","pinged":"","post_modified":"2025-04-22 08:22:02","post_modified_gmt":"2025-04-22 06:22:02","post_content_filtered":"","post_parent":"11153","guid":"https:\/\/spainfilmcommission.com\/wp-content\/uploads\/2025\/03\/catedral-de-salamanca_59_5.jpg","menu_order":"0","post_type":"attachment","post_mime_type":"image\/jpeg","comment_count":"0","pod_item_id":"13725"},{"ID":"13727","post_author":"2","post_date":"2025-03-07 22:51:05","post_date_gmt":"2025-03-07 21:51:05","post_content":"","post_title":"catedral-de-salamanca_59_6","post_excerpt":"","post_status":"inherit","comment_status":"closed","ping_status":"closed","post_password":"","post_name":"catedral-de-salamanca_59_6","to_ping":"","pinged":"","post_modified":"2025-04-22 08:22:02","post_modified_gmt":"2025-04-22 06:22:02","post_content_filtered":"","post_parent":"11153","guid":"https:\/\/spainfilmcommission.com\/wp-content\/uploads\/2025\/03\/catedral-de-salamanca_59_6.jpg","menu_order":"0","post_type":"attachment","post_mime_type":"image\/jpeg","comment_count":"0","pod_item_id":"13727"},{"ID":"13729","post_author":"2","post_date":"2025-03-07 22:51:07","post_date_gmt":"2025-03-07 21:51:07","post_content":"","post_title":"catedral-de-salamanca_59_7","post_excerpt":"","post_status":"inherit","comment_status":"closed","ping_status":"closed","post_password":"","post_name":"catedral-de-salamanca_59_7","to_ping":"","pinged":"","post_modified":"2025-04-22 08:22:02","post_modified_gmt":"2025-04-22 06:22:02","post_content_filtered":"","post_parent":"11153","guid":"https:\/\/spainfilmcommission.com\/wp-content\/uploads\/2025\/03\/catedral-de-salamanca_59_7.jpg","menu_order":"0","post_type":"attachment","post_mime_type":"image\/jpeg","comment_count":"0","pod_item_id":"13729"},{"ID":"13731","post_author":"2","post_date":"2025-03-07 22:51:09","post_date_gmt":"2025-03-07 21:51:09","post_content":"","post_title":"catedral-de-salamanca_59_8","post_excerpt":"","post_status":"inherit","comment_status":"closed","ping_status":"closed","post_password":"","post_name":"catedral-de-salamanca_59_8","to_ping":"","pinged":"","post_modified":"2025-04-22 08:22:02","post_modified_gmt":"2025-04-22 06:22:02","post_content_filtered":"","post_parent":"11153","guid":"https:\/\/spainfilmcommission.com\/wp-content\/uploads\/2025\/03\/catedral-de-salamanca_59_8.jpg","menu_order":"0","post_type":"attachment","post_mime_type":"image\/jpeg","comment_count":"0","pod_item_id":"13731"}],"nombrepaginaes":"catedral-de-salamanca","nombrepaginaen":"catedral-de-salamanca","latitud_gps":"40\u00b057'39.8","longitud_gps":"5\u00b039'57.5","adicionaleses":"","adicionalesen":"","videoes":"https:\/\/www.youtube.com\/watch?v=IHhr1WyByls&t=3s","videoen":"https:\/\/www.spain.info\/es\/que-quieres\/arte\/monumentos\/salamanca\/catedrales_de_salamanca.html","video2es":"https:\/\/www.youtube.com\/watch?v=DHic4luWna8","video2en":"","_links":{"self":[{"href":"https:\/\/spainfilmcommission.com\/en\/wp-json\/wp\/v2\/localizaciones\/localizacion\/11153","targetHints":{"allow":["GET"]}}],"collection":[{"href":"https:\/\/spainfilmcommission.com\/en\/wp-json\/wp\/v2\/localizaciones\/localizacion"}],"about":[{"href":"https:\/\/spainfilmcommission.com\/en\/wp-json\/wp\/v2\/types\/localizacion"}],"author":[{"embeddable":true,"href":"https:\/\/spainfilmcommission.com\/en\/wp-json\/wp\/v2\/users\/2"}],"wp:attachment":[{"href":"https:\/\/spainfilmcommission.com\/en\/wp-json\/wp\/v2\/media?parent=11153"}],"curies":[{"name":"wp","href":"https:\/\/api.w.org\/{rel}","templated":true}]}}