{"id":11137,"date":"2025-02-27T17:22:17","date_gmt":"2025-02-27T16:22:17","guid":{"rendered":"https:\/\/spainfilmcommission.com\/?post_type=localizacion&p=11137"},"modified":"-0001-11-30T00:00:00","modified_gmt":"-0001-11-29T22:00:00","slug":"plaza-del-cardenal-belluga","status":"publish","type":"localizacion","link":"https:\/\/spainfilmcommission.com\/en\/ai-locations\/plaza-del-cardenal-belluga\/","title":{"rendered":"Plaza del Cardenal Belluga"},"content":{"rendered":"","protected":false},"author":2,"template":"","meta":[],"class_list":["post-11137","localizacion","type-localizacion","status-publish","hentry"],"yoast_head":"<!-- This site is optimized with the Yoast SEO plugin v28.3 - https:\/\/yoast.com\/product\/yoast-seo-wordpress\/ -->\n<title>Rodar en Plaza del Cardenal Belluga - Spain Film Commission<\/title>\n<meta name=\"description\" content=\"En esta p\u00e1gina encontrar\u00e1s una peque\u00f1a descripci\u00f3n, m\u00e1genes e informaci\u00f3n relevante para que te hagas una idea de c\u00f3mo es rodar en Plaza del Cardenal Belluga\" \/>\n<meta name=\"robots\" content=\"index, follow, max-snippet:-1, max-image-preview:large, max-video-preview:-1\" \/>\n<link rel=\"canonical\" href=\"https:\/\/spainfilmcommission.com\/en\/ai-locations\/plaza-del-cardenal-belluga\/\" \/>\n<meta property=\"og:locale\" content=\"en_US\" \/>\n<meta property=\"og:type\" content=\"article\" \/>\n<meta property=\"og:title\" content=\"Rodar en Plaza del Cardenal Belluga - Spain Film Commission\" \/>\n<meta property=\"og:description\" content=\"En esta p\u00e1gina encontrar\u00e1s una peque\u00f1a descripci\u00f3n, m\u00e1genes e informaci\u00f3n relevante para que te hagas una idea de c\u00f3mo es rodar en Plaza del Cardenal Belluga\" \/>\n<meta property=\"og:url\" content=\"https:\/\/spainfilmcommission.com\/en\/ai-locations\/plaza-del-cardenal-belluga\/\" \/>\n<meta property=\"og:site_name\" content=\"Spain Film Commission\" \/>\n<meta name=\"twitter:card\" content=\"summary_large_image\" \/>\n<script type=\"application\/ld+json\" class=\"yoast-schema-graph\">{\"@context\":\"https:\\\/\\\/schema.org\",\"@graph\":[{\"@type\":\"WebPage\",\"@id\":\"https:\\\/\\\/spainfilmcommission.com\\\/en\\\/ai-locations\\\/plaza-del-cardenal-belluga\\\/\",\"url\":\"https:\\\/\\\/spainfilmcommission.com\\\/en\\\/ai-locations\\\/plaza-del-cardenal-belluga\\\/\",\"name\":\"Rodar en Plaza del Cardenal Belluga - Spain Film Commission\",\"isPartOf\":{\"@id\":\"https:\\\/\\\/spainfilmcommission.com\\\/en\\\/#website\"},\"datePublished\":\"2025-02-27T16:22:17+00:00\",\"description\":\"En esta p\u00e1gina encontrar\u00e1s una peque\u00f1a descripci\u00f3n, m\u00e1genes e informaci\u00f3n relevante para que te hagas una idea de c\u00f3mo es rodar en Plaza del Cardenal Belluga\",\"breadcrumb\":{\"@id\":\"https:\\\/\\\/spainfilmcommission.com\\\/en\\\/ai-locations\\\/plaza-del-cardenal-belluga\\\/#breadcrumb\"},\"inLanguage\":\"en-US\",\"potentialAction\":[{\"@type\":\"ReadAction\",\"target\":[\"https:\\\/\\\/spainfilmcommission.com\\\/en\\\/ai-locations\\\/plaza-del-cardenal-belluga\\\/\"]}]},{\"@type\":\"BreadcrumbList\",\"@id\":\"https:\\\/\\\/spainfilmcommission.com\\\/en\\\/ai-locations\\\/plaza-del-cardenal-belluga\\\/#breadcrumb\",\"itemListElement\":[{\"@type\":\"ListItem\",\"position\":1,\"name\":\"Portada\",\"item\":\"https:\\\/\\\/spainfilmcommission.com\\\/en\\\/\"},{\"@type\":\"ListItem\",\"position\":2,\"name\":\"Plaza del Cardenal Belluga\"}]},{\"@type\":\"WebSite\",\"@id\":\"https:\\\/\\\/spainfilmcommission.com\\\/en\\\/#website\",\"url\":\"https:\\\/\\\/spainfilmcommission.com\\\/en\\\/\",\"name\":\"Spain Film Commission\",\"description\":\"\",\"publisher\":{\"@id\":\"https:\\\/\\\/spainfilmcommission.com\\\/en\\\/#organization\"},\"potentialAction\":[{\"@type\":\"SearchAction\",\"target\":{\"@type\":\"EntryPoint\",\"urlTemplate\":\"https:\\\/\\\/spainfilmcommission.com\\\/en\\\/?s={search_term_string}\"},\"query-input\":{\"@type\":\"PropertyValueSpecification\",\"valueRequired\":true,\"valueName\":\"search_term_string\"}}],\"inLanguage\":\"en-US\"},{\"@type\":\"Organization\",\"@id\":\"https:\\\/\\\/spainfilmcommission.com\\\/en\\\/#organization\",\"name\":\"Spain Film Commission\",\"url\":\"https:\\\/\\\/spainfilmcommission.com\\\/en\\\/\",\"logo\":{\"@type\":\"ImageObject\",\"inLanguage\":\"en-US\",\"@id\":\"https:\\\/\\\/spainfilmcommission.com\\\/en\\\/#\\\/schema\\\/logo\\\/image\\\/\",\"url\":\"https:\\\/\\\/spainfilmcommission.com\\\/wp-content\\\/uploads\\\/2024\\\/07\\\/SPC_COLOR.png\",\"contentUrl\":\"https:\\\/\\\/spainfilmcommission.com\\\/wp-content\\\/uploads\\\/2024\\\/07\\\/SPC_COLOR.png\",\"width\":1665,\"height\":1665,\"caption\":\"Spain Film Commission\"},\"image\":{\"@id\":\"https:\\\/\\\/spainfilmcommission.com\\\/en\\\/#\\\/schema\\\/logo\\\/image\\\/\"}}]}<\/script>\n<!-- \/ Yoast SEO plugin. -->","yoast_head_json":{"title":"Rodar en Plaza del Cardenal Belluga - Spain Film Commission","description":"En esta p\u00e1gina encontrar\u00e1s una peque\u00f1a descripci\u00f3n, m\u00e1genes e informaci\u00f3n relevante para que te hagas una idea de c\u00f3mo es rodar en Plaza del Cardenal Belluga","robots":{"index":"index","follow":"follow","max-snippet":"max-snippet:-1","max-image-preview":"max-image-preview:large","max-video-preview":"max-video-preview:-1"},"canonical":"https:\/\/spainfilmcommission.com\/en\/ai-locations\/plaza-del-cardenal-belluga\/","og_locale":"en_US","og_type":"article","og_title":"Rodar en Plaza del Cardenal Belluga - Spain Film Commission","og_description":"En esta p\u00e1gina encontrar\u00e1s una peque\u00f1a descripci\u00f3n, m\u00e1genes e informaci\u00f3n relevante para que te hagas una idea de c\u00f3mo es rodar en Plaza del Cardenal Belluga","og_url":"https:\/\/spainfilmcommission.com\/en\/ai-locations\/plaza-del-cardenal-belluga\/","og_site_name":"Spain Film Commission","twitter_card":"summary_large_image","schema":{"@context":"https:\/\/schema.org","@graph":[{"@type":"WebPage","@id":"https:\/\/spainfilmcommission.com\/en\/ai-locations\/plaza-del-cardenal-belluga\/","url":"https:\/\/spainfilmcommission.com\/en\/ai-locations\/plaza-del-cardenal-belluga\/","name":"Rodar en Plaza del Cardenal Belluga - Spain Film Commission","isPartOf":{"@id":"https:\/\/spainfilmcommission.com\/en\/#website"},"datePublished":"2025-02-27T16:22:17+00:00","description":"En esta p\u00e1gina encontrar\u00e1s una peque\u00f1a descripci\u00f3n, m\u00e1genes e informaci\u00f3n relevante para que te hagas una idea de c\u00f3mo es rodar en Plaza del Cardenal Belluga","breadcrumb":{"@id":"https:\/\/spainfilmcommission.com\/en\/ai-locations\/plaza-del-cardenal-belluga\/#breadcrumb"},"inLanguage":"en-US","potentialAction":[{"@type":"ReadAction","target":["https:\/\/spainfilmcommission.com\/en\/ai-locations\/plaza-del-cardenal-belluga\/"]}]},{"@type":"BreadcrumbList","@id":"https:\/\/spainfilmcommission.com\/en\/ai-locations\/plaza-del-cardenal-belluga\/#breadcrumb","itemListElement":[{"@type":"ListItem","position":1,"name":"Portada","item":"https:\/\/spainfilmcommission.com\/en\/"},{"@type":"ListItem","position":2,"name":"Plaza del Cardenal Belluga"}]},{"@type":"WebSite","@id":"https:\/\/spainfilmcommission.com\/en\/#website","url":"https:\/\/spainfilmcommission.com\/en\/","name":"Spain Film Commission","description":"","publisher":{"@id":"https:\/\/spainfilmcommission.com\/en\/#organization"},"potentialAction":[{"@type":"SearchAction","target":{"@type":"EntryPoint","urlTemplate":"https:\/\/spainfilmcommission.com\/en\/?s={search_term_string}"},"query-input":{"@type":"PropertyValueSpecification","valueRequired":true,"valueName":"search_term_string"}}],"inLanguage":"en-US"},{"@type":"Organization","@id":"https:\/\/spainfilmcommission.com\/en\/#organization","name":"Spain Film Commission","url":"https:\/\/spainfilmcommission.com\/en\/","logo":{"@type":"ImageObject","inLanguage":"en-US","@id":"https:\/\/spainfilmcommission.com\/en\/#\/schema\/logo\/image\/","url":"https:\/\/spainfilmcommission.com\/wp-content\/uploads\/2024\/07\/SPC_COLOR.png","contentUrl":"https:\/\/spainfilmcommission.com\/wp-content\/uploads\/2024\/07\/SPC_COLOR.png","width":1665,"height":1665,"caption":"Spain Film Commission"},"image":{"@id":"https:\/\/spainfilmcommission.com\/en\/#\/schema\/logo\/image\/"}}]}},"socio":false,"nombrees":"Plaza del Cardenal Belluga","nombreen":"Plaza del Cardenal Belluga","localidad":"Murcia","provincia":"Murcia","coordenadas_maps":"37.984, -1.12921","latitud":"37.984","longitud":"-1.12921","direcciones":"Plaza del Cardenal Belluga, Murcia","direccionen":"Plaza del Cardenal Belluga, Murcia","cod_postal":"30001","telefono":"+34 968 274110","fax":"","mail":"info@murciafilmoffice.es","web":"","descripciones":"La Plaza del Cardenal Belluga est\u00e1 situada en el centro hist\u00f3rico de la ciudad. En ella quedan representados el poder civil y religioso, ya que est\u00e1 presidida por los edificios del Palacio Episcopal, el Ayuntamiento de la ciudad y la Catedral. En esta plaza se unen el estilo Ecl\u00e9ctico y Modernista de algunas viviendas construidas en la primera mitad del siglo XX, y el estilo Contempor\u00e1neo del edificio nuevo del Ayuntamiento (Fuente: Regi\u00f3n de Murcia Digital)","descripcionen":"The Cardenal Belluga Square is located in the historic center of the city. There we find the presence of both civil and religious powers, in the shape the Bishop\u2019s Palace, the Town Hall, and the Cathedral. The architecture of the square mixes Eclectic and Modernist styles, as can be seen in some houses built in the first half of the 20th century, with more contemporary styles, as can be seen in the Town Hall\u2019s new building. (Source: Regi\u00f3n de Murcia Digital)","galeria":[{"ID":"31027","post_author":"2","post_date":"2025-03-08 13:41:41","post_date_gmt":"2025-03-08 12:41:41","post_content":"","post_title":"plaza-del-cardenal-belluga_32_1","post_excerpt":"","post_status":"inherit","comment_status":"","ping_status":"closed","post_password":"","post_name":"plaza-del-cardenal-belluga_32_1","to_ping":"","pinged":"","post_modified":"2025-03-08 13:41:41","post_modified_gmt":"2025-03-08 12:41:41","post_content_filtered":"","post_parent":"0","guid":"https:\/\/spainfilmcommission.com\/wp-content\/uploads\/2025\/03\/plaza-del-cardenal-belluga_32_1.jpg","menu_order":"0","post_type":"attachment","post_mime_type":"image\/jpeg","comment_count":"0","pod_item_id":"31027"},{"ID":"31029","post_author":"2","post_date":"2025-03-08 13:41:45","post_date_gmt":"2025-03-08 12:41:45","post_content":"","post_title":"plaza-del-cardenal-belluga_32_2","post_excerpt":"","post_status":"inherit","comment_status":"","ping_status":"closed","post_password":"","post_name":"plaza-del-cardenal-belluga_32_2","to_ping":"","pinged":"","post_modified":"2025-03-08 13:41:45","post_modified_gmt":"2025-03-08 12:41:45","post_content_filtered":"","post_parent":"0","guid":"https:\/\/spainfilmcommission.com\/wp-content\/uploads\/2025\/03\/plaza-del-cardenal-belluga_32_2.jpg","menu_order":"0","post_type":"attachment","post_mime_type":"image\/jpeg","comment_count":"0","pod_item_id":"31029"},{"ID":"31031","post_author":"2","post_date":"2025-03-08 13:41:47","post_date_gmt":"2025-03-08 12:41:47","post_content":"","post_title":"plaza-del-cardenal-belluga_32_3","post_excerpt":"","post_status":"inherit","comment_status":"","ping_status":"closed","post_password":"","post_name":"plaza-del-cardenal-belluga_32_3","to_ping":"","pinged":"","post_modified":"2025-03-08 13:41:47","post_modified_gmt":"2025-03-08 12:41:47","post_content_filtered":"","post_parent":"0","guid":"https:\/\/spainfilmcommission.com\/wp-content\/uploads\/2025\/03\/plaza-del-cardenal-belluga_32_3.jpg","menu_order":"0","post_type":"attachment","post_mime_type":"image\/jpeg","comment_count":"0","pod_item_id":"31031"},{"ID":"31033","post_author":"2","post_date":"2025-03-08 13:41:50","post_date_gmt":"2025-03-08 12:41:50","post_content":"","post_title":"plaza-del-cardenal-belluga_32_4","post_excerpt":"","post_status":"inherit","comment_status":"","ping_status":"closed","post_password":"","post_name":"plaza-del-cardenal-belluga_32_4","to_ping":"","pinged":"","post_modified":"2025-03-08 13:41:50","post_modified_gmt":"2025-03-08 12:41:50","post_content_filtered":"","post_parent":"0","guid":"https:\/\/spainfilmcommission.com\/wp-content\/uploads\/2025\/03\/plaza-del-cardenal-belluga_32_4.jpg","menu_order":"0","post_type":"attachment","post_mime_type":"image\/jpeg","comment_count":"0","pod_item_id":"31033"},{"ID":"31035","post_author":"2","post_date":"2025-03-08 13:41:52","post_date_gmt":"2025-03-08 12:41:52","post_content":"","post_title":"plaza-del-cardenal-belluga_32_5","post_excerpt":"","post_status":"inherit","comment_status":"","ping_status":"closed","post_password":"","post_name":"plaza-del-cardenal-belluga_32_5","to_ping":"","pinged":"","post_modified":"2025-03-08 13:41:52","post_modified_gmt":"2025-03-08 12:41:52","post_content_filtered":"","post_parent":"0","guid":"https:\/\/spainfilmcommission.com\/wp-content\/uploads\/2025\/03\/plaza-del-cardenal-belluga_32_5.jpg","menu_order":"0","post_type":"attachment","post_mime_type":"image\/jpeg","comment_count":"0","pod_item_id":"31035"},{"ID":"31037","post_author":"2","post_date":"2025-03-08 13:41:55","post_date_gmt":"2025-03-08 12:41:55","post_content":"","post_title":"plaza-del-cardenal-belluga_32_6","post_excerpt":"","post_status":"inherit","comment_status":"","ping_status":"closed","post_password":"","post_name":"plaza-del-cardenal-belluga_32_6","to_ping":"","pinged":"","post_modified":"2025-03-08 13:41:55","post_modified_gmt":"2025-03-08 12:41:55","post_content_filtered":"","post_parent":"0","guid":"https:\/\/spainfilmcommission.com\/wp-content\/uploads\/2025\/03\/plaza-del-cardenal-belluga_32_6.jpg","menu_order":"0","post_type":"attachment","post_mime_type":"image\/jpeg","comment_count":"0","pod_item_id":"31037"},{"ID":"31039","post_author":"2","post_date":"2025-03-08 13:41:58","post_date_gmt":"2025-03-08 12:41:58","post_content":"","post_title":"plaza-del-cardenal-belluga_32_7","post_excerpt":"","post_status":"inherit","comment_status":"","ping_status":"closed","post_password":"","post_name":"plaza-del-cardenal-belluga_32_7","to_ping":"","pinged":"","post_modified":"2025-03-08 13:41:58","post_modified_gmt":"2025-03-08 12:41:58","post_content_filtered":"","post_parent":"0","guid":"https:\/\/spainfilmcommission.com\/wp-content\/uploads\/2025\/03\/plaza-del-cardenal-belluga_32_7.jpg","menu_order":"0","post_type":"attachment","post_mime_type":"image\/jpeg","comment_count":"0","pod_item_id":"31039"},{"ID":"31041","post_author":"2","post_date":"2025-03-08 13:42:05","post_date_gmt":"2025-03-08 12:42:05","post_content":"","post_title":"plaza-del-cardenal-belluga_32_8","post_excerpt":"","post_status":"inherit","comment_status":"","ping_status":"closed","post_password":"","post_name":"plaza-del-cardenal-belluga_32_8","to_ping":"","pinged":"","post_modified":"2025-03-08 13:42:05","post_modified_gmt":"2025-03-08 12:42:05","post_content_filtered":"","post_parent":"0","guid":"https:\/\/spainfilmcommission.com\/wp-content\/uploads\/2025\/03\/plaza-del-cardenal-belluga_32_8.jpg","menu_order":"0","post_type":"attachment","post_mime_type":"image\/jpeg","comment_count":"0","pod_item_id":"31041"},{"ID":"31043","post_author":"2","post_date":"2025-03-08 13:42:08","post_date_gmt":"2025-03-08 12:42:08","post_content":"","post_title":"plaza-del-cardenal-belluga_32_9","post_excerpt":"","post_status":"inherit","comment_status":"","ping_status":"closed","post_password":"","post_name":"plaza-del-cardenal-belluga_32_9","to_ping":"","pinged":"","post_modified":"2025-03-08 13:42:08","post_modified_gmt":"2025-03-08 12:42:08","post_content_filtered":"","post_parent":"0","guid":"https:\/\/spainfilmcommission.com\/wp-content\/uploads\/2025\/03\/plaza-del-cardenal-belluga_32_9.jpg","menu_order":"0","post_type":"attachment","post_mime_type":"image\/jpeg","comment_count":"0","pod_item_id":"31043"},{"ID":"31045","post_author":"2","post_date":"2025-03-08 13:42:11","post_date_gmt":"2025-03-08 12:42:11","post_content":"","post_title":"plaza-del-cardenal-belluga_32_10","post_excerpt":"","post_status":"inherit","comment_status":"","ping_status":"closed","post_password":"","post_name":"plaza-del-cardenal-belluga_32_10","to_ping":"","pinged":"","post_modified":"2025-03-08 13:42:11","post_modified_gmt":"2025-03-08 12:42:11","post_content_filtered":"","post_parent":"0","guid":"https:\/\/spainfilmcommission.com\/wp-content\/uploads\/2025\/03\/plaza-del-cardenal-belluga_32_10.jpg","menu_order":"0","post_type":"attachment","post_mime_type":"image\/jpeg","comment_count":"0","pod_item_id":"31045"}],"nombrepaginaes":"plaza-del-cardenal-belluga","nombrepaginaen":"plaza-del-cardenal-belluga","latitud_gps":"","longitud_gps":"","adicionaleses":"","adicionalesen":"","videoes":"","videoen":"","video2es":"","video2en":"","_links":{"self":[{"href":"https:\/\/spainfilmcommission.com\/en\/wp-json\/wp\/v2\/localizaciones\/localizacion\/11137","targetHints":{"allow":["GET"]}}],"collection":[{"href":"https:\/\/spainfilmcommission.com\/en\/wp-json\/wp\/v2\/localizaciones\/localizacion"}],"about":[{"href":"https:\/\/spainfilmcommission.com\/en\/wp-json\/wp\/v2\/types\/localizacion"}],"author":[{"embeddable":true,"href":"https:\/\/spainfilmcommission.com\/en\/wp-json\/wp\/v2\/users\/2"}],"wp:attachment":[{"href":"https:\/\/spainfilmcommission.com\/en\/wp-json\/wp\/v2\/media?parent=11137"}],"curies":[{"name":"wp","href":"https:\/\/api.w.org\/{rel}","templated":true}]}}