{"id":12139,"date":"2025-02-27T19:51:46","date_gmt":"2025-02-27T18:51:46","guid":{"rendered":"https:\/\/sfc.com\/?post_type=localizacion&#038;p=12139"},"modified":"2025-04-21T20:27:23","modified_gmt":"2025-04-21T18:27:23","slug":"cementerio-de-pereiro","status":"publish","type":"localizacion","link":"https:\/\/spainfilmcommission.com\/en\/ai-locations\/cementerio-de-pereiro\/","title":{"rendered":"Cementerio de Pereir\u00f3"},"content":{"rendered":"","protected":false},"author":2,"template":"","meta":[],"class_list":["post-12139","localizacion","type-localizacion","status-publish","hentry"],"yoast_head":"<!-- This site is optimized with the Yoast SEO plugin v27.3 - https:\/\/yoast.com\/product\/yoast-seo-wordpress\/ -->\n<title>Rodar en Cementerio de Pereir\u00f3 - Spain Film Commission<\/title>\n<meta name=\"description\" content=\"En esta p\u00e1gina encontrar\u00e1s una peque\u00f1a descripci\u00f3n, m\u00e1genes e informaci\u00f3n relevante para que te hagas una idea de c\u00f3mo es rodar en Cementerio de Pereir\u00f3\" \/>\n<meta name=\"robots\" content=\"index, follow, max-snippet:-1, max-image-preview:large, max-video-preview:-1\" \/>\n<link rel=\"canonical\" href=\"https:\/\/spainfilmcommission.com\/en\/ai-locations\/cementerio-de-pereiro\/\" \/>\n<meta property=\"og:locale\" content=\"en_US\" \/>\n<meta property=\"og:type\" content=\"article\" \/>\n<meta property=\"og:title\" content=\"Rodar en Cementerio de Pereir\u00f3 - Spain Film Commission\" \/>\n<meta property=\"og:description\" content=\"En esta p\u00e1gina encontrar\u00e1s una peque\u00f1a descripci\u00f3n, m\u00e1genes e informaci\u00f3n relevante para que te hagas una idea de c\u00f3mo es rodar en Cementerio de Pereir\u00f3\" \/>\n<meta property=\"og:url\" content=\"https:\/\/spainfilmcommission.com\/en\/ai-locations\/cementerio-de-pereiro\/\" \/>\n<meta property=\"og:site_name\" content=\"Spain Film Commission\" \/>\n<meta property=\"article:modified_time\" content=\"2025-04-21T18:27:23+00:00\" \/>\n<meta name=\"twitter:card\" content=\"summary_large_image\" \/>\n<script type=\"application\/ld+json\" class=\"yoast-schema-graph\">{\"@context\":\"https:\\\/\\\/schema.org\",\"@graph\":[{\"@type\":\"WebPage\",\"@id\":\"https:\\\/\\\/spainfilmcommission.com\\\/en\\\/ai-locations\\\/cementerio-de-pereiro\\\/\",\"url\":\"https:\\\/\\\/spainfilmcommission.com\\\/en\\\/ai-locations\\\/cementerio-de-pereiro\\\/\",\"name\":\"Rodar en Cementerio de Pereir\u00f3 - Spain Film Commission\",\"isPartOf\":{\"@id\":\"https:\\\/\\\/spainfilmcommission.com\\\/en\\\/#website\"},\"datePublished\":\"2025-02-27T18:51:46+00:00\",\"dateModified\":\"2025-04-21T18:27:23+00:00\",\"description\":\"En esta p\u00e1gina encontrar\u00e1s una peque\u00f1a descripci\u00f3n, m\u00e1genes e informaci\u00f3n relevante para que te hagas una idea de c\u00f3mo es rodar en Cementerio de Pereir\u00f3\",\"breadcrumb\":{\"@id\":\"https:\\\/\\\/spainfilmcommission.com\\\/en\\\/ai-locations\\\/cementerio-de-pereiro\\\/#breadcrumb\"},\"inLanguage\":\"en-US\",\"potentialAction\":[{\"@type\":\"ReadAction\",\"target\":[\"https:\\\/\\\/spainfilmcommission.com\\\/en\\\/ai-locations\\\/cementerio-de-pereiro\\\/\"]}]},{\"@type\":\"BreadcrumbList\",\"@id\":\"https:\\\/\\\/spainfilmcommission.com\\\/en\\\/ai-locations\\\/cementerio-de-pereiro\\\/#breadcrumb\",\"itemListElement\":[{\"@type\":\"ListItem\",\"position\":1,\"name\":\"Portada\",\"item\":\"https:\\\/\\\/spainfilmcommission.com\\\/en\\\/\"},{\"@type\":\"ListItem\",\"position\":2,\"name\":\"Cementerio de Pereir\u00f3\"}]},{\"@type\":\"WebSite\",\"@id\":\"https:\\\/\\\/spainfilmcommission.com\\\/en\\\/#website\",\"url\":\"https:\\\/\\\/spainfilmcommission.com\\\/en\\\/\",\"name\":\"Spain Film Commission\",\"description\":\"\",\"publisher\":{\"@id\":\"https:\\\/\\\/spainfilmcommission.com\\\/en\\\/#organization\"},\"potentialAction\":[{\"@type\":\"SearchAction\",\"target\":{\"@type\":\"EntryPoint\",\"urlTemplate\":\"https:\\\/\\\/spainfilmcommission.com\\\/en\\\/?s={search_term_string}\"},\"query-input\":{\"@type\":\"PropertyValueSpecification\",\"valueRequired\":true,\"valueName\":\"search_term_string\"}}],\"inLanguage\":\"en-US\"},{\"@type\":\"Organization\",\"@id\":\"https:\\\/\\\/spainfilmcommission.com\\\/en\\\/#organization\",\"name\":\"Spain Film Commission\",\"url\":\"https:\\\/\\\/spainfilmcommission.com\\\/en\\\/\",\"logo\":{\"@type\":\"ImageObject\",\"inLanguage\":\"en-US\",\"@id\":\"https:\\\/\\\/spainfilmcommission.com\\\/en\\\/#\\\/schema\\\/logo\\\/image\\\/\",\"url\":\"https:\\\/\\\/spainfilmcommission.com\\\/wp-content\\\/uploads\\\/2024\\\/07\\\/SPC_COLOR.png\",\"contentUrl\":\"https:\\\/\\\/spainfilmcommission.com\\\/wp-content\\\/uploads\\\/2024\\\/07\\\/SPC_COLOR.png\",\"width\":1665,\"height\":1665,\"caption\":\"Spain Film Commission\"},\"image\":{\"@id\":\"https:\\\/\\\/spainfilmcommission.com\\\/en\\\/#\\\/schema\\\/logo\\\/image\\\/\"}}]}<\/script>\n<!-- \/ Yoast SEO plugin. -->","yoast_head_json":{"title":"Rodar en Cementerio de Pereir\u00f3 - Spain Film Commission","description":"En esta p\u00e1gina encontrar\u00e1s una peque\u00f1a descripci\u00f3n, m\u00e1genes e informaci\u00f3n relevante para que te hagas una idea de c\u00f3mo es rodar en Cementerio de Pereir\u00f3","robots":{"index":"index","follow":"follow","max-snippet":"max-snippet:-1","max-image-preview":"max-image-preview:large","max-video-preview":"max-video-preview:-1"},"canonical":"https:\/\/spainfilmcommission.com\/en\/ai-locations\/cementerio-de-pereiro\/","og_locale":"en_US","og_type":"article","og_title":"Rodar en Cementerio de Pereir\u00f3 - Spain Film Commission","og_description":"En esta p\u00e1gina encontrar\u00e1s una peque\u00f1a descripci\u00f3n, m\u00e1genes e informaci\u00f3n relevante para que te hagas una idea de c\u00f3mo es rodar en Cementerio de Pereir\u00f3","og_url":"https:\/\/spainfilmcommission.com\/en\/ai-locations\/cementerio-de-pereiro\/","og_site_name":"Spain Film Commission","article_modified_time":"2025-04-21T18:27:23+00:00","twitter_card":"summary_large_image","schema":{"@context":"https:\/\/schema.org","@graph":[{"@type":"WebPage","@id":"https:\/\/spainfilmcommission.com\/en\/ai-locations\/cementerio-de-pereiro\/","url":"https:\/\/spainfilmcommission.com\/en\/ai-locations\/cementerio-de-pereiro\/","name":"Rodar en Cementerio de Pereir\u00f3 - Spain Film Commission","isPartOf":{"@id":"https:\/\/spainfilmcommission.com\/en\/#website"},"datePublished":"2025-02-27T18:51:46+00:00","dateModified":"2025-04-21T18:27:23+00:00","description":"En esta p\u00e1gina encontrar\u00e1s una peque\u00f1a descripci\u00f3n, m\u00e1genes e informaci\u00f3n relevante para que te hagas una idea de c\u00f3mo es rodar en Cementerio de Pereir\u00f3","breadcrumb":{"@id":"https:\/\/spainfilmcommission.com\/en\/ai-locations\/cementerio-de-pereiro\/#breadcrumb"},"inLanguage":"en-US","potentialAction":[{"@type":"ReadAction","target":["https:\/\/spainfilmcommission.com\/en\/ai-locations\/cementerio-de-pereiro\/"]}]},{"@type":"BreadcrumbList","@id":"https:\/\/spainfilmcommission.com\/en\/ai-locations\/cementerio-de-pereiro\/#breadcrumb","itemListElement":[{"@type":"ListItem","position":1,"name":"Portada","item":"https:\/\/spainfilmcommission.com\/en\/"},{"@type":"ListItem","position":2,"name":"Cementerio de Pereir\u00f3"}]},{"@type":"WebSite","@id":"https:\/\/spainfilmcommission.com\/en\/#website","url":"https:\/\/spainfilmcommission.com\/en\/","name":"Spain Film Commission","description":"","publisher":{"@id":"https:\/\/spainfilmcommission.com\/en\/#organization"},"potentialAction":[{"@type":"SearchAction","target":{"@type":"EntryPoint","urlTemplate":"https:\/\/spainfilmcommission.com\/en\/?s={search_term_string}"},"query-input":{"@type":"PropertyValueSpecification","valueRequired":true,"valueName":"search_term_string"}}],"inLanguage":"en-US"},{"@type":"Organization","@id":"https:\/\/spainfilmcommission.com\/en\/#organization","name":"Spain Film Commission","url":"https:\/\/spainfilmcommission.com\/en\/","logo":{"@type":"ImageObject","inLanguage":"en-US","@id":"https:\/\/spainfilmcommission.com\/en\/#\/schema\/logo\/image\/","url":"https:\/\/spainfilmcommission.com\/wp-content\/uploads\/2024\/07\/SPC_COLOR.png","contentUrl":"https:\/\/spainfilmcommission.com\/wp-content\/uploads\/2024\/07\/SPC_COLOR.png","width":1665,"height":1665,"caption":"Spain Film Commission"},"image":{"@id":"https:\/\/spainfilmcommission.com\/en\/#\/schema\/logo\/image\/"}}]}},"socio":[{"ID":"14","user_login":"vigo-film-office","user_nicename":"vigo-film-office","display_name":"vigo-film-office","user_pass":"****************","user_email":"info@vigofilmoffice.com","user_url":"","user_registered":"2024-12-19 13:33:18","id":14}],"nombrees":"Cementerio de Pereir\u00f3","nombreen":"Pereir\u00f3 Cemetery","localidad":"Vigo","provincia":"Pontevedra","longitud":"-8.726238000000","latitud":"42.209912000000","coordenadas_maps":"42.209912, -8.726238","direcciones":"","direccionen":"","cod_postal":[],"telefono":"","fax":"","mail":"","web":"http:\/\/www.vigofilmoffice.com\/","descripciones":"De los cementerios que hay en Vigo, Pereir\u00f3 es el de mayor envergadura. Su recorrido ofrece un aut\u00e9ntico museo al aire libre de arte e historia descubriendo el pasado de Vigo a trav\u00e9s de personajes ilustres.","descripcionen":"Pereir\u00f3 is the largest of all the cemeteries in Vigo.\u00a0Its tour offers a real open-air museum of art and history discovering the past of Vigo through illustrious characters.","galeria":[{"ID":"18571","post_author":"2","post_date":"2025-03-08 02:09:38","post_date_gmt":"2025-03-08 01:09:38","post_content":"","post_title":"foto-1116_9314","post_excerpt":"","post_status":"inherit","comment_status":"closed","ping_status":"closed","post_password":"","post_name":"foto-1116_9314","to_ping":"","pinged":"","post_modified":"2025-04-21 20:27:24","post_modified_gmt":"2025-04-21 18:27:24","post_content_filtered":"","post_parent":"12139","guid":"https:\/\/sfc.com\/wp-content\/uploads\/2025\/03\/foto-1116_9314.jpg","menu_order":"0","post_type":"attachment","post_mime_type":"image\/jpeg","comment_count":"0","pod_item_id":"18571"},{"ID":"25619","post_author":"2","post_date":"2025-03-08 04:20:03","post_date_gmt":"2025-03-08 03:20:03","post_content":"","post_title":"foto-1116_9313","post_excerpt":"","post_status":"inherit","comment_status":"closed","ping_status":"closed","post_password":"","post_name":"foto-1116_9313","to_ping":"","pinged":"","post_modified":"2025-04-21 20:27:24","post_modified_gmt":"2025-04-21 18:27:24","post_content_filtered":"","post_parent":"12139","guid":"https:\/\/sfc.com\/wp-content\/uploads\/2025\/03\/foto-1116_9313.jpg","menu_order":"0","post_type":"attachment","post_mime_type":"image\/jpeg","comment_count":"0","pod_item_id":"25619"},{"ID":"25633","post_author":"2","post_date":"2025-03-08 11:41:16","post_date_gmt":"2025-03-08 10:41:16","post_content":"","post_title":"foto-1116_9315","post_excerpt":"","post_status":"inherit","comment_status":"closed","ping_status":"closed","post_password":"","post_name":"foto-1116_9315","to_ping":"","pinged":"","post_modified":"2025-04-21 20:27:24","post_modified_gmt":"2025-04-21 18:27:24","post_content_filtered":"","post_parent":"12139","guid":"https:\/\/sfc.com\/wp-content\/uploads\/2025\/03\/foto-1116_9315.jpeg","menu_order":"0","post_type":"attachment","post_mime_type":"image\/jpeg","comment_count":"0","pod_item_id":"25633"},{"ID":"25635","post_author":"2","post_date":"2025-03-08 11:41:18","post_date_gmt":"2025-03-08 10:41:18","post_content":"","post_title":"foto-1116_9316","post_excerpt":"","post_status":"inherit","comment_status":"closed","ping_status":"closed","post_password":"","post_name":"foto-1116_9316","to_ping":"","pinged":"","post_modified":"2025-04-21 20:27:24","post_modified_gmt":"2025-04-21 18:27:24","post_content_filtered":"","post_parent":"12139","guid":"https:\/\/sfc.com\/wp-content\/uploads\/2025\/03\/foto-1116_9316.jpeg","menu_order":"0","post_type":"attachment","post_mime_type":"image\/jpeg","comment_count":"0","pod_item_id":"25635"}],"nombrepaginaes":"cementerio-de-pereiro","nombrepaginaen":"pereiro-cemetery","latitud_gps":"42\u00b012'35.7","longitud_gps":"8\u00b043'34.5","adicionaleses":"","adicionalesen":"","videoes":"","videoen":"","video2es":"","video2en":"","_links":{"self":[{"href":"https:\/\/spainfilmcommission.com\/en\/wp-json\/wp\/v2\/localizacion\/12139","targetHints":{"allow":["GET"]}}],"collection":[{"href":"https:\/\/spainfilmcommission.com\/en\/wp-json\/wp\/v2\/localizacion"}],"about":[{"href":"https:\/\/spainfilmcommission.com\/en\/wp-json\/wp\/v2\/types\/localizacion"}],"author":[{"embeddable":true,"href":"https:\/\/spainfilmcommission.com\/en\/wp-json\/wp\/v2\/users\/2"}],"wp:attachment":[{"href":"https:\/\/spainfilmcommission.com\/en\/wp-json\/wp\/v2\/media?parent=12139"}],"curies":[{"name":"wp","href":"https:\/\/api.w.org\/{rel}","templated":true}]}}