{"id":11839,"date":"2025-02-27T19:47:41","date_gmt":"2025-02-27T18:47:41","guid":{"rendered":"https:\/\/sfc.com\/?post_type=localizacion&#038;p=11839"},"modified":"2025-04-22T08:42:47","modified_gmt":"2025-04-22T06:42:47","slug":"domus-artium-2002","status":"publish","type":"localizacion","link":"https:\/\/spainfilmcommission.com\/en\/ai-locations\/domus-artium-2002\/","title":{"rendered":"Domus Artium 2002"},"content":{"rendered":"","protected":false},"author":62,"template":"","meta":[],"class_list":["post-11839","localizacion","type-localizacion","status-publish","hentry"],"yoast_head":"<!-- This site is optimized with the Yoast SEO plugin v27.3 - https:\/\/yoast.com\/product\/yoast-seo-wordpress\/ -->\n<title>Rodar en Domus Artium 2002 - Spain Film Commission<\/title>\n<meta name=\"description\" content=\"En esta p\u00e1gina encontrar\u00e1s una peque\u00f1a descripci\u00f3n, m\u00e1genes e informaci\u00f3n relevante para que te hagas una idea de c\u00f3mo es rodar en Domus Artium 2002\" \/>\n<meta name=\"robots\" content=\"index, follow, max-snippet:-1, max-image-preview:large, max-video-preview:-1\" \/>\n<link rel=\"canonical\" href=\"https:\/\/spainfilmcommission.com\/en\/ai-locations\/domus-artium-2002\/\" \/>\n<meta property=\"og:locale\" content=\"en_US\" \/>\n<meta property=\"og:type\" content=\"article\" \/>\n<meta property=\"og:title\" content=\"Rodar en Domus Artium 2002 - Spain Film Commission\" \/>\n<meta property=\"og:description\" content=\"En esta p\u00e1gina encontrar\u00e1s una peque\u00f1a descripci\u00f3n, m\u00e1genes e informaci\u00f3n relevante para que te hagas una idea de c\u00f3mo es rodar en Domus Artium 2002\" \/>\n<meta property=\"og:url\" content=\"https:\/\/spainfilmcommission.com\/en\/ai-locations\/domus-artium-2002\/\" \/>\n<meta property=\"og:site_name\" content=\"Spain Film Commission\" \/>\n<meta property=\"article:modified_time\" content=\"2025-04-22T06:42:47+00:00\" \/>\n<meta name=\"twitter:card\" content=\"summary_large_image\" \/>\n<script type=\"application\/ld+json\" class=\"yoast-schema-graph\">{\"@context\":\"https:\\\/\\\/schema.org\",\"@graph\":[{\"@type\":\"WebPage\",\"@id\":\"https:\\\/\\\/spainfilmcommission.com\\\/en\\\/ai-locations\\\/domus-artium-2002\\\/\",\"url\":\"https:\\\/\\\/spainfilmcommission.com\\\/en\\\/ai-locations\\\/domus-artium-2002\\\/\",\"name\":\"Rodar en Domus Artium 2002 - Spain Film Commission\",\"isPartOf\":{\"@id\":\"https:\\\/\\\/spainfilmcommission.com\\\/en\\\/#website\"},\"datePublished\":\"2025-02-27T18:47:41+00:00\",\"dateModified\":\"2025-04-22T06:42:47+00:00\",\"description\":\"En esta p\u00e1gina encontrar\u00e1s una peque\u00f1a descripci\u00f3n, m\u00e1genes e informaci\u00f3n relevante para que te hagas una idea de c\u00f3mo es rodar en Domus Artium 2002\",\"breadcrumb\":{\"@id\":\"https:\\\/\\\/spainfilmcommission.com\\\/en\\\/ai-locations\\\/domus-artium-2002\\\/#breadcrumb\"},\"inLanguage\":\"en-US\",\"potentialAction\":[{\"@type\":\"ReadAction\",\"target\":[\"https:\\\/\\\/spainfilmcommission.com\\\/en\\\/ai-locations\\\/domus-artium-2002\\\/\"]}]},{\"@type\":\"BreadcrumbList\",\"@id\":\"https:\\\/\\\/spainfilmcommission.com\\\/en\\\/ai-locations\\\/domus-artium-2002\\\/#breadcrumb\",\"itemListElement\":[{\"@type\":\"ListItem\",\"position\":1,\"name\":\"Portada\",\"item\":\"https:\\\/\\\/spainfilmcommission.com\\\/en\\\/\"},{\"@type\":\"ListItem\",\"position\":2,\"name\":\"Domus Artium 2002\"}]},{\"@type\":\"WebSite\",\"@id\":\"https:\\\/\\\/spainfilmcommission.com\\\/en\\\/#website\",\"url\":\"https:\\\/\\\/spainfilmcommission.com\\\/en\\\/\",\"name\":\"Spain Film Commission\",\"description\":\"\",\"publisher\":{\"@id\":\"https:\\\/\\\/spainfilmcommission.com\\\/en\\\/#organization\"},\"potentialAction\":[{\"@type\":\"SearchAction\",\"target\":{\"@type\":\"EntryPoint\",\"urlTemplate\":\"https:\\\/\\\/spainfilmcommission.com\\\/en\\\/?s={search_term_string}\"},\"query-input\":{\"@type\":\"PropertyValueSpecification\",\"valueRequired\":true,\"valueName\":\"search_term_string\"}}],\"inLanguage\":\"en-US\"},{\"@type\":\"Organization\",\"@id\":\"https:\\\/\\\/spainfilmcommission.com\\\/en\\\/#organization\",\"name\":\"Spain Film Commission\",\"url\":\"https:\\\/\\\/spainfilmcommission.com\\\/en\\\/\",\"logo\":{\"@type\":\"ImageObject\",\"inLanguage\":\"en-US\",\"@id\":\"https:\\\/\\\/spainfilmcommission.com\\\/en\\\/#\\\/schema\\\/logo\\\/image\\\/\",\"url\":\"https:\\\/\\\/spainfilmcommission.com\\\/wp-content\\\/uploads\\\/2024\\\/07\\\/SPC_COLOR.png\",\"contentUrl\":\"https:\\\/\\\/spainfilmcommission.com\\\/wp-content\\\/uploads\\\/2024\\\/07\\\/SPC_COLOR.png\",\"width\":1665,\"height\":1665,\"caption\":\"Spain Film Commission\"},\"image\":{\"@id\":\"https:\\\/\\\/spainfilmcommission.com\\\/en\\\/#\\\/schema\\\/logo\\\/image\\\/\"}}]}<\/script>\n<!-- \/ Yoast SEO plugin. -->","yoast_head_json":{"title":"Rodar en Domus Artium 2002 - Spain Film Commission","description":"En esta p\u00e1gina encontrar\u00e1s una peque\u00f1a descripci\u00f3n, m\u00e1genes e informaci\u00f3n relevante para que te hagas una idea de c\u00f3mo es rodar en Domus Artium 2002","robots":{"index":"index","follow":"follow","max-snippet":"max-snippet:-1","max-image-preview":"max-image-preview:large","max-video-preview":"max-video-preview:-1"},"canonical":"https:\/\/spainfilmcommission.com\/en\/ai-locations\/domus-artium-2002\/","og_locale":"en_US","og_type":"article","og_title":"Rodar en Domus Artium 2002 - Spain Film Commission","og_description":"En esta p\u00e1gina encontrar\u00e1s una peque\u00f1a descripci\u00f3n, m\u00e1genes e informaci\u00f3n relevante para que te hagas una idea de c\u00f3mo es rodar en Domus Artium 2002","og_url":"https:\/\/spainfilmcommission.com\/en\/ai-locations\/domus-artium-2002\/","og_site_name":"Spain Film Commission","article_modified_time":"2025-04-22T06:42:47+00:00","twitter_card":"summary_large_image","schema":{"@context":"https:\/\/schema.org","@graph":[{"@type":"WebPage","@id":"https:\/\/spainfilmcommission.com\/en\/ai-locations\/domus-artium-2002\/","url":"https:\/\/spainfilmcommission.com\/en\/ai-locations\/domus-artium-2002\/","name":"Rodar en Domus Artium 2002 - Spain Film Commission","isPartOf":{"@id":"https:\/\/spainfilmcommission.com\/en\/#website"},"datePublished":"2025-02-27T18:47:41+00:00","dateModified":"2025-04-22T06:42:47+00:00","description":"En esta p\u00e1gina encontrar\u00e1s una peque\u00f1a descripci\u00f3n, m\u00e1genes e informaci\u00f3n relevante para que te hagas una idea de c\u00f3mo es rodar en Domus Artium 2002","breadcrumb":{"@id":"https:\/\/spainfilmcommission.com\/en\/ai-locations\/domus-artium-2002\/#breadcrumb"},"inLanguage":"en-US","potentialAction":[{"@type":"ReadAction","target":["https:\/\/spainfilmcommission.com\/en\/ai-locations\/domus-artium-2002\/"]}]},{"@type":"BreadcrumbList","@id":"https:\/\/spainfilmcommission.com\/en\/ai-locations\/domus-artium-2002\/#breadcrumb","itemListElement":[{"@type":"ListItem","position":1,"name":"Portada","item":"https:\/\/spainfilmcommission.com\/en\/"},{"@type":"ListItem","position":2,"name":"Domus Artium 2002"}]},{"@type":"WebSite","@id":"https:\/\/spainfilmcommission.com\/en\/#website","url":"https:\/\/spainfilmcommission.com\/en\/","name":"Spain Film Commission","description":"","publisher":{"@id":"https:\/\/spainfilmcommission.com\/en\/#organization"},"potentialAction":[{"@type":"SearchAction","target":{"@type":"EntryPoint","urlTemplate":"https:\/\/spainfilmcommission.com\/en\/?s={search_term_string}"},"query-input":{"@type":"PropertyValueSpecification","valueRequired":true,"valueName":"search_term_string"}}],"inLanguage":"en-US"},{"@type":"Organization","@id":"https:\/\/spainfilmcommission.com\/en\/#organization","name":"Spain Film Commission","url":"https:\/\/spainfilmcommission.com\/en\/","logo":{"@type":"ImageObject","inLanguage":"en-US","@id":"https:\/\/spainfilmcommission.com\/en\/#\/schema\/logo\/image\/","url":"https:\/\/spainfilmcommission.com\/wp-content\/uploads\/2024\/07\/SPC_COLOR.png","contentUrl":"https:\/\/spainfilmcommission.com\/wp-content\/uploads\/2024\/07\/SPC_COLOR.png","width":1665,"height":1665,"caption":"Spain Film Commission"},"image":{"@id":"https:\/\/spainfilmcommission.com\/en\/#\/schema\/logo\/image\/"}}]}},"socio":[{"ID":"37","user_login":"salamanca-film-commission","user_nicename":"salamanca-film-commission","display_name":"salamanca-film-commission","user_pass":"****************","user_email":"sfc@salamancafilmcommission.com","user_url":"","user_registered":"2024-12-19 16:38:43","id":37}],"nombrees":"Domus Artium 2002","nombreen":"Domus Artium 2002","localidad":"Salamanca","provincia":"Salamanca","longitud":"-5.652086000000","latitud":"40.959022000000","coordenadas_maps":"40.959022, -5.652086","direcciones":"","direccionen":"","cod_postal":[],"telefono":"","fax":"","mail":"","web":"http:\/\/domusartium2002.com\/","descripciones":"El DA2 (DOMUS ARTIUM 2002), es un centro de arte contempor\u00e1neo integrado actualmente en la Fundaci\u00f3n Salamanca Ciudad de Cultura y Saberes. Ayuntamiento de Salamanca. Fue inaugurado en abril de 2002 con motivo de la Capitalidad Cultural Europea que durante todo ese a\u00f1o se celebr\u00f3 en Salamanca. El centro de arte contempor\u00e1neo nace para dar respuesta a una demanda creciente de un espacio especializado en arte contempor\u00e1neo dentro de una ciudad que en los \u00faltimos a\u00f1os ha renovado su oferta cultural conjugando el patrimonio hist\u00f3rico con una programaci\u00f3n contempor\u00e1nea en el terreno de las artes visuales, las artes esc\u00e9nicas y la m\u00fasica, que se canaliza a trav\u00e9s de la Fundaci\u00f3n Salamanca Ciudad de Cultura y Saberes con proyectos multiculturales de gran envergadura como el Festival Internacional de las Artes de Castilla y Le\u00f3n o Salamanca ...","descripcionen":"The DA2 (DOMUS ARTIUM 2002), is a contemporary art center currently integrated in the Salamanca City of Culture and Knowledge Foundation. City Hall of Salamanca. It was inaugurated in April 2002 on the occasion of the European Cultural Capital that during all that year was celebrated in Salamanca. The center of contemporary art was born to respond to a growing demand for a space specialized in contemporary art within a city that in recent years has renewed its cultural offer by combining historical heritage with contemporary programming in the field of visual arts, the performing arts and music, which is channeled through the Salamanca City of Culture and Knowledge Foundation with large-scale multicultural projects such as the International Arts Festival of Castilla y Le\u00f3n or Salamanca Plaza Mayor of Europe","galeria":[{"ID":"21615","post_author":"2","post_date":"2025-03-08 03:03:49","post_date_gmt":"2025-03-08 02:03:49","post_content":"","post_title":"foto-810_6977","post_excerpt":"","post_status":"inherit","comment_status":"closed","ping_status":"closed","post_password":"","post_name":"foto-810_6977","to_ping":"","pinged":"","post_modified":"2025-04-22 08:42:47","post_modified_gmt":"2025-04-22 06:42:47","post_content_filtered":"","post_parent":"11839","guid":"https:\/\/sfc.com\/wp-content\/uploads\/2025\/03\/foto-810_6977.jpg","menu_order":"0","post_type":"attachment","post_mime_type":"image\/jpeg","comment_count":"0","pod_item_id":"21615"},{"ID":"21617","post_author":"2","post_date":"2025-03-08 03:03:51","post_date_gmt":"2025-03-08 02:03:51","post_content":"","post_title":"foto-810_6978","post_excerpt":"","post_status":"inherit","comment_status":"closed","ping_status":"closed","post_password":"","post_name":"foto-810_6978","to_ping":"","pinged":"","post_modified":"2025-04-22 08:42:47","post_modified_gmt":"2025-04-22 06:42:47","post_content_filtered":"","post_parent":"11839","guid":"https:\/\/sfc.com\/wp-content\/uploads\/2025\/03\/foto-810_6978.jpg","menu_order":"0","post_type":"attachment","post_mime_type":"image\/jpeg","comment_count":"0","pod_item_id":"21617"},{"ID":"21619","post_author":"2","post_date":"2025-03-08 03:03:53","post_date_gmt":"2025-03-08 02:03:53","post_content":"","post_title":"foto-810_6979","post_excerpt":"","post_status":"inherit","comment_status":"closed","ping_status":"closed","post_password":"","post_name":"foto-810_6979","to_ping":"","pinged":"","post_modified":"2025-04-22 08:42:47","post_modified_gmt":"2025-04-22 06:42:47","post_content_filtered":"","post_parent":"11839","guid":"https:\/\/sfc.com\/wp-content\/uploads\/2025\/03\/foto-810_6979.jpg","menu_order":"0","post_type":"attachment","post_mime_type":"image\/jpeg","comment_count":"0","pod_item_id":"21619"},{"ID":"21621","post_author":"2","post_date":"2025-03-08 03:03:54","post_date_gmt":"2025-03-08 02:03:54","post_content":"","post_title":"foto-810_6980","post_excerpt":"","post_status":"inherit","comment_status":"closed","ping_status":"closed","post_password":"","post_name":"foto-810_6980","to_ping":"","pinged":"","post_modified":"2025-04-22 08:42:47","post_modified_gmt":"2025-04-22 06:42:47","post_content_filtered":"","post_parent":"11839","guid":"https:\/\/sfc.com\/wp-content\/uploads\/2025\/03\/foto-810_6980.jpg","menu_order":"0","post_type":"attachment","post_mime_type":"image\/jpeg","comment_count":"0","pod_item_id":"21621"},{"ID":"21623","post_author":"2","post_date":"2025-03-08 03:03:58","post_date_gmt":"2025-03-08 02:03:58","post_content":"","post_title":"foto-810_6981","post_excerpt":"","post_status":"inherit","comment_status":"closed","ping_status":"closed","post_password":"","post_name":"foto-810_6981","to_ping":"","pinged":"","post_modified":"2025-04-22 08:42:47","post_modified_gmt":"2025-04-22 06:42:47","post_content_filtered":"","post_parent":"11839","guid":"https:\/\/sfc.com\/wp-content\/uploads\/2025\/03\/foto-810_6981.jpg","menu_order":"0","post_type":"attachment","post_mime_type":"image\/jpeg","comment_count":"0","pod_item_id":"21623"},{"ID":"21625","post_author":"2","post_date":"2025-03-08 03:04:00","post_date_gmt":"2025-03-08 02:04:00","post_content":"","post_title":"foto-810_6982","post_excerpt":"","post_status":"inherit","comment_status":"closed","ping_status":"closed","post_password":"","post_name":"foto-810_6982","to_ping":"","pinged":"","post_modified":"2025-04-22 08:42:47","post_modified_gmt":"2025-04-22 06:42:47","post_content_filtered":"","post_parent":"11839","guid":"https:\/\/sfc.com\/wp-content\/uploads\/2025\/03\/foto-810_6982.jpg","menu_order":"0","post_type":"attachment","post_mime_type":"image\/jpeg","comment_count":"0","pod_item_id":"21625"},{"ID":"21627","post_author":"2","post_date":"2025-03-08 03:04:02","post_date_gmt":"2025-03-08 02:04:02","post_content":"","post_title":"foto-810_6983","post_excerpt":"","post_status":"inherit","comment_status":"closed","ping_status":"closed","post_password":"","post_name":"foto-810_6983","to_ping":"","pinged":"","post_modified":"2025-04-22 08:42:47","post_modified_gmt":"2025-04-22 06:42:47","post_content_filtered":"","post_parent":"11839","guid":"https:\/\/sfc.com\/wp-content\/uploads\/2025\/03\/foto-810_6983.jpg","menu_order":"0","post_type":"attachment","post_mime_type":"image\/jpeg","comment_count":"0","pod_item_id":"21627"},{"ID":"21629","post_author":"2","post_date":"2025-03-08 03:04:04","post_date_gmt":"2025-03-08 02:04:04","post_content":"","post_title":"foto-810_6984","post_excerpt":"","post_status":"inherit","comment_status":"closed","ping_status":"closed","post_password":"","post_name":"foto-810_6984","to_ping":"","pinged":"","post_modified":"2025-04-22 08:42:47","post_modified_gmt":"2025-04-22 06:42:47","post_content_filtered":"","post_parent":"11839","guid":"https:\/\/sfc.com\/wp-content\/uploads\/2025\/03\/foto-810_6984.jpg","menu_order":"0","post_type":"attachment","post_mime_type":"image\/jpeg","comment_count":"0","pod_item_id":"21629"},{"ID":"21631","post_author":"2","post_date":"2025-03-08 03:04:07","post_date_gmt":"2025-03-08 02:04:07","post_content":"","post_title":"foto-810_6985","post_excerpt":"","post_status":"inherit","comment_status":"closed","ping_status":"closed","post_password":"","post_name":"foto-810_6985","to_ping":"","pinged":"","post_modified":"2025-04-22 08:42:47","post_modified_gmt":"2025-04-22 06:42:47","post_content_filtered":"","post_parent":"11839","guid":"https:\/\/sfc.com\/wp-content\/uploads\/2025\/03\/foto-810_6985.jpg","menu_order":"0","post_type":"attachment","post_mime_type":"image\/jpeg","comment_count":"0","pod_item_id":"21631"},{"ID":"21633","post_author":"2","post_date":"2025-03-08 03:04:09","post_date_gmt":"2025-03-08 02:04:09","post_content":"","post_title":"foto-810_6986","post_excerpt":"","post_status":"inherit","comment_status":"closed","ping_status":"closed","post_password":"","post_name":"foto-810_6986","to_ping":"","pinged":"","post_modified":"2025-04-22 08:42:47","post_modified_gmt":"2025-04-22 06:42:47","post_content_filtered":"","post_parent":"11839","guid":"https:\/\/sfc.com\/wp-content\/uploads\/2025\/03\/foto-810_6986.jpg","menu_order":"0","post_type":"attachment","post_mime_type":"image\/jpeg","comment_count":"0","pod_item_id":"21633"},{"ID":"21635","post_author":"2","post_date":"2025-03-08 03:04:10","post_date_gmt":"2025-03-08 02:04:10","post_content":"","post_title":"foto-810_6987","post_excerpt":"","post_status":"inherit","comment_status":"closed","ping_status":"closed","post_password":"","post_name":"foto-810_6987","to_ping":"","pinged":"","post_modified":"2025-04-22 08:42:47","post_modified_gmt":"2025-04-22 06:42:47","post_content_filtered":"","post_parent":"11839","guid":"https:\/\/sfc.com\/wp-content\/uploads\/2025\/03\/foto-810_6987.jpg","menu_order":"0","post_type":"attachment","post_mime_type":"image\/jpeg","comment_count":"0","pod_item_id":"21635"},{"ID":"21637","post_author":"2","post_date":"2025-03-08 03:04:12","post_date_gmt":"2025-03-08 02:04:12","post_content":"","post_title":"foto-810_6988","post_excerpt":"","post_status":"inherit","comment_status":"closed","ping_status":"closed","post_password":"","post_name":"foto-810_6988","to_ping":"","pinged":"","post_modified":"2025-04-22 08:42:47","post_modified_gmt":"2025-04-22 06:42:47","post_content_filtered":"","post_parent":"11839","guid":"https:\/\/sfc.com\/wp-content\/uploads\/2025\/03\/foto-810_6988.jpg","menu_order":"0","post_type":"attachment","post_mime_type":"image\/jpeg","comment_count":"0","pod_item_id":"21637"}],"nombrepaginaes":"domus-artium-2002","nombrepaginaen":"domus-artium-2002","latitud_gps":"40\u00b057'32.5","longitud_gps":"5\u00b039'07.5","adicionaleses":"","adicionalesen":"","videoes":"","videoen":"","video2es":"","video2en":"","_links":{"self":[{"href":"https:\/\/spainfilmcommission.com\/en\/wp-json\/wp\/v2\/localizacion\/11839","targetHints":{"allow":["GET"]}}],"collection":[{"href":"https:\/\/spainfilmcommission.com\/en\/wp-json\/wp\/v2\/localizacion"}],"about":[{"href":"https:\/\/spainfilmcommission.com\/en\/wp-json\/wp\/v2\/types\/localizacion"}],"author":[{"embeddable":true,"href":"https:\/\/spainfilmcommission.com\/en\/wp-json\/wp\/v2\/users\/62"}],"wp:attachment":[{"href":"https:\/\/spainfilmcommission.com\/en\/wp-json\/wp\/v2\/media?parent=11839"}],"curies":[{"name":"wp","href":"https:\/\/api.w.org\/{rel}","templated":true}]}}