{"id":11272,"date":"2025-02-27T18:19:58","date_gmt":"2025-02-27T17:19:58","guid":{"rendered":"https:\/\/sfc.com\/?post_type=localizacion&#038;p=11272"},"modified":"2025-04-22T08:45:00","modified_gmt":"2025-04-22T06:45:00","slug":"mercado-central","status":"publish","type":"localizacion","link":"https:\/\/spainfilmcommission.com\/en\/ai-locations\/mercado-central\/","title":{"rendered":"Mercado Central"},"content":{"rendered":"","protected":false},"author":61,"template":"","meta":[],"class_list":["post-11272","localizacion","type-localizacion","status-publish","hentry"],"yoast_head":"<!-- This site is optimized with the Yoast SEO plugin v27.3 - https:\/\/yoast.com\/product\/yoast-seo-wordpress\/ -->\n<title>Rodar en Mercado Central - Spain Film Commission<\/title>\n<meta name=\"description\" content=\"En esta p\u00e1gina encontrar\u00e1s una peque\u00f1a descripci\u00f3n, m\u00e1genes e informaci\u00f3n relevante para que te hagas una idea de c\u00f3mo es rodar en Mercado Central\" \/>\n<meta name=\"robots\" content=\"index, follow, max-snippet:-1, max-image-preview:large, max-video-preview:-1\" \/>\n<link rel=\"canonical\" href=\"https:\/\/spainfilmcommission.com\/en\/ai-locations\/mercado-central\/\" \/>\n<meta property=\"og:locale\" content=\"en_US\" \/>\n<meta property=\"og:type\" content=\"article\" \/>\n<meta property=\"og:title\" content=\"Rodar en Mercado Central - Spain Film Commission\" \/>\n<meta property=\"og:description\" content=\"En esta p\u00e1gina encontrar\u00e1s una peque\u00f1a descripci\u00f3n, m\u00e1genes e informaci\u00f3n relevante para que te hagas una idea de c\u00f3mo es rodar en Mercado Central\" \/>\n<meta property=\"og:url\" content=\"https:\/\/spainfilmcommission.com\/en\/ai-locations\/mercado-central\/\" \/>\n<meta property=\"og:site_name\" content=\"Spain Film Commission\" \/>\n<meta property=\"article:modified_time\" content=\"2025-04-22T06:45:00+00:00\" \/>\n<meta name=\"twitter:card\" content=\"summary_large_image\" \/>\n<script type=\"application\/ld+json\" class=\"yoast-schema-graph\">{\"@context\":\"https:\\\/\\\/schema.org\",\"@graph\":[{\"@type\":\"WebPage\",\"@id\":\"https:\\\/\\\/spainfilmcommission.com\\\/en\\\/ai-locations\\\/mercado-central\\\/\",\"url\":\"https:\\\/\\\/spainfilmcommission.com\\\/en\\\/ai-locations\\\/mercado-central\\\/\",\"name\":\"Rodar en Mercado Central - Spain Film Commission\",\"isPartOf\":{\"@id\":\"https:\\\/\\\/spainfilmcommission.com\\\/en\\\/#website\"},\"datePublished\":\"2025-02-27T17:19:58+00:00\",\"dateModified\":\"2025-04-22T06:45:00+00:00\",\"description\":\"En esta p\u00e1gina encontrar\u00e1s una peque\u00f1a descripci\u00f3n, m\u00e1genes e informaci\u00f3n relevante para que te hagas una idea de c\u00f3mo es rodar en Mercado Central\",\"breadcrumb\":{\"@id\":\"https:\\\/\\\/spainfilmcommission.com\\\/en\\\/ai-locations\\\/mercado-central\\\/#breadcrumb\"},\"inLanguage\":\"en-US\",\"potentialAction\":[{\"@type\":\"ReadAction\",\"target\":[\"https:\\\/\\\/spainfilmcommission.com\\\/en\\\/ai-locations\\\/mercado-central\\\/\"]}]},{\"@type\":\"BreadcrumbList\",\"@id\":\"https:\\\/\\\/spainfilmcommission.com\\\/en\\\/ai-locations\\\/mercado-central\\\/#breadcrumb\",\"itemListElement\":[{\"@type\":\"ListItem\",\"position\":1,\"name\":\"Portada\",\"item\":\"https:\\\/\\\/spainfilmcommission.com\\\/en\\\/\"},{\"@type\":\"ListItem\",\"position\":2,\"name\":\"Mercado Central\"}]},{\"@type\":\"WebSite\",\"@id\":\"https:\\\/\\\/spainfilmcommission.com\\\/en\\\/#website\",\"url\":\"https:\\\/\\\/spainfilmcommission.com\\\/en\\\/\",\"name\":\"Spain Film Commission\",\"description\":\"\",\"publisher\":{\"@id\":\"https:\\\/\\\/spainfilmcommission.com\\\/en\\\/#organization\"},\"potentialAction\":[{\"@type\":\"SearchAction\",\"target\":{\"@type\":\"EntryPoint\",\"urlTemplate\":\"https:\\\/\\\/spainfilmcommission.com\\\/en\\\/?s={search_term_string}\"},\"query-input\":{\"@type\":\"PropertyValueSpecification\",\"valueRequired\":true,\"valueName\":\"search_term_string\"}}],\"inLanguage\":\"en-US\"},{\"@type\":\"Organization\",\"@id\":\"https:\\\/\\\/spainfilmcommission.com\\\/en\\\/#organization\",\"name\":\"Spain Film Commission\",\"url\":\"https:\\\/\\\/spainfilmcommission.com\\\/en\\\/\",\"logo\":{\"@type\":\"ImageObject\",\"inLanguage\":\"en-US\",\"@id\":\"https:\\\/\\\/spainfilmcommission.com\\\/en\\\/#\\\/schema\\\/logo\\\/image\\\/\",\"url\":\"https:\\\/\\\/spainfilmcommission.com\\\/wp-content\\\/uploads\\\/2024\\\/07\\\/SPC_COLOR.png\",\"contentUrl\":\"https:\\\/\\\/spainfilmcommission.com\\\/wp-content\\\/uploads\\\/2024\\\/07\\\/SPC_COLOR.png\",\"width\":1665,\"height\":1665,\"caption\":\"Spain Film Commission\"},\"image\":{\"@id\":\"https:\\\/\\\/spainfilmcommission.com\\\/en\\\/#\\\/schema\\\/logo\\\/image\\\/\"}}]}<\/script>\n<!-- \/ Yoast SEO plugin. -->","yoast_head_json":{"title":"Rodar en Mercado Central - Spain Film Commission","description":"En esta p\u00e1gina encontrar\u00e1s una peque\u00f1a descripci\u00f3n, m\u00e1genes e informaci\u00f3n relevante para que te hagas una idea de c\u00f3mo es rodar en Mercado Central","robots":{"index":"index","follow":"follow","max-snippet":"max-snippet:-1","max-image-preview":"max-image-preview:large","max-video-preview":"max-video-preview:-1"},"canonical":"https:\/\/spainfilmcommission.com\/en\/ai-locations\/mercado-central\/","og_locale":"en_US","og_type":"article","og_title":"Rodar en Mercado Central - Spain Film Commission","og_description":"En esta p\u00e1gina encontrar\u00e1s una peque\u00f1a descripci\u00f3n, m\u00e1genes e informaci\u00f3n relevante para que te hagas una idea de c\u00f3mo es rodar en Mercado Central","og_url":"https:\/\/spainfilmcommission.com\/en\/ai-locations\/mercado-central\/","og_site_name":"Spain Film Commission","article_modified_time":"2025-04-22T06:45:00+00:00","twitter_card":"summary_large_image","schema":{"@context":"https:\/\/schema.org","@graph":[{"@type":"WebPage","@id":"https:\/\/spainfilmcommission.com\/en\/ai-locations\/mercado-central\/","url":"https:\/\/spainfilmcommission.com\/en\/ai-locations\/mercado-central\/","name":"Rodar en Mercado Central - Spain Film Commission","isPartOf":{"@id":"https:\/\/spainfilmcommission.com\/en\/#website"},"datePublished":"2025-02-27T17:19:58+00:00","dateModified":"2025-04-22T06:45:00+00:00","description":"En esta p\u00e1gina encontrar\u00e1s una peque\u00f1a descripci\u00f3n, m\u00e1genes e informaci\u00f3n relevante para que te hagas una idea de c\u00f3mo es rodar en Mercado Central","breadcrumb":{"@id":"https:\/\/spainfilmcommission.com\/en\/ai-locations\/mercado-central\/#breadcrumb"},"inLanguage":"en-US","potentialAction":[{"@type":"ReadAction","target":["https:\/\/spainfilmcommission.com\/en\/ai-locations\/mercado-central\/"]}]},{"@type":"BreadcrumbList","@id":"https:\/\/spainfilmcommission.com\/en\/ai-locations\/mercado-central\/#breadcrumb","itemListElement":[{"@type":"ListItem","position":1,"name":"Portada","item":"https:\/\/spainfilmcommission.com\/en\/"},{"@type":"ListItem","position":2,"name":"Mercado Central"}]},{"@type":"WebSite","@id":"https:\/\/spainfilmcommission.com\/en\/#website","url":"https:\/\/spainfilmcommission.com\/en\/","name":"Spain Film Commission","description":"","publisher":{"@id":"https:\/\/spainfilmcommission.com\/en\/#organization"},"potentialAction":[{"@type":"SearchAction","target":{"@type":"EntryPoint","urlTemplate":"https:\/\/spainfilmcommission.com\/en\/?s={search_term_string}"},"query-input":{"@type":"PropertyValueSpecification","valueRequired":true,"valueName":"search_term_string"}}],"inLanguage":"en-US"},{"@type":"Organization","@id":"https:\/\/spainfilmcommission.com\/en\/#organization","name":"Spain Film Commission","url":"https:\/\/spainfilmcommission.com\/en\/","logo":{"@type":"ImageObject","inLanguage":"en-US","@id":"https:\/\/spainfilmcommission.com\/en\/#\/schema\/logo\/image\/","url":"https:\/\/spainfilmcommission.com\/wp-content\/uploads\/2024\/07\/SPC_COLOR.png","contentUrl":"https:\/\/spainfilmcommission.com\/wp-content\/uploads\/2024\/07\/SPC_COLOR.png","width":1665,"height":1665,"caption":"Spain Film Commission"},"image":{"@id":"https:\/\/spainfilmcommission.com\/en\/#\/schema\/logo\/image\/"}}]}},"socio":[{"ID":"19","user_login":"valencia-film-office","user_nicename":"valencia-film-office","display_name":"valencia-film-office","user_pass":"****************","user_email":"valenciafilmoffice@visitvalencia.com","user_url":"","user_registered":"2024-12-19 13:52:04","id":19}],"nombrees":"Mercado Central","nombreen":"Mercado Central","localidad":"Valencia","provincia":"Valencia","longitud":"-0.378363000000","latitud":"39.473800000000","coordenadas_maps":"39.4738, -0.378363","direcciones":"","direccionen":"","cod_postal":[],"telefono":"","fax":"","mail":"","web":"http:\/\/www.mercadocentralvalencia.es\/","descripciones":"Gran edificio modernista cuyo proyecto data de 1914, pero hasta 1928 el Mercado no fue inaugurado. Situado en Valencia (Comunidad Valenciana), consta de planta baja y s\u00f3tano, presenta columnas y b\u00f3vedas rebajadas de ladrillo. En ambas plantas se jerarquizan las circulaciones, calles rectil\u00edneas y alargadas atravesadas por dos v\u00edas anchas en las que se sit\u00faan los 959 puestos, y se emplea un ecl\u00e9ctico estilo premodernista. Los paramentos cubiertos de azulejos en la parte baja, junto con la piedra, madera y vidrieras de colores, que favorecen que la luz proveniente de \u00e9stas as\u00ed como de las c\u00fapulas y diversos puntos de la cubierta ba\u00f1e el interior forman un conjunto policromo en un modernista monumento hist\u00f3rico.","descripcionen":"This great modernist building was designed in 1914, although the Central Market was not inaugurated until 1928. Located in Valencia (Valencian Community), it consists of a ground floor and basement, with columns and vaults with a brick base. Both floors are organised in rectangular alleys, crossed by two main lanes along which the 959 stalls are set. The ceramic covered partitions, in the lower parts, along with the stone, wood, and colorful glass windows make the building an excellent example of the modernist architecture.","galeria":[{"ID":"28783","post_author":"2","post_date":"2025-03-08 12:39:55","post_date_gmt":"2025-03-08 11:39:55","post_content":"","post_title":"mercado-central_202_1","post_excerpt":"","post_status":"inherit","comment_status":"closed","ping_status":"closed","post_password":"","post_name":"mercado-central_202_1","to_ping":"","pinged":"","post_modified":"2025-04-22 08:45:00","post_modified_gmt":"2025-04-22 06:45:00","post_content_filtered":"","post_parent":"11272","guid":"https:\/\/sfc.com\/wp-content\/uploads\/2025\/03\/mercado-central_202_1.jpg","menu_order":"0","post_type":"attachment","post_mime_type":"image\/jpeg","comment_count":"0","pod_item_id":"28783"},{"ID":"28785","post_author":"2","post_date":"2025-03-08 12:39:59","post_date_gmt":"2025-03-08 11:39:59","post_content":"","post_title":"mercado-central_202_2","post_excerpt":"","post_status":"inherit","comment_status":"closed","ping_status":"closed","post_password":"","post_name":"mercado-central_202_2","to_ping":"","pinged":"","post_modified":"2025-04-22 08:45:00","post_modified_gmt":"2025-04-22 06:45:00","post_content_filtered":"","post_parent":"11272","guid":"https:\/\/sfc.com\/wp-content\/uploads\/2025\/03\/mercado-central_202_2.jpg","menu_order":"0","post_type":"attachment","post_mime_type":"image\/jpeg","comment_count":"0","pod_item_id":"28785"},{"ID":"28787","post_author":"2","post_date":"2025-03-08 12:40:01","post_date_gmt":"2025-03-08 11:40:01","post_content":"","post_title":"mercado-central_202_3","post_excerpt":"","post_status":"inherit","comment_status":"closed","ping_status":"closed","post_password":"","post_name":"mercado-central_202_3","to_ping":"","pinged":"","post_modified":"2025-04-22 08:45:00","post_modified_gmt":"2025-04-22 06:45:00","post_content_filtered":"","post_parent":"11272","guid":"https:\/\/sfc.com\/wp-content\/uploads\/2025\/03\/mercado-central_202_3.jpg","menu_order":"0","post_type":"attachment","post_mime_type":"image\/jpeg","comment_count":"0","pod_item_id":"28787"},{"ID":"28789","post_author":"2","post_date":"2025-03-08 12:40:04","post_date_gmt":"2025-03-08 11:40:04","post_content":"","post_title":"mercado-central_202_4","post_excerpt":"","post_status":"inherit","comment_status":"closed","ping_status":"closed","post_password":"","post_name":"mercado-central_202_4","to_ping":"","pinged":"","post_modified":"2025-04-22 08:45:00","post_modified_gmt":"2025-04-22 06:45:00","post_content_filtered":"","post_parent":"11272","guid":"https:\/\/sfc.com\/wp-content\/uploads\/2025\/03\/mercado-central_202_4.jpg","menu_order":"0","post_type":"attachment","post_mime_type":"image\/jpeg","comment_count":"0","pod_item_id":"28789"},{"ID":"28791","post_author":"2","post_date":"2025-03-08 12:40:07","post_date_gmt":"2025-03-08 11:40:07","post_content":"","post_title":"mercado-central_202_5","post_excerpt":"","post_status":"inherit","comment_status":"closed","ping_status":"closed","post_password":"","post_name":"mercado-central_202_5","to_ping":"","pinged":"","post_modified":"2025-04-22 08:45:00","post_modified_gmt":"2025-04-22 06:45:00","post_content_filtered":"","post_parent":"11272","guid":"https:\/\/sfc.com\/wp-content\/uploads\/2025\/03\/mercado-central_202_5.jpg","menu_order":"0","post_type":"attachment","post_mime_type":"image\/jpeg","comment_count":"0","pod_item_id":"28791"},{"ID":"28793","post_author":"2","post_date":"2025-03-08 12:40:10","post_date_gmt":"2025-03-08 11:40:10","post_content":"","post_title":"mercado-central_202_6","post_excerpt":"","post_status":"inherit","comment_status":"closed","ping_status":"closed","post_password":"","post_name":"mercado-central_202_6","to_ping":"","pinged":"","post_modified":"2025-04-22 08:45:00","post_modified_gmt":"2025-04-22 06:45:00","post_content_filtered":"","post_parent":"11272","guid":"https:\/\/sfc.com\/wp-content\/uploads\/2025\/03\/mercado-central_202_6.jpg","menu_order":"0","post_type":"attachment","post_mime_type":"image\/jpeg","comment_count":"0","pod_item_id":"28793"},{"ID":"28795","post_author":"2","post_date":"2025-03-08 12:40:13","post_date_gmt":"2025-03-08 11:40:13","post_content":"","post_title":"mercado-central_202_7","post_excerpt":"","post_status":"inherit","comment_status":"closed","ping_status":"closed","post_password":"","post_name":"mercado-central_202_7","to_ping":"","pinged":"","post_modified":"2025-04-22 08:45:00","post_modified_gmt":"2025-04-22 06:45:00","post_content_filtered":"","post_parent":"11272","guid":"https:\/\/sfc.com\/wp-content\/uploads\/2025\/03\/mercado-central_202_7.jpg","menu_order":"0","post_type":"attachment","post_mime_type":"image\/jpeg","comment_count":"0","pod_item_id":"28795"},{"ID":"28797","post_author":"2","post_date":"2025-03-08 12:40:16","post_date_gmt":"2025-03-08 11:40:16","post_content":"","post_title":"mercado-central_202_8","post_excerpt":"","post_status":"inherit","comment_status":"closed","ping_status":"closed","post_password":"","post_name":"mercado-central_202_8","to_ping":"","pinged":"","post_modified":"2025-04-22 08:45:00","post_modified_gmt":"2025-04-22 06:45:00","post_content_filtered":"","post_parent":"11272","guid":"https:\/\/sfc.com\/wp-content\/uploads\/2025\/03\/mercado-central_202_8.jpg","menu_order":"0","post_type":"attachment","post_mime_type":"image\/jpeg","comment_count":"0","pod_item_id":"28797"},{"ID":"28799","post_author":"2","post_date":"2025-03-08 12:40:18","post_date_gmt":"2025-03-08 11:40:18","post_content":"","post_title":"mercado-central-5812","post_excerpt":"","post_status":"inherit","comment_status":"closed","ping_status":"closed","post_password":"","post_name":"mercado-central-5812","to_ping":"","pinged":"","post_modified":"2025-04-22 08:45:00","post_modified_gmt":"2025-04-22 06:45:00","post_content_filtered":"","post_parent":"11272","guid":"https:\/\/sfc.com\/wp-content\/uploads\/2025\/03\/mercado-central-5812.jpg","menu_order":"0","post_type":"attachment","post_mime_type":"image\/jpeg","comment_count":"0","pod_item_id":"28799"}],"nombrepaginaes":"mercado-central","nombrepaginaen":"mercado-central","latitud_gps":"39.473.767","longitud_gps":"-0.378383","adicionaleses":"","adicionalesen":"","videoes":"","videoen":"","video2es":"","video2en":"","_links":{"self":[{"href":"https:\/\/spainfilmcommission.com\/en\/wp-json\/wp\/v2\/localizacion\/11272","targetHints":{"allow":["GET"]}}],"collection":[{"href":"https:\/\/spainfilmcommission.com\/en\/wp-json\/wp\/v2\/localizacion"}],"about":[{"href":"https:\/\/spainfilmcommission.com\/en\/wp-json\/wp\/v2\/types\/localizacion"}],"author":[{"embeddable":true,"href":"https:\/\/spainfilmcommission.com\/en\/wp-json\/wp\/v2\/users\/61"}],"wp:attachment":[{"href":"https:\/\/spainfilmcommission.com\/en\/wp-json\/wp\/v2\/media?parent=11272"}],"curies":[{"name":"wp","href":"https:\/\/api.w.org\/{rel}","templated":true}]}}