{"id":11270,"date":"2025-02-27T18:19:58","date_gmt":"2025-02-27T17:19:58","guid":{"rendered":"https:\/\/sfc.com\/?post_type=localizacion&#038;p=11270"},"modified":"2025-04-21T12:18:43","modified_gmt":"2025-04-21T10:18:43","slug":"antigua-cilla-del-cabildo","status":"publish","type":"localizacion","link":"https:\/\/spainfilmcommission.com\/en\/ai-locations\/antigua-cilla-del-cabildo\/","title":{"rendered":"Antigua Cilla del Cabildo"},"content":{"rendered":"","protected":false},"author":62,"template":"","meta":[],"class_list":["post-11270","localizacion","type-localizacion","status-publish","hentry"],"yoast_head":"<!-- This site is optimized with the Yoast SEO plugin v27.3 - https:\/\/yoast.com\/product\/yoast-seo-wordpress\/ -->\n<title>Rodar en Antigua Cilla del Cabildo - Spain Film Commission<\/title>\n<meta name=\"description\" content=\"En esta p\u00e1gina encontrar\u00e1s una peque\u00f1a descripci\u00f3n, m\u00e1genes e informaci\u00f3n relevante para que te hagas una idea de c\u00f3mo es rodar en Antigua Cilla del Cabildo\" \/>\n<meta name=\"robots\" content=\"index, follow, max-snippet:-1, max-image-preview:large, max-video-preview:-1\" \/>\n<link rel=\"canonical\" href=\"https:\/\/spainfilmcommission.com\/en\/ai-locations\/antigua-cilla-del-cabildo\/\" \/>\n<meta property=\"og:locale\" content=\"en_US\" \/>\n<meta property=\"og:type\" content=\"article\" \/>\n<meta property=\"og:title\" content=\"Rodar en Antigua Cilla del Cabildo - Spain Film Commission\" \/>\n<meta property=\"og:description\" content=\"En esta p\u00e1gina encontrar\u00e1s una peque\u00f1a descripci\u00f3n, m\u00e1genes e informaci\u00f3n relevante para que te hagas una idea de c\u00f3mo es rodar en Antigua Cilla del Cabildo\" \/>\n<meta property=\"og:url\" content=\"https:\/\/spainfilmcommission.com\/en\/ai-locations\/antigua-cilla-del-cabildo\/\" \/>\n<meta property=\"og:site_name\" content=\"Spain Film Commission\" \/>\n<meta property=\"article:modified_time\" content=\"2025-04-21T10:18:43+00:00\" \/>\n<meta name=\"twitter:card\" content=\"summary_large_image\" \/>\n<script type=\"application\/ld+json\" class=\"yoast-schema-graph\">{\"@context\":\"https:\\\/\\\/schema.org\",\"@graph\":[{\"@type\":\"WebPage\",\"@id\":\"https:\\\/\\\/spainfilmcommission.com\\\/en\\\/ai-locations\\\/antigua-cilla-del-cabildo\\\/\",\"url\":\"https:\\\/\\\/spainfilmcommission.com\\\/en\\\/ai-locations\\\/antigua-cilla-del-cabildo\\\/\",\"name\":\"Rodar en Antigua Cilla del Cabildo - Spain Film Commission\",\"isPartOf\":{\"@id\":\"https:\\\/\\\/spainfilmcommission.com\\\/en\\\/#website\"},\"datePublished\":\"2025-02-27T17:19:58+00:00\",\"dateModified\":\"2025-04-21T10:18:43+00:00\",\"description\":\"En esta p\u00e1gina encontrar\u00e1s una peque\u00f1a descripci\u00f3n, m\u00e1genes e informaci\u00f3n relevante para que te hagas una idea de c\u00f3mo es rodar en Antigua Cilla del Cabildo\",\"breadcrumb\":{\"@id\":\"https:\\\/\\\/spainfilmcommission.com\\\/en\\\/ai-locations\\\/antigua-cilla-del-cabildo\\\/#breadcrumb\"},\"inLanguage\":\"en-US\",\"potentialAction\":[{\"@type\":\"ReadAction\",\"target\":[\"https:\\\/\\\/spainfilmcommission.com\\\/en\\\/ai-locations\\\/antigua-cilla-del-cabildo\\\/\"]}]},{\"@type\":\"BreadcrumbList\",\"@id\":\"https:\\\/\\\/spainfilmcommission.com\\\/en\\\/ai-locations\\\/antigua-cilla-del-cabildo\\\/#breadcrumb\",\"itemListElement\":[{\"@type\":\"ListItem\",\"position\":1,\"name\":\"Portada\",\"item\":\"https:\\\/\\\/spainfilmcommission.com\\\/en\\\/\"},{\"@type\":\"ListItem\",\"position\":2,\"name\":\"Antigua Cilla del Cabildo\"}]},{\"@type\":\"WebSite\",\"@id\":\"https:\\\/\\\/spainfilmcommission.com\\\/en\\\/#website\",\"url\":\"https:\\\/\\\/spainfilmcommission.com\\\/en\\\/\",\"name\":\"Spain Film Commission\",\"description\":\"\",\"publisher\":{\"@id\":\"https:\\\/\\\/spainfilmcommission.com\\\/en\\\/#organization\"},\"potentialAction\":[{\"@type\":\"SearchAction\",\"target\":{\"@type\":\"EntryPoint\",\"urlTemplate\":\"https:\\\/\\\/spainfilmcommission.com\\\/en\\\/?s={search_term_string}\"},\"query-input\":{\"@type\":\"PropertyValueSpecification\",\"valueRequired\":true,\"valueName\":\"search_term_string\"}}],\"inLanguage\":\"en-US\"},{\"@type\":\"Organization\",\"@id\":\"https:\\\/\\\/spainfilmcommission.com\\\/en\\\/#organization\",\"name\":\"Spain Film Commission\",\"url\":\"https:\\\/\\\/spainfilmcommission.com\\\/en\\\/\",\"logo\":{\"@type\":\"ImageObject\",\"inLanguage\":\"en-US\",\"@id\":\"https:\\\/\\\/spainfilmcommission.com\\\/en\\\/#\\\/schema\\\/logo\\\/image\\\/\",\"url\":\"https:\\\/\\\/spainfilmcommission.com\\\/wp-content\\\/uploads\\\/2024\\\/07\\\/SPC_COLOR.png\",\"contentUrl\":\"https:\\\/\\\/spainfilmcommission.com\\\/wp-content\\\/uploads\\\/2024\\\/07\\\/SPC_COLOR.png\",\"width\":1665,\"height\":1665,\"caption\":\"Spain Film Commission\"},\"image\":{\"@id\":\"https:\\\/\\\/spainfilmcommission.com\\\/en\\\/#\\\/schema\\\/logo\\\/image\\\/\"}}]}<\/script>\n<!-- \/ Yoast SEO plugin. -->","yoast_head_json":{"title":"Rodar en Antigua Cilla del Cabildo - Spain Film Commission","description":"En esta p\u00e1gina encontrar\u00e1s una peque\u00f1a descripci\u00f3n, m\u00e1genes e informaci\u00f3n relevante para que te hagas una idea de c\u00f3mo es rodar en Antigua Cilla del Cabildo","robots":{"index":"index","follow":"follow","max-snippet":"max-snippet:-1","max-image-preview":"max-image-preview:large","max-video-preview":"max-video-preview:-1"},"canonical":"https:\/\/spainfilmcommission.com\/en\/ai-locations\/antigua-cilla-del-cabildo\/","og_locale":"en_US","og_type":"article","og_title":"Rodar en Antigua Cilla del Cabildo - Spain Film Commission","og_description":"En esta p\u00e1gina encontrar\u00e1s una peque\u00f1a descripci\u00f3n, m\u00e1genes e informaci\u00f3n relevante para que te hagas una idea de c\u00f3mo es rodar en Antigua Cilla del Cabildo","og_url":"https:\/\/spainfilmcommission.com\/en\/ai-locations\/antigua-cilla-del-cabildo\/","og_site_name":"Spain Film Commission","article_modified_time":"2025-04-21T10:18:43+00:00","twitter_card":"summary_large_image","schema":{"@context":"https:\/\/schema.org","@graph":[{"@type":"WebPage","@id":"https:\/\/spainfilmcommission.com\/en\/ai-locations\/antigua-cilla-del-cabildo\/","url":"https:\/\/spainfilmcommission.com\/en\/ai-locations\/antigua-cilla-del-cabildo\/","name":"Rodar en Antigua Cilla del Cabildo - Spain Film Commission","isPartOf":{"@id":"https:\/\/spainfilmcommission.com\/en\/#website"},"datePublished":"2025-02-27T17:19:58+00:00","dateModified":"2025-04-21T10:18:43+00:00","description":"En esta p\u00e1gina encontrar\u00e1s una peque\u00f1a descripci\u00f3n, m\u00e1genes e informaci\u00f3n relevante para que te hagas una idea de c\u00f3mo es rodar en Antigua Cilla del Cabildo","breadcrumb":{"@id":"https:\/\/spainfilmcommission.com\/en\/ai-locations\/antigua-cilla-del-cabildo\/#breadcrumb"},"inLanguage":"en-US","potentialAction":[{"@type":"ReadAction","target":["https:\/\/spainfilmcommission.com\/en\/ai-locations\/antigua-cilla-del-cabildo\/"]}]},{"@type":"BreadcrumbList","@id":"https:\/\/spainfilmcommission.com\/en\/ai-locations\/antigua-cilla-del-cabildo\/#breadcrumb","itemListElement":[{"@type":"ListItem","position":1,"name":"Portada","item":"https:\/\/spainfilmcommission.com\/en\/"},{"@type":"ListItem","position":2,"name":"Antigua Cilla del Cabildo"}]},{"@type":"WebSite","@id":"https:\/\/spainfilmcommission.com\/en\/#website","url":"https:\/\/spainfilmcommission.com\/en\/","name":"Spain Film Commission","description":"","publisher":{"@id":"https:\/\/spainfilmcommission.com\/en\/#organization"},"potentialAction":[{"@type":"SearchAction","target":{"@type":"EntryPoint","urlTemplate":"https:\/\/spainfilmcommission.com\/en\/?s={search_term_string}"},"query-input":{"@type":"PropertyValueSpecification","valueRequired":true,"valueName":"search_term_string"}}],"inLanguage":"en-US"},{"@type":"Organization","@id":"https:\/\/spainfilmcommission.com\/en\/#organization","name":"Spain Film Commission","url":"https:\/\/spainfilmcommission.com\/en\/","logo":{"@type":"ImageObject","inLanguage":"en-US","@id":"https:\/\/spainfilmcommission.com\/en\/#\/schema\/logo\/image\/","url":"https:\/\/spainfilmcommission.com\/wp-content\/uploads\/2024\/07\/SPC_COLOR.png","contentUrl":"https:\/\/spainfilmcommission.com\/wp-content\/uploads\/2024\/07\/SPC_COLOR.png","width":1665,"height":1665,"caption":"Spain Film Commission"},"image":{"@id":"https:\/\/spainfilmcommission.com\/en\/#\/schema\/logo\/image\/"}}]}},"socio":[{"ID":"38","user_login":"carmona-film-office","user_nicename":"carmona-film-office","display_name":"carmona-film-office","user_pass":"****************","user_email":"pmoreno@carmona.org","user_url":"","user_registered":"2024-12-19 16:40:55","id":38}],"nombrees":"Antigua Cilla del Cabildo","nombreen":"Antigua Cilla del Cabildo","localidad":"Carmona","provincia":"Sevilla","longitud":"-5.634870000000","latitud":"37.473200000000","coordenadas_maps":"37.4732, -5.63487","direcciones":"Mar\u00eda Auxiliadora, 5","direccionen":"Mar\u00eda Auxiliadora, 5","cod_postal":"41410","telefono":"","fax":"","mail":"","web":"http:\/\/sodecar.org\/plan_especial\/fichas\/edificios\/20.pdf","descripciones":"La Cilla del Cabildo Eclesi\u00e1stico o Cilla de los Abades consta de dos partes articuladas en torno a sendos patios, una de car\u00e1cter residencial o administrativo aneja a los graneros, y otra de almacenamiento. La parte de almacenamiento se distribuye en torno a un gran patio rectangular, porticado en sus cuatro frentes por arcos de medio punto sostenidos por fuertes pilares. En torno las galer\u00edas se sit\u00faan las cruj\u00edas de almacenamiento del grano. Este edificio en Carmona (Sevilla, Andaluc\u00eda) es totalmente sim\u00e9trico a excepci\u00f3n de sus lados oriental y meridional que se adaptan a la forma de la parcela.","descripcionen":"The House of Tithing is organized in two parts articulated around two separate patios, one residential or for administration attached to the barns, and the other for storage.The storage space is distributed around a large rectangular courtyard with arcades on all four sides, these arches are supported by strong pillars. In the surrounding galleries we find the storage bays for grain. This building in Carmona (Seville, Andalusia) is completely symmetrical except for its eastern and southern sides that adapt to the shape of the plot.","galeria":[{"ID":"12797","post_author":"2","post_date":"2025-03-07 22:32:07","post_date_gmt":"2025-03-07 21:32:07","post_content":"","post_title":"antigua-cilla-del-cabildo_200_15","post_excerpt":"","post_status":"inherit","comment_status":"closed","ping_status":"closed","post_password":"","post_name":"antigua-cilla-del-cabildo_200_15","to_ping":"","pinged":"","post_modified":"2025-04-21 12:18:43","post_modified_gmt":"2025-04-21 10:18:43","post_content_filtered":"","post_parent":"11270","guid":"https:\/\/sfc.com\/wp-content\/uploads\/2025\/03\/antigua-cilla-del-cabildo_200_15.jpg","menu_order":"0","post_type":"attachment","post_mime_type":"image\/jpeg","comment_count":"0","pod_item_id":"12797"},{"ID":"15079","post_author":"2","post_date":"2025-03-07 23:26:31","post_date_gmt":"2025-03-07 22:26:31","post_content":"","post_title":"foto-200_4619","post_excerpt":"","post_status":"inherit","comment_status":"closed","ping_status":"closed","post_password":"","post_name":"foto-200_4619","to_ping":"","pinged":"","post_modified":"2025-04-21 12:18:43","post_modified_gmt":"2025-04-21 10:18:43","post_content_filtered":"","post_parent":"11270","guid":"https:\/\/sfc.com\/wp-content\/uploads\/2025\/03\/foto-200_4619.jpg","menu_order":"0","post_type":"attachment","post_mime_type":"image\/jpeg","comment_count":"0","pod_item_id":"15079"},{"ID":"15081","post_author":"2","post_date":"2025-03-07 23:26:33","post_date_gmt":"2025-03-07 22:26:33","post_content":"","post_title":"foto-200_4620","post_excerpt":"","post_status":"inherit","comment_status":"closed","ping_status":"closed","post_password":"","post_name":"foto-200_4620","to_ping":"","pinged":"","post_modified":"2025-04-21 12:18:43","post_modified_gmt":"2025-04-21 10:18:43","post_content_filtered":"","post_parent":"11270","guid":"https:\/\/sfc.com\/wp-content\/uploads\/2025\/03\/foto-200_4620.jpg","menu_order":"0","post_type":"attachment","post_mime_type":"image\/jpeg","comment_count":"0","pod_item_id":"15081"},{"ID":"15083","post_author":"2","post_date":"2025-03-07 23:26:36","post_date_gmt":"2025-03-07 22:26:36","post_content":"","post_title":"foto-200_4621","post_excerpt":"","post_status":"inherit","comment_status":"closed","ping_status":"closed","post_password":"","post_name":"foto-200_4621","to_ping":"","pinged":"","post_modified":"2025-04-21 12:18:43","post_modified_gmt":"2025-04-21 10:18:43","post_content_filtered":"","post_parent":"11270","guid":"https:\/\/sfc.com\/wp-content\/uploads\/2025\/03\/foto-200_4621.jpg","menu_order":"0","post_type":"attachment","post_mime_type":"image\/jpeg","comment_count":"0","pod_item_id":"15083"},{"ID":"15085","post_author":"2","post_date":"2025-03-07 23:26:38","post_date_gmt":"2025-03-07 22:26:38","post_content":"","post_title":"foto-200_4622","post_excerpt":"","post_status":"inherit","comment_status":"closed","ping_status":"closed","post_password":"","post_name":"foto-200_4622","to_ping":"","pinged":"","post_modified":"2025-04-21 12:18:43","post_modified_gmt":"2025-04-21 10:18:43","post_content_filtered":"","post_parent":"11270","guid":"https:\/\/sfc.com\/wp-content\/uploads\/2025\/03\/foto-200_4622.jpg","menu_order":"0","post_type":"attachment","post_mime_type":"image\/jpeg","comment_count":"0","pod_item_id":"15085"},{"ID":"15087","post_author":"2","post_date":"2025-03-07 23:26:39","post_date_gmt":"2025-03-07 22:26:39","post_content":"","post_title":"foto-200_4625","post_excerpt":"","post_status":"inherit","comment_status":"closed","ping_status":"closed","post_password":"","post_name":"foto-200_4625","to_ping":"","pinged":"","post_modified":"2025-04-21 12:18:43","post_modified_gmt":"2025-04-21 10:18:43","post_content_filtered":"","post_parent":"11270","guid":"https:\/\/sfc.com\/wp-content\/uploads\/2025\/03\/foto-200_4625.jpg","menu_order":"0","post_type":"attachment","post_mime_type":"image\/jpeg","comment_count":"0","pod_item_id":"15087"},{"ID":"15089","post_author":"2","post_date":"2025-03-07 23:26:41","post_date_gmt":"2025-03-07 22:26:41","post_content":"","post_title":"foto-200_4626","post_excerpt":"","post_status":"inherit","comment_status":"closed","ping_status":"closed","post_password":"","post_name":"foto-200_4626","to_ping":"","pinged":"","post_modified":"2025-04-21 12:18:43","post_modified_gmt":"2025-04-21 10:18:43","post_content_filtered":"","post_parent":"11270","guid":"https:\/\/sfc.com\/wp-content\/uploads\/2025\/03\/foto-200_4626.jpg","menu_order":"0","post_type":"attachment","post_mime_type":"image\/jpeg","comment_count":"0","pod_item_id":"15089"},{"ID":"15091","post_author":"2","post_date":"2025-03-07 23:26:43","post_date_gmt":"2025-03-07 22:26:43","post_content":"","post_title":"foto-200_4627","post_excerpt":"","post_status":"inherit","comment_status":"closed","ping_status":"closed","post_password":"","post_name":"foto-200_4627","to_ping":"","pinged":"","post_modified":"2025-04-21 12:18:43","post_modified_gmt":"2025-04-21 10:18:43","post_content_filtered":"","post_parent":"11270","guid":"https:\/\/sfc.com\/wp-content\/uploads\/2025\/03\/foto-200_4627.jpg","menu_order":"0","post_type":"attachment","post_mime_type":"image\/jpeg","comment_count":"0","pod_item_id":"15091"},{"ID":"15093","post_author":"2","post_date":"2025-03-07 23:26:45","post_date_gmt":"2025-03-07 22:26:45","post_content":"","post_title":"foto-200_4628","post_excerpt":"","post_status":"inherit","comment_status":"closed","ping_status":"closed","post_password":"","post_name":"foto-200_4628","to_ping":"","pinged":"","post_modified":"2025-04-21 12:18:43","post_modified_gmt":"2025-04-21 10:18:43","post_content_filtered":"","post_parent":"11270","guid":"https:\/\/sfc.com\/wp-content\/uploads\/2025\/03\/foto-200_4628.jpg","menu_order":"0","post_type":"attachment","post_mime_type":"image\/jpeg","comment_count":"0","pod_item_id":"15093"},{"ID":"15095","post_author":"2","post_date":"2025-03-07 23:26:47","post_date_gmt":"2025-03-07 22:26:47","post_content":"","post_title":"foto-200_4629","post_excerpt":"","post_status":"inherit","comment_status":"closed","ping_status":"closed","post_password":"","post_name":"foto-200_4629","to_ping":"","pinged":"","post_modified":"2025-04-21 12:18:43","post_modified_gmt":"2025-04-21 10:18:43","post_content_filtered":"","post_parent":"11270","guid":"https:\/\/sfc.com\/wp-content\/uploads\/2025\/03\/foto-200_4629.jpg","menu_order":"0","post_type":"attachment","post_mime_type":"image\/jpeg","comment_count":"0","pod_item_id":"15095"},{"ID":"15097","post_author":"2","post_date":"2025-03-07 23:26:49","post_date_gmt":"2025-03-07 22:26:49","post_content":"","post_title":"foto-200_4630","post_excerpt":"","post_status":"inherit","comment_status":"closed","ping_status":"closed","post_password":"","post_name":"foto-200_4630","to_ping":"","pinged":"","post_modified":"2025-04-21 12:18:43","post_modified_gmt":"2025-04-21 10:18:43","post_content_filtered":"","post_parent":"11270","guid":"https:\/\/sfc.com\/wp-content\/uploads\/2025\/03\/foto-200_4630.jpg","menu_order":"0","post_type":"attachment","post_mime_type":"image\/jpeg","comment_count":"0","pod_item_id":"15097"}],"nombrepaginaes":"antigua-cilla-del-cabildo","nombrepaginaen":"antigua-cilla-del-cabildo","latitud_gps":"37\u00ba 28' 23.49","longitud_gps":"5\u00ba 38' 5.13","adicionaleses":"","adicionalesen":"","videoes":"","videoen":"","video2es":"","video2en":"","_links":{"self":[{"href":"https:\/\/spainfilmcommission.com\/en\/wp-json\/wp\/v2\/localizacion\/11270","targetHints":{"allow":["GET"]}}],"collection":[{"href":"https:\/\/spainfilmcommission.com\/en\/wp-json\/wp\/v2\/localizacion"}],"about":[{"href":"https:\/\/spainfilmcommission.com\/en\/wp-json\/wp\/v2\/types\/localizacion"}],"author":[{"embeddable":true,"href":"https:\/\/spainfilmcommission.com\/en\/wp-json\/wp\/v2\/users\/62"}],"wp:attachment":[{"href":"https:\/\/spainfilmcommission.com\/en\/wp-json\/wp\/v2\/media?parent=11270"}],"curies":[{"name":"wp","href":"https:\/\/api.w.org\/{rel}","templated":true}]}}