{"id":11151,"date":"2025-02-27T17:22:17","date_gmt":"2025-02-27T16:22:17","guid":{"rendered":"https:\/\/sfc.com\/?post_type=localizacion&#038;p=11151"},"modified":"2025-04-21T14:04:15","modified_gmt":"2025-04-21T12:04:15","slug":"plaza-de-anaya","status":"publish","type":"localizacion","link":"https:\/\/spainfilmcommission.com\/en\/ai-locations\/plaza-de-anaya\/","title":{"rendered":"Plaza de Anaya"},"content":{"rendered":"","protected":false},"author":61,"template":"","meta":[],"class_list":["post-11151","localizacion","type-localizacion","status-publish","hentry"],"yoast_head":"<!-- This site is optimized with the Yoast SEO plugin v27.3 - https:\/\/yoast.com\/product\/yoast-seo-wordpress\/ -->\n<title>Rodar en Plaza de Anaya - Spain Film Commission<\/title>\n<meta name=\"description\" content=\"En esta p\u00e1gina encontrar\u00e1s una peque\u00f1a descripci\u00f3n, m\u00e1genes e informaci\u00f3n relevante para que te hagas una idea de c\u00f3mo es rodar en Plaza de Anaya\" \/>\n<meta name=\"robots\" content=\"index, follow, max-snippet:-1, max-image-preview:large, max-video-preview:-1\" \/>\n<link rel=\"canonical\" href=\"https:\/\/spainfilmcommission.com\/en\/ai-locations\/plaza-de-anaya\/\" \/>\n<meta property=\"og:locale\" content=\"en_US\" \/>\n<meta property=\"og:type\" content=\"article\" \/>\n<meta property=\"og:title\" content=\"Rodar en Plaza de Anaya - Spain Film Commission\" \/>\n<meta property=\"og:description\" content=\"En esta p\u00e1gina encontrar\u00e1s una peque\u00f1a descripci\u00f3n, m\u00e1genes e informaci\u00f3n relevante para que te hagas una idea de c\u00f3mo es rodar en Plaza de Anaya\" \/>\n<meta property=\"og:url\" content=\"https:\/\/spainfilmcommission.com\/en\/ai-locations\/plaza-de-anaya\/\" \/>\n<meta property=\"og:site_name\" content=\"Spain Film Commission\" \/>\n<meta property=\"article:modified_time\" content=\"2025-04-21T12:04:15+00:00\" \/>\n<meta name=\"twitter:card\" content=\"summary_large_image\" \/>\n<script type=\"application\/ld+json\" class=\"yoast-schema-graph\">{\"@context\":\"https:\\\/\\\/schema.org\",\"@graph\":[{\"@type\":\"WebPage\",\"@id\":\"https:\\\/\\\/spainfilmcommission.com\\\/en\\\/ai-locations\\\/plaza-de-anaya\\\/\",\"url\":\"https:\\\/\\\/spainfilmcommission.com\\\/en\\\/ai-locations\\\/plaza-de-anaya\\\/\",\"name\":\"Rodar en Plaza de Anaya - Spain Film Commission\",\"isPartOf\":{\"@id\":\"https:\\\/\\\/spainfilmcommission.com\\\/en\\\/#website\"},\"datePublished\":\"2025-02-27T16:22:17+00:00\",\"dateModified\":\"2025-04-21T12:04:15+00:00\",\"description\":\"En esta p\u00e1gina encontrar\u00e1s una peque\u00f1a descripci\u00f3n, m\u00e1genes e informaci\u00f3n relevante para que te hagas una idea de c\u00f3mo es rodar en Plaza de Anaya\",\"breadcrumb\":{\"@id\":\"https:\\\/\\\/spainfilmcommission.com\\\/en\\\/ai-locations\\\/plaza-de-anaya\\\/#breadcrumb\"},\"inLanguage\":\"en-US\",\"potentialAction\":[{\"@type\":\"ReadAction\",\"target\":[\"https:\\\/\\\/spainfilmcommission.com\\\/en\\\/ai-locations\\\/plaza-de-anaya\\\/\"]}]},{\"@type\":\"BreadcrumbList\",\"@id\":\"https:\\\/\\\/spainfilmcommission.com\\\/en\\\/ai-locations\\\/plaza-de-anaya\\\/#breadcrumb\",\"itemListElement\":[{\"@type\":\"ListItem\",\"position\":1,\"name\":\"Portada\",\"item\":\"https:\\\/\\\/spainfilmcommission.com\\\/en\\\/\"},{\"@type\":\"ListItem\",\"position\":2,\"name\":\"Plaza de Anaya\"}]},{\"@type\":\"WebSite\",\"@id\":\"https:\\\/\\\/spainfilmcommission.com\\\/en\\\/#website\",\"url\":\"https:\\\/\\\/spainfilmcommission.com\\\/en\\\/\",\"name\":\"Spain Film Commission\",\"description\":\"\",\"publisher\":{\"@id\":\"https:\\\/\\\/spainfilmcommission.com\\\/en\\\/#organization\"},\"potentialAction\":[{\"@type\":\"SearchAction\",\"target\":{\"@type\":\"EntryPoint\",\"urlTemplate\":\"https:\\\/\\\/spainfilmcommission.com\\\/en\\\/?s={search_term_string}\"},\"query-input\":{\"@type\":\"PropertyValueSpecification\",\"valueRequired\":true,\"valueName\":\"search_term_string\"}}],\"inLanguage\":\"en-US\"},{\"@type\":\"Organization\",\"@id\":\"https:\\\/\\\/spainfilmcommission.com\\\/en\\\/#organization\",\"name\":\"Spain Film Commission\",\"url\":\"https:\\\/\\\/spainfilmcommission.com\\\/en\\\/\",\"logo\":{\"@type\":\"ImageObject\",\"inLanguage\":\"en-US\",\"@id\":\"https:\\\/\\\/spainfilmcommission.com\\\/en\\\/#\\\/schema\\\/logo\\\/image\\\/\",\"url\":\"https:\\\/\\\/spainfilmcommission.com\\\/wp-content\\\/uploads\\\/2024\\\/07\\\/SPC_COLOR.png\",\"contentUrl\":\"https:\\\/\\\/spainfilmcommission.com\\\/wp-content\\\/uploads\\\/2024\\\/07\\\/SPC_COLOR.png\",\"width\":1665,\"height\":1665,\"caption\":\"Spain Film Commission\"},\"image\":{\"@id\":\"https:\\\/\\\/spainfilmcommission.com\\\/en\\\/#\\\/schema\\\/logo\\\/image\\\/\"}}]}<\/script>\n<!-- \/ Yoast SEO plugin. -->","yoast_head_json":{"title":"Rodar en Plaza de Anaya - Spain Film Commission","description":"En esta p\u00e1gina encontrar\u00e1s una peque\u00f1a descripci\u00f3n, m\u00e1genes e informaci\u00f3n relevante para que te hagas una idea de c\u00f3mo es rodar en Plaza de Anaya","robots":{"index":"index","follow":"follow","max-snippet":"max-snippet:-1","max-image-preview":"max-image-preview:large","max-video-preview":"max-video-preview:-1"},"canonical":"https:\/\/spainfilmcommission.com\/en\/ai-locations\/plaza-de-anaya\/","og_locale":"en_US","og_type":"article","og_title":"Rodar en Plaza de Anaya - Spain Film Commission","og_description":"En esta p\u00e1gina encontrar\u00e1s una peque\u00f1a descripci\u00f3n, m\u00e1genes e informaci\u00f3n relevante para que te hagas una idea de c\u00f3mo es rodar en Plaza de Anaya","og_url":"https:\/\/spainfilmcommission.com\/en\/ai-locations\/plaza-de-anaya\/","og_site_name":"Spain Film Commission","article_modified_time":"2025-04-21T12:04:15+00:00","twitter_card":"summary_large_image","schema":{"@context":"https:\/\/schema.org","@graph":[{"@type":"WebPage","@id":"https:\/\/spainfilmcommission.com\/en\/ai-locations\/plaza-de-anaya\/","url":"https:\/\/spainfilmcommission.com\/en\/ai-locations\/plaza-de-anaya\/","name":"Rodar en Plaza de Anaya - Spain Film Commission","isPartOf":{"@id":"https:\/\/spainfilmcommission.com\/en\/#website"},"datePublished":"2025-02-27T16:22:17+00:00","dateModified":"2025-04-21T12:04:15+00:00","description":"En esta p\u00e1gina encontrar\u00e1s una peque\u00f1a descripci\u00f3n, m\u00e1genes e informaci\u00f3n relevante para que te hagas una idea de c\u00f3mo es rodar en Plaza de Anaya","breadcrumb":{"@id":"https:\/\/spainfilmcommission.com\/en\/ai-locations\/plaza-de-anaya\/#breadcrumb"},"inLanguage":"en-US","potentialAction":[{"@type":"ReadAction","target":["https:\/\/spainfilmcommission.com\/en\/ai-locations\/plaza-de-anaya\/"]}]},{"@type":"BreadcrumbList","@id":"https:\/\/spainfilmcommission.com\/en\/ai-locations\/plaza-de-anaya\/#breadcrumb","itemListElement":[{"@type":"ListItem","position":1,"name":"Portada","item":"https:\/\/spainfilmcommission.com\/en\/"},{"@type":"ListItem","position":2,"name":"Plaza de Anaya"}]},{"@type":"WebSite","@id":"https:\/\/spainfilmcommission.com\/en\/#website","url":"https:\/\/spainfilmcommission.com\/en\/","name":"Spain Film Commission","description":"","publisher":{"@id":"https:\/\/spainfilmcommission.com\/en\/#organization"},"potentialAction":[{"@type":"SearchAction","target":{"@type":"EntryPoint","urlTemplate":"https:\/\/spainfilmcommission.com\/en\/?s={search_term_string}"},"query-input":{"@type":"PropertyValueSpecification","valueRequired":true,"valueName":"search_term_string"}}],"inLanguage":"en-US"},{"@type":"Organization","@id":"https:\/\/spainfilmcommission.com\/en\/#organization","name":"Spain Film Commission","url":"https:\/\/spainfilmcommission.com\/en\/","logo":{"@type":"ImageObject","inLanguage":"en-US","@id":"https:\/\/spainfilmcommission.com\/en\/#\/schema\/logo\/image\/","url":"https:\/\/spainfilmcommission.com\/wp-content\/uploads\/2024\/07\/SPC_COLOR.png","contentUrl":"https:\/\/spainfilmcommission.com\/wp-content\/uploads\/2024\/07\/SPC_COLOR.png","width":1665,"height":1665,"caption":"Spain Film Commission"},"image":{"@id":"https:\/\/spainfilmcommission.com\/en\/#\/schema\/logo\/image\/"}}]}},"socio":[{"ID":"37","user_login":"salamanca-film-commission","user_nicename":"salamanca-film-commission","display_name":"salamanca-film-commission","user_pass":"****************","user_email":"sfc@salamancafilmcommission.com","user_url":"","user_registered":"2024-12-19 16:38:43","id":37}],"nombrees":"Plaza de Anaya","nombreen":"Plaza de Anaya","localidad":"Salamanca","provincia":"Salamanca","longitud":"-5.665960000000","latitud":"40.961600000000","coordenadas_maps":"40.9616, -5.66596","direcciones":"Plaza de Anaya","direccionen":"Plaza de Anaya","cod_postal":"37008","telefono":"","fax":"","mail":"","web":"http:\/\/www.usal.es\/webusal\/","descripciones":"En la Plaza Anaya podemos encontrar una de las obras m\u00e1s importantes de Salamanca (Castilla y Le\u00f3n), el Palacio de Anaya. Fundado en el a\u00f1o 1401 por Diego de Anaya, pensador y amante de las letras. En este edificio fund\u00f3 el Colegio Mayor de San Bartolom\u00e9, tambi\u00e9n conocido como Colegio Mayor de Anaya, donde imparti\u00f3 clases, ya que fue un gran precursor del estudio y el saber. En el a\u00f1o 1760 se iniciaron las obras del actual edificio neocl\u00e1sico, encarg\u00e1ndose el trabajo al arquitecto Jos\u00e9 Hermosilla Sandoval, especialista en el neocl\u00e1sico italiano. Actualmente el edificio alberga la Facultad de Filolog\u00eda.","descripcionen":"At the Plaza Anaya we can find one of the most important monuments of Salamanca (Castile and Leon), the Anaya Palace. Founded in 1401 by Diego de Anaya, a great thinker and lover of literature. In this building he founded the Colegio Mayor de San Bartolom\u00e9, also known as the College of Anaya, where he taught, being one of the leading promoters of learning and knowledge of his time. In 1760 the construction of the current neoclassical building began, the architect in charge work Hermosilla Jos\u00e9 Sandoval, a specialist in Italian neoclassical. Today the building houses the Faculty of Philology.","galeria":[{"ID":"30965","post_author":"2","post_date":"2025-03-08 13:40:31","post_date_gmt":"2025-03-08 12:40:31","post_content":"","post_title":"plaza-de-anaya_56_1","post_excerpt":"","post_status":"inherit","comment_status":"closed","ping_status":"closed","post_password":"","post_name":"plaza-de-anaya_56_1","to_ping":"","pinged":"","post_modified":"2025-04-21 14:04:15","post_modified_gmt":"2025-04-21 12:04:15","post_content_filtered":"","post_parent":"11151","guid":"https:\/\/sfc.com\/wp-content\/uploads\/2025\/03\/plaza-de-anaya_56_1.jpg","menu_order":"0","post_type":"attachment","post_mime_type":"image\/jpeg","comment_count":"0","pod_item_id":"30965"},{"ID":"30967","post_author":"2","post_date":"2025-03-08 13:40:34","post_date_gmt":"2025-03-08 12:40:34","post_content":"","post_title":"plaza-de-anaya_56_2","post_excerpt":"","post_status":"inherit","comment_status":"closed","ping_status":"closed","post_password":"","post_name":"plaza-de-anaya_56_2","to_ping":"","pinged":"","post_modified":"2025-04-21 14:04:15","post_modified_gmt":"2025-04-21 12:04:15","post_content_filtered":"","post_parent":"11151","guid":"https:\/\/sfc.com\/wp-content\/uploads\/2025\/03\/plaza-de-anaya_56_2.jpg","menu_order":"0","post_type":"attachment","post_mime_type":"image\/jpeg","comment_count":"0","pod_item_id":"30967"},{"ID":"30969","post_author":"2","post_date":"2025-03-08 13:40:37","post_date_gmt":"2025-03-08 12:40:37","post_content":"","post_title":"plaza-de-anaya_56_3","post_excerpt":"","post_status":"inherit","comment_status":"closed","ping_status":"closed","post_password":"","post_name":"plaza-de-anaya_56_3","to_ping":"","pinged":"","post_modified":"2025-04-21 14:04:15","post_modified_gmt":"2025-04-21 12:04:15","post_content_filtered":"","post_parent":"11151","guid":"https:\/\/sfc.com\/wp-content\/uploads\/2025\/03\/plaza-de-anaya_56_3.jpg","menu_order":"0","post_type":"attachment","post_mime_type":"image\/jpeg","comment_count":"0","pod_item_id":"30969"},{"ID":"30971","post_author":"2","post_date":"2025-03-08 13:40:40","post_date_gmt":"2025-03-08 12:40:40","post_content":"","post_title":"plaza-de-anaya_56_4","post_excerpt":"","post_status":"inherit","comment_status":"closed","ping_status":"closed","post_password":"","post_name":"plaza-de-anaya_56_4","to_ping":"","pinged":"","post_modified":"2025-04-21 14:04:15","post_modified_gmt":"2025-04-21 12:04:15","post_content_filtered":"","post_parent":"11151","guid":"https:\/\/sfc.com\/wp-content\/uploads\/2025\/03\/plaza-de-anaya_56_4.jpg","menu_order":"0","post_type":"attachment","post_mime_type":"image\/jpeg","comment_count":"0","pod_item_id":"30971"},{"ID":"30973","post_author":"2","post_date":"2025-03-08 13:40:42","post_date_gmt":"2025-03-08 12:40:42","post_content":"","post_title":"plaza-de-anaya_56_5","post_excerpt":"","post_status":"inherit","comment_status":"closed","ping_status":"closed","post_password":"","post_name":"plaza-de-anaya_56_5","to_ping":"","pinged":"","post_modified":"2025-04-21 14:04:15","post_modified_gmt":"2025-04-21 12:04:15","post_content_filtered":"","post_parent":"11151","guid":"https:\/\/sfc.com\/wp-content\/uploads\/2025\/03\/plaza-de-anaya_56_5.jpg","menu_order":"0","post_type":"attachment","post_mime_type":"image\/jpeg","comment_count":"0","pod_item_id":"30973"},{"ID":"30975","post_author":"2","post_date":"2025-03-08 13:40:44","post_date_gmt":"2025-03-08 12:40:44","post_content":"","post_title":"plaza-de-anaya_56_6","post_excerpt":"","post_status":"inherit","comment_status":"closed","ping_status":"closed","post_password":"","post_name":"plaza-de-anaya_56_6","to_ping":"","pinged":"","post_modified":"2025-04-21 14:04:15","post_modified_gmt":"2025-04-21 12:04:15","post_content_filtered":"","post_parent":"11151","guid":"https:\/\/sfc.com\/wp-content\/uploads\/2025\/03\/plaza-de-anaya_56_6.jpg","menu_order":"0","post_type":"attachment","post_mime_type":"image\/jpeg","comment_count":"0","pod_item_id":"30975"},{"ID":"30977","post_author":"2","post_date":"2025-03-08 13:40:47","post_date_gmt":"2025-03-08 12:40:47","post_content":"","post_title":"plaza-de-anaya_56_7","post_excerpt":"","post_status":"inherit","comment_status":"closed","ping_status":"closed","post_password":"","post_name":"plaza-de-anaya_56_7","to_ping":"","pinged":"","post_modified":"2025-04-21 14:04:15","post_modified_gmt":"2025-04-21 12:04:15","post_content_filtered":"","post_parent":"11151","guid":"https:\/\/sfc.com\/wp-content\/uploads\/2025\/03\/plaza-de-anaya_56_7.jpg","menu_order":"0","post_type":"attachment","post_mime_type":"image\/jpeg","comment_count":"0","pod_item_id":"30977"},{"ID":"30979","post_author":"2","post_date":"2025-03-08 13:40:49","post_date_gmt":"2025-03-08 12:40:49","post_content":"","post_title":"plaza-de-anaya_56_8","post_excerpt":"","post_status":"inherit","comment_status":"closed","ping_status":"closed","post_password":"","post_name":"plaza-de-anaya_56_8","to_ping":"","pinged":"","post_modified":"2025-04-21 14:04:15","post_modified_gmt":"2025-04-21 12:04:15","post_content_filtered":"","post_parent":"11151","guid":"https:\/\/sfc.com\/wp-content\/uploads\/2025\/03\/plaza-de-anaya_56_8.jpg","menu_order":"0","post_type":"attachment","post_mime_type":"image\/jpeg","comment_count":"0","pod_item_id":"30979"},{"ID":"30981","post_author":"2","post_date":"2025-03-08 13:40:51","post_date_gmt":"2025-03-08 12:40:51","post_content":"","post_title":"plaza-de-anaya_56_9","post_excerpt":"","post_status":"inherit","comment_status":"closed","ping_status":"closed","post_password":"","post_name":"plaza-de-anaya_56_9","to_ping":"","pinged":"","post_modified":"2025-04-21 14:04:15","post_modified_gmt":"2025-04-21 12:04:15","post_content_filtered":"","post_parent":"11151","guid":"https:\/\/sfc.com\/wp-content\/uploads\/2025\/03\/plaza-de-anaya_56_9.jpg","menu_order":"0","post_type":"attachment","post_mime_type":"image\/jpeg","comment_count":"0","pod_item_id":"30981"}],"nombrepaginaes":"plaza-de-anaya","nombrepaginaen":"plaza-de-anaya","latitud_gps":"40\u00b057'41.8\"","longitud_gps":"5\u00b039'57.2\"","adicionaleses":"","adicionalesen":"","videoes":"","videoen":"","video2es":"","video2en":"","_links":{"self":[{"href":"https:\/\/spainfilmcommission.com\/en\/wp-json\/wp\/v2\/localizacion\/11151","targetHints":{"allow":["GET"]}}],"collection":[{"href":"https:\/\/spainfilmcommission.com\/en\/wp-json\/wp\/v2\/localizacion"}],"about":[{"href":"https:\/\/spainfilmcommission.com\/en\/wp-json\/wp\/v2\/types\/localizacion"}],"author":[{"embeddable":true,"href":"https:\/\/spainfilmcommission.com\/en\/wp-json\/wp\/v2\/users\/61"}],"wp:attachment":[{"href":"https:\/\/spainfilmcommission.com\/en\/wp-json\/wp\/v2\/media?parent=11151"}],"curies":[{"name":"wp","href":"https:\/\/api.w.org\/{rel}","templated":true}]}}